{"id":2204,"date":"2025-05-12T17:47:27","date_gmt":"2025-05-12T20:47:27","guid":{"rendered":"https:\/\/tmabrasil.org\/evento\/?page_id=2204"},"modified":"2026-03-09T05:23:09","modified_gmt":"2026-03-09T08:23:09","slug":"ciclo-de-debates-agro-sao-paulo","status":"publish","type":"page","link":"https:\/\/tmabrasil.org\/evento\/ciclo-de-debates-agro-sao-paulo\/","title":{"rendered":"Ciclo de Debates Agro S\u00e3o Paulo"},"content":{"rendered":"\t\t<div data-elementor-type=\"wp-page\" data-elementor-id=\"2204\" class=\"elementor elementor-2204\" data-elementor-post-type=\"page\">\n\t\t\t\t<div class=\"elementor-element elementor-element-9e64cae e-flex e-con-boxed e-con e-parent\" data-id=\"9e64cae\" data-element_type=\"container\" data-e-type=\"container\">\n\t\t\t\t\t<div class=\"e-con-inner\">\n\t\t\t\t\t<\/div>\n\t\t\t\t<\/div>\n\t\t\t\t<section class=\"elementor-section elementor-top-section elementor-element elementor-element-6b12246e elementor-section-full_width elementor-section-height-default elementor-section-height-default\" data-id=\"6b12246e\" data-element_type=\"section\" data-e-type=\"section\">\n\t\t\t\t\t\t<div class=\"elementor-container elementor-column-gap-default\">\n\t\t\t\t\t<div class=\"elementor-column elementor-col-100 elementor-top-column elementor-element elementor-element-28657754\" data-id=\"28657754\" data-element_type=\"column\" data-e-type=\"column\">\n\t\t\t<div class=\"elementor-widget-wrap elementor-element-populated\">\n\t\t\t\t\t\t<div class=\"elementor-element elementor-element-2b62ee5e elementor-widget elementor-widget-flex-slider\" data-id=\"2b62ee5e\" data-element_type=\"widget\" data-e-type=\"widget\" data-widget_type=\"flex-slider.default\">\n\t\t\t\t<div class=\"elementor-widget-container\">\n\t\t\t\t\t\t\t\t<div class=\"flexslider directionnav-show \" data-height=\"1100\" data-height_tablet=\"1050\" data-height_mobile=\"879\" data-animation_images=\"\" data-autoplay=\"true\" data-slideshowSpeed=\"3000\" data-directionnav=\"\" data-controlnav=\"\" data-prevtext=\"\" data-nexttext=\"\">\r\n\t\t\t\t<ul class=\"slides\">\r\n\t\t\t\t\t<li class=\"item-slide\">\r\n\t\t\t\t\t\t\t\t\t<div class=\"bgimg \" style=\"background-image:url(https:\/\/tmabrasil.org\/evento\/wp-content\/uploads\/2025\/05\/KV-APROVADO-TMA.png); background-size: cover; background-position: center center;\"><\/div>\r\n\t\t\t\t\t\t\t\t\t<div class=\"overlay\" style=\"background:#00476499\"><\/div>\r\n\t\t\t\t\t\t\t\t\t\r\n\t\t\t\t\t\t\t\t\t<div class=\"flex_caption container\">\r\n\t\t                        \t\t<h3 class=\"sub-title captionDelay8 fromTop\">S\u00e3o Paulo<\/h3>\r\n\t\t                        \t\t<h1 class=\"title captionDelay6 fromTop\">Ciclo de\nDebates Agro<\/h1>\r\n\t\t                        \t\t\r\n\t\t                        \t\t<ul class=\"button-group\"> <li class=\" fromTop\">\r\n\t\t\t\t\t\t\t\t<a href=\"https:\/\/sistema.tmabrasil.org\/AreaAssociados\/Eventos\/EventoDetalhe\/Index\/4876\" class=\"button-one elementor-repeater-item-0b8dd24\">\r\n\t\t\t\t\t\t\t\t\t<span class=\"btn-icon-left\"><i aria-hidden=\"true\" class=\"fas fa-ticket-alt\"><\/i><\/span> Inscreva-se\r\n\t\t\t\t\t\t\t\t<\/a>\r\n\t\t\t\t\t\t\t<\/li><li class=\" fromTop\">\r\n\t\t\t\t\t\t\t\t<a href=\"#programacao\" class=\"button-one elementor-repeater-item-7bf46d4\">\r\n\t\t\t\t\t\t\t\t\t<span class=\"btn-icon-left\"><i aria-hidden=\"true\" class=\"fas fa-angle-right\"><\/i><\/span> Programa\u00e7\u00e3o\r\n\t\t\t\t\t\t\t\t<\/a>\r\n\t\t\t\t\t\t\t<\/li><\/ul>\r\n\t\t\t\t                    <\/div>\t                    \r\n\t\t\t\t                    \r\n\t\t\t\t\t\t\t\t<\/li>\t\t\t\t<\/ul> \r\n\t\t\t<\/div>\r\n\t\t\t\t\t\t\t<\/div>\n\t\t\t\t<\/div>\n\t\t\t\t\t<\/div>\n\t\t<\/div>\n\t\t\t\t\t<\/div>\n\t\t<\/section>\n\t\t\t\t<section class=\"elementor-section elementor-top-section elementor-element elementor-element-23735b8 elementor-section-full_width patrocinadores elementor-section-height-default elementor-section-height-default\" data-id=\"23735b8\" data-element_type=\"section\" data-e-type=\"section\" id=\"patrocinadores\">\n\t\t\t\t\t\t<div class=\"elementor-container elementor-column-gap-default\">\n\t\t\t\t\t<div class=\"elementor-column elementor-col-100 elementor-top-column elementor-element elementor-element-9339d32\" data-id=\"9339d32\" data-element_type=\"column\" data-e-type=\"column\">\n\t\t\t<div class=\"elementor-widget-wrap elementor-element-populated\">\n\t\t\t\t\t\t<div class=\"elementor-element elementor-element-1e02937 elementor-widget elementor-widget-heading\" data-id=\"1e02937\" data-element_type=\"widget\" data-e-type=\"widget\" data-widget_type=\"heading.default\">\n\t\t\t\t<div class=\"elementor-widget-container\">\n\t\t\t\t\t<h3 class=\"elementor-heading-title elementor-size-default\">Patroc\u00ednio Institucional<\/h3>\t\t\t\t<\/div>\n\t\t\t\t<\/div>\n\t\t<div class=\"elementor-element elementor-element-6c3db39 e-flex e-con-boxed e-con e-parent\" data-id=\"6c3db39\" data-element_type=\"container\" data-e-type=\"container\">\n\t\t\t\t\t<div class=\"e-con-inner\">\n\t\t<div class=\"elementor-element elementor-element-f2ff6c0 e-con-full e-flex e-con e-child\" data-id=\"f2ff6c0\" data-element_type=\"container\" data-e-type=\"container\">\n\t\t<div class=\"elementor-element elementor-element-94ed5d9 e-con-full e-flex e-con e-child\" data-id=\"94ed5d9\" data-element_type=\"container\" data-e-type=\"container\" data-settings=\"{&quot;background_background&quot;:&quot;classic&quot;}\">\n\t\t\t\t<div class=\"elementor-element elementor-element-e18d19b elementor-widget elementor-widget-image\" data-id=\"e18d19b\" data-element_type=\"widget\" data-e-type=\"widget\" data-widget_type=\"image.default\">\n\t\t\t\t<div class=\"elementor-widget-container\">\n\t\t\t\t\t\t\t\t\t\t\t\t\t\t\t\t<a href=\"https:\/\/www.btgpactual.com\/\">\n\t\t\t\t\t\t\t<img fetchpriority=\"high\" decoding=\"async\" width=\"640\" height=\"254\" src=\"https:\/\/tmabrasil.org\/evento\/wp-content\/uploads\/2025\/03\/Btg-logo-blue.svg-1024x406.png\" class=\"attachment-large size-large wp-image-722\" alt=\"\" srcset=\"https:\/\/tmabrasil.org\/evento\/wp-content\/uploads\/2025\/03\/Btg-logo-blue.svg-1024x406.png 1024w, https:\/\/tmabrasil.org\/evento\/wp-content\/uploads\/2025\/03\/Btg-logo-blue.svg-300x119.png 300w, https:\/\/tmabrasil.org\/evento\/wp-content\/uploads\/2025\/03\/Btg-logo-blue.svg-768x305.png 768w, https:\/\/tmabrasil.org\/evento\/wp-content\/uploads\/2025\/03\/Btg-logo-blue.svg.png 1200w\" sizes=\"(max-width: 640px) 100vw, 640px\" \/>\t\t\t\t\t\t\t\t<\/a>\n\t\t\t\t\t\t\t\t\t\t\t\t\t\t\t<\/div>\n\t\t\t\t<\/div>\n\t\t\t\t<\/div>\n\t\t<div class=\"elementor-element elementor-element-1b9a3dd e-con-full e-flex e-con e-child\" data-id=\"1b9a3dd\" data-element_type=\"container\" data-e-type=\"container\" data-settings=\"{&quot;background_background&quot;:&quot;classic&quot;}\">\n\t\t\t\t<div class=\"elementor-element elementor-element-f05c94c elementor-widget elementor-widget-image\" data-id=\"f05c94c\" data-element_type=\"widget\" data-e-type=\"widget\" data-widget_type=\"image.default\">\n\t\t\t\t<div class=\"elementor-widget-container\">\n\t\t\t\t\t\t\t\t\t\t\t\t\t\t\t\t<a href=\"https:\/\/www.galdino.com.br\/\">\n\t\t\t\t\t\t\t<img decoding=\"async\" width=\"640\" height=\"205\" src=\"https:\/\/tmabrasil.org\/evento\/wp-content\/uploads\/2025\/04\/Galdino-Logo-1024x328.png\" class=\"attachment-large size-large wp-image-1094\" alt=\"\" srcset=\"https:\/\/tmabrasil.org\/evento\/wp-content\/uploads\/2025\/04\/Galdino-Logo-1024x328.png 1024w, https:\/\/tmabrasil.org\/evento\/wp-content\/uploads\/2025\/04\/Galdino-Logo-300x96.png 300w, https:\/\/tmabrasil.org\/evento\/wp-content\/uploads\/2025\/04\/Galdino-Logo-768x246.png 768w, https:\/\/tmabrasil.org\/evento\/wp-content\/uploads\/2025\/04\/Galdino-Logo.png 1488w\" sizes=\"(max-width: 640px) 100vw, 640px\" \/>\t\t\t\t\t\t\t\t<\/a>\n\t\t\t\t\t\t\t\t\t\t\t\t\t\t\t<\/div>\n\t\t\t\t<\/div>\n\t\t\t\t<\/div>\n\t\t<div class=\"elementor-element elementor-element-678c380 e-con-full e-flex e-con e-child\" data-id=\"678c380\" data-element_type=\"container\" data-e-type=\"container\" data-settings=\"{&quot;background_background&quot;:&quot;classic&quot;}\">\n\t\t\t\t<div class=\"elementor-element elementor-element-732c1f3 elementor-widget elementor-widget-image\" data-id=\"732c1f3\" data-element_type=\"widget\" data-e-type=\"widget\" data-widget_type=\"image.default\">\n\t\t\t\t<div class=\"elementor-widget-container\">\n\t\t\t\t\t\t\t\t\t\t\t\t\t\t\t\t<a href=\"https:\/\/www.invistafidc.com.br\/\">\n\t\t\t\t\t\t\t<img decoding=\"async\" width=\"640\" height=\"146\" src=\"https:\/\/tmabrasil.org\/evento\/wp-content\/uploads\/2025\/03\/invista-1024x234.png\" class=\"attachment-large size-large wp-image-854\" alt=\"\" srcset=\"https:\/\/tmabrasil.org\/evento\/wp-content\/uploads\/2025\/03\/invista-1024x234.png 1024w, https:\/\/tmabrasil.org\/evento\/wp-content\/uploads\/2025\/03\/invista-300x69.png 300w, https:\/\/tmabrasil.org\/evento\/wp-content\/uploads\/2025\/03\/invista-768x176.png 768w, https:\/\/tmabrasil.org\/evento\/wp-content\/uploads\/2025\/03\/invista-1536x351.png 1536w, https:\/\/tmabrasil.org\/evento\/wp-content\/uploads\/2025\/03\/invista-2048x469.png 2048w\" sizes=\"(max-width: 640px) 100vw, 640px\" \/>\t\t\t\t\t\t\t\t<\/a>\n\t\t\t\t\t\t\t\t\t\t\t\t\t\t\t<\/div>\n\t\t\t\t<\/div>\n\t\t\t\t<\/div>\n\t\t<div class=\"elementor-element elementor-element-af8ea39 e-con-full e-flex e-con e-child\" data-id=\"af8ea39\" data-element_type=\"container\" data-e-type=\"container\" data-settings=\"{&quot;background_background&quot;:&quot;classic&quot;}\">\n\t\t\t\t<div class=\"elementor-element elementor-element-ed21523 elementor-widget elementor-widget-image\" data-id=\"ed21523\" data-element_type=\"widget\" data-e-type=\"widget\" data-widget_type=\"image.default\">\n\t\t\t\t<div class=\"elementor-widget-container\">\n\t\t\t\t\t\t\t\t\t\t\t\t\t\t\t\t<a href=\"https:\/\/www.megaleiloes.com.br\/\">\n\t\t\t\t\t\t\t<img loading=\"lazy\" decoding=\"async\" width=\"632\" height=\"122\" src=\"https:\/\/tmabrasil.org\/evento\/wp-content\/uploads\/2025\/03\/MegaLeiloes-e1742945947106.png\" class=\"attachment-large size-large wp-image-723\" alt=\"\" srcset=\"https:\/\/tmabrasil.org\/evento\/wp-content\/uploads\/2025\/03\/MegaLeiloes-e1742945947106.png 632w, https:\/\/tmabrasil.org\/evento\/wp-content\/uploads\/2025\/03\/MegaLeiloes-e1742945947106-300x58.png 300w\" sizes=\"(max-width: 632px) 100vw, 632px\" \/>\t\t\t\t\t\t\t\t<\/a>\n\t\t\t\t\t\t\t\t\t\t\t\t\t\t\t<\/div>\n\t\t\t\t<\/div>\n\t\t\t\t<\/div>\n\t\t<div class=\"elementor-element elementor-element-b17b296 e-con-full e-flex e-con e-child\" data-id=\"b17b296\" data-element_type=\"container\" data-e-type=\"container\" data-settings=\"{&quot;background_background&quot;:&quot;classic&quot;}\">\n\t\t\t\t<div class=\"elementor-element elementor-element-7fae0d7 elementor-widget elementor-widget-image\" data-id=\"7fae0d7\" data-element_type=\"widget\" data-e-type=\"widget\" data-widget_type=\"image.default\">\n\t\t\t\t<div class=\"elementor-widget-container\">\n\t\t\t\t\t\t\t\t\t\t\t\t\t\t\t\t<a href=\"https:\/\/www.twk.com.br\/\">\n\t\t\t\t\t\t\t<img loading=\"lazy\" decoding=\"async\" width=\"319\" height=\"177\" src=\"https:\/\/tmabrasil.org\/evento\/wp-content\/uploads\/2025\/03\/twkGui.svg\" class=\"attachment-large size-large wp-image-520\" alt=\"\" \/>\t\t\t\t\t\t\t\t<\/a>\n\t\t\t\t\t\t\t\t\t\t\t\t\t\t\t<\/div>\n\t\t\t\t<\/div>\n\t\t\t\t<\/div>\n\t\t<div class=\"elementor-element elementor-element-ba9b08b e-con-full e-flex e-con e-child\" data-id=\"ba9b08b\" data-element_type=\"container\" data-e-type=\"container\" data-settings=\"{&quot;background_background&quot;:&quot;classic&quot;}\">\n\t\t\t\t<div class=\"elementor-element elementor-element-362fbf3 elementor-widget elementor-widget-image\" data-id=\"362fbf3\" data-element_type=\"widget\" data-e-type=\"widget\" data-widget_type=\"image.default\">\n\t\t\t\t<div class=\"elementor-widget-container\">\n\t\t\t\t\t\t\t\t\t\t\t\t\t\t\t\t<a href=\"https:\/\/advwp.com.br\/\">\n\t\t\t\t\t\t\t<img loading=\"lazy\" decoding=\"async\" width=\"234\" height=\"88\" src=\"https:\/\/tmabrasil.org\/evento\/wp-content\/uploads\/2025\/03\/Asset-1.svg\" class=\"attachment-2048x2048 size-2048x2048 wp-image-553\" alt=\"\" \/>\t\t\t\t\t\t\t\t<\/a>\n\t\t\t\t\t\t\t\t\t\t\t\t\t\t\t<\/div>\n\t\t\t\t<\/div>\n\t\t\t\t<\/div>\n\t\t\t\t<\/div>\n\t\t\t\t\t<\/div>\n\t\t\t\t<\/div>\n\t\t\t\t\t<\/div>\n\t\t<\/div>\n\t\t\t\t\t<\/div>\n\t\t<\/section>\n\t\t\t\t<section class=\"elementor-section elementor-top-section elementor-element elementor-element-70fb413 elementor-section-full_width elementor-section-height-default elementor-section-height-default\" data-id=\"70fb413\" data-element_type=\"section\" data-e-type=\"section\">\n\t\t\t\t\t\t<div class=\"elementor-container elementor-column-gap-default\">\n\t\t\t\t\t<div class=\"elementor-column elementor-col-100 elementor-top-column elementor-element elementor-element-2e32dcd\" data-id=\"2e32dcd\" data-element_type=\"column\" data-e-type=\"column\">\n\t\t\t<div class=\"elementor-widget-wrap elementor-element-populated\">\n\t\t\t\t\t\t<div class=\"elementor-element elementor-element-b079ddd elementor-widget elementor-widget-heading\" data-id=\"b079ddd\" data-element_type=\"widget\" data-e-type=\"widget\" data-widget_type=\"heading.default\">\n\t\t\t\t<div class=\"elementor-widget-container\">\n\t\t\t\t\t<h3 class=\"elementor-heading-title elementor-size-default\">Patroc\u00ednio Platinum<\/h3>\t\t\t\t<\/div>\n\t\t\t\t<\/div>\n\t\t<div class=\"elementor-element elementor-element-e74ad4f e-flex e-con-boxed e-con e-parent\" data-id=\"e74ad4f\" data-element_type=\"container\" data-e-type=\"container\">\n\t\t\t\t\t<div class=\"e-con-inner\">\n\t\t<div class=\"elementor-element elementor-element-6a43ae7 e-con-full e-flex e-con e-child\" data-id=\"6a43ae7\" data-element_type=\"container\" data-e-type=\"container\">\n\t\t<div class=\"elementor-element elementor-element-ba16da6 e-con-full e-flex e-con e-child\" data-id=\"ba16da6\" data-element_type=\"container\" data-e-type=\"container\" data-settings=\"{&quot;background_background&quot;:&quot;classic&quot;}\">\n\t\t\t\t<div class=\"elementor-element elementor-element-22f829e elementor-widget elementor-widget-image\" data-id=\"22f829e\" data-element_type=\"widget\" data-e-type=\"widget\" data-widget_type=\"image.default\">\n\t\t\t\t<div class=\"elementor-widget-container\">\n\t\t\t\t\t\t\t\t\t\t\t\t\t\t\t\t<a href=\"https:\/\/laplace.com.br\/pb\/\">\n\t\t\t\t\t\t\t<img loading=\"lazy\" decoding=\"async\" width=\"417\" height=\"299\" src=\"https:\/\/tmabrasil.org\/evento\/wp-content\/uploads\/2025\/05\/Imagem-do-WhatsApp-de-2025-05-27-as-17.51.55_62de81ee.jpg\" class=\"attachment-large size-large wp-image-2491\" alt=\"\" srcset=\"https:\/\/tmabrasil.org\/evento\/wp-content\/uploads\/2025\/05\/Imagem-do-WhatsApp-de-2025-05-27-as-17.51.55_62de81ee.jpg 417w, https:\/\/tmabrasil.org\/evento\/wp-content\/uploads\/2025\/05\/Imagem-do-WhatsApp-de-2025-05-27-as-17.51.55_62de81ee-300x215.jpg 300w\" sizes=\"(max-width: 417px) 100vw, 417px\" \/>\t\t\t\t\t\t\t\t<\/a>\n\t\t\t\t\t\t\t\t\t\t\t\t\t\t\t<\/div>\n\t\t\t\t<\/div>\n\t\t\t\t<\/div>\n\t\t\t\t<\/div>\n\t\t\t\t\t<\/div>\n\t\t\t\t<\/div>\n\t\t\t\t\t<\/div>\n\t\t<\/div>\n\t\t\t\t\t<\/div>\n\t\t<\/section>\n\t\t\t\t<section class=\"elementor-section elementor-top-section elementor-element elementor-element-4e7d53d elementor-section-full_width elementor-hidden-desktop elementor-hidden-tablet elementor-hidden-mobile elementor-section-height-default elementor-section-height-default\" data-id=\"4e7d53d\" data-element_type=\"section\" data-e-type=\"section\">\n\t\t\t\t\t\t<div class=\"elementor-container elementor-column-gap-default\">\n\t\t\t\t\t<div class=\"elementor-column elementor-col-100 elementor-top-column elementor-element elementor-element-2cbff72\" data-id=\"2cbff72\" data-element_type=\"column\" data-e-type=\"column\">\n\t\t\t<div class=\"elementor-widget-wrap elementor-element-populated\">\n\t\t\t\t\t\t<div class=\"elementor-element elementor-element-d6c90a6 elementor-widget elementor-widget-heading\" data-id=\"d6c90a6\" data-element_type=\"widget\" data-e-type=\"widget\" data-widget_type=\"heading.default\">\n\t\t\t\t<div class=\"elementor-widget-container\">\n\t\t\t\t\t<h3 class=\"elementor-heading-title elementor-size-default\">Patroc\u00ednio Master<\/h3>\t\t\t\t<\/div>\n\t\t\t\t<\/div>\n\t\t<div class=\"elementor-element elementor-element-2c1577f e-flex e-con-boxed e-con e-parent\" data-id=\"2c1577f\" data-element_type=\"container\" data-e-type=\"container\">\n\t\t\t\t\t<div class=\"e-con-inner\">\n\t\t<div class=\"elementor-element elementor-element-4bca716 e-con-full e-flex e-con e-child\" data-id=\"4bca716\" data-element_type=\"container\" data-e-type=\"container\">\n\t\t<div class=\"elementor-element elementor-element-0d2a78d e-con-full e-flex e-con e-child\" data-id=\"0d2a78d\" data-element_type=\"container\" data-e-type=\"container\" data-settings=\"{&quot;background_background&quot;:&quot;classic&quot;}\">\n\t\t\t\t<div class=\"elementor-element elementor-element-2e91a8d elementor-widget elementor-widget-image\" data-id=\"2e91a8d\" data-element_type=\"widget\" data-e-type=\"widget\" data-widget_type=\"image.default\">\n\t\t\t\t<div class=\"elementor-widget-container\">\n\t\t\t\t\t\t\t\t\t\t\t\t\t\t\t\t<a href=\"https:\/\/www.fius.com.br\/\">\n\t\t\t\t\t\t\t<img loading=\"lazy\" decoding=\"async\" width=\"500\" height=\"73\" src=\"https:\/\/tmabrasil.org\/evento\/wp-content\/uploads\/2025\/04\/finocchio.png\" class=\"attachment-large size-large wp-image-1391\" alt=\"\" srcset=\"https:\/\/tmabrasil.org\/evento\/wp-content\/uploads\/2025\/04\/finocchio.png 500w, https:\/\/tmabrasil.org\/evento\/wp-content\/uploads\/2025\/04\/finocchio-300x44.png 300w\" sizes=\"(max-width: 500px) 100vw, 500px\" \/>\t\t\t\t\t\t\t\t<\/a>\n\t\t\t\t\t\t\t\t\t\t\t\t\t\t\t<\/div>\n\t\t\t\t<\/div>\n\t\t\t\t<\/div>\n\t\t<div class=\"elementor-element elementor-element-044c549 e-con-full e-flex e-con e-child\" data-id=\"044c549\" data-element_type=\"container\" data-e-type=\"container\" data-settings=\"{&quot;background_background&quot;:&quot;classic&quot;}\">\n\t\t\t\t<div class=\"elementor-element elementor-element-c0a9259 elementor-widget elementor-widget-image\" data-id=\"c0a9259\" data-element_type=\"widget\" data-e-type=\"widget\" data-widget_type=\"image.default\">\n\t\t\t\t<div class=\"elementor-widget-container\">\n\t\t\t\t\t\t\t\t\t\t\t\t\t\t\t\t<a href=\"https:\/\/www.tarvospartners.com\/\">\n\t\t\t\t\t\t\t<img loading=\"lazy\" decoding=\"async\" width=\"452\" height=\"155\" src=\"https:\/\/tmabrasil.org\/evento\/wp-content\/uploads\/2025\/04\/tarvos-partners-preto-jpg-copia_0-e1743779945193.png\" class=\"attachment-large size-large wp-image-1297\" alt=\"\" srcset=\"https:\/\/tmabrasil.org\/evento\/wp-content\/uploads\/2025\/04\/tarvos-partners-preto-jpg-copia_0-e1743779945193.png 452w, https:\/\/tmabrasil.org\/evento\/wp-content\/uploads\/2025\/04\/tarvos-partners-preto-jpg-copia_0-e1743779945193-300x103.png 300w\" sizes=\"(max-width: 452px) 100vw, 452px\" \/>\t\t\t\t\t\t\t\t<\/a>\n\t\t\t\t\t\t\t\t\t\t\t\t\t\t\t<\/div>\n\t\t\t\t<\/div>\n\t\t\t\t<\/div>\n\t\t\t\t<\/div>\n\t\t\t\t\t<\/div>\n\t\t\t\t<\/div>\n\t\t\t\t\t<\/div>\n\t\t<\/div>\n\t\t\t\t\t<\/div>\n\t\t<\/section>\n\t\t\t\t<section class=\"elementor-section elementor-top-section elementor-element elementor-element-7474ae9 elementor-section-full_width elementor-hidden-mobile elementor-section-height-default elementor-section-height-default\" data-id=\"7474ae9\" data-element_type=\"section\" data-e-type=\"section\">\n\t\t\t\t\t\t<div class=\"elementor-container elementor-column-gap-default\">\n\t\t\t\t\t<div class=\"elementor-column elementor-col-100 elementor-top-column elementor-element elementor-element-ed0f332\" data-id=\"ed0f332\" data-element_type=\"column\" data-e-type=\"column\">\n\t\t\t<div class=\"elementor-widget-wrap elementor-element-populated\">\n\t\t\t\t\t\t<div class=\"elementor-element elementor-element-48190fa elementor-widget elementor-widget-heading\" data-id=\"48190fa\" data-element_type=\"widget\" data-e-type=\"widget\" data-widget_type=\"heading.default\">\n\t\t\t\t<div class=\"elementor-widget-container\">\n\t\t\t\t\t<h3 class=\"elementor-heading-title elementor-size-default\">Patroc\u00ednio Ouro<\/h3>\t\t\t\t<\/div>\n\t\t\t\t<\/div>\n\t\t<div class=\"elementor-element elementor-element-ccea05c e-flex e-con-boxed e-con e-parent\" data-id=\"ccea05c\" data-element_type=\"container\" data-e-type=\"container\">\n\t\t\t\t\t<div class=\"e-con-inner\">\n\t\t<div class=\"elementor-element elementor-element-1f87fc6 e-con-full e-flex e-con e-child\" data-id=\"1f87fc6\" data-element_type=\"container\" data-e-type=\"container\">\n\t\t<div class=\"elementor-element elementor-element-07415bc e-con-full e-flex e-con e-child\" data-id=\"07415bc\" data-element_type=\"container\" data-e-type=\"container\" data-settings=\"{&quot;background_background&quot;:&quot;classic&quot;}\">\n\t\t\t\t<div class=\"elementor-element elementor-element-0a917e1 elementor-widget elementor-widget-image\" data-id=\"0a917e1\" data-element_type=\"widget\" data-e-type=\"widget\" data-widget_type=\"image.default\">\n\t\t\t\t<div class=\"elementor-widget-container\">\n\t\t\t\t\t\t\t\t\t\t\t\t\t\t\t\t<a href=\"https:\/\/scalzilliaj.com.br\/home\">\n\t\t\t\t\t\t\t<img loading=\"lazy\" decoding=\"async\" width=\"640\" height=\"138\" src=\"https:\/\/tmabrasil.org\/evento\/wp-content\/uploads\/2025\/03\/SCZ_marcaCMYK-02-1024x220.png\" class=\"attachment-large size-large wp-image-989\" alt=\"\" srcset=\"https:\/\/tmabrasil.org\/evento\/wp-content\/uploads\/2025\/03\/SCZ_marcaCMYK-02-1024x220.png 1024w, https:\/\/tmabrasil.org\/evento\/wp-content\/uploads\/2025\/03\/SCZ_marcaCMYK-02-300x65.png 300w, https:\/\/tmabrasil.org\/evento\/wp-content\/uploads\/2025\/03\/SCZ_marcaCMYK-02-768x165.png 768w, https:\/\/tmabrasil.org\/evento\/wp-content\/uploads\/2025\/03\/SCZ_marcaCMYK-02-1536x331.png 1536w, https:\/\/tmabrasil.org\/evento\/wp-content\/uploads\/2025\/03\/SCZ_marcaCMYK-02-2048x441.png 2048w\" sizes=\"(max-width: 640px) 100vw, 640px\" \/>\t\t\t\t\t\t\t\t<\/a>\n\t\t\t\t\t\t\t\t\t\t\t\t\t\t\t<\/div>\n\t\t\t\t<\/div>\n\t\t\t\t<\/div>\n\t\t\t\t<\/div>\n\t\t\t\t\t<\/div>\n\t\t\t\t<\/div>\n\t\t\t\t\t<\/div>\n\t\t<\/div>\n\t\t\t\t\t<\/div>\n\t\t<\/section>\n\t\t\t\t<section class=\"elementor-section elementor-top-section elementor-element elementor-element-afa55d8 elementor-section-full_width elementor-hidden-desktop elementor-hidden-tablet elementor-hidden-mobile elementor-section-height-default elementor-section-height-default\" data-id=\"afa55d8\" data-element_type=\"section\" data-e-type=\"section\">\n\t\t\t\t\t\t<div class=\"elementor-container elementor-column-gap-default\">\n\t\t\t\t\t<div class=\"elementor-column elementor-col-100 elementor-top-column elementor-element elementor-element-e7a0868\" data-id=\"e7a0868\" data-element_type=\"column\" data-e-type=\"column\">\n\t\t\t<div class=\"elementor-widget-wrap elementor-element-populated\">\n\t\t\t\t\t\t<div class=\"elementor-element elementor-element-e035c9d elementor-widget elementor-widget-heading\" data-id=\"e035c9d\" data-element_type=\"widget\" data-e-type=\"widget\" data-widget_type=\"heading.default\">\n\t\t\t\t<div class=\"elementor-widget-container\">\n\t\t\t\t\t<h3 class=\"elementor-heading-title elementor-size-default\">Patroc\u00ednio Prata<\/h3>\t\t\t\t<\/div>\n\t\t\t\t<\/div>\n\t\t<div class=\"elementor-element elementor-element-b05dad6 e-flex e-con-boxed e-con e-parent\" data-id=\"b05dad6\" data-element_type=\"container\" data-e-type=\"container\">\n\t\t\t\t\t<div class=\"e-con-inner\">\n\t\t<div class=\"elementor-element elementor-element-d392e90 e-con-full e-flex e-con e-child\" data-id=\"d392e90\" data-element_type=\"container\" data-e-type=\"container\">\n\t\t<div class=\"elementor-element elementor-element-793f423 e-con-full e-flex e-con e-child\" data-id=\"793f423\" data-element_type=\"container\" data-e-type=\"container\" data-settings=\"{&quot;background_background&quot;:&quot;classic&quot;}\">\n\t\t\t\t<div class=\"elementor-element elementor-element-f65c9ab elementor-widget elementor-widget-image\" data-id=\"f65c9ab\" data-element_type=\"widget\" data-e-type=\"widget\" data-widget_type=\"image.default\">\n\t\t\t\t<div class=\"elementor-widget-container\">\n\t\t\t\t\t\t\t\t\t\t\t\t\t\t\t\t<a href=\"https:\/\/www.cb2d.com.br\/\">\n\t\t\t\t\t\t\t<img loading=\"lazy\" decoding=\"async\" width=\"494\" height=\"278\" src=\"https:\/\/tmabrasil.org\/evento\/wp-content\/uploads\/2025\/04\/Asset-122.png\" class=\"attachment-large size-large wp-image-1226\" alt=\"\" srcset=\"https:\/\/tmabrasil.org\/evento\/wp-content\/uploads\/2025\/04\/Asset-122.png 494w, https:\/\/tmabrasil.org\/evento\/wp-content\/uploads\/2025\/04\/Asset-122-300x169.png 300w\" sizes=\"(max-width: 494px) 100vw, 494px\" \/>\t\t\t\t\t\t\t\t<\/a>\n\t\t\t\t\t\t\t\t\t\t\t\t\t\t\t<\/div>\n\t\t\t\t<\/div>\n\t\t\t\t<\/div>\n\t\t<div class=\"elementor-element elementor-element-15dc9bb e-con-full e-flex e-con e-child\" data-id=\"15dc9bb\" data-element_type=\"container\" data-e-type=\"container\" data-settings=\"{&quot;background_background&quot;:&quot;classic&quot;}\">\n\t\t\t\t<div class=\"elementor-element elementor-element-8bb5eb5 elementor-widget elementor-widget-image\" data-id=\"8bb5eb5\" data-element_type=\"widget\" data-e-type=\"widget\" data-widget_type=\"image.default\">\n\t\t\t\t<div class=\"elementor-widget-container\">\n\t\t\t\t\t\t\t\t\t\t\t\t\t\t\t\t<a href=\"https:\/\/sartoriadvogados.com.br\/\">\n\t\t\t\t\t\t\t<img loading=\"lazy\" decoding=\"async\" width=\"640\" height=\"139\" src=\"https:\/\/tmabrasil.org\/evento\/wp-content\/uploads\/2025\/04\/SARTORI_Logo-abril-2025-1024x222.png\" class=\"attachment-large size-large wp-image-1486\" alt=\"\" srcset=\"https:\/\/tmabrasil.org\/evento\/wp-content\/uploads\/2025\/04\/SARTORI_Logo-abril-2025-1024x222.png 1024w, https:\/\/tmabrasil.org\/evento\/wp-content\/uploads\/2025\/04\/SARTORI_Logo-abril-2025-300x65.png 300w, https:\/\/tmabrasil.org\/evento\/wp-content\/uploads\/2025\/04\/SARTORI_Logo-abril-2025-768x166.png 768w, https:\/\/tmabrasil.org\/evento\/wp-content\/uploads\/2025\/04\/SARTORI_Logo-abril-2025.png 1368w\" sizes=\"(max-width: 640px) 100vw, 640px\" \/>\t\t\t\t\t\t\t\t<\/a>\n\t\t\t\t\t\t\t\t\t\t\t\t\t\t\t<\/div>\n\t\t\t\t<\/div>\n\t\t\t\t<\/div>\n\t\t\t\t<\/div>\n\t\t\t\t\t<\/div>\n\t\t\t\t<\/div>\n\t\t\t\t\t<\/div>\n\t\t<\/div>\n\t\t\t\t\t<\/div>\n\t\t<\/section>\n\t\t\t\t<section class=\"elementor-section elementor-top-section elementor-element elementor-element-b9bad52 elementor-section-full_width patrocine elementor-section-height-default elementor-section-height-default\" data-id=\"b9bad52\" data-element_type=\"section\" data-e-type=\"section\" id=\"patrocine\">\n\t\t\t\t\t\t<div class=\"elementor-container elementor-column-gap-default\">\n\t\t\t\t\t<div class=\"elementor-column elementor-col-100 elementor-top-column elementor-element elementor-element-96226d4\" data-id=\"96226d4\" data-element_type=\"column\" data-e-type=\"column\">\n\t\t\t<div class=\"elementor-widget-wrap elementor-element-populated\">\n\t\t\t\t\t\t<div class=\"elementor-element elementor-element-6576a29 elementor-widget elementor-widget-heading\" data-id=\"6576a29\" data-element_type=\"widget\" data-e-type=\"widget\" data-widget_type=\"heading.default\">\n\t\t\t\t<div class=\"elementor-widget-container\">\n\t\t\t\t\t<h3 class=\"elementor-heading-title elementor-size-default\">Seja um Patrocinador!<\/h3>\t\t\t\t<\/div>\n\t\t\t\t<\/div>\n\t\t<div class=\"elementor-element elementor-element-ef25923 e-flex e-con-boxed e-con e-parent\" data-id=\"ef25923\" data-element_type=\"container\" data-e-type=\"container\">\n\t\t\t\t\t<div class=\"e-con-inner\">\n\t\t<div class=\"elementor-element elementor-element-384f416 e-con-full e-flex e-con e-child\" data-id=\"384f416\" data-element_type=\"container\" data-e-type=\"container\">\n\t\t<div class=\"elementor-element elementor-element-15bd702 e-con-full e-flex e-con e-child\" data-id=\"15bd702\" data-element_type=\"container\" data-e-type=\"container\">\n\t\t\t\t<div class=\"elementor-element elementor-element-5ca0480 elementor-align-left elementor-widget__width-auto elementor-mobile-align-justify elementor-widget elementor-widget-button\" data-id=\"5ca0480\" data-element_type=\"widget\" data-e-type=\"widget\" data-widget_type=\"button.default\">\n\t\t\t\t<div class=\"elementor-widget-container\">\n\t\t\t\t\t\t\t\t\t<div class=\"elementor-button-wrapper\">\n\t\t\t\t\t<a class=\"elementor-button elementor-button-link elementor-size-sm\" href=\"https:\/\/drive.google.com\/file\/d\/1Hv01Dsx6TGjSjPFYJm9QRbopRnrXH2NT\/view?usp=sharing\">\n\t\t\t\t\t\t<span class=\"elementor-button-content-wrapper\">\n\t\t\t\t\t\t<span class=\"elementor-button-icon\">\n\t\t\t\t<svg aria-hidden=\"true\" class=\"e-font-icon-svg e-fas-ticket-alt\" viewBox=\"0 0 576 512\" xmlns=\"http:\/\/www.w3.org\/2000\/svg\"><path d=\"M128 160h320v192H128V160zm400 96c0 26.51 21.49 48 48 48v96c0 26.51-21.49 48-48 48H48c-26.51 0-48-21.49-48-48v-96c26.51 0 48-21.49 48-48s-21.49-48-48-48v-96c0-26.51 21.49-48 48-48h480c26.51 0 48 21.49 48 48v96c-26.51 0-48 21.49-48 48zm-48-104c0-13.255-10.745-24-24-24H120c-13.255 0-24 10.745-24 24v208c0 13.255 10.745 24 24 24h336c13.255 0 24-10.745 24-24V152z\"><\/path><\/svg>\t\t\t<\/span>\n\t\t\t\t\t\t\t\t\t<span class=\"elementor-button-text\">saiba mais<\/span>\n\t\t\t\t\t<\/span>\n\t\t\t\t\t<\/a>\n\t\t\t\t<\/div>\n\t\t\t\t\t\t\t\t<\/div>\n\t\t\t\t<\/div>\n\t\t\t\t<\/div>\n\t\t\t\t<\/div>\n\t\t\t\t\t<\/div>\n\t\t\t\t<\/div>\n\t\t\t\t\t<\/div>\n\t\t<\/div>\n\t\t\t\t\t<\/div>\n\t\t<\/section>\n\t\t\t\t<section class=\"elementor-section elementor-top-section elementor-element elementor-element-390f17b7 elementor-section-boxed elementor-section-height-default elementor-section-height-default\" data-id=\"390f17b7\" data-element_type=\"section\" data-e-type=\"section\" id=\"evento\" data-settings=\"{&quot;background_background&quot;:&quot;classic&quot;}\">\n\t\t\t\t\t\t<div class=\"elementor-container elementor-column-gap-default\">\n\t\t\t\t\t<div class=\"elementor-column elementor-col-50 elementor-top-column elementor-element elementor-element-66c3535f\" data-id=\"66c3535f\" data-element_type=\"column\" data-e-type=\"column\" id=\"localizacao\">\n\t\t\t<div class=\"elementor-widget-wrap elementor-element-populated\">\n\t\t\t\t\t\t<div class=\"elementor-element elementor-element-767ac728 elementor-widget__width-auto elementor-widget elementor-widget-image\" data-id=\"767ac728\" data-element_type=\"widget\" data-e-type=\"widget\" data-widget_type=\"image.default\">\n\t\t\t\t<div class=\"elementor-widget-container\">\n\t\t\t\t\t\t\t\t\t\t\t\t\t\t\t<img loading=\"lazy\" decoding=\"async\" width=\"451\" height=\"451\" src=\"https:\/\/tmabrasil.org\/evento\/wp-content\/uploads\/2025\/03\/image2.png\" class=\"attachment-large size-large wp-image-569\" alt=\"\" srcset=\"https:\/\/tmabrasil.org\/evento\/wp-content\/uploads\/2025\/03\/image2.png 451w, https:\/\/tmabrasil.org\/evento\/wp-content\/uploads\/2025\/03\/image2-300x300.png 300w, https:\/\/tmabrasil.org\/evento\/wp-content\/uploads\/2025\/03\/image2-150x150.png 150w\" sizes=\"(max-width: 451px) 100vw, 451px\" \/>\t\t\t\t\t\t\t\t\t\t\t\t\t\t\t<\/div>\n\t\t\t\t<\/div>\n\t\t\t\t<div class=\"elementor-element elementor-element-38f9abc elementor-widget__width-auto elementor-widget elementor-widget-image\" data-id=\"38f9abc\" data-element_type=\"widget\" data-e-type=\"widget\" data-widget_type=\"image.default\">\n\t\t\t\t<div class=\"elementor-widget-container\">\n\t\t\t\t\t\t\t\t\t\t\t\t\t\t\t<img loading=\"lazy\" decoding=\"async\" width=\"1080\" height=\"1080\" src=\"https:\/\/tmabrasil.org\/evento\/wp-content\/uploads\/2025\/05\/KV-APROVADO-TMA8a8-1.png\" class=\"attachment-full size-full wp-image-2213\" alt=\"\" srcset=\"https:\/\/tmabrasil.org\/evento\/wp-content\/uploads\/2025\/05\/KV-APROVADO-TMA8a8-1.png 1080w, https:\/\/tmabrasil.org\/evento\/wp-content\/uploads\/2025\/05\/KV-APROVADO-TMA8a8-1-300x300.png 300w, https:\/\/tmabrasil.org\/evento\/wp-content\/uploads\/2025\/05\/KV-APROVADO-TMA8a8-1-1024x1024.png 1024w, https:\/\/tmabrasil.org\/evento\/wp-content\/uploads\/2025\/05\/KV-APROVADO-TMA8a8-1-150x150.png 150w, https:\/\/tmabrasil.org\/evento\/wp-content\/uploads\/2025\/05\/KV-APROVADO-TMA8a8-1-768x768.png 768w\" sizes=\"(max-width: 1080px) 100vw, 1080px\" \/>\t\t\t\t\t\t\t\t\t\t\t\t\t\t\t<\/div>\n\t\t\t\t<\/div>\n\t\t\t\t<div class=\"elementor-element elementor-element-159bb974 elementor-widget__width-auto elementor-widget elementor-widget-image\" data-id=\"159bb974\" data-element_type=\"widget\" data-e-type=\"widget\" data-widget_type=\"image.default\">\n\t\t\t\t<div class=\"elementor-widget-container\">\n\t\t\t\t\t\t\t\t\t\t\t\t\t\t\t<img loading=\"lazy\" decoding=\"async\" width=\"266\" height=\"266\" src=\"https:\/\/tmabrasil.org\/evento\/wp-content\/uploads\/2025\/03\/img_speak_home-PTKQA58.jpg\" class=\"attachment-large size-large wp-image-21\" alt=\"\" srcset=\"https:\/\/tmabrasil.org\/evento\/wp-content\/uploads\/2025\/03\/img_speak_home-PTKQA58.jpg 266w, https:\/\/tmabrasil.org\/evento\/wp-content\/uploads\/2025\/03\/img_speak_home-PTKQA58-150x150.jpg 150w\" sizes=\"(max-width: 266px) 100vw, 266px\" \/>\t\t\t\t\t\t\t\t\t\t\t\t\t\t\t<\/div>\n\t\t\t\t<\/div>\n\t\t\t\t\t<\/div>\n\t\t<\/div>\n\t\t\t\t<div class=\"elementor-column elementor-col-50 elementor-top-column elementor-element elementor-element-89edfab\" data-id=\"89edfab\" data-element_type=\"column\" data-e-type=\"column\">\n\t\t\t<div class=\"elementor-widget-wrap elementor-element-populated\">\n\t\t\t\t\t\t<section class=\"elementor-section elementor-inner-section elementor-element elementor-element-69e49aac elementor-section-boxed elementor-section-height-default elementor-section-height-default elementor-invisible\" data-id=\"69e49aac\" data-element_type=\"section\" data-e-type=\"section\" data-settings=\"{&quot;animation&quot;:&quot;fadeInUp&quot;}\">\n\t\t\t\t\t\t<div class=\"elementor-container elementor-column-gap-default\">\n\t\t\t\t\t<div class=\"elementor-column elementor-col-100 elementor-inner-column elementor-element elementor-element-5707d804\" data-id=\"5707d804\" data-element_type=\"column\" data-e-type=\"column\">\n\t\t\t<div class=\"elementor-widget-wrap elementor-element-populated\">\n\t\t\t\t\t\t<div class=\"elementor-element elementor-element-704988fd elementor-widget__width-auto elementor-widget-mobile__width-auto elementor-widget elementor-widget-heading\" data-id=\"704988fd\" data-element_type=\"widget\" data-e-type=\"widget\" data-widget_type=\"heading.default\">\n\t\t\t\t<div class=\"elementor-widget-container\">\n\t\t\t\t\t<h6 class=\"elementor-heading-title elementor-size-default\">Evento TMA Brasil 2025<\/h6>\t\t\t\t<\/div>\n\t\t\t\t<\/div>\n\t\t\t\t<div class=\"elementor-element elementor-element-2a3725de elementor-widget elementor-widget-heading\" data-id=\"2a3725de\" data-element_type=\"widget\" data-e-type=\"widget\" data-widget_type=\"heading.default\">\n\t\t\t\t<div class=\"elementor-widget-container\">\n\t\t\t\t\t<h3 class=\"elementor-heading-title elementor-size-default\">Ciclo de Debates Agro - SP<\/h3>\t\t\t\t<\/div>\n\t\t\t\t<\/div>\n\t\t\t\t\t<\/div>\n\t\t<\/div>\n\t\t\t\t\t<\/div>\n\t\t<\/section>\n\t\t\t\t<section class=\"elementor-section elementor-inner-section elementor-element elementor-element-1d0540a7 elementor-section-boxed elementor-section-height-default elementor-section-height-default elementor-invisible\" data-id=\"1d0540a7\" data-element_type=\"section\" data-e-type=\"section\" data-settings=\"{&quot;animation&quot;:&quot;fadeInUp&quot;}\">\n\t\t\t\t\t\t<div class=\"elementor-container elementor-column-gap-default\">\n\t\t\t\t\t<div class=\"elementor-column elementor-col-100 elementor-inner-column elementor-element elementor-element-6672183c\" data-id=\"6672183c\" data-element_type=\"column\" data-e-type=\"column\">\n\t\t\t<div class=\"elementor-widget-wrap elementor-element-populated\">\n\t\t\t\t\t\t<div class=\"elementor-element elementor-element-4465bc5d elementor-widget__width-initial elementor-widget elementor-widget-text-editor\" data-id=\"4465bc5d\" data-element_type=\"widget\" data-e-type=\"widget\" data-widget_type=\"text-editor.default\">\n\t\t\t\t<div class=\"elementor-widget-container\">\n\t\t\t\t\t\t\t\t\t<p>Uma oportunidade \u00fanica para trocar experi\u00eancias, aprender com cases de sucesso e ampliar sua rede de contatos com os principais nomes do setor.<\/p><ul><li><strong>Data: 17\/06 &#8211; 8h20 \u00e0s 12h00<\/strong><\/li><li><strong>Local: Condom\u00ednio Spazio JK: <\/strong>Av. Pres. Juscelino Kubitschek, 1726 &#8211; Vila Nova<br \/>Concei\u00e7\u00e3o, S\u00e3o Paulo &#8211; SP, 04543-000<\/li><\/ul>\t\t\t\t\t\t\t\t<\/div>\n\t\t\t\t<\/div>\n\t\t\t\t<div class=\"elementor-element elementor-element-313a410 elementor-widget__width-initial elementor-widget elementor-widget-text-editor\" data-id=\"313a410\" data-element_type=\"widget\" data-e-type=\"widget\" data-widget_type=\"text-editor.default\">\n\t\t\t\t<div class=\"elementor-widget-container\">\n\t\t\t\t\t\t\t\t\t<p>N\u00e3o perca a chance de se conectar com quem transforma<br \/>desafios em oportunidades.<\/p>\t\t\t\t\t\t\t\t<\/div>\n\t\t\t\t<\/div>\n\t\t\t\t\t<\/div>\n\t\t<\/div>\n\t\t\t\t\t<\/div>\n\t\t<\/section>\n\t\t\t\t<section class=\"elementor-section elementor-inner-section elementor-element elementor-element-6eeb3f3 elementor-section-boxed elementor-section-height-default elementor-section-height-default elementor-invisible\" data-id=\"6eeb3f3\" data-element_type=\"section\" data-e-type=\"section\" data-settings=\"{&quot;animation&quot;:&quot;slideInUp&quot;}\">\n\t\t\t\t\t\t<div class=\"elementor-container elementor-column-gap-default\">\n\t\t\t\t\t<div class=\"elementor-column elementor-col-100 elementor-inner-column elementor-element elementor-element-6f8b059c\" data-id=\"6f8b059c\" data-element_type=\"column\" data-e-type=\"column\">\n\t\t\t<div class=\"elementor-widget-wrap elementor-element-populated\">\n\t\t\t\t\t\t<div class=\"elementor-element elementor-element-276feb57 elementor-align-left elementor-widget__width-auto elementor-mobile-align-justify elementor-widget elementor-widget-button\" data-id=\"276feb57\" data-element_type=\"widget\" data-e-type=\"widget\" data-widget_type=\"button.default\">\n\t\t\t\t<div class=\"elementor-widget-container\">\n\t\t\t\t\t\t\t\t\t<div class=\"elementor-button-wrapper\">\n\t\t\t\t\t<a class=\"elementor-button elementor-button-link elementor-size-sm\" href=\"https:\/\/sistema.tmabrasil.org\/AreaAssociados\/Eventos\/EventoDetalhe\/Index\/4876\">\n\t\t\t\t\t\t<span class=\"elementor-button-content-wrapper\">\n\t\t\t\t\t\t<span class=\"elementor-button-icon\">\n\t\t\t\t<svg aria-hidden=\"true\" class=\"e-font-icon-svg e-fas-ticket-alt\" viewBox=\"0 0 576 512\" xmlns=\"http:\/\/www.w3.org\/2000\/svg\"><path d=\"M128 160h320v192H128V160zm400 96c0 26.51 21.49 48 48 48v96c0 26.51-21.49 48-48 48H48c-26.51 0-48-21.49-48-48v-96c26.51 0 48-21.49 48-48s-21.49-48-48-48v-96c0-26.51 21.49-48 48-48h480c26.51 0 48 21.49 48 48v96c-26.51 0-48 21.49-48 48zm-48-104c0-13.255-10.745-24-24-24H120c-13.255 0-24 10.745-24 24v208c0 13.255 10.745 24 24 24h336c13.255 0 24-10.745 24-24V152z\"><\/path><\/svg>\t\t\t<\/span>\n\t\t\t\t\t\t\t\t\t<span class=\"elementor-button-text\">Inscreva-se<\/span>\n\t\t\t\t\t<\/span>\n\t\t\t\t\t<\/a>\n\t\t\t\t<\/div>\n\t\t\t\t\t\t\t\t<\/div>\n\t\t\t\t<\/div>\n\t\t\t\t<div class=\"elementor-element elementor-element-198c1052 elementor-align-left elementor-widget__width-auto elementor-widget elementor-widget-button\" data-id=\"198c1052\" data-element_type=\"widget\" data-e-type=\"widget\" data-widget_type=\"button.default\">\n\t\t\t\t<div class=\"elementor-widget-container\">\n\t\t\t\t\t\t\t\t\t<div class=\"elementor-button-wrapper\">\n\t\t\t\t\t<a class=\"elementor-button elementor-button-link elementor-size-sm\" href=\"https:\/\/maps.app.goo.gl\/ysrgWqkZh22LuwBr5\">\n\t\t\t\t\t\t<span class=\"elementor-button-content-wrapper\">\n\t\t\t\t\t\t<span class=\"elementor-button-icon\">\n\t\t\t\t<svg aria-hidden=\"true\" class=\"e-font-icon-svg e-fas-angle-right\" viewBox=\"0 0 256 512\" xmlns=\"http:\/\/www.w3.org\/2000\/svg\"><path d=\"M224.3 273l-136 136c-9.4 9.4-24.6 9.4-33.9 0l-22.6-22.6c-9.4-9.4-9.4-24.6 0-33.9l96.4-96.4-96.4-96.4c-9.4-9.4-9.4-24.6 0-33.9L54.3 103c9.4-9.4 24.6-9.4 33.9 0l136 136c9.5 9.4 9.5 24.6.1 34z\"><\/path><\/svg>\t\t\t<\/span>\n\t\t\t\t\t\t\t\t\t<span class=\"elementor-button-text\">localiza\u00e7\u00e3o<\/span>\n\t\t\t\t\t<\/span>\n\t\t\t\t\t<\/a>\n\t\t\t\t<\/div>\n\t\t\t\t\t\t\t\t<\/div>\n\t\t\t\t<\/div>\n\t\t\t\t\t<\/div>\n\t\t<\/div>\n\t\t\t\t\t<\/div>\n\t\t<\/section>\n\t\t\t\t\t<\/div>\n\t\t<\/div>\n\t\t\t\t\t<\/div>\n\t\t<\/section>\n\t\t\t\t<section class=\"elementor-section elementor-top-section elementor-element elementor-element-70991344 elementor-section-boxed elementor-section-height-default elementor-section-height-default\" data-id=\"70991344\" data-element_type=\"section\" data-e-type=\"section\" data-settings=\"{&quot;background_background&quot;:&quot;classic&quot;}\">\n\t\t\t\t\t\t\t<div class=\"elementor-background-overlay\"><\/div>\n\t\t\t\t\t\t\t<div class=\"elementor-container elementor-column-gap-default\">\n\t\t\t\t\t<div class=\"elementor-column elementor-col-100 elementor-top-column elementor-element elementor-element-b44d54b\" data-id=\"b44d54b\" data-element_type=\"column\" data-e-type=\"column\">\n\t\t\t<div class=\"elementor-widget-wrap elementor-element-populated\">\n\t\t\t\t<div class=\"elementor-element elementor-element-122cdb6 e-flex e-con-boxed e-con e-parent\" data-id=\"122cdb6\" data-element_type=\"container\" data-e-type=\"container\">\n\t\t\t\t\t<div class=\"e-con-inner\">\n\t\t<div class=\"elementor-element elementor-element-7f008e9 e-con-full e-flex e-con e-child\" data-id=\"7f008e9\" data-element_type=\"container\" data-e-type=\"container\">\n\t\t\t\t<div class=\"elementor-element elementor-element-662ad3e elementor-widget__width-initial elementor-widget-mobile__width-auto elementor-widget elementor-widget-heading\" data-id=\"662ad3e\" data-element_type=\"widget\" data-e-type=\"widget\" data-widget_type=\"heading.default\">\n\t\t\t\t<div class=\"elementor-widget-container\">\n\t\t\t\t\t<h6 class=\"elementor-heading-title elementor-size-default\">quem somos<\/h6>\t\t\t\t<\/div>\n\t\t\t\t<\/div>\n\t\t\t\t<div class=\"elementor-element elementor-element-9398804 elementor-widget elementor-widget-heading\" data-id=\"9398804\" data-element_type=\"widget\" data-e-type=\"widget\" data-widget_type=\"heading.default\">\n\t\t\t\t<div class=\"elementor-widget-container\">\n\t\t\t\t\t<h3 class=\"elementor-heading-title elementor-size-default\">TMA BRASIL<\/h3>\t\t\t\t<\/div>\n\t\t\t\t<\/div>\n\t\t\t\t<div class=\"elementor-element elementor-element-e8bdbef elementor-absolute elementor-widget elementor-widget-heading\" data-id=\"e8bdbef\" data-element_type=\"widget\" data-e-type=\"widget\" data-settings=\"{&quot;_position&quot;:&quot;absolute&quot;}\" data-widget_type=\"heading.default\">\n\t\t\t\t<div class=\"elementor-widget-container\">\n\t\t\t\t\t<h3 class=\"elementor-heading-title elementor-size-default\">TMA<\/h3>\t\t\t\t<\/div>\n\t\t\t\t<\/div>\n\t\t\t\t<\/div>\n\t\t<div class=\"elementor-element elementor-element-4b2e368 e-con-full e-flex e-con e-child\" data-id=\"4b2e368\" data-element_type=\"container\" data-e-type=\"container\">\n\t\t\t\t<div class=\"elementor-element elementor-element-bc30019 elementor-widget elementor-widget-text-editor\" data-id=\"bc30019\" data-element_type=\"widget\" data-e-type=\"widget\" data-widget_type=\"text-editor.default\">\n\t\t\t\t<div class=\"elementor-widget-container\">\n\t\t\t\t\t\t\t\t\t<p>A TMA Brasil \u00e9 representante brasileira da Turnaround Management Association, a mais prestigiosa associa\u00e7\u00e3o mundial reunindo profissionais envolvidos com recupera\u00e7\u00e3o da performance e do valor em empresas e organiza\u00e7\u00f5es em geral.<\/p><p>Seus membros incluem administradores, gestores, investidores, financiadores, advogados, consultores, contabilistas, assessores, magistrados, administradores judiciais, professores, estudantes e todos os profissionais engajados na gera\u00e7\u00e3o de valor nos processos de reestrutura\u00e7\u00e3o, recupera\u00e7\u00e3o ou de liquida\u00e7\u00e3o de empresas.<\/p><p>Estes profissionais trabalham sob o c\u00f3digo de \u00e9tica da TMA e dedicam parte de seu tempo para desenvolver o tema da gest\u00e3o da reestrutura\u00e7\u00e3o e recupera\u00e7\u00e3o de empresas que passam por momentos de desafio operacional ou crise financeira. Promovem as melhores pr\u00e1ticas por meio de semin\u00e1rios e publica\u00e7\u00f5es, capacitando profissionais envolvidos com o turnaround management, e contribuindo para a evolu\u00e7\u00e3o da pr\u00e1tica nos aspectos de gest\u00e3o, financeiros e legislativos.<\/p><p>A credibilidade da TMA Brasil, reconhecida com o status de OSCIP no Brasil, se fundamenta em 25 anos de experi\u00eancia internacional, reunindo as melhores empresas e profissionais dedicados \u00e0 reestrutura\u00e7\u00e3o e recupera\u00e7\u00e3o de empresas.<\/p><p><a style=\"color: white; text-decoration: none;\" href=\"https:\/\/tmabrasil.org\" target=\"_blank\" rel=\"noopener\"><br \/>Para saber mais, acesse: www.tmabrasil.org<\/a><\/p>\t\t\t\t\t\t\t\t<\/div>\n\t\t\t\t<\/div>\n\t\t\t\t<\/div>\n\t\t\t\t\t<\/div>\n\t\t\t\t<\/div>\n\t\t\t\t\t<\/div>\n\t\t<\/div>\n\t\t\t\t\t<\/div>\n\t\t<\/section>\n\t\t\t\t<section class=\"elementor-section elementor-top-section elementor-element elementor-element-10076f8d elementor-section-boxed elementor-section-height-default elementor-section-height-default\" data-id=\"10076f8d\" data-element_type=\"section\" data-e-type=\"section\" data-settings=\"{&quot;background_background&quot;:&quot;classic&quot;}\">\n\t\t\t\t\t\t<div class=\"elementor-container elementor-column-gap-default\">\n\t\t\t\t\t<div class=\"elementor-column elementor-col-100 elementor-top-column elementor-element elementor-element-1ddd9f6e\" data-id=\"1ddd9f6e\" data-element_type=\"column\" data-e-type=\"column\">\n\t\t\t<div class=\"elementor-widget-wrap elementor-element-populated\">\n\t\t\t\t\t\t<section class=\"elementor-section elementor-inner-section elementor-element elementor-element-78313feb elementor-section-boxed elementor-section-height-default elementor-section-height-default elementor-invisible\" data-id=\"78313feb\" data-element_type=\"section\" data-e-type=\"section\" id=\"palestrantes\" data-settings=\"{&quot;animation&quot;:&quot;fadeInUp&quot;}\">\n\t\t\t\t\t\t<div class=\"elementor-container elementor-column-gap-default\">\n\t\t\t\t\t<div class=\"elementor-column elementor-col-100 elementor-inner-column elementor-element elementor-element-6701211\" data-id=\"6701211\" data-element_type=\"column\" data-e-type=\"column\">\n\t\t\t<div class=\"elementor-widget-wrap elementor-element-populated\">\n\t\t\t\t\t\t<div class=\"elementor-element elementor-element-954f62a elementor-widget__width-auto elementor-widget-mobile__width-auto elementor-widget elementor-widget-heading\" data-id=\"954f62a\" data-element_type=\"widget\" data-e-type=\"widget\" data-widget_type=\"heading.default\">\n\t\t\t\t<div class=\"elementor-widget-container\">\n\t\t\t\t\t<h6 class=\"elementor-heading-title elementor-size-default\">Speakers<\/h6>\t\t\t\t<\/div>\n\t\t\t\t<\/div>\n\t\t\t\t<div class=\"elementor-element elementor-element-122db4da elementor-widget elementor-widget-heading\" data-id=\"122db4da\" data-element_type=\"widget\" data-e-type=\"widget\" data-widget_type=\"heading.default\">\n\t\t\t\t<div class=\"elementor-widget-container\">\n\t\t\t\t\t<h3 class=\"elementor-heading-title elementor-size-default\">Palestrantes<\/h3>\t\t\t\t<\/div>\n\t\t\t\t<\/div>\n\t\t\t\t\t<\/div>\n\t\t<\/div>\n\t\t\t\t\t<\/div>\n\t\t<\/section>\n\t\t\t\t<section class=\"elementor-section elementor-inner-section elementor-element elementor-element-7d8845d elementor-section-boxed elementor-section-height-default elementor-section-height-default elementor-invisible\" data-id=\"7d8845d\" data-element_type=\"section\" data-e-type=\"section\" data-settings=\"{&quot;animation&quot;:&quot;fadeInUp&quot;}\">\n\t\t\t\t\t\t<div class=\"elementor-container elementor-column-gap-default\">\n\t\t\t\t\t<div class=\"elementor-column elementor-col-50 elementor-inner-column elementor-element elementor-element-6f807c4\" data-id=\"6f807c4\" data-element_type=\"column\" data-e-type=\"column\">\n\t\t\t<div class=\"elementor-widget-wrap elementor-element-populated\">\n\t\t\t\t\t\t<div class=\"elementor-element elementor-element-b24d194 elementor-widget elementor-widget-image\" data-id=\"b24d194\" data-element_type=\"widget\" data-e-type=\"widget\" data-widget_type=\"image.default\">\n\t\t\t\t<div class=\"elementor-widget-container\">\n\t\t\t\t\t\t\t\t\t\t\t\t\t\t\t<img loading=\"lazy\" decoding=\"async\" width=\"500\" height=\"500\" src=\"https:\/\/tmabrasil.org\/evento\/wp-content\/uploads\/2025\/05\/Daniel-Tronco-Socio-Felsberg-Advogados-2-1X1.png\" class=\"elementor-animation-float attachment-full size-full wp-image-2502\" alt=\"\" srcset=\"https:\/\/tmabrasil.org\/evento\/wp-content\/uploads\/2025\/05\/Daniel-Tronco-Socio-Felsberg-Advogados-2-1X1.png 500w, https:\/\/tmabrasil.org\/evento\/wp-content\/uploads\/2025\/05\/Daniel-Tronco-Socio-Felsberg-Advogados-2-1X1-300x300.png 300w, https:\/\/tmabrasil.org\/evento\/wp-content\/uploads\/2025\/05\/Daniel-Tronco-Socio-Felsberg-Advogados-2-1X1-150x150.png 150w\" sizes=\"(max-width: 500px) 100vw, 500px\" \/>\t\t\t\t\t\t\t\t\t\t\t\t\t\t\t<\/div>\n\t\t\t\t<\/div>\n\t\t\t\t\t<\/div>\n\t\t<\/div>\n\t\t\t\t<div class=\"elementor-column elementor-col-50 elementor-inner-column elementor-element elementor-element-5868ed0\" data-id=\"5868ed0\" data-element_type=\"column\" data-e-type=\"column\">\n\t\t\t<div class=\"elementor-widget-wrap elementor-element-populated\">\n\t\t\t\t\t\t<div class=\"elementor-element elementor-element-fa87002 elementor-widget elementor-widget-heading\" data-id=\"fa87002\" data-element_type=\"widget\" data-e-type=\"widget\" data-widget_type=\"heading.default\">\n\t\t\t\t<div class=\"elementor-widget-container\">\n\t\t\t\t\t<h4 class=\"elementor-heading-title elementor-size-default\">Daniel Tronco<\/h4>\t\t\t\t<\/div>\n\t\t\t\t<\/div>\n\t\t\t\t<div class=\"elementor-element elementor-element-2c0c231 elementor-widget elementor-widget-heading\" data-id=\"2c0c231\" data-element_type=\"widget\" data-e-type=\"widget\" data-widget_type=\"heading.default\">\n\t\t\t\t<div class=\"elementor-widget-container\">\n\t\t\t\t\t<span class=\"elementor-heading-title elementor-size-default\">S\u00f3cio, Felsberg Advogados<\/span>\t\t\t\t<\/div>\n\t\t\t\t<\/div>\n\t\t\t\t<div class=\"elementor-element elementor-element-92900e8 elementor-widget elementor-widget-text-editor\" data-id=\"92900e8\" data-element_type=\"widget\" data-e-type=\"widget\" data-widget_type=\"text-editor.default\">\n\t\t\t\t<div class=\"elementor-widget-container\">\n\t\t\t\t\t\t\t\t\t<p><span style=\"font-weight: 400;\">Atua na assessoria a neg\u00f3cios especialmente para empresas dedicadas ao agroneg\u00f3cio. Neste setor, participou de opera\u00e7\u00f5es em todas as etapas da cadeia produtiva, desde a comercializa\u00e7\u00e3o de insumos, produ\u00e7\u00e3o agropecu\u00e1ria, processamento (agroind\u00fastria), distribui\u00e7\u00e3o (log\u00edstica) at\u00e9 a comercializa\u00e7\u00e3o da produ\u00e7\u00e3o (no Brasil e no exterior). Prestou consultoria e ocupou cargos de lideran\u00e7a em empresas como Louis Dreyfus, BIOSEV, GAVILON (Marubeni) e RA\u00cdZEN, atuando em uma grande e diversificada variedade de transa\u00e7\u00f5es, incluindo contratos nacionais e internacionais, projetos de M&amp;A, opera\u00e7\u00f5es nos mercados financeiro e de capitais, o que lhe permitiu acumular vasto conhecimento do agroneg\u00f3cio. Tamb\u00e9m atuou na gest\u00e3o de conflitos e contencioso estrat\u00e9gico, na estrutura\u00e7\u00e3o de departamentos jur\u00eddicos, em projetos de\u00a0<\/span><i><span style=\"font-weight: 400;\">turnaround<\/span><\/i><span style=\"font-weight: 400;\">, elabora\u00e7\u00e3o e aperfei\u00e7oamento de programas de\u00a0<\/span><i><span style=\"font-weight: 400;\">compliance<\/span><\/i><span style=\"font-weight: 400;\">, gest\u00e3o de risco e governan\u00e7a.<\/span><\/p>\t\t\t\t\t\t\t\t<\/div>\n\t\t\t\t<\/div>\n\t\t\t\t\t<\/div>\n\t\t<\/div>\n\t\t\t\t\t<\/div>\n\t\t<\/section>\n\t\t\t\t<section class=\"elementor-section elementor-inner-section elementor-element elementor-element-f97bf95 elementor-section-boxed elementor-section-height-default elementor-section-height-default elementor-invisible\" data-id=\"f97bf95\" data-element_type=\"section\" data-e-type=\"section\" data-settings=\"{&quot;animation&quot;:&quot;fadeInUp&quot;}\">\n\t\t\t\t\t\t<div class=\"elementor-container elementor-column-gap-default\">\n\t\t\t\t\t<div class=\"elementor-column elementor-col-50 elementor-inner-column elementor-element elementor-element-0fd5dbb\" data-id=\"0fd5dbb\" data-element_type=\"column\" data-e-type=\"column\">\n\t\t\t<div class=\"elementor-widget-wrap elementor-element-populated\">\n\t\t\t\t\t\t<div class=\"elementor-element elementor-element-ac7da0b elementor-widget elementor-widget-image\" data-id=\"ac7da0b\" data-element_type=\"widget\" data-e-type=\"widget\" data-widget_type=\"image.default\">\n\t\t\t\t<div class=\"elementor-widget-container\">\n\t\t\t\t\t\t\t\t\t\t\t\t\t\t\t<img loading=\"lazy\" decoding=\"async\" width=\"500\" height=\"500\" src=\"https:\/\/tmabrasil.org\/evento\/wp-content\/uploads\/2025\/05\/Emilio-Almeida-Socio-da-ITN-Capital-1X1.png\" class=\"elementor-animation-float attachment-full size-full wp-image-2503\" alt=\"\" srcset=\"https:\/\/tmabrasil.org\/evento\/wp-content\/uploads\/2025\/05\/Emilio-Almeida-Socio-da-ITN-Capital-1X1.png 500w, https:\/\/tmabrasil.org\/evento\/wp-content\/uploads\/2025\/05\/Emilio-Almeida-Socio-da-ITN-Capital-1X1-300x300.png 300w, https:\/\/tmabrasil.org\/evento\/wp-content\/uploads\/2025\/05\/Emilio-Almeida-Socio-da-ITN-Capital-1X1-150x150.png 150w\" sizes=\"(max-width: 500px) 100vw, 500px\" \/>\t\t\t\t\t\t\t\t\t\t\t\t\t\t\t<\/div>\n\t\t\t\t<\/div>\n\t\t\t\t\t<\/div>\n\t\t<\/div>\n\t\t\t\t<div class=\"elementor-column elementor-col-50 elementor-inner-column elementor-element elementor-element-4d0e2fd\" data-id=\"4d0e2fd\" data-element_type=\"column\" data-e-type=\"column\">\n\t\t\t<div class=\"elementor-widget-wrap elementor-element-populated\">\n\t\t\t\t\t\t<div class=\"elementor-element elementor-element-a1d6368 elementor-widget elementor-widget-heading\" data-id=\"a1d6368\" data-element_type=\"widget\" data-e-type=\"widget\" data-widget_type=\"heading.default\">\n\t\t\t\t<div class=\"elementor-widget-container\">\n\t\t\t\t\t<h4 class=\"elementor-heading-title elementor-size-default\">Emilio Almeida<\/h4>\t\t\t\t<\/div>\n\t\t\t\t<\/div>\n\t\t\t\t<div class=\"elementor-element elementor-element-35d2e3b elementor-widget elementor-widget-heading\" data-id=\"35d2e3b\" data-element_type=\"widget\" data-e-type=\"widget\" data-widget_type=\"heading.default\">\n\t\t\t\t<div class=\"elementor-widget-container\">\n\t\t\t\t\t<span class=\"elementor-heading-title elementor-size-default\">S\u00f3cio ITN Capital<\/span>\t\t\t\t<\/div>\n\t\t\t\t<\/div>\n\t\t\t\t<div class=\"elementor-element elementor-element-4904c9b elementor-widget elementor-widget-text-editor\" data-id=\"4904c9b\" data-element_type=\"widget\" data-e-type=\"widget\" data-widget_type=\"text-editor.default\">\n\t\t\t\t<div class=\"elementor-widget-container\">\n\t\t\t\t\t\t\t\t\t<p><span style=\"font-weight: 400;\">Engenheiro Agr\u00f4nomo formado pela Escola Superior de Agricultura \u201cLuiz de Queiroz\u201d ESALQ \u2013 USP com especialidade em Produ\u00e7\u00e3o Animal e Manejo de Pastagens. P\u00f3s Gradua\u00e7\u00e3o MBA em Agroneg\u00f3cios pela ESALQ \u2013 USP. Experi\u00eancia profissional com consultoria e produ\u00e7\u00e3o agropecu\u00e1ria em parceria com o Professor Moacyr Corsi ESALQ \u2013 USP durante 9 anos. Trabalhou junto \u00e0 Fazenda Figueira, Londrina \u2013 PR (FEALQ). Gerente da Fazenda Pinhalzinho \u2013 Araras \u2013 SP, atuando nas \u00e1reas de cana-de-a\u00e7\u00facar, gr\u00e3os (soja e milho), citricultura, ovinocultura e produ\u00e7\u00e3o de feno. Durante 4 anos foi colaborador da Agro Santa B\u00e1rbara Xinguara S.A., passando por todas as \u00e1reas de produ\u00e7\u00e3o at\u00e9 a gest\u00e3o de todo o processo. Ap\u00f3s Agro Santa B\u00e1rbara, em 2014 fundei a ITN Agro com foco em consultoria produtiva e produ\u00e7\u00e3o agr\u00edcola e pecu\u00e1ria. Essa consultoria se perpetua at\u00e9 hoje. Em 2015 a atua\u00e7\u00e3o junto a Leste Real Estate, um de nossos clientes se intensificou e assumimos o papel da Gest\u00e3o Rural. Em 2016, me torno Head Rural da Enforce, empresa oriunda da Leste, e subsidi\u00e1ria do Banco BTG Pactual. Desde ent\u00e3o, at\u00e9 dezembro de 2020 gerenciei a \u00e1rea, em ativos de stress com a condu\u00e7\u00e3o de acordos, precifica\u00e7\u00e3o de mais de 2.000 ativos rurais, gest\u00e3o de aproximadamente 74.000 ha de \u00e1reas e vendas de diversas fazendas. E em 2022 participo da funda\u00e7\u00e3o da ITN Capital na qual atuo at\u00e9 hoje.<\/span><\/p>\t\t\t\t\t\t\t\t<\/div>\n\t\t\t\t<\/div>\n\t\t\t\t\t<\/div>\n\t\t<\/div>\n\t\t\t\t\t<\/div>\n\t\t<\/section>\n\t\t\t\t<section class=\"elementor-section elementor-inner-section elementor-element elementor-element-9253da0 elementor-section-boxed elementor-section-height-default elementor-section-height-default elementor-invisible\" data-id=\"9253da0\" data-element_type=\"section\" data-e-type=\"section\" data-settings=\"{&quot;animation&quot;:&quot;fadeInUp&quot;}\">\n\t\t\t\t\t\t<div class=\"elementor-container elementor-column-gap-default\">\n\t\t\t\t\t<div class=\"elementor-column elementor-col-50 elementor-inner-column elementor-element elementor-element-8cf4023\" data-id=\"8cf4023\" data-element_type=\"column\" data-e-type=\"column\">\n\t\t\t<div class=\"elementor-widget-wrap elementor-element-populated\">\n\t\t\t\t\t\t<div class=\"elementor-element elementor-element-66ca48f elementor-widget elementor-widget-image\" data-id=\"66ca48f\" data-element_type=\"widget\" data-e-type=\"widget\" data-widget_type=\"image.default\">\n\t\t\t\t<div class=\"elementor-widget-container\">\n\t\t\t\t\t\t\t\t\t\t\t\t\t\t\t<img loading=\"lazy\" decoding=\"async\" width=\"500\" height=\"500\" src=\"https:\/\/tmabrasil.org\/evento\/wp-content\/uploads\/2025\/05\/Fernanda-Mello-Socia-Fundadora-da-VERT-1X1.png\" class=\"elementor-animation-float attachment-full size-full wp-image-2504\" alt=\"\" srcset=\"https:\/\/tmabrasil.org\/evento\/wp-content\/uploads\/2025\/05\/Fernanda-Mello-Socia-Fundadora-da-VERT-1X1.png 500w, https:\/\/tmabrasil.org\/evento\/wp-content\/uploads\/2025\/05\/Fernanda-Mello-Socia-Fundadora-da-VERT-1X1-300x300.png 300w, https:\/\/tmabrasil.org\/evento\/wp-content\/uploads\/2025\/05\/Fernanda-Mello-Socia-Fundadora-da-VERT-1X1-150x150.png 150w\" sizes=\"(max-width: 500px) 100vw, 500px\" \/>\t\t\t\t\t\t\t\t\t\t\t\t\t\t\t<\/div>\n\t\t\t\t<\/div>\n\t\t\t\t\t<\/div>\n\t\t<\/div>\n\t\t\t\t<div class=\"elementor-column elementor-col-50 elementor-inner-column elementor-element elementor-element-1fb69fe\" data-id=\"1fb69fe\" data-element_type=\"column\" data-e-type=\"column\">\n\t\t\t<div class=\"elementor-widget-wrap elementor-element-populated\">\n\t\t\t\t\t\t<div class=\"elementor-element elementor-element-d4b16f5 elementor-widget elementor-widget-heading\" data-id=\"d4b16f5\" data-element_type=\"widget\" data-e-type=\"widget\" data-widget_type=\"heading.default\">\n\t\t\t\t<div class=\"elementor-widget-container\">\n\t\t\t\t\t<h4 class=\"elementor-heading-title elementor-size-default\">Fernanda Mello<\/h4>\t\t\t\t<\/div>\n\t\t\t\t<\/div>\n\t\t\t\t<div class=\"elementor-element elementor-element-1a889da elementor-widget elementor-widget-heading\" data-id=\"1a889da\" data-element_type=\"widget\" data-e-type=\"widget\" data-widget_type=\"heading.default\">\n\t\t\t\t<div class=\"elementor-widget-container\">\n\t\t\t\t\t<span class=\"elementor-heading-title elementor-size-default\">S\u00f3cia Fundadora da VERT<\/span>\t\t\t\t<\/div>\n\t\t\t\t<\/div>\n\t\t\t\t<div class=\"elementor-element elementor-element-969ab2b elementor-widget elementor-widget-text-editor\" data-id=\"969ab2b\" data-element_type=\"widget\" data-e-type=\"widget\" data-widget_type=\"text-editor.default\">\n\t\t\t\t<div class=\"elementor-widget-container\">\n\t\t\t\t\t\t\t\t\t<p class=\"p1\"><span style=\"font-weight: 400;\">Com mais de 28 anos de experi\u00eancia no mercado financeiro, \u00e9 s\u00f3cia fundadora da VERT. Foi s\u00f3cia-diretora da Octante, s\u00f3cia-diretora de Renda Vari\u00e1vel na Mau\u00e1 Investimentos e gerente de Renda Vari\u00e1vel Propriet\u00e1ria no Credit Suisse. Possui gradua\u00e7\u00e3o em Administra\u00e7\u00e3o de Empresas pela FGV-SP.<\/span><\/p>\t\t\t\t\t\t\t\t<\/div>\n\t\t\t\t<\/div>\n\t\t\t\t\t<\/div>\n\t\t<\/div>\n\t\t\t\t\t<\/div>\n\t\t<\/section>\n\t\t\t\t<section class=\"elementor-section elementor-inner-section elementor-element elementor-element-8ec2845 elementor-section-boxed elementor-section-height-default elementor-section-height-default elementor-invisible\" data-id=\"8ec2845\" data-element_type=\"section\" data-e-type=\"section\" data-settings=\"{&quot;animation&quot;:&quot;fadeInUp&quot;}\">\n\t\t\t\t\t\t<div class=\"elementor-container elementor-column-gap-default\">\n\t\t\t\t\t<div class=\"elementor-column elementor-col-50 elementor-inner-column elementor-element elementor-element-1aaba96\" data-id=\"1aaba96\" data-element_type=\"column\" data-e-type=\"column\">\n\t\t\t<div class=\"elementor-widget-wrap elementor-element-populated\">\n\t\t\t\t\t\t<div class=\"elementor-element elementor-element-92767e0 elementor-widget elementor-widget-image\" data-id=\"92767e0\" data-element_type=\"widget\" data-e-type=\"widget\" data-widget_type=\"image.default\">\n\t\t\t\t<div class=\"elementor-widget-container\">\n\t\t\t\t\t\t\t\t\t\t\t\t\t\t\t<img loading=\"lazy\" decoding=\"async\" width=\"500\" height=\"500\" src=\"https:\/\/tmabrasil.org\/evento\/wp-content\/uploads\/2025\/06\/Felipe-Solzki-CFA-Portfolio-Manager-1X1.png\" class=\"elementor-animation-float attachment-full size-full wp-image-2634\" alt=\"\" srcset=\"https:\/\/tmabrasil.org\/evento\/wp-content\/uploads\/2025\/06\/Felipe-Solzki-CFA-Portfolio-Manager-1X1.png 500w, https:\/\/tmabrasil.org\/evento\/wp-content\/uploads\/2025\/06\/Felipe-Solzki-CFA-Portfolio-Manager-1X1-300x300.png 300w, https:\/\/tmabrasil.org\/evento\/wp-content\/uploads\/2025\/06\/Felipe-Solzki-CFA-Portfolio-Manager-1X1-150x150.png 150w\" sizes=\"(max-width: 500px) 100vw, 500px\" \/>\t\t\t\t\t\t\t\t\t\t\t\t\t\t\t<\/div>\n\t\t\t\t<\/div>\n\t\t\t\t\t<\/div>\n\t\t<\/div>\n\t\t\t\t<div class=\"elementor-column elementor-col-50 elementor-inner-column elementor-element elementor-element-9ae83c2\" data-id=\"9ae83c2\" data-element_type=\"column\" data-e-type=\"column\">\n\t\t\t<div class=\"elementor-widget-wrap elementor-element-populated\">\n\t\t\t\t\t\t<div class=\"elementor-element elementor-element-d49767b elementor-widget elementor-widget-heading\" data-id=\"d49767b\" data-element_type=\"widget\" data-e-type=\"widget\" data-widget_type=\"heading.default\">\n\t\t\t\t<div class=\"elementor-widget-container\">\n\t\t\t\t\t<h4 class=\"elementor-heading-title elementor-size-default\">Felipe Solzki<\/h4>\t\t\t\t<\/div>\n\t\t\t\t<\/div>\n\t\t\t\t<div class=\"elementor-element elementor-element-d8e17b2 elementor-widget elementor-widget-heading\" data-id=\"d8e17b2\" data-element_type=\"widget\" data-e-type=\"widget\" data-widget_type=\"heading.default\">\n\t\t\t\t<div class=\"elementor-widget-container\">\n\t\t\t\t\t<span class=\"elementor-heading-title elementor-size-default\">CFA - Portfolio Manager - Galapagos Capital<\/span>\t\t\t\t<\/div>\n\t\t\t\t<\/div>\n\t\t\t\t\t<\/div>\n\t\t<\/div>\n\t\t\t\t\t<\/div>\n\t\t<\/section>\n\t\t\t\t<section class=\"elementor-section elementor-inner-section elementor-element elementor-element-56a823e elementor-section-boxed elementor-section-height-default elementor-section-height-default elementor-invisible\" data-id=\"56a823e\" data-element_type=\"section\" data-e-type=\"section\" data-settings=\"{&quot;animation&quot;:&quot;fadeInUp&quot;}\">\n\t\t\t\t\t\t<div class=\"elementor-container elementor-column-gap-default\">\n\t\t\t\t\t<div class=\"elementor-column elementor-col-50 elementor-inner-column elementor-element elementor-element-a65560d\" data-id=\"a65560d\" data-element_type=\"column\" data-e-type=\"column\">\n\t\t\t<div class=\"elementor-widget-wrap elementor-element-populated\">\n\t\t\t\t\t\t<div class=\"elementor-element elementor-element-7e745b1 elementor-widget elementor-widget-image\" data-id=\"7e745b1\" data-element_type=\"widget\" data-e-type=\"widget\" data-widget_type=\"image.default\">\n\t\t\t\t<div class=\"elementor-widget-container\">\n\t\t\t\t\t\t\t\t\t\t\t\t\t\t\t<img loading=\"lazy\" decoding=\"async\" width=\"500\" height=\"500\" src=\"https:\/\/tmabrasil.org\/evento\/wp-content\/uploads\/2025\/06\/Jayne-1x1-1.png\" class=\"elementor-animation-float attachment-full size-full wp-image-2627\" alt=\"\" srcset=\"https:\/\/tmabrasil.org\/evento\/wp-content\/uploads\/2025\/06\/Jayne-1x1-1.png 500w, https:\/\/tmabrasil.org\/evento\/wp-content\/uploads\/2025\/06\/Jayne-1x1-1-300x300.png 300w, https:\/\/tmabrasil.org\/evento\/wp-content\/uploads\/2025\/06\/Jayne-1x1-1-150x150.png 150w\" sizes=\"(max-width: 500px) 100vw, 500px\" \/>\t\t\t\t\t\t\t\t\t\t\t\t\t\t\t<\/div>\n\t\t\t\t<\/div>\n\t\t\t\t\t<\/div>\n\t\t<\/div>\n\t\t\t\t<div class=\"elementor-column elementor-col-50 elementor-inner-column elementor-element elementor-element-3f2259c\" data-id=\"3f2259c\" data-element_type=\"column\" data-e-type=\"column\">\n\t\t\t<div class=\"elementor-widget-wrap elementor-element-populated\">\n\t\t\t\t\t\t<div class=\"elementor-element elementor-element-266b9ac elementor-widget elementor-widget-heading\" data-id=\"266b9ac\" data-element_type=\"widget\" data-e-type=\"widget\" data-widget_type=\"heading.default\">\n\t\t\t\t<div class=\"elementor-widget-container\">\n\t\t\t\t\t<h4 class=\"elementor-heading-title elementor-size-default\">Jaynne Silva<\/h4>\t\t\t\t<\/div>\n\t\t\t\t<\/div>\n\t\t\t\t<div class=\"elementor-element elementor-element-9828210 elementor-widget elementor-widget-heading\" data-id=\"9828210\" data-element_type=\"widget\" data-e-type=\"widget\" data-widget_type=\"heading.default\">\n\t\t\t\t<div class=\"elementor-widget-container\">\n\t\t\t\t\t<span class=\"elementor-heading-title elementor-size-default\">Head de Cr\u00e9dito e Cobran\u00e7a do Grupo Axia<\/span>\t\t\t\t<\/div>\n\t\t\t\t<\/div>\n\t\t\t\t<div class=\"elementor-element elementor-element-a8ed442 elementor-widget elementor-widget-text-editor\" data-id=\"a8ed442\" data-element_type=\"widget\" data-e-type=\"widget\" data-widget_type=\"text-editor.default\">\n\t\t\t\t<div class=\"elementor-widget-container\">\n\t\t\t\t\t\t\t\t\t<p class=\"p1\"><span style=\"font-weight: 400;\">Atua no segmento agropecu\u00e1rio desde 2010, tendo constru\u00eddo uma trajet\u00f3ria s\u00f3lida em diferentes posi\u00e7\u00f5es ao longo dos anos, o que contribuiu para uma vis\u00e3o abrangente e aprofundada do neg\u00f3cio. Com passagens por empresas de destaque como ADM, Sinova, Lavoro e, atualmente, no Grupo Axia, Jaynne acumulou experi\u00eancia nas diversas etapas da cadeia do agroneg\u00f3cio, aliando conhecimento t\u00e9cnico e estrat\u00e9gico para impulsionar resultados no setor.<\/span><\/p>\t\t\t\t\t\t\t\t<\/div>\n\t\t\t\t<\/div>\n\t\t\t\t\t<\/div>\n\t\t<\/div>\n\t\t\t\t\t<\/div>\n\t\t<\/section>\n\t\t\t\t<section class=\"elementor-section elementor-inner-section elementor-element elementor-element-92d913d elementor-section-boxed elementor-section-height-default elementor-section-height-default elementor-invisible\" data-id=\"92d913d\" data-element_type=\"section\" data-e-type=\"section\" data-settings=\"{&quot;animation&quot;:&quot;fadeInUp&quot;}\">\n\t\t\t\t\t\t<div class=\"elementor-container elementor-column-gap-default\">\n\t\t\t\t\t<div class=\"elementor-column elementor-col-50 elementor-inner-column elementor-element elementor-element-3d5b25b\" data-id=\"3d5b25b\" data-element_type=\"column\" data-e-type=\"column\">\n\t\t\t<div class=\"elementor-widget-wrap elementor-element-populated\">\n\t\t\t\t\t\t<div class=\"elementor-element elementor-element-e920be8 elementor-widget elementor-widget-image\" data-id=\"e920be8\" data-element_type=\"widget\" data-e-type=\"widget\" data-widget_type=\"image.default\">\n\t\t\t\t<div class=\"elementor-widget-container\">\n\t\t\t\t\t\t\t\t\t\t\t\t\t\t\t<img loading=\"lazy\" decoding=\"async\" width=\"500\" height=\"500\" src=\"https:\/\/tmabrasil.org\/evento\/wp-content\/uploads\/2025\/06\/Julia-1x1-1.png\" class=\"elementor-animation-float attachment-full size-full wp-image-2628\" alt=\"\" srcset=\"https:\/\/tmabrasil.org\/evento\/wp-content\/uploads\/2025\/06\/Julia-1x1-1.png 500w, https:\/\/tmabrasil.org\/evento\/wp-content\/uploads\/2025\/06\/Julia-1x1-1-300x300.png 300w, https:\/\/tmabrasil.org\/evento\/wp-content\/uploads\/2025\/06\/Julia-1x1-1-150x150.png 150w\" sizes=\"(max-width: 500px) 100vw, 500px\" \/>\t\t\t\t\t\t\t\t\t\t\t\t\t\t\t<\/div>\n\t\t\t\t<\/div>\n\t\t\t\t\t<\/div>\n\t\t<\/div>\n\t\t\t\t<div class=\"elementor-column elementor-col-50 elementor-inner-column elementor-element elementor-element-f600c24\" data-id=\"f600c24\" data-element_type=\"column\" data-e-type=\"column\">\n\t\t\t<div class=\"elementor-widget-wrap elementor-element-populated\">\n\t\t\t\t\t\t<div class=\"elementor-element elementor-element-26ccde7 elementor-widget elementor-widget-heading\" data-id=\"26ccde7\" data-element_type=\"widget\" data-e-type=\"widget\" data-widget_type=\"heading.default\">\n\t\t\t\t<div class=\"elementor-widget-container\">\n\t\t\t\t\t<h4 class=\"elementor-heading-title elementor-size-default\">J\u00falia Bretz<\/h4>\t\t\t\t<\/div>\n\t\t\t\t<\/div>\n\t\t\t\t<div class=\"elementor-element elementor-element-3f2e27d elementor-widget elementor-widget-heading\" data-id=\"3f2e27d\" data-element_type=\"widget\" data-e-type=\"widget\" data-widget_type=\"heading.default\">\n\t\t\t\t<div class=\"elementor-widget-container\">\n\t\t\t\t\t<span class=\"elementor-heading-title elementor-size-default\">S\u00f3cia e gestora de cr\u00e9dito da JGP Cr\u00e9dito<\/span>\t\t\t\t<\/div>\n\t\t\t\t<\/div>\n\t\t\t\t<div class=\"elementor-element elementor-element-d08b9b9 elementor-widget elementor-widget-text-editor\" data-id=\"d08b9b9\" data-element_type=\"widget\" data-e-type=\"widget\" data-widget_type=\"text-editor.default\">\n\t\t\t\t<div class=\"elementor-widget-container\">\n\t\t\t\t\t\t\t\t\t<p><span style=\"font-weight: 400;\">H\u00e1 6 anos na JGP Cr\u00e9dito, Julia \u00e9 s\u00f3cia e gestora de cr\u00e9dito, respons\u00e1vel pelas estrat\u00e9gias de Agro e ESG. Anteriormente, atuou como analista de Renda Fixa da BCP Securities por 6 anos, com foco em Brasil e Am\u00e9rica Latina. Graduou-se em Economia pela FGV-RJ, possui a certifica\u00e7\u00e3o de Chartered Financial Analyst\u00ae (CFA) e MBA em Gest\u00e3o do Agroneg\u00f3cio pela ESALQ\/USP.<\/span><\/p>\t\t\t\t\t\t\t\t<\/div>\n\t\t\t\t<\/div>\n\t\t\t\t\t<\/div>\n\t\t<\/div>\n\t\t\t\t\t<\/div>\n\t\t<\/section>\n\t\t\t\t<section class=\"elementor-section elementor-inner-section elementor-element elementor-element-73603e9 elementor-section-boxed elementor-section-height-default elementor-section-height-default elementor-invisible\" data-id=\"73603e9\" data-element_type=\"section\" data-e-type=\"section\" data-settings=\"{&quot;animation&quot;:&quot;fadeInUp&quot;}\">\n\t\t\t\t\t\t<div class=\"elementor-container elementor-column-gap-default\">\n\t\t\t\t\t<div class=\"elementor-column elementor-col-50 elementor-inner-column elementor-element elementor-element-4838c2c\" data-id=\"4838c2c\" data-element_type=\"column\" data-e-type=\"column\">\n\t\t\t<div class=\"elementor-widget-wrap elementor-element-populated\">\n\t\t\t\t\t\t<div class=\"elementor-element elementor-element-8057897 elementor-widget elementor-widget-image\" data-id=\"8057897\" data-element_type=\"widget\" data-e-type=\"widget\" data-widget_type=\"image.default\">\n\t\t\t\t<div class=\"elementor-widget-container\">\n\t\t\t\t\t\t\t\t\t\t\t\t\t\t\t<img loading=\"lazy\" decoding=\"async\" width=\"500\" height=\"500\" src=\"https:\/\/tmabrasil.org\/evento\/wp-content\/uploads\/2025\/06\/LEONARDO-1X1.png\" class=\"elementor-animation-float attachment-full size-full wp-image-2629\" alt=\"\" srcset=\"https:\/\/tmabrasil.org\/evento\/wp-content\/uploads\/2025\/06\/LEONARDO-1X1.png 500w, https:\/\/tmabrasil.org\/evento\/wp-content\/uploads\/2025\/06\/LEONARDO-1X1-300x300.png 300w, https:\/\/tmabrasil.org\/evento\/wp-content\/uploads\/2025\/06\/LEONARDO-1X1-150x150.png 150w\" sizes=\"(max-width: 500px) 100vw, 500px\" \/>\t\t\t\t\t\t\t\t\t\t\t\t\t\t\t<\/div>\n\t\t\t\t<\/div>\n\t\t\t\t\t<\/div>\n\t\t<\/div>\n\t\t\t\t<div class=\"elementor-column elementor-col-50 elementor-inner-column elementor-element elementor-element-faafbe6\" data-id=\"faafbe6\" data-element_type=\"column\" data-e-type=\"column\">\n\t\t\t<div class=\"elementor-widget-wrap elementor-element-populated\">\n\t\t\t\t\t\t<div class=\"elementor-element elementor-element-3c4e508 elementor-widget elementor-widget-heading\" data-id=\"3c4e508\" data-element_type=\"widget\" data-e-type=\"widget\" data-widget_type=\"heading.default\">\n\t\t\t\t<div class=\"elementor-widget-container\">\n\t\t\t\t\t<h4 class=\"elementor-heading-title elementor-size-default\">Leonardo Juliani<\/h4>\t\t\t\t<\/div>\n\t\t\t\t<\/div>\n\t\t\t\t<div class=\"elementor-element elementor-element-6d23a95 elementor-widget elementor-widget-heading\" data-id=\"6d23a95\" data-element_type=\"widget\" data-e-type=\"widget\" data-widget_type=\"heading.default\">\n\t\t\t\t<div class=\"elementor-widget-container\">\n\t\t\t\t\t<span class=\"elementor-heading-title elementor-size-default\">Diretor de Cr\u00e9dito e Cobran\u00e7a da Bayer<\/span>\t\t\t\t<\/div>\n\t\t\t\t<\/div>\n\t\t\t\t<div class=\"elementor-element elementor-element-98d4c79 elementor-widget elementor-widget-text-editor\" data-id=\"98d4c79\" data-element_type=\"widget\" data-e-type=\"widget\" data-widget_type=\"text-editor.default\">\n\t\t\t\t<div class=\"elementor-widget-container\">\n\t\t\t\t\t\t\t\t\t<p><span style=\"font-weight: 400;\">Com mais de 25 anos de atua\u00e7\u00e3o em multinacionais ligadas ao mercado agr\u00edcola brasileiro, ocupando posi\u00e7\u00f5es importantes em Finan\u00e7as, SCM e Customer Service, \u00e9 atualmente Diretor de Cr\u00e9dito da Bayer CropScience. Possui profundo conhecimento na concess\u00e3o de cr\u00e9dito \u00e0 distribuidores e produtores, bem como nas rela\u00e7\u00f5es financeiras entre os agentes do mercado agro. \u00c9 formado em Administra\u00e7\u00e3o de Empresas pela UEL-PR, com p\u00f3s-gradua\u00e7\u00e3o em Planejamento Estrat\u00e9gico pela PUC-PR e extens\u00e3o em Economia pelo Insper-SP.<\/span><\/p>\t\t\t\t\t\t\t\t<\/div>\n\t\t\t\t<\/div>\n\t\t\t\t\t<\/div>\n\t\t<\/div>\n\t\t\t\t\t<\/div>\n\t\t<\/section>\n\t\t\t\t<section class=\"elementor-section elementor-inner-section elementor-element elementor-element-baa1ee7 elementor-section-boxed elementor-section-height-default elementor-section-height-default elementor-invisible\" data-id=\"baa1ee7\" data-element_type=\"section\" data-e-type=\"section\" data-settings=\"{&quot;animation&quot;:&quot;fadeInUp&quot;}\">\n\t\t\t\t\t\t<div class=\"elementor-container elementor-column-gap-default\">\n\t\t\t\t\t<div class=\"elementor-column elementor-col-50 elementor-inner-column elementor-element elementor-element-6a110d3\" data-id=\"6a110d3\" data-element_type=\"column\" data-e-type=\"column\">\n\t\t\t<div class=\"elementor-widget-wrap elementor-element-populated\">\n\t\t\t\t\t\t<div class=\"elementor-element elementor-element-ac9100f elementor-widget elementor-widget-image\" data-id=\"ac9100f\" data-element_type=\"widget\" data-e-type=\"widget\" data-widget_type=\"image.default\">\n\t\t\t\t<div class=\"elementor-widget-container\">\n\t\t\t\t\t\t\t\t\t\t\t\t\t\t\t<img loading=\"lazy\" decoding=\"async\" width=\"500\" height=\"500\" src=\"https:\/\/tmabrasil.org\/evento\/wp-content\/uploads\/2025\/05\/Marina-Godoy-da-Cunha-Alves-Diretora-Juridica-Integridade-e-ESG-do-grupo-AgroGalaxy-1X1.png\" class=\"elementor-animation-float attachment-full size-full wp-image-2510\" alt=\"\" srcset=\"https:\/\/tmabrasil.org\/evento\/wp-content\/uploads\/2025\/05\/Marina-Godoy-da-Cunha-Alves-Diretora-Juridica-Integridade-e-ESG-do-grupo-AgroGalaxy-1X1.png 500w, https:\/\/tmabrasil.org\/evento\/wp-content\/uploads\/2025\/05\/Marina-Godoy-da-Cunha-Alves-Diretora-Juridica-Integridade-e-ESG-do-grupo-AgroGalaxy-1X1-300x300.png 300w, https:\/\/tmabrasil.org\/evento\/wp-content\/uploads\/2025\/05\/Marina-Godoy-da-Cunha-Alves-Diretora-Juridica-Integridade-e-ESG-do-grupo-AgroGalaxy-1X1-150x150.png 150w\" sizes=\"(max-width: 500px) 100vw, 500px\" \/>\t\t\t\t\t\t\t\t\t\t\t\t\t\t\t<\/div>\n\t\t\t\t<\/div>\n\t\t\t\t\t<\/div>\n\t\t<\/div>\n\t\t\t\t<div class=\"elementor-column elementor-col-50 elementor-inner-column elementor-element elementor-element-be6634f\" data-id=\"be6634f\" data-element_type=\"column\" data-e-type=\"column\">\n\t\t\t<div class=\"elementor-widget-wrap elementor-element-populated\">\n\t\t\t\t\t\t<div class=\"elementor-element elementor-element-9647fd0 elementor-widget elementor-widget-heading\" data-id=\"9647fd0\" data-element_type=\"widget\" data-e-type=\"widget\" data-widget_type=\"heading.default\">\n\t\t\t\t<div class=\"elementor-widget-container\">\n\t\t\t\t\t<h4 class=\"elementor-heading-title elementor-size-default\">Marina Godoy da Cunha Alves<\/h4>\t\t\t\t<\/div>\n\t\t\t\t<\/div>\n\t\t\t\t<div class=\"elementor-element elementor-element-a2b80b1 elementor-widget elementor-widget-heading\" data-id=\"a2b80b1\" data-element_type=\"widget\" data-e-type=\"widget\" data-widget_type=\"heading.default\">\n\t\t\t\t<div class=\"elementor-widget-container\">\n\t\t\t\t\t<span class=\"elementor-heading-title elementor-size-default\">Diretora Jur\u00eddica, Integridade e ESG do grupo AgroGalaxy<\/span>\t\t\t\t<\/div>\n\t\t\t\t<\/div>\n\t\t\t\t<div class=\"elementor-element elementor-element-876ce96 elementor-widget elementor-widget-text-editor\" data-id=\"876ce96\" data-element_type=\"widget\" data-e-type=\"widget\" data-widget_type=\"text-editor.default\">\n\t\t\t\t<div class=\"elementor-widget-container\">\n\t\t\t\t\t\t\t\t\t<p><span style=\"font-weight: 400;\">Advogada, especializada em direito empresarial pela PUC\/MG e MBA em gest\u00e3o empresarial pelo IBMEC, atuando h\u00e1 26 anos em departamentos jur\u00eddicos corporativos, ocupando atualmente a posi\u00e7\u00e3o de Diretora Jur\u00eddica, de Integridade e ESG do grupo AgroGalaxy (uma plataforma de revenda de insumos agr\u00edcolas), onde atua desde 2018.\u00a0<\/span><\/p><p><span style=\"font-weight: 400;\">Ao longo de sua trajet\u00f3ria, reuniu experi\u00eancia nos segmentos de agroneg\u00f3cio, varejo, distribui\u00e7\u00e3o, siderurgia e minera\u00e7\u00e3o, atrav\u00e9s de sua passagem pela Federa\u00e7\u00e3o das Ind\u00fastrias do Estado de Minas Gerais (FIEMG), Vallourec, Usiminas, Vale e Brascan Agri. <\/span><\/p>\t\t\t\t\t\t\t\t<\/div>\n\t\t\t\t<\/div>\n\t\t\t\t\t<\/div>\n\t\t<\/div>\n\t\t\t\t\t<\/div>\n\t\t<\/section>\n\t\t\t\t<section class=\"elementor-section elementor-inner-section elementor-element elementor-element-62e537a elementor-section-boxed elementor-section-height-default elementor-section-height-default elementor-invisible\" data-id=\"62e537a\" data-element_type=\"section\" data-e-type=\"section\" data-settings=\"{&quot;animation&quot;:&quot;fadeInUp&quot;}\">\n\t\t\t\t\t\t<div class=\"elementor-container elementor-column-gap-default\">\n\t\t\t\t\t<div class=\"elementor-column elementor-col-50 elementor-inner-column elementor-element elementor-element-1d86c07\" data-id=\"1d86c07\" data-element_type=\"column\" data-e-type=\"column\">\n\t\t\t<div class=\"elementor-widget-wrap elementor-element-populated\">\n\t\t\t\t\t\t<div class=\"elementor-element elementor-element-f59f431 elementor-widget elementor-widget-image\" data-id=\"f59f431\" data-element_type=\"widget\" data-e-type=\"widget\" data-widget_type=\"image.default\">\n\t\t\t\t<div class=\"elementor-widget-container\">\n\t\t\t\t\t\t\t\t\t\t\t\t\t\t\t<img loading=\"lazy\" decoding=\"async\" width=\"500\" height=\"500\" src=\"https:\/\/tmabrasil.org\/evento\/wp-content\/uploads\/2025\/05\/Melina-Myahara-Atvos-1X1.png\" class=\"elementor-animation-float attachment-full size-full wp-image-2505\" alt=\"\" srcset=\"https:\/\/tmabrasil.org\/evento\/wp-content\/uploads\/2025\/05\/Melina-Myahara-Atvos-1X1.png 500w, https:\/\/tmabrasil.org\/evento\/wp-content\/uploads\/2025\/05\/Melina-Myahara-Atvos-1X1-300x300.png 300w, https:\/\/tmabrasil.org\/evento\/wp-content\/uploads\/2025\/05\/Melina-Myahara-Atvos-1X1-150x150.png 150w\" sizes=\"(max-width: 500px) 100vw, 500px\" \/>\t\t\t\t\t\t\t\t\t\t\t\t\t\t\t<\/div>\n\t\t\t\t<\/div>\n\t\t\t\t\t<\/div>\n\t\t<\/div>\n\t\t\t\t<div class=\"elementor-column elementor-col-50 elementor-inner-column elementor-element elementor-element-e8436c0\" data-id=\"e8436c0\" data-element_type=\"column\" data-e-type=\"column\">\n\t\t\t<div class=\"elementor-widget-wrap elementor-element-populated\">\n\t\t\t\t\t\t<div class=\"elementor-element elementor-element-05732c3 elementor-widget elementor-widget-heading\" data-id=\"05732c3\" data-element_type=\"widget\" data-e-type=\"widget\" data-widget_type=\"heading.default\">\n\t\t\t\t<div class=\"elementor-widget-container\">\n\t\t\t\t\t<h4 class=\"elementor-heading-title elementor-size-default\">Melina Funatogawa Miyahara<\/h4>\t\t\t\t<\/div>\n\t\t\t\t<\/div>\n\t\t\t\t<div class=\"elementor-element elementor-element-3ee26fa elementor-widget elementor-widget-heading\" data-id=\"3ee26fa\" data-element_type=\"widget\" data-e-type=\"widget\" data-widget_type=\"heading.default\">\n\t\t\t\t<div class=\"elementor-widget-container\">\n\t\t\t\t\t<span class=\"elementor-heading-title elementor-size-default\">Diretora de tesouraria e investimentos da Atvos<\/span>\t\t\t\t<\/div>\n\t\t\t\t<\/div>\n\t\t\t\t<div class=\"elementor-element elementor-element-ab33d32 elementor-widget elementor-widget-text-editor\" data-id=\"ab33d32\" data-element_type=\"widget\" data-e-type=\"widget\" data-widget_type=\"text-editor.default\">\n\t\t\t\t<div class=\"elementor-widget-container\">\n\t\t\t\t\t\t\t\t\t<p><span style=\"font-weight: 400;\">Formada em Ci\u00eancias Cont\u00e1beis pela Universidade de S\u00e3o Paulo (USP &#8211; FEA) com MBA em Gest\u00e3o de Neg\u00f3cios pela Funda\u00e7\u00e3o Get\u00falio Vargas (FGV) e Gest\u00e3o Estrat\u00e9gica em Mudan\u00e7as pela Kellogg Northwestern University &#8211; EUA. \u00a0<\/span><\/p><p><span style=\"font-weight: 400;\">Possui mais de 20 anos de experi\u00eancia em empresas multinacionais como P&amp;G (Gillette), Nextel, Sonae Sierra Brasil, Grupo CCRR (BTG), Biosev (LDC), Gavilon trading, Alesat Distribuidora de Combust\u00edveis (Glencore), e atualmente na Atvos atuando como respons\u00e1vel pela Tesouraria, Seguros, Contas a Pagar, Contas a Receber, Cr\u00e9dito e Cobran\u00e7a, Riscos e Investimentos.<\/span><\/p><p><span style=\"font-weight: 400;\">Em sua trajet\u00f3ria, atuou na implementa\u00e7\u00e3o do CSC da Gillette da Argentina e foi reconhecida pela Nextel Internacional por sua atua\u00e7\u00e3o em empr\u00e9stimos sindicalizado. Longa experi\u00eancia em financiamentos locais e internacionais, derivativos e opera\u00e7\u00f5es de c\u00e2mbio, al\u00e9m de gest\u00e3o de caixa e capital de giro.<\/span><\/p>\t\t\t\t\t\t\t\t<\/div>\n\t\t\t\t<\/div>\n\t\t\t\t\t<\/div>\n\t\t<\/div>\n\t\t\t\t\t<\/div>\n\t\t<\/section>\n\t\t\t\t<section class=\"elementor-section elementor-inner-section elementor-element elementor-element-083ce5c elementor-section-boxed elementor-section-height-default elementor-section-height-default elementor-invisible\" data-id=\"083ce5c\" data-element_type=\"section\" data-e-type=\"section\" data-settings=\"{&quot;animation&quot;:&quot;fadeInUp&quot;}\">\n\t\t\t\t\t\t<div class=\"elementor-container elementor-column-gap-default\">\n\t\t\t\t\t<div class=\"elementor-column elementor-col-50 elementor-inner-column elementor-element elementor-element-d5765da\" data-id=\"d5765da\" data-element_type=\"column\" data-e-type=\"column\">\n\t\t\t<div class=\"elementor-widget-wrap elementor-element-populated\">\n\t\t\t\t\t\t<div class=\"elementor-element elementor-element-c18f043 elementor-widget elementor-widget-image\" data-id=\"c18f043\" data-element_type=\"widget\" data-e-type=\"widget\" data-widget_type=\"image.default\">\n\t\t\t\t<div class=\"elementor-widget-container\">\n\t\t\t\t\t\t\t\t\t\t\t\t\t\t\t<img loading=\"lazy\" decoding=\"async\" width=\"500\" height=\"500\" src=\"https:\/\/tmabrasil.org\/evento\/wp-content\/uploads\/2025\/05\/Priscila-Camargo-Socia-Ernesto-Borges-Advogados-1X1.png\" class=\"elementor-animation-float attachment-full size-full wp-image-2506\" alt=\"\" srcset=\"https:\/\/tmabrasil.org\/evento\/wp-content\/uploads\/2025\/05\/Priscila-Camargo-Socia-Ernesto-Borges-Advogados-1X1.png 500w, https:\/\/tmabrasil.org\/evento\/wp-content\/uploads\/2025\/05\/Priscila-Camargo-Socia-Ernesto-Borges-Advogados-1X1-300x300.png 300w, https:\/\/tmabrasil.org\/evento\/wp-content\/uploads\/2025\/05\/Priscila-Camargo-Socia-Ernesto-Borges-Advogados-1X1-150x150.png 150w\" sizes=\"(max-width: 500px) 100vw, 500px\" \/>\t\t\t\t\t\t\t\t\t\t\t\t\t\t\t<\/div>\n\t\t\t\t<\/div>\n\t\t\t\t\t<\/div>\n\t\t<\/div>\n\t\t\t\t<div class=\"elementor-column elementor-col-50 elementor-inner-column elementor-element elementor-element-fb24e5d\" data-id=\"fb24e5d\" data-element_type=\"column\" data-e-type=\"column\">\n\t\t\t<div class=\"elementor-widget-wrap elementor-element-populated\">\n\t\t\t\t\t\t<div class=\"elementor-element elementor-element-e08ce7b elementor-widget elementor-widget-heading\" data-id=\"e08ce7b\" data-element_type=\"widget\" data-e-type=\"widget\" data-widget_type=\"heading.default\">\n\t\t\t\t<div class=\"elementor-widget-container\">\n\t\t\t\t\t<h4 class=\"elementor-heading-title elementor-size-default\">Priscila Camargo<\/h4>\t\t\t\t<\/div>\n\t\t\t\t<\/div>\n\t\t\t\t<div class=\"elementor-element elementor-element-c5c2dfb elementor-widget elementor-widget-heading\" data-id=\"c5c2dfb\" data-element_type=\"widget\" data-e-type=\"widget\" data-widget_type=\"heading.default\">\n\t\t\t\t<div class=\"elementor-widget-container\">\n\t\t\t\t\t<span class=\"elementor-heading-title elementor-size-default\">S\u00f3cia, Ernesto Borges<\/span>\t\t\t\t<\/div>\n\t\t\t\t<\/div>\n\t\t\t\t<div class=\"elementor-element elementor-element-cf175dd elementor-widget elementor-widget-text-editor\" data-id=\"cf175dd\" data-element_type=\"widget\" data-e-type=\"widget\" data-widget_type=\"text-editor.default\">\n\t\t\t\t<div class=\"elementor-widget-container\">\n\t\t\t\t\t\t\t\t\t<p class=\"p1\"><span style=\"font-weight: 400;\">S\u00f3cia respons\u00e1vel pela \u00e1rea de Recupera\u00e7\u00e3o de Cr\u00e9dito do escrit\u00f3rio. Formada pela Universidade Anhanguera (Uniderp), com extens\u00e3o em Processo Civil pela Pontif\u00edcia Universidade Cat\u00f3lica de S\u00e3o Paulo (PUC-SP). Priscila tem reconhecimento internacional em carteiras de clientes da \u00e1rea de Recupera\u00e7\u00e3o de Cr\u00e9dito e Recupera\u00e7\u00e3o Judicial; \u00c9 a atual presidente da Comiss\u00e3o de Direito Banc\u00e1rio da OAB\/MS e tamb\u00e9m conselheira na Comiss\u00e3o de Agroneg\u00f3cios da TMA|Brasil e membro da Subcomiss\u00e3o de Recupera\u00e7\u00e3o de Cr\u00e9dito da Febraban \u2013 Federa\u00e7\u00e3o Brasileira dos Bancos; Premiada pelo TJDFT como parceira do Tribunal em concilia\u00e7\u00e3o. Autora de artigos na \u00e1rea de Recupera\u00e7\u00e3o e Agroneg\u00f3cio. Participa ativamente dos debates atuais sobre os temas, atrav\u00e9s da organiza\u00e7\u00e3o de eventos e tamb\u00e9m como palestrante; Sua atua\u00e7\u00e3o especializada em recupera\u00e7\u00e3o de ativos na regi\u00e3o do centro-oeste subsidiou o contato aprofundado com as nuances do mercado do agroneg\u00f3cio e todos os seus reflexos judiciais. Tal expertise, frente a um mercado em d\u00e9ficit de profissionais especializados no ramo, tamb\u00e9m serviu de base para atua\u00e7\u00e3o em recupera\u00e7\u00f5es judiciais no setor agro, tema de crescente destaque na judicializa\u00e7\u00e3o dos Tribunais p\u00e1trios; Representante de grandes players do mercado Agro.<\/span><\/p>\t\t\t\t\t\t\t\t<\/div>\n\t\t\t\t<\/div>\n\t\t\t\t\t<\/div>\n\t\t<\/div>\n\t\t\t\t\t<\/div>\n\t\t<\/section>\n\t\t\t\t<section class=\"elementor-section elementor-inner-section elementor-element elementor-element-4bfe150 elementor-section-boxed elementor-section-height-default elementor-section-height-default elementor-invisible\" data-id=\"4bfe150\" data-element_type=\"section\" data-e-type=\"section\" data-settings=\"{&quot;animation&quot;:&quot;fadeInUp&quot;}\">\n\t\t\t\t\t\t<div class=\"elementor-container elementor-column-gap-default\">\n\t\t\t\t\t<div class=\"elementor-column elementor-col-50 elementor-inner-column elementor-element elementor-element-5f0a76e\" data-id=\"5f0a76e\" data-element_type=\"column\" data-e-type=\"column\">\n\t\t\t<div class=\"elementor-widget-wrap elementor-element-populated\">\n\t\t\t\t\t\t<div class=\"elementor-element elementor-element-cf974d2 elementor-widget elementor-widget-image\" data-id=\"cf974d2\" data-element_type=\"widget\" data-e-type=\"widget\" data-widget_type=\"image.default\">\n\t\t\t\t<div class=\"elementor-widget-container\">\n\t\t\t\t\t\t\t\t\t\t\t\t\t\t\t<img loading=\"lazy\" decoding=\"async\" width=\"500\" height=\"500\" src=\"https:\/\/tmabrasil.org\/evento\/wp-content\/uploads\/2025\/05\/Renato-Carvalho-Socio-Laplace-1X1.png\" class=\"elementor-animation-float attachment-full size-full wp-image-2507\" alt=\"\" srcset=\"https:\/\/tmabrasil.org\/evento\/wp-content\/uploads\/2025\/05\/Renato-Carvalho-Socio-Laplace-1X1.png 500w, https:\/\/tmabrasil.org\/evento\/wp-content\/uploads\/2025\/05\/Renato-Carvalho-Socio-Laplace-1X1-300x300.png 300w, https:\/\/tmabrasil.org\/evento\/wp-content\/uploads\/2025\/05\/Renato-Carvalho-Socio-Laplace-1X1-150x150.png 150w\" sizes=\"(max-width: 500px) 100vw, 500px\" \/>\t\t\t\t\t\t\t\t\t\t\t\t\t\t\t<\/div>\n\t\t\t\t<\/div>\n\t\t\t\t\t<\/div>\n\t\t<\/div>\n\t\t\t\t<div class=\"elementor-column elementor-col-50 elementor-inner-column elementor-element elementor-element-5db4699\" data-id=\"5db4699\" data-element_type=\"column\" data-e-type=\"column\">\n\t\t\t<div class=\"elementor-widget-wrap elementor-element-populated\">\n\t\t\t\t\t\t<div class=\"elementor-element elementor-element-5d4ac99 elementor-widget elementor-widget-heading\" data-id=\"5d4ac99\" data-element_type=\"widget\" data-e-type=\"widget\" data-widget_type=\"heading.default\">\n\t\t\t\t<div class=\"elementor-widget-container\">\n\t\t\t\t\t<h4 class=\"elementor-heading-title elementor-size-default\">Renato Carvalho<\/h4>\t\t\t\t<\/div>\n\t\t\t\t<\/div>\n\t\t\t\t<div class=\"elementor-element elementor-element-3ce65c7 elementor-widget elementor-widget-heading\" data-id=\"3ce65c7\" data-element_type=\"widget\" data-e-type=\"widget\" data-widget_type=\"heading.default\">\n\t\t\t\t<div class=\"elementor-widget-container\">\n\t\t\t\t\t<span class=\"elementor-heading-title elementor-size-default\">S\u00f3cio, Laplace Finan\u00e7as\n<\/span>\t\t\t\t<\/div>\n\t\t\t\t<\/div>\n\t\t\t\t<div class=\"elementor-element elementor-element-d532796 elementor-widget elementor-widget-text-editor\" data-id=\"d532796\" data-element_type=\"widget\" data-e-type=\"widget\" data-widget_type=\"text-editor.default\">\n\t\t\t\t<div class=\"elementor-widget-container\">\n\t\t\t\t\t\t\t\t\t<p class=\"p1\"><span style=\"font-weight: 400;\">Fundador da Laplace, uma empresa de assessoria financeira e de gest\u00e3o de recursos com aproximadamente R$ 1,6 bilh\u00e3o sob gest\u00e3o. Renato \u00e9 membro do Conselho de Administra\u00e7\u00e3o da Via Varejo, Progen, da TMA, e Vice-Chairman da Terra Santa, al\u00e9m de s\u00f3cio fundador da Angra Partners.<\/span><span style=\"font-weight: 400;\"><br \/><\/span><span style=\"font-weight: 400;\">Anteriormente, Renato trabalhou na Monitor Clipper Partners\/Corporate Finance em Boston, no Lehman Brothers em NY, e na Accenture.<\/span><span style=\"font-weight: 400;\"><br \/><\/span><span style=\"font-weight: 400;\">Graduou-se em Engenharia Mecatr\u00f4nica pela Escola Polit\u00e9cnica da USP e possui MBA pela Tuck School em Dartmouth. \u00a0Renato j\u00e1 foi professor de Finan\u00e7as Corporativas no Insper.<\/span><\/p>\t\t\t\t\t\t\t\t<\/div>\n\t\t\t\t<\/div>\n\t\t\t\t\t<\/div>\n\t\t<\/div>\n\t\t\t\t\t<\/div>\n\t\t<\/section>\n\t\t\t\t<section class=\"elementor-section elementor-inner-section elementor-element elementor-element-eca45d1 elementor-section-boxed elementor-section-height-default elementor-section-height-default elementor-invisible\" data-id=\"eca45d1\" data-element_type=\"section\" data-e-type=\"section\" data-settings=\"{&quot;animation&quot;:&quot;fadeInUp&quot;}\">\n\t\t\t\t\t\t<div class=\"elementor-container elementor-column-gap-default\">\n\t\t\t\t\t<div class=\"elementor-column elementor-col-50 elementor-inner-column elementor-element elementor-element-11e94ca\" data-id=\"11e94ca\" data-element_type=\"column\" data-e-type=\"column\">\n\t\t\t<div class=\"elementor-widget-wrap elementor-element-populated\">\n\t\t\t\t\t\t<div class=\"elementor-element elementor-element-5d52db4 elementor-widget elementor-widget-image\" data-id=\"5d52db4\" data-element_type=\"widget\" data-e-type=\"widget\" data-widget_type=\"image.default\">\n\t\t\t\t<div class=\"elementor-widget-container\">\n\t\t\t\t\t\t\t\t\t\t\t\t\t\t\t<img loading=\"lazy\" decoding=\"async\" width=\"500\" height=\"500\" src=\"https:\/\/tmabrasil.org\/evento\/wp-content\/uploads\/2025\/05\/Salvatore-Milanese-Socio-Pantalica-Partners-1X1.png\" class=\"elementor-animation-float attachment-full size-full wp-image-2508\" alt=\"\" srcset=\"https:\/\/tmabrasil.org\/evento\/wp-content\/uploads\/2025\/05\/Salvatore-Milanese-Socio-Pantalica-Partners-1X1.png 500w, https:\/\/tmabrasil.org\/evento\/wp-content\/uploads\/2025\/05\/Salvatore-Milanese-Socio-Pantalica-Partners-1X1-300x300.png 300w, https:\/\/tmabrasil.org\/evento\/wp-content\/uploads\/2025\/05\/Salvatore-Milanese-Socio-Pantalica-Partners-1X1-150x150.png 150w\" sizes=\"(max-width: 500px) 100vw, 500px\" \/>\t\t\t\t\t\t\t\t\t\t\t\t\t\t\t<\/div>\n\t\t\t\t<\/div>\n\t\t\t\t\t<\/div>\n\t\t<\/div>\n\t\t\t\t<div class=\"elementor-column elementor-col-50 elementor-inner-column elementor-element elementor-element-162b60b\" data-id=\"162b60b\" data-element_type=\"column\" data-e-type=\"column\">\n\t\t\t<div class=\"elementor-widget-wrap elementor-element-populated\">\n\t\t\t\t\t\t<div class=\"elementor-element elementor-element-4d2ac40 elementor-widget elementor-widget-heading\" data-id=\"4d2ac40\" data-element_type=\"widget\" data-e-type=\"widget\" data-widget_type=\"heading.default\">\n\t\t\t\t<div class=\"elementor-widget-container\">\n\t\t\t\t\t<h4 class=\"elementor-heading-title elementor-size-default\">Salvatore Milanese<\/h4>\t\t\t\t<\/div>\n\t\t\t\t<\/div>\n\t\t\t\t<div class=\"elementor-element elementor-element-61e6d07 elementor-widget elementor-widget-heading\" data-id=\"61e6d07\" data-element_type=\"widget\" data-e-type=\"widget\" data-widget_type=\"heading.default\">\n\t\t\t\t<div class=\"elementor-widget-container\">\n\t\t\t\t\t<span class=\"elementor-heading-title elementor-size-default\">S\u00f3cio Pantalica Partners<\/span>\t\t\t\t<\/div>\n\t\t\t\t<\/div>\n\t\t\t\t<div class=\"elementor-element elementor-element-45939ad elementor-widget elementor-widget-text-editor\" data-id=\"45939ad\" data-element_type=\"widget\" data-e-type=\"widget\" data-widget_type=\"text-editor.default\">\n\t\t\t\t<div class=\"elementor-widget-container\">\n\t\t\t\t\t\t\t\t\t<p class=\"p1\"><span style=\"font-weight: 400;\">Formado em Finan\u00e7as Banc\u00e1rias pela Universidade de Messina-It\u00e1lia, possui MBA em Bancos e Finan\u00e7as pela CUOA (Vicenza\/Italia) e curso em Administra\u00e7\u00e3o e Controle de Bancos pela Universidade Bocconi (Mil\u00e3o\/Italia). Tamb\u00e9m participou de um Programa Executivo de Lideran\u00e7a e Gest\u00e3o pela Funda\u00e7\u00e3o Dom Cabral-Brasil e de diversos programas de treinamento em Turnaround, Reestrutura\u00e7\u00e3o Financeira e Operacional e Gest\u00e3o de Caixa conduzidos pela KPMG.<\/span><\/p>\t\t\t\t\t\t\t\t<\/div>\n\t\t\t\t<\/div>\n\t\t\t\t\t<\/div>\n\t\t<\/div>\n\t\t\t\t\t<\/div>\n\t\t<\/section>\n\t\t\t\t\t<\/div>\n\t\t<\/div>\n\t\t\t\t\t<\/div>\n\t\t<\/section>\n\t\t\t\t<section class=\"elementor-section elementor-top-section elementor-element elementor-element-287f298a elementor-section-full_width elementor-hidden-mobile programa elementor-section-height-default elementor-section-height-default\" data-id=\"287f298a\" data-element_type=\"section\" data-e-type=\"section\" id=\"programa\" data-settings=\"{&quot;background_background&quot;:&quot;classic&quot;}\">\n\t\t\t\t\t\t\t<div class=\"elementor-background-overlay\"><\/div>\n\t\t\t\t\t\t\t<div class=\"elementor-container elementor-column-gap-default\">\n\t\t\t\t\t<div class=\"elementor-column elementor-col-100 elementor-top-column elementor-element elementor-element-7ea66020\" data-id=\"7ea66020\" data-element_type=\"column\" data-e-type=\"column\">\n\t\t\t<div class=\"elementor-widget-wrap elementor-element-populated\">\n\t\t\t\t\t\t<div class=\"elementor-element elementor-element-4306d50f elementor-widget__width-auto elementor-absolute elementor-hidden-mobile elementor-widget elementor-widget-image\" data-id=\"4306d50f\" data-element_type=\"widget\" data-e-type=\"widget\" data-settings=\"{&quot;_position&quot;:&quot;absolute&quot;}\" data-widget_type=\"image.default\">\n\t\t\t\t<div class=\"elementor-widget-container\">\n\t\t\t\t\t\t\t\t\t\t\t\t\t\t\t<img loading=\"lazy\" decoding=\"async\" width=\"503\" height=\"778\" src=\"https:\/\/tmabrasil.org\/evento\/wp-content\/uploads\/2025\/03\/fundosemdetalhes.png\" class=\"attachment-full size-full wp-image-777\" alt=\"\" srcset=\"https:\/\/tmabrasil.org\/evento\/wp-content\/uploads\/2025\/03\/fundosemdetalhes.png 503w, https:\/\/tmabrasil.org\/evento\/wp-content\/uploads\/2025\/03\/fundosemdetalhes-194x300.png 194w\" sizes=\"(max-width: 503px) 100vw, 503px\" \/>\t\t\t\t\t\t\t\t\t\t\t\t\t\t\t<\/div>\n\t\t\t\t<\/div>\n\t\t\t\t<div class=\"elementor-element elementor-element-5701254 elementor-widget__width-auto elementor-absolute elementor-hidden-mobile elementor-widget elementor-widget-image\" data-id=\"5701254\" data-element_type=\"widget\" data-e-type=\"widget\" data-settings=\"{&quot;_position&quot;:&quot;absolute&quot;}\" data-widget_type=\"image.default\">\n\t\t\t\t<div class=\"elementor-widget-container\">\n\t\t\t\t\t\t\t\t\t\t\t\t\t\t\t<img loading=\"lazy\" decoding=\"async\" width=\"503\" height=\"778\" src=\"https:\/\/tmabrasil.org\/evento\/wp-content\/uploads\/2025\/03\/fundosemdetalhes.png\" class=\"attachment-full size-full wp-image-777\" alt=\"\" srcset=\"https:\/\/tmabrasil.org\/evento\/wp-content\/uploads\/2025\/03\/fundosemdetalhes.png 503w, https:\/\/tmabrasil.org\/evento\/wp-content\/uploads\/2025\/03\/fundosemdetalhes-194x300.png 194w\" sizes=\"(max-width: 503px) 100vw, 503px\" \/>\t\t\t\t\t\t\t\t\t\t\t\t\t\t\t<\/div>\n\t\t\t\t<\/div>\n\t\t\t\t<section class=\"elementor-section elementor-inner-section elementor-element elementor-element-5ab44791 elementor-section-boxed elementor-section-height-default elementor-section-height-default elementor-invisible\" data-id=\"5ab44791\" data-element_type=\"section\" data-e-type=\"section\" data-settings=\"{&quot;animation&quot;:&quot;fadeIn&quot;}\">\n\t\t\t\t\t\t<div class=\"elementor-container elementor-column-gap-default\">\n\t\t\t\t\t<div class=\"elementor-column elementor-col-25 elementor-inner-column elementor-element elementor-element-28688907\" data-id=\"28688907\" data-element_type=\"column\" data-e-type=\"column\">\n\t\t\t<div class=\"elementor-widget-wrap\">\n\t\t\t\t\t\t\t<\/div>\n\t\t<\/div>\n\t\t\t\t<div class=\"elementor-column elementor-col-25 elementor-inner-column elementor-element elementor-element-2889bcf9\" data-id=\"2889bcf9\" data-element_type=\"column\" data-e-type=\"column\">\n\t\t\t<div class=\"elementor-widget-wrap\">\n\t\t\t\t\t\t\t<\/div>\n\t\t<\/div>\n\t\t\t\t<div class=\"elementor-column elementor-col-25 elementor-inner-column elementor-element elementor-element-b243fc5\" data-id=\"b243fc5\" data-element_type=\"column\" data-e-type=\"column\">\n\t\t\t<div class=\"elementor-widget-wrap\">\n\t\t\t\t\t\t\t<\/div>\n\t\t<\/div>\n\t\t\t\t<div class=\"elementor-column elementor-col-25 elementor-inner-column elementor-element elementor-element-537b6b8c\" data-id=\"537b6b8c\" data-element_type=\"column\" data-e-type=\"column\">\n\t\t\t<div class=\"elementor-widget-wrap\">\n\t\t\t\t\t\t\t<\/div>\n\t\t<\/div>\n\t\t\t\t\t<\/div>\n\t\t<\/section>\n\t\t\t\t\t<\/div>\n\t\t<\/div>\n\t\t\t\t\t<\/div>\n\t\t<\/section>\n\t\t\t\t<section class=\"elementor-section elementor-top-section elementor-element elementor-element-3ee9095d elementor-section-boxed elementor-section-height-default elementor-section-height-default\" data-id=\"3ee9095d\" data-element_type=\"section\" data-e-type=\"section\">\n\t\t\t\t\t\t<div class=\"elementor-container elementor-column-gap-default\">\n\t\t\t\t\t<div class=\"elementor-column elementor-col-100 elementor-top-column elementor-element elementor-element-77e2c9ee\" data-id=\"77e2c9ee\" data-element_type=\"column\" data-e-type=\"column\" data-settings=\"{&quot;background_background&quot;:&quot;classic&quot;}\">\n\t\t\t<div class=\"elementor-widget-wrap elementor-element-populated\">\n\t\t\t\t\t\t<section class=\"elementor-section elementor-inner-section elementor-element elementor-element-56754351 elementor-section-boxed elementor-section-height-default elementor-section-height-default\" data-id=\"56754351\" data-element_type=\"section\" data-e-type=\"section\">\n\t\t\t\t\t\t<div class=\"elementor-container elementor-column-gap-default\">\n\t\t\t\t\t<div class=\"elementor-column elementor-col-100 elementor-inner-column elementor-element elementor-element-3a600e79\" data-id=\"3a600e79\" data-element_type=\"column\" data-e-type=\"column\">\n\t\t\t<div class=\"elementor-widget-wrap elementor-element-populated\">\n\t\t\t\t\t\t<div class=\"elementor-element elementor-element-133c0fb elementor-widget elementor-widget-menu-anchor\" data-id=\"133c0fb\" data-element_type=\"widget\" data-e-type=\"widget\" data-widget_type=\"menu-anchor.default\">\n\t\t\t\t<div class=\"elementor-widget-container\">\n\t\t\t\t\t\t\t<div class=\"elementor-menu-anchor\" id=\"programacao\"><\/div>\n\t\t\t\t\t\t<\/div>\n\t\t\t\t<\/div>\n\t\t\t\t<div class=\"elementor-element elementor-element-9e305d0 elementor-widget elementor-widget-tftabs\" data-id=\"9e305d0\" data-element_type=\"widget\" data-e-type=\"widget\" data-widget_type=\"tftabs.default\">\n\t\t\t\t<div class=\"elementor-widget-container\">\n\t\t\t\t\t\t\t<div id=\"tf-tabs-9e305d0\" class=\"tf-tabs horizontal tabs-horizontal icon-position-left show-triger-yes nav-justify\" data-tabid=\"9e305d0\">\r\n\t\t\t<div class=\"tf-tabnav\">\r\n\t\t\t\t<ul>\r\n\t\t\t\t\t\t\t\t\t\t<li class=\"tablinks inactive elementor-animation-\" data-tab=\"tab-1\">\t\r\n\t\t\t\t\t\t<span class=\"wrap-icon\"><i class=\"\" aria-hidden=\"true\"><\/i><\/span>\t\t\t\t\t\t\r\n\t\t\t\t\t\t\t\t\t\t\t\t\t<span class=\"tab-title-text\">Programa\u00e7\u00e3o do Evento<\/span>\r\n\t\t\t\t\t\t\t\t\t\t\t<\/li>\r\n\t\t\t\t\t\t\t\t\t\t<li class=\"tablinks inactive elementor-animation-\" data-tab=\"tab-2\">\t\r\n\t\t\t\t\t\t<span class=\"wrap-icon\"><i class=\"\" aria-hidden=\"true\"><\/i><\/span>\t\t\t\t\t\t\r\n\t\t\t\t\t\t\t\t\t\t\t\t\t<span class=\"tab-title-text\">Investimento<\/span>\r\n\t\t\t\t\t\t\t\t\t\t\t<\/li>\r\n\t\t\t\t\t\t\t\t\t<\/ul>\r\n\t\t\t<\/div>\r\n\t\t\t<div class=\"tf-tabcontent\">\r\n\t\t\t\t\t\t\t\t<div id=\"tab-1\" class=\"tf-tabcontent-inner inactive animated fadeInUp\">\r\n\t\t\t\t\t<p><style><span data-mce-type=\"bookmark\" style=\"display: inline-block; width: 0px; overflow: hidden; line-height: 0;\" class=\"mce_SELRES_start\">\ufeff<\/span><br \/>\n  \/* Estilos Gerais *\/<br \/>\n  table {<br \/>\n    width: 100%;<br \/>\n    border-collapse: collapse;<br \/>\n    font-family: Arial, sans-serif;<br \/>\n    margin: 20px 0;<br \/>\n    box-shadow: 0 4px 8px rgba(0, 0, 0, 0.1);<br \/>\n  }<\/p>\n<p>  th, td {<br \/>\n    border: 1px solid #ddd;<br \/>\n    padding: 12px;<br \/>\n    text-align: left;<br \/>\n  }<\/p>\n<p>  th {<br \/>\n    color: #ffffff;<br \/>\n    font-size: 18px;<br \/>\n    text-align: center;<br \/>\n    font-weight: bold;<br \/>\n    background-color: #004764;<br \/>\n  }<\/p>\n<p>  .time {<br \/>\n    width: 20%;<br \/>\n    text-align: center;<br \/>\n    font-weight: bold;<br \/>\n    background-color: #f4f4f4;<br \/>\n  }<\/p>\n<p>  .title {<br \/>\n    font-size: 16px;<br \/>\n    font-weight: bold;<br \/>\n    color: #004764;<br \/>\n  }<\/p>\n<p>  .speakers {<br \/>\n    font-weight: normal;<br \/>\n    color: #333;<br \/>\n    font-size: 14px;<br \/>\n    margin-top: 8px;<br \/>\n    display: block;<br \/>\n  }<br \/>\n<\/style><\/p><table><thead><tr><th class=\"time\">Hor\u00e1rio<\/th><th class=\"title\">Atividade<\/th><\/tr><\/thead><tbody><tr><td class=\"time\">08h20<\/td><td class=\"title\">Credenciamento<\/td><\/tr><tr><td class=\"time\">08h30 - 09h00<\/td><td class=\"title\">Welcome Coffee<\/td><\/tr><tr><td class=\"time\">09h00 - 10h00<\/td><td class=\"title\">Impactos Financeiros e Alternativas de Cr\u00e9dito para Produtores Rurais<br \/><span class=\"speakers\">Modera\u00e7\u00e3o:\u00a0<br \/>Priscila Camargo, S\u00f3cia, Ernesto Borges<br \/>Debatedores:<br \/>Fernanda Mello, S\u00f3cia fundadora da VERT<br \/>Renato Carvalho, S\u00f3cio, Laplace<br \/>Salvatore Milanese, S\u00f3cio, Pantalica Partners<\/span><\/td><\/tr><tr><td class=\"time\">10h00 - 11h00<\/td><td class=\"title\">O Papel das Revendas e Distribuidores na Cadeia de Cr\u00e9dito<br \/><span class=\"speakers\">Modera\u00e7\u00e3o:<br \/>Emilio Almeida, S\u00f3cio, ITN Capital<br \/>Debatedores:<br \/>Jaynne Silva, Head de Cr\u00e9dito e Cobran\u00e7a do Grupo Axia<br \/>Leonardo Juliani, Diretor de Cr\u00e9dito e Cobran\u00e7a na Bayer<br \/>Marina Godoy, Diretora Jur\u00eddica de Integridade e ESG do grupo AgroGalaxy <\/span><\/td><\/tr><tr><td class=\"time\">11h00 - 12h00<\/td><td class=\"title\">Fundos de Investimento e Novos Modelos de Financiamento para o Agro<br \/><span class=\"speakers\">Modera\u00e7\u00e3o:\u00a0<br \/>Daniel Tronco, S\u00f3cio, Felsberg Advogados<br \/>Debatedores:<br \/>Felipe Solzki, CFA - Portfolio Manager - Galapagos Capital<br \/>J\u00falia Bretz, S\u00f3cia e gestora de cr\u00e9dito da JGP Cr\u00e9dito<br \/>Melina Funatogawa Miyahara, diretora de tesouraria e investimentos da Atvos<\/span><\/td><\/tr><\/tbody><\/table>\r\n\t\t\t\t<\/div>\r\n\t\t\t\t\t\t\t\t<div id=\"tab-2\" class=\"tf-tabcontent-inner inactive animated fadeInUp\">\r\n\t\t\t\t\t<p><style><span data-mce-type=\"bookmark\" style=\"display: inline-block; width: 0px; overflow: hidden; line-height: 0;\" class=\"mce_SELRES_start\">\ufeff<\/span><span data-mce-type=\"bookmark\" style=\"display: inline-block; width: 0px; overflow: hidden; line-height: 0;\" class=\"mce_SELRES_start\">\ufeff<\/span><br \/>  \/* Estilos Gerais *\/<br \/>  .investment-section {<br \/>    font-family: Arial, sans-serif;<br \/>    margin: 20px 0;<br \/>  }<\/p>\n<p>  .investment-section strong {<br \/>    color: #004764; \/* Azul escuro para t\u00edtulos *\/<br \/>  }<\/p>\n<p>  .investment-section table {<br \/>    width: 100%;<br \/>    border-collapse: collapse;<br \/>    margin: 20px 0;<br \/>    box-shadow: 0 4px 8px rgba(0, 0, 0, 0.1);<br \/>  }<\/p>\n<p>  .investment-section th, .investment-section td {<br \/>    border: 1px solid #ddd;<br \/>    padding: 12px;<br \/>    text-align: left;<br \/>  }<\/p>\n<p>  .investment-section th {<br \/>    color: #ffffff; \/* Texto branco para contraste *\/<br \/>    font-size: 16px;<br \/>    font-weight: bold;<br \/>    text-align: left;<br \/>  }<\/p>\n<p>  .investment-section td {<br \/>    font-size: 14px;<br \/>    color: #555;<br \/>  }<\/p>\n<p>  .investment-section ul {<br \/>    list-style-type: none;<br \/>    padding-left: 0;<br \/>    margin: 20px 0;<br \/>  }<\/p>\n<p>  .investment-section ul li {<br \/>    margin-bottom: 10px;<br \/>    font-size: 14px;<br \/>    color: #555;<br \/>  }<\/p>\n<p>  .investment-section em {<br \/>    display: block;<br \/>    margin: 10px 0;<br \/>    font-size: 14px;<br \/>    color: #555;<br \/>    font-style: normal;<br \/>  }<\/p>\n<p>  .investment-section .lgpd {<br \/>    margin-top: 20px;<br \/>    font-size: 14px;<br \/>    color: #555;<br \/>  }<br \/><\/style><\/p><div class=\"investment-section\"><p><strong>INSCRI\u00c7\u00d5ES ABERTAS<\/strong><\/p><div><table><thead><tr><th><strong>Categoria<\/strong><\/th><th><strong>Valor<\/strong><\/th><th><strong>Cupom<\/strong><\/th><\/tr><\/thead><tbody><tr><td><strong>N\u00e3o Associado (P\u00fablico Geral)<\/strong><\/td><td>R$ 250,00<\/td><td>-<\/td><\/tr><tr><td><strong>Associado ao TMA<\/strong><\/td><td>R$ 150,00<\/td><td><b>D1Z6UB8N<\/b><\/td><\/tr><\/tbody><\/table><\/div><p><em>Para inscri\u00e7\u00f5es de n\u00e3o associados, com grupos com mais de 3 pessoas, entre em contato para desconto: <a href=\"mailto:eventos@tmabrasil.org\">eventos@tmabrasil.org<\/a><\/em> <strong>Pol\u00edtica de Cancelamento e Devolu\u00e7\u00e3o<\/strong><\/p><ul><li><strong>At\u00e9 10 dias \u00fateis antes do in\u00edcio do evento:<\/strong> devolu\u00e7\u00e3o de <strong>70%<\/strong> do valor do investimento.<\/li><li><strong>Entre 10 e 5 dias \u00fateis antes do in\u00edcio do evento:<\/strong> devolu\u00e7\u00e3o de <strong>50%<\/strong> do valor do investimento.<\/li><li><strong>Ap\u00f3s o 5\u00ba dia \u00fatil:<\/strong> n\u00e3o haver\u00e1 devolu\u00e7\u00e3o.<\/li><\/ul><div class=\"lgpd\"><strong>LGPD<\/strong>Ao se inscrever em um evento\/curso TMA, o e-mail fornecido \u00e9 automaticamente inserido na base TMA Brasil. Caso n\u00e3o concorde, envie um e-mail para <a href=\"mailto:tma.atende@tmabrasil.org\">tma.atende@tmabrasil.org<\/a> para ser invalidado.<\/div><\/div>\r\n\t\t\t\t<\/div>\r\n\t\t\t\t\t\t\t<\/div>\r\n\t\t<\/div>\r\n\t\t\r\n\t\t\t\t\t\t<\/div>\n\t\t\t\t<\/div>\n\t\t\t\t\t<\/div>\n\t\t<\/div>\n\t\t\t\t\t<\/div>\n\t\t<\/section>\n\t\t\t\t\t<\/div>\n\t\t<\/div>\n\t\t\t\t\t<\/div>\n\t\t<\/section>\n\t\t\t\t<\/div>\n\t\t","protected":false},"excerpt":{"rendered":"<p>S\u00e3o Paulo Ciclo de Debates Agro Inscreva-se Programa\u00e7\u00e3o Patroc\u00ednio Institucional Patroc\u00ednio Platinum Patroc\u00ednio Master Patroc\u00ednio Ouro Patroc\u00ednio Prata Seja um Patrocinador! saiba mais Evento TMA Brasil 2025 Ciclo de Debates Agro &#8211; SP Uma oportunidade \u00fanica para trocar experi\u00eancias, aprender com cases de sucesso e ampliar sua rede de contatos com os principais nomes do [&hellip;]<\/p>\n","protected":false},"author":1,"featured_media":0,"parent":0,"menu_order":0,"comment_status":"closed","ping_status":"closed","template":"","meta":{"footnotes":""},"class_list":["post-2204","page","type-page","status-publish","hentry"],"_links":{"self":[{"href":"https:\/\/tmabrasil.org\/evento\/wp-json\/wp\/v2\/pages\/2204","targetHints":{"allow":["GET"]}}],"collection":[{"href":"https:\/\/tmabrasil.org\/evento\/wp-json\/wp\/v2\/pages"}],"about":[{"href":"https:\/\/tmabrasil.org\/evento\/wp-json\/wp\/v2\/types\/page"}],"author":[{"embeddable":true,"href":"https:\/\/tmabrasil.org\/evento\/wp-json\/wp\/v2\/users\/1"}],"replies":[{"embeddable":true,"href":"https:\/\/tmabrasil.org\/evento\/wp-json\/wp\/v2\/comments?post=2204"}],"version-history":[{"count":2,"href":"https:\/\/tmabrasil.org\/evento\/wp-json\/wp\/v2\/pages\/2204\/revisions"}],"predecessor-version":[{"id":5833,"href":"https:\/\/tmabrasil.org\/evento\/wp-json\/wp\/v2\/pages\/2204\/revisions\/5833"}],"wp:attachment":[{"href":"https:\/\/tmabrasil.org\/evento\/wp-json\/wp\/v2\/media?parent=2204"}],"curies":[{"name":"wp","href":"https:\/\/api.w.org\/{rel}","templated":true}]}}