{"id":2812,"date":"2025-07-02T16:01:11","date_gmt":"2025-07-02T19:01:11","guid":{"rendered":"https:\/\/tmabrasil.org\/evento\/?page_id=2812"},"modified":"2026-04-16T20:45:58","modified_gmt":"2026-04-16T23:45:58","slug":"curso-de-administrador-judicial-2026","status":"publish","type":"page","link":"https:\/\/tmabrasil.org\/evento\/curso-de-administrador-judicial-2026\/","title":{"rendered":"Curso de Administrador Judicial 2026"},"content":{"rendered":"\t\t<div data-elementor-type=\"wp-page\" data-elementor-id=\"2812\" class=\"elementor elementor-2812\" data-elementor-post-type=\"page\">\n\t\t\t\t<div class=\"elementor-element elementor-element-9e64cae e-flex e-con-boxed e-con e-parent\" data-id=\"9e64cae\" data-element_type=\"container\" data-e-type=\"container\">\n\t\t\t\t\t<div class=\"e-con-inner\">\n\t\t\t\t\t<\/div>\n\t\t\t\t<\/div>\n\t\t\t\t<section class=\"elementor-section elementor-top-section elementor-element elementor-element-6b12246e elementor-section-full_width elementor-section-height-default elementor-section-height-default\" data-id=\"6b12246e\" data-element_type=\"section\" data-e-type=\"section\">\n\t\t\t\t\t\t<div class=\"elementor-container elementor-column-gap-default\">\n\t\t\t\t\t<div class=\"elementor-column elementor-col-100 elementor-top-column elementor-element elementor-element-28657754\" data-id=\"28657754\" data-element_type=\"column\" data-e-type=\"column\">\n\t\t\t<div class=\"elementor-widget-wrap elementor-element-populated\">\n\t\t\t\t\t\t<div class=\"elementor-element elementor-element-2b62ee5e elementor-widget elementor-widget-flex-slider\" data-id=\"2b62ee5e\" data-element_type=\"widget\" data-e-type=\"widget\" data-widget_type=\"flex-slider.default\">\n\t\t\t\t<div class=\"elementor-widget-container\">\n\t\t\t\t\t\t\t\t<div class=\"flexslider directionnav-show \" data-height=\"1100\" data-height_tablet=\"1050\" data-height_mobile=\"879\" data-animation_images=\"\" data-autoplay=\"true\" data-slideshowSpeed=\"3000\" data-directionnav=\"\" data-controlnav=\"\" data-prevtext=\"\" data-nexttext=\"\">\r\n\t\t\t\t<ul class=\"slides\">\r\n\t\t\t\t\t<li class=\"item-slide\">\r\n\t\t\t\t\t\t\t\t\t<div class=\"bgimg \" style=\"background-image:url(https:\/\/tmabrasil.org\/evento\/wp-content\/uploads\/2025\/07\/slide-aj.png); background-size: cover; background-position: center center;\"><\/div>\r\n\t\t\t\t\t\t\t\t\t<div class=\"overlay\" style=\"background:#00476499\"><\/div>\r\n\t\t\t\t\t\t\t\t\t\r\n\t\t\t\t\t\t\t\t\t<div class=\"flex_caption container\">\r\n\t\t                        \t\t<h3 class=\"sub-title captionDelay8 fromTop\">11\/05 a 11\/06<\/h3>\r\n\t\t                        \t\t<h1 class=\"title captionDelay6 fromTop\">Curso de Administrador Judicial \n<p>100% Online<\/p><\/h1>\r\n\t\t                        \t\t\r\n\t\t                        \t\t<ul class=\"button-group\"> <li class=\" fromTop\">\r\n\t\t\t\t\t\t\t\t<a href=\"https:\/\/sistema.tmabrasil.org\/AreaAssociados\/Eventos\/EventoDetalhe\/Index\/5471\" class=\"button-one elementor-repeater-item-0b8dd24\">\r\n\t\t\t\t\t\t\t\t\t<span class=\"btn-icon-left\"><i aria-hidden=\"true\" class=\"fas fa-ticket-alt\"><\/i><\/span> Inscreva-se\r\n\t\t\t\t\t\t\t\t<\/a>\r\n\t\t\t\t\t\t\t<\/li><li class=\" fromTop\">\r\n\t\t\t\t\t\t\t\t<a href=\"#programa\" class=\"button-one elementor-repeater-item-7bf46d4\">\r\n\t\t\t\t\t\t\t\t\t<span class=\"btn-icon-left\"><i aria-hidden=\"true\" class=\"fas fa-angle-right\"><\/i><\/span> Programa\u00e7\u00e3o\r\n\t\t\t\t\t\t\t\t<\/a>\r\n\t\t\t\t\t\t\t<\/li><\/ul>\r\n\t\t\t\t                    <\/div>\t                    \r\n\t\t\t\t                    \r\n\t\t\t\t\t\t\t\t<\/li>\t\t\t\t<\/ul> \r\n\t\t\t<\/div>\r\n\t\t\t\t\t\t\t<\/div>\n\t\t\t\t<\/div>\n\t\t\t\t\t<\/div>\n\t\t<\/div>\n\t\t\t\t\t<\/div>\n\t\t<\/section>\n\t\t\t\t<section class=\"elementor-section elementor-top-section elementor-element elementor-element-23735b8 elementor-section-full_width patrocinadores elementor-section-height-default elementor-section-height-default\" data-id=\"23735b8\" data-element_type=\"section\" data-e-type=\"section\" id=\"patrocinadores\">\n\t\t\t\t\t\t<div class=\"elementor-container elementor-column-gap-default\">\n\t\t\t\t\t<div class=\"elementor-column elementor-col-100 elementor-top-column elementor-element elementor-element-9339d32\" data-id=\"9339d32\" data-element_type=\"column\" data-e-type=\"column\">\n\t\t\t<div class=\"elementor-widget-wrap elementor-element-populated\">\n\t\t\t\t\t\t<div class=\"elementor-element elementor-element-1e02937 elementor-widget elementor-widget-heading\" data-id=\"1e02937\" data-element_type=\"widget\" data-e-type=\"widget\" data-widget_type=\"heading.default\">\n\t\t\t\t<div class=\"elementor-widget-container\">\n\t\t\t\t\t<h3 class=\"elementor-heading-title elementor-size-default\">Patroc\u00ednio Institucional<\/h3>\t\t\t\t<\/div>\n\t\t\t\t<\/div>\n\t\t<div class=\"elementor-element elementor-element-6c3db39 e-flex e-con-boxed e-con e-parent\" data-id=\"6c3db39\" data-element_type=\"container\" data-e-type=\"container\">\n\t\t\t\t\t<div class=\"e-con-inner\">\n\t\t<div class=\"elementor-element elementor-element-f2ff6c0 e-con-full e-flex e-con e-child\" data-id=\"f2ff6c0\" data-element_type=\"container\" data-e-type=\"container\">\n\t\t<div class=\"elementor-element elementor-element-94ed5d9 e-con-full e-flex e-con e-child\" data-id=\"94ed5d9\" data-element_type=\"container\" data-e-type=\"container\" data-settings=\"{&quot;background_background&quot;:&quot;classic&quot;}\">\n\t\t\t\t<div class=\"elementor-element elementor-element-e18d19b elementor-widget elementor-widget-image\" data-id=\"e18d19b\" data-element_type=\"widget\" data-e-type=\"widget\" data-widget_type=\"image.default\">\n\t\t\t\t<div class=\"elementor-widget-container\">\n\t\t\t\t\t\t\t\t\t\t\t\t\t\t\t\t<a href=\"https:\/\/www.btgpactual.com\/\">\n\t\t\t\t\t\t\t<img fetchpriority=\"high\" decoding=\"async\" width=\"640\" height=\"254\" src=\"https:\/\/tmabrasil.org\/evento\/wp-content\/uploads\/2025\/03\/Btg-logo-blue.svg-1024x406.png\" class=\"attachment-large size-large wp-image-722\" alt=\"\" srcset=\"https:\/\/tmabrasil.org\/evento\/wp-content\/uploads\/2025\/03\/Btg-logo-blue.svg-1024x406.png 1024w, https:\/\/tmabrasil.org\/evento\/wp-content\/uploads\/2025\/03\/Btg-logo-blue.svg-300x119.png 300w, https:\/\/tmabrasil.org\/evento\/wp-content\/uploads\/2025\/03\/Btg-logo-blue.svg-768x305.png 768w, https:\/\/tmabrasil.org\/evento\/wp-content\/uploads\/2025\/03\/Btg-logo-blue.svg.png 1200w\" sizes=\"(max-width: 640px) 100vw, 640px\" \/>\t\t\t\t\t\t\t\t<\/a>\n\t\t\t\t\t\t\t\t\t\t\t\t\t\t\t<\/div>\n\t\t\t\t<\/div>\n\t\t\t\t<\/div>\n\t\t<div class=\"elementor-element elementor-element-1b9a3dd e-con-full e-flex e-con e-child\" data-id=\"1b9a3dd\" data-element_type=\"container\" data-e-type=\"container\" data-settings=\"{&quot;background_background&quot;:&quot;classic&quot;}\">\n\t\t\t\t<div class=\"elementor-element elementor-element-f05c94c elementor-widget elementor-widget-image\" data-id=\"f05c94c\" data-element_type=\"widget\" data-e-type=\"widget\" data-widget_type=\"image.default\">\n\t\t\t\t<div class=\"elementor-widget-container\">\n\t\t\t\t\t\t\t\t\t\t\t\t\t\t\t\t<a href=\"https:\/\/www.galdino.com.br\/\">\n\t\t\t\t\t\t\t<img decoding=\"async\" width=\"640\" height=\"205\" src=\"https:\/\/tmabrasil.org\/evento\/wp-content\/uploads\/2025\/04\/Galdino-Logo-1024x328.png\" class=\"attachment-large size-large wp-image-1094\" alt=\"\" srcset=\"https:\/\/tmabrasil.org\/evento\/wp-content\/uploads\/2025\/04\/Galdino-Logo-1024x328.png 1024w, https:\/\/tmabrasil.org\/evento\/wp-content\/uploads\/2025\/04\/Galdino-Logo-300x96.png 300w, https:\/\/tmabrasil.org\/evento\/wp-content\/uploads\/2025\/04\/Galdino-Logo-768x246.png 768w, https:\/\/tmabrasil.org\/evento\/wp-content\/uploads\/2025\/04\/Galdino-Logo.png 1488w\" sizes=\"(max-width: 640px) 100vw, 640px\" \/>\t\t\t\t\t\t\t\t<\/a>\n\t\t\t\t\t\t\t\t\t\t\t\t\t\t\t<\/div>\n\t\t\t\t<\/div>\n\t\t\t\t<\/div>\n\t\t<div class=\"elementor-element elementor-element-678c380 e-con-full e-flex e-con e-child\" data-id=\"678c380\" data-element_type=\"container\" data-e-type=\"container\" data-settings=\"{&quot;background_background&quot;:&quot;classic&quot;}\">\n\t\t\t\t<div class=\"elementor-element elementor-element-732c1f3 elementor-widget elementor-widget-image\" data-id=\"732c1f3\" data-element_type=\"widget\" data-e-type=\"widget\" data-widget_type=\"image.default\">\n\t\t\t\t<div class=\"elementor-widget-container\">\n\t\t\t\t\t\t\t\t\t\t\t\t\t\t\t\t<a href=\"https:\/\/www.invistafidc.com.br\/\">\n\t\t\t\t\t\t\t<img decoding=\"async\" width=\"640\" height=\"146\" src=\"https:\/\/tmabrasil.org\/evento\/wp-content\/uploads\/2025\/03\/invista-1024x234.png\" class=\"attachment-large size-large wp-image-854\" alt=\"\" srcset=\"https:\/\/tmabrasil.org\/evento\/wp-content\/uploads\/2025\/03\/invista-1024x234.png 1024w, https:\/\/tmabrasil.org\/evento\/wp-content\/uploads\/2025\/03\/invista-300x69.png 300w, https:\/\/tmabrasil.org\/evento\/wp-content\/uploads\/2025\/03\/invista-768x176.png 768w, https:\/\/tmabrasil.org\/evento\/wp-content\/uploads\/2025\/03\/invista-1536x351.png 1536w, https:\/\/tmabrasil.org\/evento\/wp-content\/uploads\/2025\/03\/invista-2048x469.png 2048w\" sizes=\"(max-width: 640px) 100vw, 640px\" \/>\t\t\t\t\t\t\t\t<\/a>\n\t\t\t\t\t\t\t\t\t\t\t\t\t\t\t<\/div>\n\t\t\t\t<\/div>\n\t\t\t\t<\/div>\n\t\t<div class=\"elementor-element elementor-element-af8ea39 e-con-full e-flex e-con e-child\" data-id=\"af8ea39\" data-element_type=\"container\" data-e-type=\"container\" data-settings=\"{&quot;background_background&quot;:&quot;classic&quot;}\">\n\t\t\t\t<div class=\"elementor-element elementor-element-ed21523 elementor-widget elementor-widget-image\" data-id=\"ed21523\" data-element_type=\"widget\" data-e-type=\"widget\" data-widget_type=\"image.default\">\n\t\t\t\t<div class=\"elementor-widget-container\">\n\t\t\t\t\t\t\t\t\t\t\t\t\t\t\t\t<a href=\"https:\/\/marquesadmjudicial.com.br\/home\">\n\t\t\t\t\t\t\t<img loading=\"lazy\" decoding=\"async\" width=\"640\" height=\"171\" src=\"https:\/\/tmabrasil.org\/evento\/wp-content\/uploads\/2025\/07\/LOGO_MARQUES_CMYK-1024x273.png\" class=\"attachment-large size-large wp-image-3227\" alt=\"\" srcset=\"https:\/\/tmabrasil.org\/evento\/wp-content\/uploads\/2025\/07\/LOGO_MARQUES_CMYK-1024x273.png 1024w, https:\/\/tmabrasil.org\/evento\/wp-content\/uploads\/2025\/07\/LOGO_MARQUES_CMYK-300x80.png 300w, https:\/\/tmabrasil.org\/evento\/wp-content\/uploads\/2025\/07\/LOGO_MARQUES_CMYK-768x205.png 768w, https:\/\/tmabrasil.org\/evento\/wp-content\/uploads\/2025\/07\/LOGO_MARQUES_CMYK-1536x410.png 1536w, https:\/\/tmabrasil.org\/evento\/wp-content\/uploads\/2025\/07\/LOGO_MARQUES_CMYK-2048x547.png 2048w\" sizes=\"(max-width: 640px) 100vw, 640px\" \/>\t\t\t\t\t\t\t\t<\/a>\n\t\t\t\t\t\t\t\t\t\t\t\t\t\t\t<\/div>\n\t\t\t\t<\/div>\n\t\t\t\t<\/div>\n\t\t<div class=\"elementor-element elementor-element-7e6ccda e-con-full e-flex e-con e-child\" data-id=\"7e6ccda\" data-element_type=\"container\" data-e-type=\"container\" data-settings=\"{&quot;background_background&quot;:&quot;classic&quot;}\">\n\t\t\t\t<div class=\"elementor-element elementor-element-502b164 elementor-widget elementor-widget-image\" data-id=\"502b164\" data-element_type=\"widget\" data-e-type=\"widget\" data-widget_type=\"image.default\">\n\t\t\t\t<div class=\"elementor-widget-container\">\n\t\t\t\t\t\t\t\t\t\t\t\t\t\t\t\t<a href=\"https:\/\/www.megaleiloes.com.br\/\">\n\t\t\t\t\t\t\t<img loading=\"lazy\" decoding=\"async\" width=\"632\" height=\"122\" src=\"https:\/\/tmabrasil.org\/evento\/wp-content\/uploads\/2025\/03\/MegaLeiloes-e1742945947106.png\" class=\"attachment-large size-large wp-image-723\" alt=\"\" srcset=\"https:\/\/tmabrasil.org\/evento\/wp-content\/uploads\/2025\/03\/MegaLeiloes-e1742945947106.png 632w, https:\/\/tmabrasil.org\/evento\/wp-content\/uploads\/2025\/03\/MegaLeiloes-e1742945947106-300x58.png 300w\" sizes=\"(max-width: 632px) 100vw, 632px\" \/>\t\t\t\t\t\t\t\t<\/a>\n\t\t\t\t\t\t\t\t\t\t\t\t\t\t\t<\/div>\n\t\t\t\t<\/div>\n\t\t\t\t<\/div>\n\t\t<div class=\"elementor-element elementor-element-ba9b08b e-con-full e-flex e-con e-child\" data-id=\"ba9b08b\" data-element_type=\"container\" data-e-type=\"container\" data-settings=\"{&quot;background_background&quot;:&quot;classic&quot;}\">\n\t\t\t\t<div class=\"elementor-element elementor-element-362fbf3 elementor-widget elementor-widget-image\" data-id=\"362fbf3\" data-element_type=\"widget\" data-e-type=\"widget\" data-widget_type=\"image.default\">\n\t\t\t\t<div class=\"elementor-widget-container\">\n\t\t\t\t\t\t\t\t\t\t\t\t\t\t\t\t<a href=\"https:\/\/advwp.com.br\/\">\n\t\t\t\t\t\t\t<img loading=\"lazy\" decoding=\"async\" width=\"234\" height=\"88\" src=\"https:\/\/tmabrasil.org\/evento\/wp-content\/uploads\/2025\/03\/Asset-1.svg\" class=\"attachment-2048x2048 size-2048x2048 wp-image-553\" alt=\"\" \/>\t\t\t\t\t\t\t\t<\/a>\n\t\t\t\t\t\t\t\t\t\t\t\t\t\t\t<\/div>\n\t\t\t\t<\/div>\n\t\t\t\t<\/div>\n\t\t\t\t<\/div>\n\t\t\t\t\t<\/div>\n\t\t\t\t<\/div>\n\t\t\t\t\t<\/div>\n\t\t<\/div>\n\t\t\t\t\t<\/div>\n\t\t<\/section>\n\t\t\t\t<section class=\"elementor-section elementor-top-section elementor-element elementor-element-70fb413 elementor-section-full_width elementor-hidden-desktop elementor-hidden-tablet elementor-hidden-mobile elementor-section-height-default elementor-section-height-default\" data-id=\"70fb413\" data-element_type=\"section\" data-e-type=\"section\">\n\t\t\t\t\t\t<div class=\"elementor-container elementor-column-gap-default\">\n\t\t\t\t\t<div class=\"elementor-column elementor-col-100 elementor-top-column elementor-element elementor-element-2e32dcd\" data-id=\"2e32dcd\" data-element_type=\"column\" data-e-type=\"column\">\n\t\t\t<div class=\"elementor-widget-wrap elementor-element-populated\">\n\t\t\t\t\t\t<div class=\"elementor-element elementor-element-b079ddd elementor-widget elementor-widget-heading\" data-id=\"b079ddd\" data-element_type=\"widget\" data-e-type=\"widget\" data-widget_type=\"heading.default\">\n\t\t\t\t<div class=\"elementor-widget-container\">\n\t\t\t\t\t<h3 class=\"elementor-heading-title elementor-size-default\">Patroc\u00ednio Platinum<\/h3>\t\t\t\t<\/div>\n\t\t\t\t<\/div>\n\t\t<div class=\"elementor-element elementor-element-e74ad4f e-flex e-con-boxed e-con e-parent\" data-id=\"e74ad4f\" data-element_type=\"container\" data-e-type=\"container\">\n\t\t\t\t\t<div class=\"e-con-inner\">\n\t\t<div class=\"elementor-element elementor-element-6a43ae7 e-con-full e-flex e-con e-child\" data-id=\"6a43ae7\" data-element_type=\"container\" data-e-type=\"container\">\n\t\t<div class=\"elementor-element elementor-element-ba16da6 e-con-full e-flex e-con e-child\" data-id=\"ba16da6\" data-element_type=\"container\" data-e-type=\"container\" data-settings=\"{&quot;background_background&quot;:&quot;classic&quot;}\">\n\t\t\t\t<div class=\"elementor-element elementor-element-22f829e elementor-widget elementor-widget-image\" data-id=\"22f829e\" data-element_type=\"widget\" data-e-type=\"widget\" data-widget_type=\"image.default\">\n\t\t\t\t<div class=\"elementor-widget-container\">\n\t\t\t\t\t\t\t\t\t\t\t\t\t\t\t\t<a href=\"https:\/\/www.campanapacca.com\/\">\n\t\t\t\t\t\t\t<img loading=\"lazy\" decoding=\"async\" width=\"640\" height=\"94\" src=\"https:\/\/tmabrasil.org\/evento\/wp-content\/uploads\/2025\/04\/base_logo_transparent_background-1024x151.png\" class=\"attachment-large size-large wp-image-1711\" alt=\"\" srcset=\"https:\/\/tmabrasil.org\/evento\/wp-content\/uploads\/2025\/04\/base_logo_transparent_background-1024x151.png 1024w, https:\/\/tmabrasil.org\/evento\/wp-content\/uploads\/2025\/04\/base_logo_transparent_background-300x44.png 300w, https:\/\/tmabrasil.org\/evento\/wp-content\/uploads\/2025\/04\/base_logo_transparent_background-768x113.png 768w, https:\/\/tmabrasil.org\/evento\/wp-content\/uploads\/2025\/04\/base_logo_transparent_background-1536x226.png 1536w, https:\/\/tmabrasil.org\/evento\/wp-content\/uploads\/2025\/04\/base_logo_transparent_background-2048x302.png 2048w\" sizes=\"(max-width: 640px) 100vw, 640px\" \/>\t\t\t\t\t\t\t\t<\/a>\n\t\t\t\t\t\t\t\t\t\t\t\t\t\t\t<\/div>\n\t\t\t\t<\/div>\n\t\t\t\t<\/div>\n\t\t\t\t<\/div>\n\t\t\t\t\t<\/div>\n\t\t\t\t<\/div>\n\t\t\t\t\t<\/div>\n\t\t<\/div>\n\t\t\t\t\t<\/div>\n\t\t<\/section>\n\t\t\t\t<section class=\"elementor-section elementor-top-section elementor-element elementor-element-4e7d53d elementor-section-full_width elementor-hidden-desktop elementor-hidden-tablet elementor-hidden-mobile elementor-section-height-default elementor-section-height-default\" data-id=\"4e7d53d\" data-element_type=\"section\" data-e-type=\"section\">\n\t\t\t\t\t\t<div class=\"elementor-container elementor-column-gap-default\">\n\t\t\t\t\t<div class=\"elementor-column elementor-col-100 elementor-top-column elementor-element elementor-element-2cbff72\" data-id=\"2cbff72\" data-element_type=\"column\" data-e-type=\"column\">\n\t\t\t<div class=\"elementor-widget-wrap elementor-element-populated\">\n\t\t\t\t\t\t<div class=\"elementor-element elementor-element-d6c90a6 elementor-widget elementor-widget-heading\" data-id=\"d6c90a6\" data-element_type=\"widget\" data-e-type=\"widget\" data-widget_type=\"heading.default\">\n\t\t\t\t<div class=\"elementor-widget-container\">\n\t\t\t\t\t<h3 class=\"elementor-heading-title elementor-size-default\">Patroc\u00ednio Master<\/h3>\t\t\t\t<\/div>\n\t\t\t\t<\/div>\n\t\t<div class=\"elementor-element elementor-element-2c1577f e-flex e-con-boxed e-con e-parent\" data-id=\"2c1577f\" data-element_type=\"container\" data-e-type=\"container\">\n\t\t\t\t\t<div class=\"e-con-inner\">\n\t\t<div class=\"elementor-element elementor-element-4bca716 e-con-full e-flex e-con e-child\" data-id=\"4bca716\" data-element_type=\"container\" data-e-type=\"container\">\n\t\t<div class=\"elementor-element elementor-element-0d2a78d e-con-full e-flex e-con e-child\" data-id=\"0d2a78d\" data-element_type=\"container\" data-e-type=\"container\" data-settings=\"{&quot;background_background&quot;:&quot;classic&quot;}\">\n\t\t\t\t<div class=\"elementor-element elementor-element-2e91a8d elementor-widget elementor-widget-image\" data-id=\"2e91a8d\" data-element_type=\"widget\" data-e-type=\"widget\" data-widget_type=\"image.default\">\n\t\t\t\t<div class=\"elementor-widget-container\">\n\t\t\t\t\t\t\t\t\t\t\t\t\t\t\t\t<a href=\"http:\/\/francoiaadvogados.com\">\n\t\t\t\t\t\t\t<img loading=\"lazy\" decoding=\"async\" width=\"640\" height=\"224\" src=\"https:\/\/tmabrasil.org\/evento\/wp-content\/uploads\/2025\/04\/Captura-de-tela-2025-04-17-171549-1024x358.png\" class=\"attachment-large size-large wp-image-1822\" alt=\"\" srcset=\"https:\/\/tmabrasil.org\/evento\/wp-content\/uploads\/2025\/04\/Captura-de-tela-2025-04-17-171549-1024x358.png 1024w, https:\/\/tmabrasil.org\/evento\/wp-content\/uploads\/2025\/04\/Captura-de-tela-2025-04-17-171549-300x105.png 300w, https:\/\/tmabrasil.org\/evento\/wp-content\/uploads\/2025\/04\/Captura-de-tela-2025-04-17-171549-768x268.png 768w, https:\/\/tmabrasil.org\/evento\/wp-content\/uploads\/2025\/04\/Captura-de-tela-2025-04-17-171549.png 1414w\" sizes=\"(max-width: 640px) 100vw, 640px\" \/>\t\t\t\t\t\t\t\t<\/a>\n\t\t\t\t\t\t\t\t\t\t\t\t\t\t\t<\/div>\n\t\t\t\t<\/div>\n\t\t\t\t<\/div>\n\t\t<div class=\"elementor-element elementor-element-dbe8a51 e-con-full e-flex e-con e-child\" data-id=\"dbe8a51\" data-element_type=\"container\" data-e-type=\"container\" data-settings=\"{&quot;background_background&quot;:&quot;classic&quot;}\">\n\t\t\t\t<div class=\"elementor-element elementor-element-c474586 elementor-widget elementor-widget-image\" data-id=\"c474586\" data-element_type=\"widget\" data-e-type=\"widget\" data-widget_type=\"image.default\">\n\t\t\t\t<div class=\"elementor-widget-container\">\n\t\t\t\t\t\t\t\t\t\t\t\t\t\t\t\t<a href=\"https:\/\/gmpa.com.br\/\">\n\t\t\t\t\t\t\t<img loading=\"lazy\" decoding=\"async\" width=\"330\" height=\"167\" src=\"https:\/\/tmabrasil.org\/evento\/wp-content\/uploads\/2025\/04\/GMPA-LOGO-JUNCAO-sem-selo.png\" class=\"attachment-large size-large wp-image-1827\" alt=\"\" srcset=\"https:\/\/tmabrasil.org\/evento\/wp-content\/uploads\/2025\/04\/GMPA-LOGO-JUNCAO-sem-selo.png 330w, https:\/\/tmabrasil.org\/evento\/wp-content\/uploads\/2025\/04\/GMPA-LOGO-JUNCAO-sem-selo-300x152.png 300w\" sizes=\"(max-width: 330px) 100vw, 330px\" \/>\t\t\t\t\t\t\t\t<\/a>\n\t\t\t\t\t\t\t\t\t\t\t\t\t\t\t<\/div>\n\t\t\t\t<\/div>\n\t\t\t\t<\/div>\n\t\t<div class=\"elementor-element elementor-element-212a6bd e-con-full e-flex e-con e-child\" data-id=\"212a6bd\" data-element_type=\"container\" data-e-type=\"container\" data-settings=\"{&quot;background_background&quot;:&quot;classic&quot;}\">\n\t\t\t\t<div class=\"elementor-element elementor-element-d09045d elementor-widget elementor-widget-image\" data-id=\"d09045d\" data-element_type=\"widget\" data-e-type=\"widget\" data-widget_type=\"image.default\">\n\t\t\t\t<div class=\"elementor-widget-container\">\n\t\t\t\t\t\t\t\t\t\t\t\t\t\t\t\t<a href=\"https:\/\/mbfagribusiness.com\/\">\n\t\t\t\t\t\t\t<img loading=\"lazy\" decoding=\"async\" width=\"640\" height=\"299\" src=\"https:\/\/tmabrasil.org\/evento\/wp-content\/uploads\/2025\/04\/FRANCOIA-ADVOGADOS-Logo-abril-2025_v2-2-1024x479.png\" class=\"attachment-large size-large wp-image-1720\" alt=\"\" srcset=\"https:\/\/tmabrasil.org\/evento\/wp-content\/uploads\/2025\/04\/FRANCOIA-ADVOGADOS-Logo-abril-2025_v2-2-1024x479.png 1024w, https:\/\/tmabrasil.org\/evento\/wp-content\/uploads\/2025\/04\/FRANCOIA-ADVOGADOS-Logo-abril-2025_v2-2-300x140.png 300w, https:\/\/tmabrasil.org\/evento\/wp-content\/uploads\/2025\/04\/FRANCOIA-ADVOGADOS-Logo-abril-2025_v2-2-768x359.png 768w, https:\/\/tmabrasil.org\/evento\/wp-content\/uploads\/2025\/04\/FRANCOIA-ADVOGADOS-Logo-abril-2025_v2-2-1536x718.png 1536w, https:\/\/tmabrasil.org\/evento\/wp-content\/uploads\/2025\/04\/FRANCOIA-ADVOGADOS-Logo-abril-2025_v2-2-2048x958.png 2048w\" sizes=\"(max-width: 640px) 100vw, 640px\" \/>\t\t\t\t\t\t\t\t<\/a>\n\t\t\t\t\t\t\t\t\t\t\t\t\t\t\t<\/div>\n\t\t\t\t<\/div>\n\t\t\t\t<\/div>\n\t\t<div class=\"elementor-element elementor-element-8439728 e-con-full e-flex e-con e-child\" data-id=\"8439728\" data-element_type=\"container\" data-e-type=\"container\" data-settings=\"{&quot;background_background&quot;:&quot;classic&quot;}\">\n\t\t\t\t<div class=\"elementor-element elementor-element-bc51249 elementor-widget elementor-widget-image\" data-id=\"bc51249\" data-element_type=\"widget\" data-e-type=\"widget\" data-widget_type=\"image.default\">\n\t\t\t\t<div class=\"elementor-widget-container\">\n\t\t\t\t\t\t\t\t\t\t\t\t\t\t\t\t<a href=\"https:\/\/www.mjradv.com.br\/\">\n\t\t\t\t\t\t\t<img loading=\"lazy\" decoding=\"async\" width=\"434\" height=\"161\" src=\"https:\/\/tmabrasil.org\/evento\/wp-content\/uploads\/2025\/04\/mjr-e1743773037593.png\" class=\"attachment-large size-large wp-image-1209\" alt=\"\" srcset=\"https:\/\/tmabrasil.org\/evento\/wp-content\/uploads\/2025\/04\/mjr-e1743773037593.png 434w, https:\/\/tmabrasil.org\/evento\/wp-content\/uploads\/2025\/04\/mjr-e1743773037593-300x111.png 300w\" sizes=\"(max-width: 434px) 100vw, 434px\" \/>\t\t\t\t\t\t\t\t<\/a>\n\t\t\t\t\t\t\t\t\t\t\t\t\t\t\t<\/div>\n\t\t\t\t<\/div>\n\t\t\t\t<\/div>\n\t\t<div class=\"elementor-element elementor-element-4b9e8c0 e-con-full e-flex e-con e-child\" data-id=\"4b9e8c0\" data-element_type=\"container\" data-e-type=\"container\" data-settings=\"{&quot;background_background&quot;:&quot;classic&quot;}\">\n\t\t\t\t<div class=\"elementor-element elementor-element-705d641 elementor-widget elementor-widget-image\" data-id=\"705d641\" data-element_type=\"widget\" data-e-type=\"widget\" data-widget_type=\"image.default\">\n\t\t\t\t<div class=\"elementor-widget-container\">\n\t\t\t\t\t\t\t\t\t\t\t\t\t\t\t\t<a href=\"https:\/\/triunfae.com.br\/\">\n\t\t\t\t\t\t\t<img loading=\"lazy\" decoding=\"async\" width=\"640\" height=\"304\" src=\"https:\/\/tmabrasil.org\/evento\/wp-content\/uploads\/2025\/04\/Triunfae-Inovacao-1024x486.png\" class=\"attachment-large size-large wp-image-1861\" alt=\"\" srcset=\"https:\/\/tmabrasil.org\/evento\/wp-content\/uploads\/2025\/04\/Triunfae-Inovacao-1024x486.png 1024w, https:\/\/tmabrasil.org\/evento\/wp-content\/uploads\/2025\/04\/Triunfae-Inovacao-300x143.png 300w, https:\/\/tmabrasil.org\/evento\/wp-content\/uploads\/2025\/04\/Triunfae-Inovacao-768x365.png 768w, https:\/\/tmabrasil.org\/evento\/wp-content\/uploads\/2025\/04\/Triunfae-Inovacao.png 1280w\" sizes=\"(max-width: 640px) 100vw, 640px\" \/>\t\t\t\t\t\t\t\t<\/a>\n\t\t\t\t\t\t\t\t\t\t\t\t\t\t\t<\/div>\n\t\t\t\t<\/div>\n\t\t\t\t<\/div>\n\t\t\t\t<\/div>\n\t\t\t\t\t<\/div>\n\t\t\t\t<\/div>\n\t\t\t\t\t<\/div>\n\t\t<\/div>\n\t\t\t\t\t<\/div>\n\t\t<\/section>\n\t\t\t\t<section class=\"elementor-section elementor-top-section elementor-element elementor-element-7474ae9 elementor-section-full_width elementor-hidden-desktop elementor-hidden-tablet elementor-hidden-mobile elementor-section-height-default elementor-section-height-default\" data-id=\"7474ae9\" data-element_type=\"section\" data-e-type=\"section\">\n\t\t\t\t\t\t<div class=\"elementor-container elementor-column-gap-default\">\n\t\t\t\t\t<div class=\"elementor-column elementor-col-100 elementor-top-column elementor-element elementor-element-ed0f332\" data-id=\"ed0f332\" data-element_type=\"column\" data-e-type=\"column\">\n\t\t\t<div class=\"elementor-widget-wrap elementor-element-populated\">\n\t\t\t\t\t\t<div class=\"elementor-element elementor-element-48190fa elementor-widget elementor-widget-heading\" data-id=\"48190fa\" data-element_type=\"widget\" data-e-type=\"widget\" data-widget_type=\"heading.default\">\n\t\t\t\t<div class=\"elementor-widget-container\">\n\t\t\t\t\t<h3 class=\"elementor-heading-title elementor-size-default\">Patroc\u00ednio Ouro<\/h3>\t\t\t\t<\/div>\n\t\t\t\t<\/div>\n\t\t<div class=\"elementor-element elementor-element-ccea05c e-flex e-con-boxed e-con e-parent\" data-id=\"ccea05c\" data-element_type=\"container\" data-e-type=\"container\">\n\t\t\t\t\t<div class=\"e-con-inner\">\n\t\t<div class=\"elementor-element elementor-element-1f87fc6 e-con-full e-flex e-con e-child\" data-id=\"1f87fc6\" data-element_type=\"container\" data-e-type=\"container\">\n\t\t<div class=\"elementor-element elementor-element-07415bc e-con-full e-flex e-con e-child\" data-id=\"07415bc\" data-element_type=\"container\" data-e-type=\"container\" data-settings=\"{&quot;background_background&quot;:&quot;classic&quot;}\">\n\t\t\t\t<div class=\"elementor-element elementor-element-0a917e1 elementor-widget elementor-widget-image\" data-id=\"0a917e1\" data-element_type=\"widget\" data-e-type=\"widget\" data-widget_type=\"image.default\">\n\t\t\t\t<div class=\"elementor-widget-container\">\n\t\t\t\t\t\t\t\t\t\t\t\t\t\t\t\t<a href=\"https:\/\/www.bbmov.adv.br\/\">\n\t\t\t\t\t\t\t<img loading=\"lazy\" decoding=\"async\" width=\"640\" height=\"189\" src=\"https:\/\/tmabrasil.org\/evento\/wp-content\/uploads\/2025\/05\/BBMOV-Logo-principal-3-1024x303.png\" class=\"attachment-large size-large wp-image-2097\" alt=\"\" srcset=\"https:\/\/tmabrasil.org\/evento\/wp-content\/uploads\/2025\/05\/BBMOV-Logo-principal-3-1024x303.png 1024w, https:\/\/tmabrasil.org\/evento\/wp-content\/uploads\/2025\/05\/BBMOV-Logo-principal-3-300x89.png 300w, https:\/\/tmabrasil.org\/evento\/wp-content\/uploads\/2025\/05\/BBMOV-Logo-principal-3-768x227.png 768w, https:\/\/tmabrasil.org\/evento\/wp-content\/uploads\/2025\/05\/BBMOV-Logo-principal-3-1536x454.png 1536w, https:\/\/tmabrasil.org\/evento\/wp-content\/uploads\/2025\/05\/BBMOV-Logo-principal-3-2048x606.png 2048w\" sizes=\"(max-width: 640px) 100vw, 640px\" \/>\t\t\t\t\t\t\t\t<\/a>\n\t\t\t\t\t\t\t\t\t\t\t\t\t\t\t<\/div>\n\t\t\t\t<\/div>\n\t\t\t\t<\/div>\n\t\t<div class=\"elementor-element elementor-element-1203209 e-con-full e-flex e-con e-child\" data-id=\"1203209\" data-element_type=\"container\" data-e-type=\"container\" data-settings=\"{&quot;background_background&quot;:&quot;classic&quot;}\">\n\t\t\t\t<div class=\"elementor-element elementor-element-c3d40bd elementor-widget elementor-widget-image\" data-id=\"c3d40bd\" data-element_type=\"widget\" data-e-type=\"widget\" data-widget_type=\"image.default\">\n\t\t\t\t<div class=\"elementor-widget-container\">\n\t\t\t\t\t\t\t\t\t\t\t\t\t\t\t\t<a href=\"https:\/\/scalzilliaj.com.br\/home\">\n\t\t\t\t\t\t\t<img loading=\"lazy\" decoding=\"async\" width=\"640\" height=\"138\" src=\"https:\/\/tmabrasil.org\/evento\/wp-content\/uploads\/2025\/03\/SCZ_marcaCMYK-02-1024x220.png\" class=\"attachment-large size-large wp-image-989\" alt=\"\" srcset=\"https:\/\/tmabrasil.org\/evento\/wp-content\/uploads\/2025\/03\/SCZ_marcaCMYK-02-1024x220.png 1024w, https:\/\/tmabrasil.org\/evento\/wp-content\/uploads\/2025\/03\/SCZ_marcaCMYK-02-300x65.png 300w, https:\/\/tmabrasil.org\/evento\/wp-content\/uploads\/2025\/03\/SCZ_marcaCMYK-02-768x165.png 768w, https:\/\/tmabrasil.org\/evento\/wp-content\/uploads\/2025\/03\/SCZ_marcaCMYK-02-1536x331.png 1536w, https:\/\/tmabrasil.org\/evento\/wp-content\/uploads\/2025\/03\/SCZ_marcaCMYK-02-2048x441.png 2048w\" sizes=\"(max-width: 640px) 100vw, 640px\" \/>\t\t\t\t\t\t\t\t<\/a>\n\t\t\t\t\t\t\t\t\t\t\t\t\t\t\t<\/div>\n\t\t\t\t<\/div>\n\t\t\t\t<\/div>\n\t\t<div class=\"elementor-element elementor-element-e4de2fd e-con-full e-flex e-con e-child\" data-id=\"e4de2fd\" data-element_type=\"container\" data-e-type=\"container\" data-settings=\"{&quot;background_background&quot;:&quot;classic&quot;}\">\n\t\t\t\t<div class=\"elementor-element elementor-element-7d3c432 elementor-widget elementor-widget-image\" data-id=\"7d3c432\" data-element_type=\"widget\" data-e-type=\"widget\" data-widget_type=\"image.default\">\n\t\t\t\t<div class=\"elementor-widget-container\">\n\t\t\t\t\t\t\t\t\t\t\t\t\t\t\t\t<a href=\"https:\/\/www.valorconsultores.com.br\/sobre\">\n\t\t\t\t\t\t\t<img loading=\"lazy\" decoding=\"async\" width=\"640\" height=\"553\" src=\"https:\/\/tmabrasil.org\/evento\/wp-content\/uploads\/2025\/04\/VALOR.jpg\" class=\"attachment-large size-large wp-image-1447\" alt=\"\" srcset=\"https:\/\/tmabrasil.org\/evento\/wp-content\/uploads\/2025\/04\/VALOR.jpg 995w, https:\/\/tmabrasil.org\/evento\/wp-content\/uploads\/2025\/04\/VALOR-300x259.jpg 300w, https:\/\/tmabrasil.org\/evento\/wp-content\/uploads\/2025\/04\/VALOR-768x664.jpg 768w\" sizes=\"(max-width: 640px) 100vw, 640px\" \/>\t\t\t\t\t\t\t\t<\/a>\n\t\t\t\t\t\t\t\t\t\t\t\t\t\t\t<\/div>\n\t\t\t\t<\/div>\n\t\t\t\t<\/div>\n\t\t\t\t<\/div>\n\t\t\t\t\t<\/div>\n\t\t\t\t<\/div>\n\t\t\t\t\t<\/div>\n\t\t<\/div>\n\t\t\t\t\t<\/div>\n\t\t<\/section>\n\t\t\t\t<section class=\"elementor-section elementor-top-section elementor-element elementor-element-25605b7 elementor-section-full_width elementor-hidden-desktop elementor-hidden-tablet elementor-hidden-mobile elementor-section-height-default elementor-section-height-default\" data-id=\"25605b7\" data-element_type=\"section\" data-e-type=\"section\">\n\t\t\t\t\t\t<div class=\"elementor-container elementor-column-gap-default\">\n\t\t\t\t\t<div class=\"elementor-column elementor-col-100 elementor-top-column elementor-element elementor-element-f26bc9b\" data-id=\"f26bc9b\" data-element_type=\"column\" data-e-type=\"column\">\n\t\t\t<div class=\"elementor-widget-wrap elementor-element-populated\">\n\t\t\t\t\t\t<div class=\"elementor-element elementor-element-7e01428 elementor-widget elementor-widget-heading\" data-id=\"7e01428\" data-element_type=\"widget\" data-e-type=\"widget\" data-widget_type=\"heading.default\">\n\t\t\t\t<div class=\"elementor-widget-container\">\n\t\t\t\t\t<h3 class=\"elementor-heading-title elementor-size-default\">Patroc\u00ednio Prata<\/h3>\t\t\t\t<\/div>\n\t\t\t\t<\/div>\n\t\t<div class=\"elementor-element elementor-element-bdfc42d e-flex e-con-boxed e-con e-parent\" data-id=\"bdfc42d\" data-element_type=\"container\" data-e-type=\"container\">\n\t\t\t\t\t<div class=\"e-con-inner\">\n\t\t<div class=\"elementor-element elementor-element-448ed7a e-con-full e-flex e-con e-child\" data-id=\"448ed7a\" data-element_type=\"container\" data-e-type=\"container\">\n\t\t<div class=\"elementor-element elementor-element-7f43683 e-con-full e-flex e-con e-child\" data-id=\"7f43683\" data-element_type=\"container\" data-e-type=\"container\" data-settings=\"{&quot;background_background&quot;:&quot;classic&quot;}\">\n\t\t\t\t<div class=\"elementor-element elementor-element-cbe7d6c elementor-widget elementor-widget-image\" data-id=\"cbe7d6c\" data-element_type=\"widget\" data-e-type=\"widget\" data-widget_type=\"image.default\">\n\t\t\t\t<div class=\"elementor-widget-container\">\n\t\t\t\t\t\t\t\t\t\t\t\t\t\t\t\t<a href=\"https:\/\/chiappa.com.br\/\">\n\t\t\t\t\t\t\t<img loading=\"lazy\" decoding=\"async\" width=\"640\" height=\"196\" src=\"https:\/\/tmabrasil.org\/evento\/wp-content\/uploads\/2025\/05\/Chiappa-logo-1024x314.png\" class=\"attachment-large size-large wp-image-2054\" alt=\"\" srcset=\"https:\/\/tmabrasil.org\/evento\/wp-content\/uploads\/2025\/05\/Chiappa-logo-1024x314.png 1024w, https:\/\/tmabrasil.org\/evento\/wp-content\/uploads\/2025\/05\/Chiappa-logo-300x92.png 300w, https:\/\/tmabrasil.org\/evento\/wp-content\/uploads\/2025\/05\/Chiappa-logo-768x235.png 768w, https:\/\/tmabrasil.org\/evento\/wp-content\/uploads\/2025\/05\/Chiappa-logo.png 1280w\" sizes=\"(max-width: 640px) 100vw, 640px\" \/>\t\t\t\t\t\t\t\t<\/a>\n\t\t\t\t\t\t\t\t\t\t\t\t\t\t\t<\/div>\n\t\t\t\t<\/div>\n\t\t\t\t<\/div>\n\t\t<div class=\"elementor-element elementor-element-06d23b5 e-con-full e-flex e-con e-child\" data-id=\"06d23b5\" data-element_type=\"container\" data-e-type=\"container\" data-settings=\"{&quot;background_background&quot;:&quot;classic&quot;}\">\n\t\t\t\t<div class=\"elementor-element elementor-element-47f8625 elementor-widget elementor-widget-image\" data-id=\"47f8625\" data-element_type=\"widget\" data-e-type=\"widget\" data-widget_type=\"image.default\">\n\t\t\t\t<div class=\"elementor-widget-container\">\n\t\t\t\t\t\t\t\t\t\t\t\t\t\t\t\t<a href=\"https:\/\/www.rssa.com.br\/\">\n\t\t\t\t\t\t\t<img loading=\"lazy\" decoding=\"async\" width=\"640\" height=\"310\" src=\"https:\/\/tmabrasil.org\/evento\/wp-content\/uploads\/2025\/05\/RSSA-LG-BN-1.png\" class=\"attachment-large size-large wp-image-2157\" alt=\"\" srcset=\"https:\/\/tmabrasil.org\/evento\/wp-content\/uploads\/2025\/05\/RSSA-LG-BN-1.png 942w, https:\/\/tmabrasil.org\/evento\/wp-content\/uploads\/2025\/05\/RSSA-LG-BN-1-300x146.png 300w, https:\/\/tmabrasil.org\/evento\/wp-content\/uploads\/2025\/05\/RSSA-LG-BN-1-768x373.png 768w\" sizes=\"(max-width: 640px) 100vw, 640px\" \/>\t\t\t\t\t\t\t\t<\/a>\n\t\t\t\t\t\t\t\t\t\t\t\t\t\t\t<\/div>\n\t\t\t\t<\/div>\n\t\t\t\t<\/div>\n\t\t<div class=\"elementor-element elementor-element-a1ac189 e-con-full e-flex e-con e-child\" data-id=\"a1ac189\" data-element_type=\"container\" data-e-type=\"container\" data-settings=\"{&quot;background_background&quot;:&quot;classic&quot;}\">\n\t\t\t\t<div class=\"elementor-element elementor-element-6ccc3cb elementor-widget elementor-widget-image\" data-id=\"6ccc3cb\" data-element_type=\"widget\" data-e-type=\"widget\" data-widget_type=\"image.default\">\n\t\t\t\t<div class=\"elementor-widget-container\">\n\t\t\t\t\t\t\t\t\t\t\t\t\t\t\t\t<a href=\"https:\/\/sicoobcocred.com.br\/\">\n\t\t\t\t\t\t\t<img loading=\"lazy\" decoding=\"async\" width=\"640\" height=\"290\" src=\"https:\/\/tmabrasil.org\/evento\/wp-content\/uploads\/2025\/05\/Captura-de-tela-2025-05-15-101926-1024x464.png\" class=\"attachment-large size-large wp-image-2257\" alt=\"\" srcset=\"https:\/\/tmabrasil.org\/evento\/wp-content\/uploads\/2025\/05\/Captura-de-tela-2025-05-15-101926-1024x464.png 1024w, https:\/\/tmabrasil.org\/evento\/wp-content\/uploads\/2025\/05\/Captura-de-tela-2025-05-15-101926-300x136.png 300w, https:\/\/tmabrasil.org\/evento\/wp-content\/uploads\/2025\/05\/Captura-de-tela-2025-05-15-101926-768x348.png 768w, https:\/\/tmabrasil.org\/evento\/wp-content\/uploads\/2025\/05\/Captura-de-tela-2025-05-15-101926.png 1312w\" sizes=\"(max-width: 640px) 100vw, 640px\" \/>\t\t\t\t\t\t\t\t<\/a>\n\t\t\t\t\t\t\t\t\t\t\t\t\t\t\t<\/div>\n\t\t\t\t<\/div>\n\t\t\t\t<\/div>\n\t\t\t\t<\/div>\n\t\t\t\t\t<\/div>\n\t\t\t\t<\/div>\n\t\t\t\t\t<\/div>\n\t\t<\/div>\n\t\t\t\t\t<\/div>\n\t\t<\/section>\n\t\t\t\t<section class=\"elementor-section elementor-top-section elementor-element elementor-element-9ebc33e elementor-section-full_width elementor-hidden-desktop elementor-hidden-tablet elementor-hidden-mobile elementor-section-height-default elementor-section-height-default\" data-id=\"9ebc33e\" data-element_type=\"section\" data-e-type=\"section\">\n\t\t\t\t\t\t<div class=\"elementor-container elementor-column-gap-default\">\n\t\t\t\t\t<div class=\"elementor-column elementor-col-100 elementor-top-column elementor-element elementor-element-b62dce6\" data-id=\"b62dce6\" data-element_type=\"column\" data-e-type=\"column\">\n\t\t\t<div class=\"elementor-widget-wrap elementor-element-populated\">\n\t\t\t\t\t\t<div class=\"elementor-element elementor-element-ba8db2e elementor-widget elementor-widget-heading\" data-id=\"ba8db2e\" data-element_type=\"widget\" data-e-type=\"widget\" data-widget_type=\"heading.default\">\n\t\t\t\t<div class=\"elementor-widget-container\">\n\t\t\t\t\t<h3 class=\"elementor-heading-title elementor-size-default\">Apoio<\/h3>\t\t\t\t<\/div>\n\t\t\t\t<\/div>\n\t\t<div class=\"elementor-element elementor-element-902a68a e-flex e-con-boxed e-con e-parent\" data-id=\"902a68a\" data-element_type=\"container\" data-e-type=\"container\">\n\t\t\t\t\t<div class=\"e-con-inner\">\n\t\t<div class=\"elementor-element elementor-element-179dac7 e-con-full e-flex e-con e-child\" data-id=\"179dac7\" data-element_type=\"container\" data-e-type=\"container\">\n\t\t<div class=\"elementor-element elementor-element-810c580 e-con-full e-flex e-con e-child\" data-id=\"810c580\" data-element_type=\"container\" data-e-type=\"container\" data-settings=\"{&quot;background_background&quot;:&quot;classic&quot;}\">\n\t\t\t\t<div class=\"elementor-element elementor-element-4ca78fb elementor-widget elementor-widget-image\" data-id=\"4ca78fb\" data-element_type=\"widget\" data-e-type=\"widget\" data-widget_type=\"image.default\">\n\t\t\t\t<div class=\"elementor-widget-container\">\n\t\t\t\t\t\t\t\t\t\t\t\t\t\t\t\t<a href=\"https:\/\/www.oabsp.org.br\/subsecao\/sertaozinho\">\n\t\t\t\t\t\t\t<img loading=\"lazy\" decoding=\"async\" width=\"640\" height=\"324\" src=\"https:\/\/tmabrasil.org\/evento\/wp-content\/uploads\/2025\/05\/Logo-OAB_80-1024x519.png\" class=\"attachment-large size-large wp-image-2048\" alt=\"\" srcset=\"https:\/\/tmabrasil.org\/evento\/wp-content\/uploads\/2025\/05\/Logo-OAB_80-1024x519.png 1024w, https:\/\/tmabrasil.org\/evento\/wp-content\/uploads\/2025\/05\/Logo-OAB_80-300x152.png 300w, https:\/\/tmabrasil.org\/evento\/wp-content\/uploads\/2025\/05\/Logo-OAB_80-768x389.png 768w, https:\/\/tmabrasil.org\/evento\/wp-content\/uploads\/2025\/05\/Logo-OAB_80-1536x778.png 1536w, https:\/\/tmabrasil.org\/evento\/wp-content\/uploads\/2025\/05\/Logo-OAB_80-2048x1037.png 2048w\" sizes=\"(max-width: 640px) 100vw, 640px\" \/>\t\t\t\t\t\t\t\t<\/a>\n\t\t\t\t\t\t\t\t\t\t\t\t\t\t\t<\/div>\n\t\t\t\t<\/div>\n\t\t\t\t<\/div>\n\t\t<div class=\"elementor-element elementor-element-73be923 e-con-full e-flex e-con e-child\" data-id=\"73be923\" data-element_type=\"container\" data-e-type=\"container\" data-settings=\"{&quot;background_background&quot;:&quot;classic&quot;}\">\n\t\t\t\t<div class=\"elementor-element elementor-element-efb44cd elementor-widget elementor-widget-image\" data-id=\"efb44cd\" data-element_type=\"widget\" data-e-type=\"widget\" data-widget_type=\"image.default\">\n\t\t\t\t<div class=\"elementor-widget-container\">\n\t\t\t\t\t\t\t\t\t\t\t\t\t\t\t\t<a href=\"https:\/\/oabrp.org.br\/\">\n\t\t\t\t\t\t\t<img loading=\"lazy\" decoding=\"async\" width=\"640\" height=\"151\" src=\"https:\/\/tmabrasil.org\/evento\/wp-content\/uploads\/2025\/05\/ribeirao-preto-azul-marinho-NOVA-1024x242.png\" class=\"attachment-large size-large wp-image-2199\" alt=\"\" srcset=\"https:\/\/tmabrasil.org\/evento\/wp-content\/uploads\/2025\/05\/ribeirao-preto-azul-marinho-NOVA-1024x242.png 1024w, https:\/\/tmabrasil.org\/evento\/wp-content\/uploads\/2025\/05\/ribeirao-preto-azul-marinho-NOVA-300x71.png 300w, https:\/\/tmabrasil.org\/evento\/wp-content\/uploads\/2025\/05\/ribeirao-preto-azul-marinho-NOVA-768x182.png 768w, https:\/\/tmabrasil.org\/evento\/wp-content\/uploads\/2025\/05\/ribeirao-preto-azul-marinho-NOVA-1536x363.png 1536w, https:\/\/tmabrasil.org\/evento\/wp-content\/uploads\/2025\/05\/ribeirao-preto-azul-marinho-NOVA-2048x484.png 2048w\" sizes=\"(max-width: 640px) 100vw, 640px\" \/>\t\t\t\t\t\t\t\t<\/a>\n\t\t\t\t\t\t\t\t\t\t\t\t\t\t\t<\/div>\n\t\t\t\t<\/div>\n\t\t\t\t<\/div>\n\t\t<div class=\"elementor-element elementor-element-17bd167 e-con-full e-flex e-con e-child\" data-id=\"17bd167\" data-element_type=\"container\" data-e-type=\"container\" data-settings=\"{&quot;background_background&quot;:&quot;classic&quot;}\">\n\t\t\t\t<div class=\"elementor-element elementor-element-54eacef elementor-widget elementor-widget-image\" data-id=\"54eacef\" data-element_type=\"widget\" data-e-type=\"widget\" data-widget_type=\"image.default\">\n\t\t\t\t<div class=\"elementor-widget-container\">\n\t\t\t\t\t\t\t\t\t\t\t\t\t\t\t\t<a href=\"https:\/\/ceisebr.com.br\/\">\n\t\t\t\t\t\t\t<img loading=\"lazy\" decoding=\"async\" width=\"640\" height=\"140\" src=\"https:\/\/tmabrasil.org\/evento\/wp-content\/uploads\/2025\/05\/Logo-45-anos_CEISE-Br-1024x224.png\" class=\"attachment-large size-large wp-image-2078\" alt=\"\" srcset=\"https:\/\/tmabrasil.org\/evento\/wp-content\/uploads\/2025\/05\/Logo-45-anos_CEISE-Br-1024x224.png 1024w, https:\/\/tmabrasil.org\/evento\/wp-content\/uploads\/2025\/05\/Logo-45-anos_CEISE-Br-300x66.png 300w, https:\/\/tmabrasil.org\/evento\/wp-content\/uploads\/2025\/05\/Logo-45-anos_CEISE-Br-768x168.png 768w, https:\/\/tmabrasil.org\/evento\/wp-content\/uploads\/2025\/05\/Logo-45-anos_CEISE-Br-1536x336.png 1536w, https:\/\/tmabrasil.org\/evento\/wp-content\/uploads\/2025\/05\/Logo-45-anos_CEISE-Br-2048x447.png 2048w\" sizes=\"(max-width: 640px) 100vw, 640px\" \/>\t\t\t\t\t\t\t\t<\/a>\n\t\t\t\t\t\t\t\t\t\t\t\t\t\t\t<\/div>\n\t\t\t\t<\/div>\n\t\t\t\t<\/div>\n\t\t<div class=\"elementor-element elementor-element-90abd91 e-con-full e-flex e-con e-child\" data-id=\"90abd91\" data-element_type=\"container\" data-e-type=\"container\" data-settings=\"{&quot;background_background&quot;:&quot;classic&quot;}\">\n\t\t\t\t<div class=\"elementor-element elementor-element-ab7b0ce elementor-widget elementor-widget-image\" data-id=\"ab7b0ce\" data-element_type=\"widget\" data-e-type=\"widget\" data-widget_type=\"image.default\">\n\t\t\t\t<div class=\"elementor-widget-container\">\n\t\t\t\t\t\t\t\t\t\t\t\t\t\t\t\t<a href=\"https:\/\/www.acisertaozinho.com.br\/\">\n\t\t\t\t\t\t\t<img loading=\"lazy\" decoding=\"async\" width=\"640\" height=\"258\" src=\"https:\/\/tmabrasil.org\/evento\/wp-content\/uploads\/2025\/05\/LOGO-ACIS-1024x412.png\" class=\"attachment-large size-large wp-image-2079\" alt=\"\" srcset=\"https:\/\/tmabrasil.org\/evento\/wp-content\/uploads\/2025\/05\/LOGO-ACIS-1024x412.png 1024w, https:\/\/tmabrasil.org\/evento\/wp-content\/uploads\/2025\/05\/LOGO-ACIS-300x121.png 300w, https:\/\/tmabrasil.org\/evento\/wp-content\/uploads\/2025\/05\/LOGO-ACIS-768x309.png 768w, https:\/\/tmabrasil.org\/evento\/wp-content\/uploads\/2025\/05\/LOGO-ACIS-1536x617.png 1536w, https:\/\/tmabrasil.org\/evento\/wp-content\/uploads\/2025\/05\/LOGO-ACIS.png 2000w\" sizes=\"(max-width: 640px) 100vw, 640px\" \/>\t\t\t\t\t\t\t\t<\/a>\n\t\t\t\t\t\t\t\t\t\t\t\t\t\t\t<\/div>\n\t\t\t\t<\/div>\n\t\t\t\t<\/div>\n\t\t\t\t<\/div>\n\t\t\t\t\t<\/div>\n\t\t\t\t<\/div>\n\t\t\t\t\t<\/div>\n\t\t<\/div>\n\t\t\t\t\t<\/div>\n\t\t<\/section>\n\t\t\t\t<section class=\"elementor-section elementor-top-section elementor-element elementor-element-afa55d8 elementor-section-full_width elementor-hidden-desktop elementor-hidden-tablet elementor-hidden-mobile elementor-section-height-default elementor-section-height-default\" data-id=\"afa55d8\" data-element_type=\"section\" data-e-type=\"section\">\n\t\t\t\t\t\t<div class=\"elementor-container elementor-column-gap-default\">\n\t\t\t\t\t<div class=\"elementor-column elementor-col-100 elementor-top-column elementor-element elementor-element-e7a0868\" data-id=\"e7a0868\" data-element_type=\"column\" data-e-type=\"column\">\n\t\t\t<div class=\"elementor-widget-wrap elementor-element-populated\">\n\t\t\t\t\t\t<div class=\"elementor-element elementor-element-e035c9d elementor-widget elementor-widget-heading\" data-id=\"e035c9d\" data-element_type=\"widget\" data-e-type=\"widget\" data-widget_type=\"heading.default\">\n\t\t\t\t<div class=\"elementor-widget-container\">\n\t\t\t\t\t<h3 class=\"elementor-heading-title elementor-size-default\">Patroc\u00ednio Prata<\/h3>\t\t\t\t<\/div>\n\t\t\t\t<\/div>\n\t\t<div class=\"elementor-element elementor-element-b05dad6 e-flex e-con-boxed e-con e-parent\" data-id=\"b05dad6\" data-element_type=\"container\" data-e-type=\"container\">\n\t\t\t\t\t<div class=\"e-con-inner\">\n\t\t<div class=\"elementor-element elementor-element-d392e90 e-con-full e-flex e-con e-child\" data-id=\"d392e90\" data-element_type=\"container\" data-e-type=\"container\">\n\t\t<div class=\"elementor-element elementor-element-793f423 e-con-full e-flex e-con e-child\" data-id=\"793f423\" data-element_type=\"container\" data-e-type=\"container\" data-settings=\"{&quot;background_background&quot;:&quot;classic&quot;}\">\n\t\t\t\t<div class=\"elementor-element elementor-element-f65c9ab elementor-widget elementor-widget-image\" data-id=\"f65c9ab\" data-element_type=\"widget\" data-e-type=\"widget\" data-widget_type=\"image.default\">\n\t\t\t\t<div class=\"elementor-widget-container\">\n\t\t\t\t\t\t\t\t\t\t\t\t\t\t\t\t<a href=\"https:\/\/www.cb2d.com.br\/\">\n\t\t\t\t\t\t\t<img loading=\"lazy\" decoding=\"async\" width=\"494\" height=\"278\" src=\"https:\/\/tmabrasil.org\/evento\/wp-content\/uploads\/2025\/04\/Asset-122.png\" class=\"attachment-large size-large wp-image-1226\" alt=\"\" srcset=\"https:\/\/tmabrasil.org\/evento\/wp-content\/uploads\/2025\/04\/Asset-122.png 494w, https:\/\/tmabrasil.org\/evento\/wp-content\/uploads\/2025\/04\/Asset-122-300x169.png 300w\" sizes=\"(max-width: 494px) 100vw, 494px\" \/>\t\t\t\t\t\t\t\t<\/a>\n\t\t\t\t\t\t\t\t\t\t\t\t\t\t\t<\/div>\n\t\t\t\t<\/div>\n\t\t\t\t<\/div>\n\t\t<div class=\"elementor-element elementor-element-15dc9bb e-con-full e-flex e-con e-child\" data-id=\"15dc9bb\" data-element_type=\"container\" data-e-type=\"container\" data-settings=\"{&quot;background_background&quot;:&quot;classic&quot;}\">\n\t\t\t\t<div class=\"elementor-element elementor-element-8bb5eb5 elementor-widget elementor-widget-image\" data-id=\"8bb5eb5\" data-element_type=\"widget\" data-e-type=\"widget\" data-widget_type=\"image.default\">\n\t\t\t\t<div class=\"elementor-widget-container\">\n\t\t\t\t\t\t\t\t\t\t\t\t\t\t\t\t<a href=\"https:\/\/sartoriadvogados.com.br\/\">\n\t\t\t\t\t\t\t<img loading=\"lazy\" decoding=\"async\" width=\"640\" height=\"139\" src=\"https:\/\/tmabrasil.org\/evento\/wp-content\/uploads\/2025\/04\/SARTORI_Logo-abril-2025-1024x222.png\" class=\"attachment-large size-large wp-image-1486\" alt=\"\" srcset=\"https:\/\/tmabrasil.org\/evento\/wp-content\/uploads\/2025\/04\/SARTORI_Logo-abril-2025-1024x222.png 1024w, https:\/\/tmabrasil.org\/evento\/wp-content\/uploads\/2025\/04\/SARTORI_Logo-abril-2025-300x65.png 300w, https:\/\/tmabrasil.org\/evento\/wp-content\/uploads\/2025\/04\/SARTORI_Logo-abril-2025-768x166.png 768w, https:\/\/tmabrasil.org\/evento\/wp-content\/uploads\/2025\/04\/SARTORI_Logo-abril-2025.png 1368w\" sizes=\"(max-width: 640px) 100vw, 640px\" \/>\t\t\t\t\t\t\t\t<\/a>\n\t\t\t\t\t\t\t\t\t\t\t\t\t\t\t<\/div>\n\t\t\t\t<\/div>\n\t\t\t\t<\/div>\n\t\t\t\t<\/div>\n\t\t\t\t\t<\/div>\n\t\t\t\t<\/div>\n\t\t\t\t\t<\/div>\n\t\t<\/div>\n\t\t\t\t\t<\/div>\n\t\t<\/section>\n\t\t\t\t<section class=\"elementor-section elementor-top-section elementor-element elementor-element-b9bad52 elementor-section-full_width patrocine elementor-hidden-desktop elementor-hidden-tablet elementor-hidden-mobile elementor-section-height-default elementor-section-height-default\" data-id=\"b9bad52\" data-element_type=\"section\" data-e-type=\"section\" id=\"patrocine\">\n\t\t\t\t\t\t<div class=\"elementor-container elementor-column-gap-default\">\n\t\t\t\t\t<div class=\"elementor-column elementor-col-100 elementor-top-column elementor-element elementor-element-96226d4\" data-id=\"96226d4\" data-element_type=\"column\" data-e-type=\"column\">\n\t\t\t<div class=\"elementor-widget-wrap elementor-element-populated\">\n\t\t\t\t\t\t<div class=\"elementor-element elementor-element-6576a29 elementor-widget elementor-widget-heading\" data-id=\"6576a29\" data-element_type=\"widget\" data-e-type=\"widget\" data-widget_type=\"heading.default\">\n\t\t\t\t<div class=\"elementor-widget-container\">\n\t\t\t\t\t<h3 class=\"elementor-heading-title elementor-size-default\">Seja um Patrocinador!<\/h3>\t\t\t\t<\/div>\n\t\t\t\t<\/div>\n\t\t<div class=\"elementor-element elementor-element-ef25923 e-flex e-con-boxed e-con e-parent\" data-id=\"ef25923\" data-element_type=\"container\" data-e-type=\"container\">\n\t\t\t\t\t<div class=\"e-con-inner\">\n\t\t<div class=\"elementor-element elementor-element-384f416 e-con-full e-flex e-con e-child\" data-id=\"384f416\" data-element_type=\"container\" data-e-type=\"container\">\n\t\t<div class=\"elementor-element elementor-element-15bd702 e-con-full e-flex e-con e-child\" data-id=\"15bd702\" data-element_type=\"container\" data-e-type=\"container\">\n\t\t\t\t<div class=\"elementor-element elementor-element-5ca0480 elementor-align-left elementor-widget__width-auto elementor-mobile-align-justify elementor-widget elementor-widget-button\" data-id=\"5ca0480\" data-element_type=\"widget\" data-e-type=\"widget\" data-widget_type=\"button.default\">\n\t\t\t\t<div class=\"elementor-widget-container\">\n\t\t\t\t\t\t\t\t\t<div class=\"elementor-button-wrapper\">\n\t\t\t\t\t<a class=\"elementor-button elementor-button-link elementor-size-sm\" href=\"https:\/\/www.tmabrasil.org\/sites\/default\/files\/public\/2025-05\/cotas_de_patrocinio_ciclos_de_debates_sertaozinho_2025_v7.pdf\">\n\t\t\t\t\t\t<span class=\"elementor-button-content-wrapper\">\n\t\t\t\t\t\t<span class=\"elementor-button-icon\">\n\t\t\t\t<svg aria-hidden=\"true\" class=\"e-font-icon-svg e-fas-ticket-alt\" viewBox=\"0 0 576 512\" xmlns=\"http:\/\/www.w3.org\/2000\/svg\"><path d=\"M128 160h320v192H128V160zm400 96c0 26.51 21.49 48 48 48v96c0 26.51-21.49 48-48 48H48c-26.51 0-48-21.49-48-48v-96c26.51 0 48-21.49 48-48s-21.49-48-48-48v-96c0-26.51 21.49-48 48-48h480c26.51 0 48 21.49 48 48v96c-26.51 0-48 21.49-48 48zm-48-104c0-13.255-10.745-24-24-24H120c-13.255 0-24 10.745-24 24v208c0 13.255 10.745 24 24 24h336c13.255 0 24-10.745 24-24V152z\"><\/path><\/svg>\t\t\t<\/span>\n\t\t\t\t\t\t\t\t\t<span class=\"elementor-button-text\">saiba mais<\/span>\n\t\t\t\t\t<\/span>\n\t\t\t\t\t<\/a>\n\t\t\t\t<\/div>\n\t\t\t\t\t\t\t\t<\/div>\n\t\t\t\t<\/div>\n\t\t\t\t<\/div>\n\t\t\t\t<\/div>\n\t\t\t\t\t<\/div>\n\t\t\t\t<\/div>\n\t\t\t\t\t<\/div>\n\t\t<\/div>\n\t\t\t\t\t<\/div>\n\t\t<\/section>\n\t\t\t\t<section class=\"elementor-section elementor-top-section elementor-element elementor-element-390f17b7 elementor-section-boxed elementor-section-height-default elementor-section-height-default\" data-id=\"390f17b7\" data-element_type=\"section\" data-e-type=\"section\" id=\"evento\" data-settings=\"{&quot;background_background&quot;:&quot;classic&quot;}\">\n\t\t\t\t\t\t<div class=\"elementor-container elementor-column-gap-default\">\n\t\t\t\t\t<div class=\"elementor-column elementor-col-50 elementor-top-column elementor-element elementor-element-66c3535f\" data-id=\"66c3535f\" data-element_type=\"column\" data-e-type=\"column\" id=\"localizacao\">\n\t\t\t<div class=\"elementor-widget-wrap elementor-element-populated\">\n\t\t\t\t\t\t<div class=\"elementor-element elementor-element-767ac728 elementor-widget__width-auto elementor-widget elementor-widget-image\" data-id=\"767ac728\" data-element_type=\"widget\" data-e-type=\"widget\" data-widget_type=\"image.default\">\n\t\t\t\t<div class=\"elementor-widget-container\">\n\t\t\t\t\t\t\t\t\t\t\t\t\t\t\t<img loading=\"lazy\" decoding=\"async\" width=\"640\" height=\"640\" src=\"https:\/\/tmabrasil.org\/evento\/wp-content\/uploads\/2025\/05\/light-trails-buildings-copy-1024x1024.jpg\" class=\"attachment-large size-large wp-image-1957\" alt=\"\" srcset=\"https:\/\/tmabrasil.org\/evento\/wp-content\/uploads\/2025\/05\/light-trails-buildings-copy-1024x1024.jpg 1024w, https:\/\/tmabrasil.org\/evento\/wp-content\/uploads\/2025\/05\/light-trails-buildings-copy-300x300.jpg 300w, https:\/\/tmabrasil.org\/evento\/wp-content\/uploads\/2025\/05\/light-trails-buildings-copy-150x150.jpg 150w, https:\/\/tmabrasil.org\/evento\/wp-content\/uploads\/2025\/05\/light-trails-buildings-copy-768x768.jpg 768w, https:\/\/tmabrasil.org\/evento\/wp-content\/uploads\/2025\/05\/light-trails-buildings-copy.jpg 1080w\" sizes=\"(max-width: 640px) 100vw, 640px\" \/>\t\t\t\t\t\t\t\t\t\t\t\t\t\t\t<\/div>\n\t\t\t\t<\/div>\n\t\t\t\t<div class=\"elementor-element elementor-element-38f9abc elementor-widget__width-auto elementor-widget elementor-widget-image\" data-id=\"38f9abc\" data-element_type=\"widget\" data-e-type=\"widget\" data-widget_type=\"image.default\">\n\t\t\t\t<div class=\"elementor-widget-container\">\n\t\t\t\t\t\t\t\t\t\t\t\t\t\t\t<img loading=\"lazy\" decoding=\"async\" width=\"1080\" height=\"1080\" src=\"https:\/\/tmabrasil.org\/evento\/wp-content\/uploads\/2025\/07\/slide5x5.jpg\" class=\"attachment-full size-full wp-image-2826\" alt=\"\" srcset=\"https:\/\/tmabrasil.org\/evento\/wp-content\/uploads\/2025\/07\/slide5x5.jpg 1080w, https:\/\/tmabrasil.org\/evento\/wp-content\/uploads\/2025\/07\/slide5x5-300x300.jpg 300w, https:\/\/tmabrasil.org\/evento\/wp-content\/uploads\/2025\/07\/slide5x5-1024x1024.jpg 1024w, https:\/\/tmabrasil.org\/evento\/wp-content\/uploads\/2025\/07\/slide5x5-150x150.jpg 150w, https:\/\/tmabrasil.org\/evento\/wp-content\/uploads\/2025\/07\/slide5x5-768x768.jpg 768w\" sizes=\"(max-width: 1080px) 100vw, 1080px\" \/>\t\t\t\t\t\t\t\t\t\t\t\t\t\t\t<\/div>\n\t\t\t\t<\/div>\n\t\t\t\t<div class=\"elementor-element elementor-element-159bb974 elementor-widget__width-auto elementor-widget elementor-widget-image\" data-id=\"159bb974\" data-element_type=\"widget\" data-e-type=\"widget\" data-widget_type=\"image.default\">\n\t\t\t\t<div class=\"elementor-widget-container\">\n\t\t\t\t\t\t\t\t\t\t\t\t\t\t\t<img loading=\"lazy\" decoding=\"async\" width=\"640\" height=\"640\" src=\"https:\/\/tmabrasil.org\/evento\/wp-content\/uploads\/2025\/03\/editedtma.jpg\" class=\"attachment-large size-large wp-image-431\" alt=\"\" srcset=\"https:\/\/tmabrasil.org\/evento\/wp-content\/uploads\/2025\/03\/editedtma.jpg 809w, https:\/\/tmabrasil.org\/evento\/wp-content\/uploads\/2025\/03\/editedtma-300x300.jpg 300w, https:\/\/tmabrasil.org\/evento\/wp-content\/uploads\/2025\/03\/editedtma-150x150.jpg 150w, https:\/\/tmabrasil.org\/evento\/wp-content\/uploads\/2025\/03\/editedtma-768x768.jpg 768w\" sizes=\"(max-width: 640px) 100vw, 640px\" \/>\t\t\t\t\t\t\t\t\t\t\t\t\t\t\t<\/div>\n\t\t\t\t<\/div>\n\t\t\t\t\t<\/div>\n\t\t<\/div>\n\t\t\t\t<div class=\"elementor-column elementor-col-50 elementor-top-column elementor-element elementor-element-89edfab\" data-id=\"89edfab\" data-element_type=\"column\" data-e-type=\"column\">\n\t\t\t<div class=\"elementor-widget-wrap elementor-element-populated\">\n\t\t\t\t\t\t<section class=\"elementor-section elementor-inner-section elementor-element elementor-element-69e49aac elementor-section-boxed elementor-section-height-default elementor-section-height-default elementor-invisible\" data-id=\"69e49aac\" data-element_type=\"section\" data-e-type=\"section\" data-settings=\"{&quot;animation&quot;:&quot;fadeInUp&quot;}\">\n\t\t\t\t\t\t<div class=\"elementor-container elementor-column-gap-default\">\n\t\t\t\t\t<div class=\"elementor-column elementor-col-100 elementor-inner-column elementor-element elementor-element-5707d804\" data-id=\"5707d804\" data-element_type=\"column\" data-e-type=\"column\">\n\t\t\t<div class=\"elementor-widget-wrap elementor-element-populated\">\n\t\t\t\t\t\t<div class=\"elementor-element elementor-element-2a3725de elementor-widget elementor-widget-heading\" data-id=\"2a3725de\" data-element_type=\"widget\" data-e-type=\"widget\" data-widget_type=\"heading.default\">\n\t\t\t\t<div class=\"elementor-widget-container\">\n\t\t\t\t\t<h3 class=\"elementor-heading-title elementor-size-default\">Curso de Administrador Judicial <\/h3>\t\t\t\t<\/div>\n\t\t\t\t<\/div>\n\t\t\t\t\t<\/div>\n\t\t<\/div>\n\t\t\t\t\t<\/div>\n\t\t<\/section>\n\t\t\t\t<section class=\"elementor-section elementor-inner-section elementor-element elementor-element-1d0540a7 elementor-section-boxed elementor-section-height-default elementor-section-height-default elementor-invisible\" data-id=\"1d0540a7\" data-element_type=\"section\" data-e-type=\"section\" data-settings=\"{&quot;animation&quot;:&quot;fadeInUp&quot;}\">\n\t\t\t\t\t\t<div class=\"elementor-container elementor-column-gap-default\">\n\t\t\t\t\t<div class=\"elementor-column elementor-col-100 elementor-inner-column elementor-element elementor-element-6672183c\" data-id=\"6672183c\" data-element_type=\"column\" data-e-type=\"column\">\n\t\t\t<div class=\"elementor-widget-wrap elementor-element-populated\">\n\t\t\t\t\t\t<div class=\"elementor-element elementor-element-4465bc5d elementor-widget__width-initial elementor-widget elementor-widget-text-editor\" data-id=\"4465bc5d\" data-element_type=\"widget\" data-e-type=\"widget\" data-widget_type=\"text-editor.default\">\n\t\t\t\t<div class=\"elementor-widget-container\">\n\t\t\t\t\t\t\t\t\t<p class=\"p1\"><b>De 11\/05 a 11\/06 de 2026 | 100% Online via ZOOM<\/b><\/p><p>Ser\u00e3o<strong> 28<\/strong><span class=\"s1\"><b>\u00a0aulas ao vivo<\/b><\/span>, com foco pr\u00e1tico, material de apoio exclusivo e certificado ao final do curso.<\/p>\t\t\t\t\t\t\t\t<\/div>\n\t\t\t\t<\/div>\n\t\t\t\t\t<\/div>\n\t\t<\/div>\n\t\t\t\t\t<\/div>\n\t\t<\/section>\n\t\t\t\t<section class=\"elementor-section elementor-inner-section elementor-element elementor-element-6eeb3f3 elementor-section-boxed elementor-section-height-default elementor-section-height-default elementor-invisible\" data-id=\"6eeb3f3\" data-element_type=\"section\" data-e-type=\"section\" data-settings=\"{&quot;animation&quot;:&quot;slideInUp&quot;}\">\n\t\t\t\t\t\t<div class=\"elementor-container elementor-column-gap-default\">\n\t\t\t\t\t<div class=\"elementor-column elementor-col-100 elementor-inner-column elementor-element elementor-element-6f8b059c\" data-id=\"6f8b059c\" data-element_type=\"column\" data-e-type=\"column\">\n\t\t\t<div class=\"elementor-widget-wrap elementor-element-populated\">\n\t\t\t\t\t\t<div class=\"elementor-element elementor-element-276feb57 elementor-align-left elementor-widget__width-auto elementor-mobile-align-justify elementor-widget elementor-widget-button\" data-id=\"276feb57\" data-element_type=\"widget\" data-e-type=\"widget\" data-widget_type=\"button.default\">\n\t\t\t\t<div class=\"elementor-widget-container\">\n\t\t\t\t\t\t\t\t\t<div class=\"elementor-button-wrapper\">\n\t\t\t\t\t<a class=\"elementor-button elementor-button-link elementor-size-sm\" href=\"https:\/\/sistema.tmabrasil.org\/AreaAssociados\/Eventos\/EventoDetalhe\/Index\/5471\">\n\t\t\t\t\t\t<span class=\"elementor-button-content-wrapper\">\n\t\t\t\t\t\t<span class=\"elementor-button-icon\">\n\t\t\t\t<svg aria-hidden=\"true\" class=\"e-font-icon-svg e-fas-ticket-alt\" viewBox=\"0 0 576 512\" xmlns=\"http:\/\/www.w3.org\/2000\/svg\"><path d=\"M128 160h320v192H128V160zm400 96c0 26.51 21.49 48 48 48v96c0 26.51-21.49 48-48 48H48c-26.51 0-48-21.49-48-48v-96c26.51 0 48-21.49 48-48s-21.49-48-48-48v-96c0-26.51 21.49-48 48-48h480c26.51 0 48 21.49 48 48v96c-26.51 0-48 21.49-48 48zm-48-104c0-13.255-10.745-24-24-24H120c-13.255 0-24 10.745-24 24v208c0 13.255 10.745 24 24 24h336c13.255 0 24-10.745 24-24V152z\"><\/path><\/svg>\t\t\t<\/span>\n\t\t\t\t\t\t\t\t\t<span class=\"elementor-button-text\">Inscreva-se<\/span>\n\t\t\t\t\t<\/span>\n\t\t\t\t\t<\/a>\n\t\t\t\t<\/div>\n\t\t\t\t\t\t\t\t<\/div>\n\t\t\t\t<\/div>\n\t\t\t\t\t<\/div>\n\t\t<\/div>\n\t\t\t\t\t<\/div>\n\t\t<\/section>\n\t\t\t\t\t<\/div>\n\t\t<\/div>\n\t\t\t\t\t<\/div>\n\t\t<\/section>\n\t\t\t\t<section class=\"elementor-section elementor-top-section elementor-element elementor-element-915d9c7 elementor-section-boxed elementor-section-height-default elementor-section-height-default\" data-id=\"915d9c7\" data-element_type=\"section\" data-e-type=\"section\" data-settings=\"{&quot;background_background&quot;:&quot;classic&quot;}\">\n\t\t\t\t\t\t<div class=\"elementor-container elementor-column-gap-default\">\n\t\t\t\t\t<div class=\"elementor-column elementor-col-33 elementor-top-column elementor-element elementor-element-1c0a752\" data-id=\"1c0a752\" data-element_type=\"column\" data-e-type=\"column\" data-settings=\"{&quot;background_background&quot;:&quot;classic&quot;}\">\n\t\t\t<div class=\"elementor-widget-wrap elementor-element-populated\">\n\t\t\t\t\t\t<section class=\"elementor-section elementor-inner-section elementor-element elementor-element-03d3f24 elementor-section-boxed elementor-section-height-default elementor-section-height-default elementor-invisible\" data-id=\"03d3f24\" data-element_type=\"section\" data-e-type=\"section\" data-settings=\"{&quot;animation&quot;:&quot;fadeInUp&quot;}\">\n\t\t\t\t\t\t<div class=\"elementor-container elementor-column-gap-default\">\n\t\t\t\t\t<div class=\"elementor-column elementor-col-100 elementor-inner-column elementor-element elementor-element-2cebee2\" data-id=\"2cebee2\" data-element_type=\"column\" data-e-type=\"column\">\n\t\t\t<div class=\"elementor-widget-wrap elementor-element-populated\">\n\t\t\t\t\t\t<div class=\"elementor-element elementor-element-0c74707 elementor-widget elementor-widget-heading\" data-id=\"0c74707\" data-element_type=\"widget\" data-e-type=\"widget\" data-widget_type=\"heading.default\">\n\t\t\t\t<div class=\"elementor-widget-container\">\n\t\t\t\t\t<h3 class=\"elementor-heading-title elementor-size-default\">Pr\u00e9-Requisitos<\/h3>\t\t\t\t<\/div>\n\t\t\t\t<\/div>\n\t\t\t\t<div class=\"elementor-element elementor-element-85464d5 elementor-widget__width-initial elementor-widget-mobile__width-inherit elementor-widget elementor-widget-text-editor\" data-id=\"85464d5\" data-element_type=\"widget\" data-e-type=\"widget\" data-widget_type=\"text-editor.default\">\n\t\t\t\t<div class=\"elementor-widget-container\">\n\t\t\t\t\t\t\t\t\t<p>\u2022 Forma\u00e7\u00e3o superior completa<br \/>\u2022 M\u00ednimo de 2 anos de experi\u00eancia na \u00e1rea de fal\u00eancias ou recupera\u00e7\u00e3o de empresas<\/p>\t\t\t\t\t\t\t\t<\/div>\n\t\t\t\t<\/div>\n\t\t\t\t\t<\/div>\n\t\t<\/div>\n\t\t\t\t\t<\/div>\n\t\t<\/section>\n\t\t\t\t<section class=\"elementor-section elementor-inner-section elementor-element elementor-element-18c5c28 elementor-section-boxed elementor-section-height-default elementor-section-height-default elementor-invisible\" data-id=\"18c5c28\" data-element_type=\"section\" data-e-type=\"section\" data-settings=\"{&quot;animation&quot;:&quot;fadeInUp&quot;}\">\n\t\t\t\t\t\t<div class=\"elementor-container elementor-column-gap-default\">\n\t\t\t\t\t<div class=\"elementor-column elementor-col-100 elementor-inner-column elementor-element elementor-element-b50310b\" data-id=\"b50310b\" data-element_type=\"column\" data-e-type=\"column\">\n\t\t\t<div class=\"elementor-widget-wrap elementor-element-populated\">\n\t\t\t\t\t\t<div class=\"elementor-element elementor-element-334f913 elementor-widget elementor-widget-heading\" data-id=\"334f913\" data-element_type=\"widget\" data-e-type=\"widget\" data-widget_type=\"heading.default\">\n\t\t\t\t<div class=\"elementor-widget-container\">\n\t\t\t\t\t<h3 class=\"elementor-heading-title elementor-size-default\">Corpo Docente<\/h3>\t\t\t\t<\/div>\n\t\t\t\t<\/div>\n\t\t\t\t<div class=\"elementor-element elementor-element-84d2900 elementor-widget__width-initial elementor-widget-mobile__width-inherit elementor-widget elementor-widget-text-editor\" data-id=\"84d2900\" data-element_type=\"widget\" data-e-type=\"widget\" data-widget_type=\"text-editor.default\">\n\t\t\t\t<div class=\"elementor-widget-container\">\n\t\t\t\t\t\t\t\t\t<p class=\"p1\">Profissionais com s\u00f3lida forma\u00e7\u00e3o acad\u00eamica e ampla atua\u00e7\u00e3o em empresas e consultorias nacionais e internacionais.<\/p><p class=\"p1\">Unem teoria e pr\u00e1tica para proporcionar uma <span class=\"s1\"><b>forma\u00e7\u00e3o de excel\u00eancia<\/b><\/span>, com estudos aplic\u00e1veis \u00e0 realidade do setor.<\/p><p class=\"p1\">*O curso pode incluir docentes convidados ou altera\u00e7\u00f5es por motivo de for\u00e7a maior.<\/p>\t\t\t\t\t\t\t\t<\/div>\n\t\t\t\t<\/div>\n\t\t\t\t\t<\/div>\n\t\t<\/div>\n\t\t\t\t\t<\/div>\n\t\t<\/section>\n\t\t\t\t\t<\/div>\n\t\t<\/div>\n\t\t\t\t<div class=\"elementor-column elementor-col-33 elementor-top-column elementor-element elementor-element-95f138b\" data-id=\"95f138b\" data-element_type=\"column\" data-e-type=\"column\" data-settings=\"{&quot;background_background&quot;:&quot;classic&quot;}\">\n\t\t\t<div class=\"elementor-widget-wrap elementor-element-populated\">\n\t\t\t\t\t\t<section class=\"elementor-section elementor-inner-section elementor-element elementor-element-dc3b6b5 elementor-section-boxed elementor-section-height-default elementor-section-height-default elementor-invisible\" data-id=\"dc3b6b5\" data-element_type=\"section\" data-e-type=\"section\" data-settings=\"{&quot;animation&quot;:&quot;fadeInUp&quot;}\">\n\t\t\t\t\t\t<div class=\"elementor-container elementor-column-gap-default\">\n\t\t\t\t\t<div class=\"elementor-column elementor-col-100 elementor-inner-column elementor-element elementor-element-d9d791f\" data-id=\"d9d791f\" data-element_type=\"column\" data-e-type=\"column\">\n\t\t\t<div class=\"elementor-widget-wrap elementor-element-populated\">\n\t\t\t\t\t\t<div class=\"elementor-element elementor-element-4f16029 elementor-widget elementor-widget-heading\" data-id=\"4f16029\" data-element_type=\"widget\" data-e-type=\"widget\" data-widget_type=\"heading.default\">\n\t\t\t\t<div class=\"elementor-widget-container\">\n\t\t\t\t\t<h3 class=\"elementor-heading-title elementor-size-default\">Intera\u00e7\u00e3o<\/h3>\t\t\t\t<\/div>\n\t\t\t\t<\/div>\n\t\t\t\t<div class=\"elementor-element elementor-element-f5a1a6c elementor-widget__width-initial elementor-widget-mobile__width-inherit elementor-widget elementor-widget-text-editor\" data-id=\"f5a1a6c\" data-element_type=\"widget\" data-e-type=\"widget\" data-widget_type=\"text-editor.default\">\n\t\t\t\t<div class=\"elementor-widget-container\">\n\t\t\t\t\t\t\t\t\t\u2022 Aulas ao vivo via plataforma ZOOM, com espa\u00e7os para debate e troca entre professores e participantes.\t\t\t\t\t\t\t\t<\/div>\n\t\t\t\t<\/div>\n\t\t\t\t\t<\/div>\n\t\t<\/div>\n\t\t\t\t\t<\/div>\n\t\t<\/section>\n\t\t\t\t<section class=\"elementor-section elementor-inner-section elementor-element elementor-element-5dfce4c elementor-section-boxed elementor-section-height-default elementor-section-height-default elementor-invisible\" data-id=\"5dfce4c\" data-element_type=\"section\" data-e-type=\"section\" data-settings=\"{&quot;animation&quot;:&quot;fadeInUp&quot;}\">\n\t\t\t\t\t\t<div class=\"elementor-container elementor-column-gap-default\">\n\t\t\t\t\t<div class=\"elementor-column elementor-col-100 elementor-inner-column elementor-element elementor-element-27176d2\" data-id=\"27176d2\" data-element_type=\"column\" data-e-type=\"column\">\n\t\t\t<div class=\"elementor-widget-wrap elementor-element-populated\">\n\t\t\t\t\t\t<div class=\"elementor-element elementor-element-dabe034 elementor-widget elementor-widget-heading\" data-id=\"dabe034\" data-element_type=\"widget\" data-e-type=\"widget\" data-widget_type=\"heading.default\">\n\t\t\t\t<div class=\"elementor-widget-container\">\n\t\t\t\t\t<h3 class=\"elementor-heading-title elementor-size-default\">O que oferecemos<\/h3>\t\t\t\t<\/div>\n\t\t\t\t<\/div>\n\t\t\t\t<div class=\"elementor-element elementor-element-31f9a59 elementor-widget__width-initial elementor-widget-mobile__width-inherit elementor-widget elementor-widget-text-editor\" data-id=\"31f9a59\" data-element_type=\"widget\" data-e-type=\"widget\" data-widget_type=\"text-editor.default\">\n\t\t\t\t<div class=\"elementor-widget-container\">\n\t\t\t\t\t\t\t\t\t<p>\u2022 Material did\u00e1tico acess\u00edvel online (NUVEM)<br \/>\u2022 Discuss\u00f5es conduzidas com foco na realidade dos alunos<br \/>\u2022 Simula\u00e7\u00f5es e estudos de caso<br \/>\u2022 Est\u00edmulo \u00e0 participa\u00e7\u00e3o ativa<\/p><p>\u26a0\ufe0f Importante: As aulas s\u00e3o gravadas para o nosso regime interno e n\u00e3o ser\u00e3o disponibilizadas para serem assistidas depois<\/p>\t\t\t\t\t\t\t\t<\/div>\n\t\t\t\t<\/div>\n\t\t\t\t\t<\/div>\n\t\t<\/div>\n\t\t\t\t\t<\/div>\n\t\t<\/section>\n\t\t\t\t\t<\/div>\n\t\t<\/div>\n\t\t\t\t<div class=\"elementor-column elementor-col-33 elementor-top-column elementor-element elementor-element-67511c6\" data-id=\"67511c6\" data-element_type=\"column\" data-e-type=\"column\" data-settings=\"{&quot;background_background&quot;:&quot;classic&quot;}\">\n\t\t\t<div class=\"elementor-widget-wrap elementor-element-populated\">\n\t\t\t\t\t\t<section class=\"elementor-section elementor-inner-section elementor-element elementor-element-f00577d elementor-section-boxed elementor-section-height-default elementor-section-height-default elementor-invisible\" data-id=\"f00577d\" data-element_type=\"section\" data-e-type=\"section\" data-settings=\"{&quot;animation&quot;:&quot;fadeInUp&quot;}\">\n\t\t\t\t\t\t<div class=\"elementor-container elementor-column-gap-default\">\n\t\t\t\t\t<div class=\"elementor-column elementor-col-100 elementor-inner-column elementor-element elementor-element-d79a5d9\" data-id=\"d79a5d9\" data-element_type=\"column\" data-e-type=\"column\">\n\t\t\t<div class=\"elementor-widget-wrap elementor-element-populated\">\n\t\t\t\t\t\t<div class=\"elementor-element elementor-element-27c0640 elementor-widget elementor-widget-heading\" data-id=\"27c0640\" data-element_type=\"widget\" data-e-type=\"widget\" data-widget_type=\"heading.default\">\n\t\t\t\t<div class=\"elementor-widget-container\">\n\t\t\t\t\t<h3 class=\"elementor-heading-title elementor-size-default\">Aplicabilidade Imediata<\/h3>\t\t\t\t<\/div>\n\t\t\t\t<\/div>\n\t\t\t\t<div class=\"elementor-element elementor-element-b7741c8 elementor-widget__width-initial elementor-widget-mobile__width-inherit elementor-widget elementor-widget-text-editor\" data-id=\"b7741c8\" data-element_type=\"widget\" data-e-type=\"widget\" data-widget_type=\"text-editor.default\">\n\t\t\t\t<div class=\"elementor-widget-container\">\n\t\t\t\t\t\t\t\t\t<p>Conte\u00fado alinhado \u00e0s melhores pr\u00e1ticas do mercado, com abordagem pr\u00e1tica e rigor acad\u00eamico.<\/p>\t\t\t\t\t\t\t\t<\/div>\n\t\t\t\t<\/div>\n\t\t\t\t\t<\/div>\n\t\t<\/div>\n\t\t\t\t\t<\/div>\n\t\t<\/section>\n\t\t\t\t<section class=\"elementor-section elementor-inner-section elementor-element elementor-element-bb4afc2 elementor-section-boxed elementor-section-height-default elementor-section-height-default elementor-invisible\" data-id=\"bb4afc2\" data-element_type=\"section\" data-e-type=\"section\" data-settings=\"{&quot;animation&quot;:&quot;fadeInUp&quot;}\">\n\t\t\t\t\t\t<div class=\"elementor-container elementor-column-gap-default\">\n\t\t\t\t\t<div class=\"elementor-column elementor-col-100 elementor-inner-column elementor-element elementor-element-fb707bb\" data-id=\"fb707bb\" data-element_type=\"column\" data-e-type=\"column\">\n\t\t\t<div class=\"elementor-widget-wrap elementor-element-populated\">\n\t\t\t\t\t\t<div class=\"elementor-element elementor-element-4ac25e1 elementor-widget elementor-widget-heading\" data-id=\"4ac25e1\" data-element_type=\"widget\" data-e-type=\"widget\" data-widget_type=\"heading.default\">\n\t\t\t\t<div class=\"elementor-widget-container\">\n\t\t\t\t\t<h3 class=\"elementor-heading-title elementor-size-default\">Certifica\u00e7\u00e3o<\/h3>\t\t\t\t<\/div>\n\t\t\t\t<\/div>\n\t\t\t\t<div class=\"elementor-element elementor-element-8b1dba7 elementor-widget__width-initial elementor-widget-mobile__width-inherit elementor-widget elementor-widget-text-editor\" data-id=\"8b1dba7\" data-element_type=\"widget\" data-e-type=\"widget\" data-widget_type=\"text-editor.default\">\n\t\t\t\t<div class=\"elementor-widget-container\">\n\t\t\t\t\t\t\t\t\t<p>Certificado oficial emitido pelo TMA Brasil, mediante presen\u00e7a m\u00ednima de 70% nas aulas ao vivo.<\/p>\t\t\t\t\t\t\t\t<\/div>\n\t\t\t\t<\/div>\n\t\t\t\t\t<\/div>\n\t\t<\/div>\n\t\t\t\t\t<\/div>\n\t\t<\/section>\n\t\t\t\t\t<\/div>\n\t\t<\/div>\n\t\t\t\t\t<\/div>\n\t\t<\/section>\n\t\t\t\t<section class=\"elementor-section elementor-top-section elementor-element elementor-element-70991344 elementor-section-boxed elementor-section-height-default elementor-section-height-default\" data-id=\"70991344\" data-element_type=\"section\" data-e-type=\"section\" data-settings=\"{&quot;background_background&quot;:&quot;classic&quot;}\">\n\t\t\t\t\t\t\t<div class=\"elementor-background-overlay\"><\/div>\n\t\t\t\t\t\t\t<div class=\"elementor-container elementor-column-gap-default\">\n\t\t\t\t\t<div class=\"elementor-column elementor-col-100 elementor-top-column elementor-element elementor-element-b44d54b\" data-id=\"b44d54b\" data-element_type=\"column\" data-e-type=\"column\">\n\t\t\t<div class=\"elementor-widget-wrap elementor-element-populated\">\n\t\t\t\t<div class=\"elementor-element elementor-element-122cdb6 e-flex e-con-boxed e-con e-parent\" data-id=\"122cdb6\" data-element_type=\"container\" data-e-type=\"container\">\n\t\t\t\t\t<div class=\"e-con-inner\">\n\t\t<div class=\"elementor-element elementor-element-7f008e9 e-con-full e-flex e-con e-child\" data-id=\"7f008e9\" data-element_type=\"container\" data-e-type=\"container\">\n\t\t\t\t<div class=\"elementor-element elementor-element-662ad3e elementor-widget__width-initial elementor-widget-mobile__width-auto elementor-widget elementor-widget-heading\" data-id=\"662ad3e\" data-element_type=\"widget\" data-e-type=\"widget\" data-widget_type=\"heading.default\">\n\t\t\t\t<div class=\"elementor-widget-container\">\n\t\t\t\t\t<h6 class=\"elementor-heading-title elementor-size-default\">quem somos<\/h6>\t\t\t\t<\/div>\n\t\t\t\t<\/div>\n\t\t\t\t<div class=\"elementor-element elementor-element-9398804 elementor-widget elementor-widget-heading\" data-id=\"9398804\" data-element_type=\"widget\" data-e-type=\"widget\" data-widget_type=\"heading.default\">\n\t\t\t\t<div class=\"elementor-widget-container\">\n\t\t\t\t\t<h3 class=\"elementor-heading-title elementor-size-default\">TMA BRASIL<\/h3>\t\t\t\t<\/div>\n\t\t\t\t<\/div>\n\t\t\t\t<div class=\"elementor-element elementor-element-e8bdbef elementor-absolute elementor-widget elementor-widget-heading\" data-id=\"e8bdbef\" data-element_type=\"widget\" data-e-type=\"widget\" data-settings=\"{&quot;_position&quot;:&quot;absolute&quot;}\" data-widget_type=\"heading.default\">\n\t\t\t\t<div class=\"elementor-widget-container\">\n\t\t\t\t\t<h3 class=\"elementor-heading-title elementor-size-default\">TMA<\/h3>\t\t\t\t<\/div>\n\t\t\t\t<\/div>\n\t\t\t\t<\/div>\n\t\t<div class=\"elementor-element elementor-element-4b2e368 e-con-full e-flex e-con e-child\" data-id=\"4b2e368\" data-element_type=\"container\" data-e-type=\"container\">\n\t\t\t\t<div class=\"elementor-element elementor-element-bc30019 elementor-widget elementor-widget-text-editor\" data-id=\"bc30019\" data-element_type=\"widget\" data-e-type=\"widget\" data-widget_type=\"text-editor.default\">\n\t\t\t\t<div class=\"elementor-widget-container\">\n\t\t\t\t\t\t\t\t\t<p>A TMA Brasil \u00e9 representante brasileira da Turnaround Management Association, a mais prestigiosa associa\u00e7\u00e3o mundial reunindo profissionais envolvidos com recupera\u00e7\u00e3o da performance e do valor em empresas e organiza\u00e7\u00f5es em geral.<\/p><p>Seus membros incluem administradores, gestores, investidores, financiadores, advogados, consultores, contabilistas, assessores, magistrados, administradores judiciais, professores, estudantes e todos os profissionais engajados na gera\u00e7\u00e3o de valor nos processos de reestrutura\u00e7\u00e3o, recupera\u00e7\u00e3o ou de liquida\u00e7\u00e3o de empresas.<\/p><p>Estes profissionais trabalham sob o c\u00f3digo de \u00e9tica da TMA e dedicam parte de seu tempo para desenvolver o tema da gest\u00e3o da reestrutura\u00e7\u00e3o e recupera\u00e7\u00e3o de empresas que passam por momentos de desafio operacional ou crise financeira. Promovem as melhores pr\u00e1ticas por meio de semin\u00e1rios e publica\u00e7\u00f5es, capacitando profissionais envolvidos com o turnaround management, e contribuindo para a evolu\u00e7\u00e3o da pr\u00e1tica nos aspectos de gest\u00e3o, financeiros e legislativos.<\/p><p>A credibilidade da TMA Brasil, reconhecida com o status de OSCIP no Brasil, se fundamenta em 25 anos de experi\u00eancia internacional, reunindo as melhores empresas e profissionais dedicados \u00e0 reestrutura\u00e7\u00e3o e recupera\u00e7\u00e3o de empresas.<\/p><p><a style=\"color: white; text-decoration: none;\" href=\"https:\/\/tmabrasil.org\" target=\"_blank\" rel=\"noopener\"><br \/>Para saber mais, acesse: www.tmabrasil.org<\/a><\/p>\t\t\t\t\t\t\t\t<\/div>\n\t\t\t\t<\/div>\n\t\t\t\t<\/div>\n\t\t\t\t\t<\/div>\n\t\t\t\t<\/div>\n\t\t\t\t\t<\/div>\n\t\t<\/div>\n\t\t\t\t\t<\/div>\n\t\t<\/section>\n\t\t\t\t<section class=\"elementor-section elementor-top-section elementor-element elementor-element-10076f8d professores elementor-hidden-desktop elementor-hidden-tablet elementor-hidden-mobile elementor-section-boxed elementor-section-height-default elementor-section-height-default\" data-id=\"10076f8d\" data-element_type=\"section\" data-e-type=\"section\" id=\"professores\" data-settings=\"{&quot;background_background&quot;:&quot;classic&quot;}\">\n\t\t\t\t\t\t<div class=\"elementor-container elementor-column-gap-default\">\n\t\t\t\t\t<div class=\"elementor-column elementor-col-100 elementor-top-column elementor-element elementor-element-1ddd9f6e\" data-id=\"1ddd9f6e\" data-element_type=\"column\" data-e-type=\"column\">\n\t\t\t<div class=\"elementor-widget-wrap elementor-element-populated\">\n\t\t\t\t\t\t<section class=\"elementor-section elementor-inner-section elementor-element elementor-element-78313feb elementor-hidden-desktop elementor-hidden-tablet elementor-hidden-mobile elementor-section-boxed elementor-section-height-default elementor-section-height-default elementor-invisible\" data-id=\"78313feb\" data-element_type=\"section\" data-e-type=\"section\" id=\"palestrantes\" data-settings=\"{&quot;animation&quot;:&quot;fadeInUp&quot;}\">\n\t\t\t\t\t\t<div class=\"elementor-container elementor-column-gap-default\">\n\t\t\t\t\t<div class=\"elementor-column elementor-col-100 elementor-inner-column elementor-element elementor-element-6701211\" data-id=\"6701211\" data-element_type=\"column\" data-e-type=\"column\">\n\t\t\t<div class=\"elementor-widget-wrap elementor-element-populated\">\n\t\t\t\t\t\t<div class=\"elementor-element elementor-element-954f62a elementor-widget__width-auto elementor-widget-mobile__width-auto elementor-widget elementor-widget-heading\" data-id=\"954f62a\" data-element_type=\"widget\" data-e-type=\"widget\" data-widget_type=\"heading.default\">\n\t\t\t\t<div class=\"elementor-widget-container\">\n\t\t\t\t\t<h6 class=\"elementor-heading-title elementor-size-default\">Teachers<\/h6>\t\t\t\t<\/div>\n\t\t\t\t<\/div>\n\t\t\t\t<div class=\"elementor-element elementor-element-122db4da elementor-widget elementor-widget-heading\" data-id=\"122db4da\" data-element_type=\"widget\" data-e-type=\"widget\" data-widget_type=\"heading.default\">\n\t\t\t\t<div class=\"elementor-widget-container\">\n\t\t\t\t\t<h3 class=\"elementor-heading-title elementor-size-default\">Professores<\/h3>\t\t\t\t<\/div>\n\t\t\t\t<\/div>\n\t\t\t\t\t<\/div>\n\t\t<\/div>\n\t\t\t\t\t<\/div>\n\t\t<\/section>\n\t\t\t\t<section class=\"elementor-section elementor-inner-section elementor-element elementor-element-9253da0 elementor-section-boxed elementor-section-height-default elementor-section-height-default elementor-invisible\" data-id=\"9253da0\" data-element_type=\"section\" data-e-type=\"section\" data-settings=\"{&quot;animation&quot;:&quot;fadeInUp&quot;}\">\n\t\t\t\t\t\t<div class=\"elementor-container elementor-column-gap-default\">\n\t\t\t\t\t<div class=\"elementor-column elementor-col-50 elementor-inner-column elementor-element elementor-element-8cf4023\" data-id=\"8cf4023\" data-element_type=\"column\" data-e-type=\"column\">\n\t\t\t<div class=\"elementor-widget-wrap elementor-element-populated\">\n\t\t\t\t\t\t<div class=\"elementor-element elementor-element-66ca48f elementor-widget elementor-widget-image\" data-id=\"66ca48f\" data-element_type=\"widget\" data-e-type=\"widget\" data-widget_type=\"image.default\">\n\t\t\t\t<div class=\"elementor-widget-container\">\n\t\t\t\t\t\t\t\t\t\t\t\t\t\t\t<img loading=\"lazy\" decoding=\"async\" width=\"500\" height=\"500\" src=\"https:\/\/tmabrasil.org\/evento\/wp-content\/uploads\/2025\/07\/Adriana-Pugliesi.png\" class=\"elementor-animation-float attachment-full size-full wp-image-3207\" alt=\"\" srcset=\"https:\/\/tmabrasil.org\/evento\/wp-content\/uploads\/2025\/07\/Adriana-Pugliesi.png 500w, https:\/\/tmabrasil.org\/evento\/wp-content\/uploads\/2025\/07\/Adriana-Pugliesi-300x300.png 300w, https:\/\/tmabrasil.org\/evento\/wp-content\/uploads\/2025\/07\/Adriana-Pugliesi-150x150.png 150w\" sizes=\"(max-width: 500px) 100vw, 500px\" \/>\t\t\t\t\t\t\t\t\t\t\t\t\t\t\t<\/div>\n\t\t\t\t<\/div>\n\t\t\t\t\t<\/div>\n\t\t<\/div>\n\t\t\t\t<div class=\"elementor-column elementor-col-50 elementor-inner-column elementor-element elementor-element-1fb69fe\" data-id=\"1fb69fe\" data-element_type=\"column\" data-e-type=\"column\">\n\t\t\t<div class=\"elementor-widget-wrap elementor-element-populated\">\n\t\t\t\t\t\t<div class=\"elementor-element elementor-element-d4b16f5 elementor-widget elementor-widget-heading\" data-id=\"d4b16f5\" data-element_type=\"widget\" data-e-type=\"widget\" data-widget_type=\"heading.default\">\n\t\t\t\t<div class=\"elementor-widget-container\">\n\t\t\t\t\t<h4 class=\"elementor-heading-title elementor-size-default\">Adriana Pugliesi\n<\/h4>\t\t\t\t<\/div>\n\t\t\t\t<\/div>\n\t\t\t\t<div class=\"elementor-element elementor-element-1a889da elementor-widget elementor-widget-heading\" data-id=\"1a889da\" data-element_type=\"widget\" data-e-type=\"widget\" data-widget_type=\"heading.default\">\n\t\t\t\t<div class=\"elementor-widget-container\">\n\t\t\t\t\t<span class=\"elementor-heading-title elementor-size-default\">Professora de Direito Empresarial na FGV-SP\n<\/span>\t\t\t\t<\/div>\n\t\t\t\t<\/div>\n\t\t\t\t<div class=\"elementor-element elementor-element-969ab2b elementor-widget elementor-widget-text-editor\" data-id=\"969ab2b\" data-element_type=\"widget\" data-e-type=\"widget\" data-widget_type=\"text-editor.default\">\n\t\t\t\t<div class=\"elementor-widget-container\">\n\t\t\t\t\t\t\t\t\t<p><span style=\"font-weight: 400;\">Doutora em Direito Comercial, Faculdade de Direito da USP (2012). Mestre em Direito Comercial, Faculdade de Direito da USP (2009). Bacharel em Direito pela USP (1989). Advogada na \u00e1rea de Direito Empresarial. Professora do Curso Direito Empresarial (Societ\u00e1rio Lato-Sensu), promovido pelo Instituto Internacional de Ci\u00eancias Sociais \u2013 IICS-CEU, desde 2007. Professora do Curso de Direito Empresarial pelo Programa de P\u00f3s-Gradua\u00e7\u00e3o Lato Sensu da FGV Direito SP (FGV LAW), na cidade de S\u00e3o Paulo, desde 2008. Professora do Curso de Especializa\u00e7\u00e3o em Direito Empresarial lato sensu da EPM \u2013 Escola Paulista da Magistratura, desde 2014. Publica\u00e7\u00e3o: \u201cDireito falimentar e preserva\u00e7\u00e3o da empresa\u201d, Editora Quartier Latin, S\u00e3o Paulo, 2.013. Associada fundadora do IBR \u2013 Instituto Brasileiro de Recupera\u00e7\u00e3o de Empresas em Crise.<\/span><\/p>\t\t\t\t\t\t\t\t<\/div>\n\t\t\t\t<\/div>\n\t\t\t\t\t<\/div>\n\t\t<\/div>\n\t\t\t\t\t<\/div>\n\t\t<\/section>\n\t\t\t\t<section class=\"elementor-section elementor-inner-section elementor-element elementor-element-c032b49 elementor-section-boxed elementor-section-height-default elementor-section-height-default elementor-invisible\" data-id=\"c032b49\" data-element_type=\"section\" data-e-type=\"section\" data-settings=\"{&quot;animation&quot;:&quot;fadeInUp&quot;}\">\n\t\t\t\t\t\t<div class=\"elementor-container elementor-column-gap-default\">\n\t\t\t\t\t<div class=\"elementor-column elementor-col-50 elementor-inner-column elementor-element elementor-element-a2a5034\" data-id=\"a2a5034\" data-element_type=\"column\" data-e-type=\"column\">\n\t\t\t<div class=\"elementor-widget-wrap elementor-element-populated\">\n\t\t\t\t\t\t<div class=\"elementor-element elementor-element-cd36a75 elementor-widget elementor-widget-image\" data-id=\"cd36a75\" data-element_type=\"widget\" data-e-type=\"widget\" data-widget_type=\"image.default\">\n\t\t\t\t<div class=\"elementor-widget-container\">\n\t\t\t\t\t\t\t\t\t\t\t\t\t\t\t<img loading=\"lazy\" decoding=\"async\" width=\"500\" height=\"500\" src=\"https:\/\/tmabrasil.org\/evento\/wp-content\/uploads\/2025\/07\/Abdre.png\" class=\"elementor-animation-float attachment-full size-full wp-image-2953\" alt=\"\" srcset=\"https:\/\/tmabrasil.org\/evento\/wp-content\/uploads\/2025\/07\/Abdre.png 500w, https:\/\/tmabrasil.org\/evento\/wp-content\/uploads\/2025\/07\/Abdre-300x300.png 300w, https:\/\/tmabrasil.org\/evento\/wp-content\/uploads\/2025\/07\/Abdre-150x150.png 150w\" sizes=\"(max-width: 500px) 100vw, 500px\" \/>\t\t\t\t\t\t\t\t\t\t\t\t\t\t\t<\/div>\n\t\t\t\t<\/div>\n\t\t\t\t\t<\/div>\n\t\t<\/div>\n\t\t\t\t<div class=\"elementor-column elementor-col-50 elementor-inner-column elementor-element elementor-element-5f9a026\" data-id=\"5f9a026\" data-element_type=\"column\" data-e-type=\"column\">\n\t\t\t<div class=\"elementor-widget-wrap elementor-element-populated\">\n\t\t\t\t\t\t<div class=\"elementor-element elementor-element-654b03e elementor-widget elementor-widget-heading\" data-id=\"654b03e\" data-element_type=\"widget\" data-e-type=\"widget\" data-widget_type=\"heading.default\">\n\t\t\t\t<div class=\"elementor-widget-container\">\n\t\t\t\t\t<h4 class=\"elementor-heading-title elementor-size-default\">Andr\u00e9 Marques\n<\/h4>\t\t\t\t<\/div>\n\t\t\t\t<\/div>\n\t\t\t\t<div class=\"elementor-element elementor-element-b4fdfd1 elementor-widget elementor-widget-heading\" data-id=\"b4fdfd1\" data-element_type=\"widget\" data-e-type=\"widget\" data-widget_type=\"heading.default\">\n\t\t\t\t<div class=\"elementor-widget-container\">\n\t\t\t\t\t<span class=\"elementor-heading-title elementor-size-default\">S\u00f3cio Pinheiro Neto Advogados\n<\/span>\t\t\t\t<\/div>\n\t\t\t\t<\/div>\n\t\t\t\t<div class=\"elementor-element elementor-element-8765e6a elementor-widget elementor-widget-text-editor\" data-id=\"8765e6a\" data-element_type=\"widget\" data-e-type=\"widget\" data-widget_type=\"text-editor.default\">\n\t\t\t\t<div class=\"elementor-widget-container\">\n\t\t\t\t\t\t\t\t\t<p><span style=\"font-weight: 400;\">Integrante de Pinheiro Neto Advogados desde 2002 e trabalha no escrit\u00f3rio de S\u00e3o Paulo. Atua nas \u00e1reas de Recupera\u00e7\u00e3o de Empresas e Fal\u00eancias e Contencioso Civil e Comercial. \u00c9 formado em Direito pela Universidade de S\u00e3o Paulo (USP 2004) e cursou mestrado em Direito (LL.M.) na Columbia Law School (2013). Trabalhou no escrit\u00f3rio americano Cleary Gottlieb Steen &amp; Hamilton, em Nova York, entre 2013 e 2014. Inscrito na Ordem dos Advogados do Brasil desde 2005.<\/span><\/p>\t\t\t\t\t\t\t\t<\/div>\n\t\t\t\t<\/div>\n\t\t\t\t\t<\/div>\n\t\t<\/div>\n\t\t\t\t\t<\/div>\n\t\t<\/section>\n\t\t\t\t<section class=\"elementor-section elementor-inner-section elementor-element elementor-element-b83bede elementor-section-boxed elementor-section-height-default elementor-section-height-default elementor-invisible\" data-id=\"b83bede\" data-element_type=\"section\" data-e-type=\"section\" data-settings=\"{&quot;animation&quot;:&quot;fadeInUp&quot;}\">\n\t\t\t\t\t\t<div class=\"elementor-container elementor-column-gap-default\">\n\t\t\t\t\t<div class=\"elementor-column elementor-col-50 elementor-inner-column elementor-element elementor-element-3a48ce4\" data-id=\"3a48ce4\" data-element_type=\"column\" data-e-type=\"column\">\n\t\t\t<div class=\"elementor-widget-wrap elementor-element-populated\">\n\t\t\t\t\t\t<div class=\"elementor-element elementor-element-1225432 elementor-widget elementor-widget-image\" data-id=\"1225432\" data-element_type=\"widget\" data-e-type=\"widget\" data-widget_type=\"image.default\">\n\t\t\t\t<div class=\"elementor-widget-container\">\n\t\t\t\t\t\t\t\t\t\t\t\t\t\t\t<img loading=\"lazy\" decoding=\"async\" width=\"500\" height=\"500\" src=\"https:\/\/tmabrasil.org\/evento\/wp-content\/uploads\/2025\/07\/eduardo.png\" class=\"elementor-animation-float attachment-full size-full wp-image-2954\" alt=\"\" srcset=\"https:\/\/tmabrasil.org\/evento\/wp-content\/uploads\/2025\/07\/eduardo.png 500w, https:\/\/tmabrasil.org\/evento\/wp-content\/uploads\/2025\/07\/eduardo-300x300.png 300w, https:\/\/tmabrasil.org\/evento\/wp-content\/uploads\/2025\/07\/eduardo-150x150.png 150w\" sizes=\"(max-width: 500px) 100vw, 500px\" \/>\t\t\t\t\t\t\t\t\t\t\t\t\t\t\t<\/div>\n\t\t\t\t<\/div>\n\t\t\t\t\t<\/div>\n\t\t<\/div>\n\t\t\t\t<div class=\"elementor-column elementor-col-50 elementor-inner-column elementor-element elementor-element-1554e67\" data-id=\"1554e67\" data-element_type=\"column\" data-e-type=\"column\">\n\t\t\t<div class=\"elementor-widget-wrap elementor-element-populated\">\n\t\t\t\t\t\t<div class=\"elementor-element elementor-element-b7ae5d6 elementor-widget elementor-widget-heading\" data-id=\"b7ae5d6\" data-element_type=\"widget\" data-e-type=\"widget\" data-widget_type=\"heading.default\">\n\t\t\t\t<div class=\"elementor-widget-container\">\n\t\t\t\t\t<h4 class=\"elementor-heading-title elementor-size-default\">Eduardo Seixas\n<\/h4>\t\t\t\t<\/div>\n\t\t\t\t<\/div>\n\t\t\t\t<div class=\"elementor-element elementor-element-6b4ff79 elementor-widget elementor-widget-heading\" data-id=\"6b4ff79\" data-element_type=\"widget\" data-e-type=\"widget\" data-widget_type=\"heading.default\">\n\t\t\t\t<div class=\"elementor-widget-container\">\n\t\t\t\t\t<span class=\"elementor-heading-title elementor-size-default\">Diretor Executivo da Alvarez &amp; Marsal<\/span>\t\t\t\t<\/div>\n\t\t\t\t<\/div>\n\t\t\t\t<div class=\"elementor-element elementor-element-da45ba0 elementor-widget elementor-widget-text-editor\" data-id=\"da45ba0\" data-element_type=\"widget\" data-e-type=\"widget\" data-widget_type=\"text-editor.default\">\n\t\t\t\t<div class=\"elementor-widget-container\">\n\t\t\t\t\t\t\t\t\t<p><span style=\"font-weight: 400;\">Possui mais de 25 anos de experi\u00eancia e \u00e9 especialista em turnarounds, reorienta\u00e7\u00e3o de estrat\u00e9gias de neg\u00f3cios, avalia\u00e7\u00f5es de neg\u00f3cios, negocia\u00e7\u00f5es, estrat\u00e9gias financeiras para reestrutura\u00e7\u00f5es societ\u00e1rias, fus\u00f5es e aquisi\u00e7\u00f5es, planejamento tribut\u00e1rio e privatiza\u00e7\u00f5es. Assessorou acionistas em diversos projetos no Brasil, em setores como varejo, infraestrutura, transporte, telecomunica\u00e7\u00f5es, tecnologia, servi\u00e7os financeiros, sa\u00fade, manufatura e bens de consumo de renomadas empresas brasileiras e internacionais.<\/span><\/p><p><span style=\"font-weight: 400;\">Atualmente, atua como Administrador Judicial (Trustee) de diversos processos de Recupera\u00e7\u00e3o Judicial em S\u00e3o Paulo e no Rio de Janeiro, tais como: Grupo Odebrecht (d\u00edvida total de R$ 98 bilh\u00f5es), Grupo Atvos (d\u00edvida total de R$ 12 bilh\u00f5es), Fal\u00eancia do Banco BVA (d\u00edvida total de R$ 4,5 bilh\u00f5es) e Recupera\u00e7\u00e3o Judicial do Grupo OAS (d\u00edvida total superior a R$ 12 bilh\u00f5es). Recentemente, o Sr. Seixas liderou projetos de reestrutura\u00e7\u00e3o para uma empresa do setor de autope\u00e7as, tr\u00eas construtoras, duas empresas do varejo, entre outras.<\/span><\/p><p>\u00a0<\/p>\t\t\t\t\t\t\t\t<\/div>\n\t\t\t\t<\/div>\n\t\t\t\t\t<\/div>\n\t\t<\/div>\n\t\t\t\t\t<\/div>\n\t\t<\/section>\n\t\t\t\t<section class=\"elementor-section elementor-inner-section elementor-element elementor-element-7118b03 elementor-section-boxed elementor-section-height-default elementor-section-height-default elementor-invisible\" data-id=\"7118b03\" data-element_type=\"section\" data-e-type=\"section\" data-settings=\"{&quot;animation&quot;:&quot;fadeInUp&quot;}\">\n\t\t\t\t\t\t<div class=\"elementor-container elementor-column-gap-default\">\n\t\t\t\t\t<div class=\"elementor-column elementor-col-50 elementor-inner-column elementor-element elementor-element-1eb3eaf\" data-id=\"1eb3eaf\" data-element_type=\"column\" data-e-type=\"column\">\n\t\t\t<div class=\"elementor-widget-wrap elementor-element-populated\">\n\t\t\t\t\t\t<div class=\"elementor-element elementor-element-d70a517 elementor-widget elementor-widget-image\" data-id=\"d70a517\" data-element_type=\"widget\" data-e-type=\"widget\" data-widget_type=\"image.default\">\n\t\t\t\t<div class=\"elementor-widget-container\">\n\t\t\t\t\t\t\t\t\t\t\t\t\t\t\t<img loading=\"lazy\" decoding=\"async\" width=\"500\" height=\"500\" src=\"https:\/\/tmabrasil.org\/evento\/wp-content\/uploads\/2025\/07\/Fabiana-Solano.png\" class=\"elementor-animation-float attachment-full size-full wp-image-3208\" alt=\"\" srcset=\"https:\/\/tmabrasil.org\/evento\/wp-content\/uploads\/2025\/07\/Fabiana-Solano.png 500w, https:\/\/tmabrasil.org\/evento\/wp-content\/uploads\/2025\/07\/Fabiana-Solano-300x300.png 300w, https:\/\/tmabrasil.org\/evento\/wp-content\/uploads\/2025\/07\/Fabiana-Solano-150x150.png 150w\" sizes=\"(max-width: 500px) 100vw, 500px\" \/>\t\t\t\t\t\t\t\t\t\t\t\t\t\t\t<\/div>\n\t\t\t\t<\/div>\n\t\t\t\t\t<\/div>\n\t\t<\/div>\n\t\t\t\t<div class=\"elementor-column elementor-col-50 elementor-inner-column elementor-element elementor-element-e4ead45\" data-id=\"e4ead45\" data-element_type=\"column\" data-e-type=\"column\">\n\t\t\t<div class=\"elementor-widget-wrap elementor-element-populated\">\n\t\t\t\t\t\t<div class=\"elementor-element elementor-element-ff19c99 elementor-widget elementor-widget-heading\" data-id=\"ff19c99\" data-element_type=\"widget\" data-e-type=\"widget\" data-widget_type=\"heading.default\">\n\t\t\t\t<div class=\"elementor-widget-container\">\n\t\t\t\t\t<h4 class=\"elementor-heading-title elementor-size-default\">Fabiana Solano<\/h4>\t\t\t\t<\/div>\n\t\t\t\t<\/div>\n\t\t\t\t<div class=\"elementor-element elementor-element-00a9f63 elementor-widget elementor-widget-heading\" data-id=\"00a9f63\" data-element_type=\"widget\" data-e-type=\"widget\" data-widget_type=\"heading.default\">\n\t\t\t\t<div class=\"elementor-widget-container\">\n\t\t\t\t\t<span class=\"elementor-heading-title elementor-size-default\">S\u00f3cia do Felsberg Advogados\n<\/span>\t\t\t\t<\/div>\n\t\t\t\t<\/div>\n\t\t\t\t<div class=\"elementor-element elementor-element-eabf102 elementor-widget elementor-widget-text-editor\" data-id=\"eabf102\" data-element_type=\"widget\" data-e-type=\"widget\" data-widget_type=\"text-editor.default\">\n\t\t\t\t<div class=\"elementor-widget-container\">\n\t\t\t\t\t\t\t\t\t<p><span style=\"font-weight: 400;\">Desde 2011. Formada pela PUC-SP e com LL.M. em\u00a0Stanford, USA. Atua ativamente na representa\u00e7\u00e3o de devedores, credores e investidores em reestrutura\u00e7\u00f5es privadas de d\u00edvidas e processos de recupera\u00e7\u00e3o judicial, extrajudicial e fal\u00eancias. Em mais de 20 anos de atua\u00e7\u00e3o, representou clientes de diversos setores, com destaque para infraestrutura, varejo, energia, agroneg\u00f3cio e mercado financeiro. Participou dos casos mais relevantes de insolv\u00eancia do pa\u00eds desde a entrada em vigor da lei 11.101\/05, alguns deles vencedores ou finalistas do pr\u00eamio\u00a0<\/span><i><span style=\"font-weight: 400;\">Deal of the Year<\/span><\/i><span style=\"font-weight: 400;\">\u00a0da publica\u00e7\u00e3o\u00a0<\/span><i><span style=\"font-weight: 400;\">Latin Lawyer. <\/span><\/i><span style=\"font-weight: 400;\">Antes de se juntar \u00e0 equipe de Reestrutura\u00e7\u00e3o e Insolv\u00eancia, Fabiana coordenou uma das equipes de contencioso estrat\u00e9gico do escrit\u00f3rio. Representou clientes em disputas empresariais e arbitragens nacionais e internacionais. Reconhecida pela Chambers (<\/span><i><span style=\"font-weight: 400;\">Band Three<\/span><\/i><span style=\"font-weight: 400;\">, Bankruptcy\/Restructuring) e IFLR 1000, tamb\u00e9m tem sido indicada pela\u00a0<\/span><i><span style=\"font-weight: 400;\">Latin Lawyer<\/span><\/i><span style=\"font-weight: 400;\">,\u00a0<\/span><i><span style=\"font-weight: 400;\">The Legal 500<\/span><\/i><span style=\"font-weight: 400;\">\u00a0e\u00a0<\/span><i><span style=\"font-weight: 400;\">Leaders League<\/span><\/i><span style=\"font-weight: 400;\">. Possui diversas publica\u00e7\u00f5es sobre temas relevantes na \u00e1rea. <\/span><\/p>\t\t\t\t\t\t\t\t<\/div>\n\t\t\t\t<\/div>\n\t\t\t\t\t<\/div>\n\t\t<\/div>\n\t\t\t\t\t<\/div>\n\t\t<\/section>\n\t\t\t\t<section class=\"elementor-section elementor-inner-section elementor-element elementor-element-818da45 elementor-section-boxed elementor-section-height-default elementor-section-height-default elementor-invisible\" data-id=\"818da45\" data-element_type=\"section\" data-e-type=\"section\" data-settings=\"{&quot;animation&quot;:&quot;fadeInUp&quot;}\">\n\t\t\t\t\t\t<div class=\"elementor-container elementor-column-gap-default\">\n\t\t\t\t\t<div class=\"elementor-column elementor-col-50 elementor-inner-column elementor-element elementor-element-bd7a22c\" data-id=\"bd7a22c\" data-element_type=\"column\" data-e-type=\"column\">\n\t\t\t<div class=\"elementor-widget-wrap elementor-element-populated\">\n\t\t\t\t\t\t<div class=\"elementor-element elementor-element-2279463 elementor-widget elementor-widget-image\" data-id=\"2279463\" data-element_type=\"widget\" data-e-type=\"widget\" data-widget_type=\"image.default\">\n\t\t\t\t<div class=\"elementor-widget-container\">\n\t\t\t\t\t\t\t\t\t\t\t\t\t\t\t<img loading=\"lazy\" decoding=\"async\" width=\"500\" height=\"500\" src=\"https:\/\/tmabrasil.org\/evento\/wp-content\/uploads\/2025\/07\/Fabio-Austraskas.png\" class=\"elementor-animation-float attachment-full size-full wp-image-2955\" alt=\"\" srcset=\"https:\/\/tmabrasil.org\/evento\/wp-content\/uploads\/2025\/07\/Fabio-Austraskas.png 500w, https:\/\/tmabrasil.org\/evento\/wp-content\/uploads\/2025\/07\/Fabio-Austraskas-300x300.png 300w, https:\/\/tmabrasil.org\/evento\/wp-content\/uploads\/2025\/07\/Fabio-Austraskas-150x150.png 150w\" sizes=\"(max-width: 500px) 100vw, 500px\" \/>\t\t\t\t\t\t\t\t\t\t\t\t\t\t\t<\/div>\n\t\t\t\t<\/div>\n\t\t\t\t\t<\/div>\n\t\t<\/div>\n\t\t\t\t<div class=\"elementor-column elementor-col-50 elementor-inner-column elementor-element elementor-element-c97ddaa\" data-id=\"c97ddaa\" data-element_type=\"column\" data-e-type=\"column\">\n\t\t\t<div class=\"elementor-widget-wrap elementor-element-populated\">\n\t\t\t\t\t\t<div class=\"elementor-element elementor-element-7e0cb52 elementor-widget elementor-widget-heading\" data-id=\"7e0cb52\" data-element_type=\"widget\" data-e-type=\"widget\" data-widget_type=\"heading.default\">\n\t\t\t\t<div class=\"elementor-widget-container\">\n\t\t\t\t\t<h4 class=\"elementor-heading-title elementor-size-default\">F\u00e1bio Astrauskas<\/h4>\t\t\t\t<\/div>\n\t\t\t\t<\/div>\n\t\t\t\t<div class=\"elementor-element elementor-element-2706072 elementor-widget elementor-widget-heading\" data-id=\"2706072\" data-element_type=\"widget\" data-e-type=\"widget\" data-widget_type=\"heading.default\">\n\t\t\t\t<div class=\"elementor-widget-container\">\n\t\t\t\t\t<span class=\"elementor-heading-title elementor-size-default\">S\u00f3cio-diretor Siegen Ltda<\/span>\t\t\t\t<\/div>\n\t\t\t\t<\/div>\n\t\t\t\t<div class=\"elementor-element elementor-element-235f50f elementor-widget elementor-widget-text-editor\" data-id=\"235f50f\" data-element_type=\"widget\" data-e-type=\"widget\" data-widget_type=\"text-editor.default\">\n\t\t\t\t<div class=\"elementor-widget-container\">\n\t\t\t\t\t\t\t\t\t<p><span style=\"font-weight: 400;\">F\u00e1bio Bartolozzi Astrauskas (1965), engenheiro (Escola Polit\u00e9cnica \u2013 USP) e economista (FEA-USP), com MBA pela FIA-USP em gest\u00e3o executiva internacional. \u00c9 Mestre em Administra\u00e7\u00e3o pela FEA\u2013USP, com foco em planejamento e administra\u00e7\u00e3o na Recupera\u00e7\u00e3o Judicial, sendo o autor do primeiro estudo acad\u00eamico sobre o tema no Brasil, o qual encontra-se entre os mais visitados no site de teses da USP. No governo federal, foi chefe do setor de inform\u00e1tica da Divis\u00e3o de Arrecada\u00e7\u00e3o da 8a SRF. \u00c9 s\u00f3cio fundador da consultoria Siegen, desde 1996, com diversas experi\u00eancias na recupera\u00e7\u00e3o de empresas em crise. Atua como gestor, principal executivo ou consultor em diversos clientes, sendo tamb\u00e9m, em alguns casos, membro do Conselho Consultivo. Seu foco de atua\u00e7\u00e3o \u00e9 no Turnaround, gest\u00e3o estrat\u00e9gica, sucess\u00e3o, profissionaliza\u00e7\u00e3o de empresas familiares e elabora\u00e7\u00e3o de Planos de Recupera\u00e7\u00e3o Judicial. \u00c9 membro do IBGC \u2013 Instituto Brasileiro de Governan\u00e7a Corporativa. \u00c9 membro fundador e conselheiro fiscal da TMA Brasil, entidade internacional que re\u00fane os mais respeitados profissionais de reestrutura\u00e7\u00e3o de empresas no Brasil e exterior. Na \u00e1rea acad\u00eamica, foi professor adjunto do Centro Universit\u00e1rio FMU na Faculdade de Economia entre 1993 e 1999 e professor convidado do Insper para o curso Turnaround de Empresas desde 2011. Palestrante, autor de v\u00e1rios artigos sobre<\/span><\/p>\t\t\t\t\t\t\t\t<\/div>\n\t\t\t\t<\/div>\n\t\t\t\t\t<\/div>\n\t\t<\/div>\n\t\t\t\t\t<\/div>\n\t\t<\/section>\n\t\t\t\t<section class=\"elementor-section elementor-inner-section elementor-element elementor-element-c2c8f58 elementor-section-boxed elementor-section-height-default elementor-section-height-default elementor-invisible\" data-id=\"c2c8f58\" data-element_type=\"section\" data-e-type=\"section\" data-settings=\"{&quot;animation&quot;:&quot;fadeInUp&quot;}\">\n\t\t\t\t\t\t<div class=\"elementor-container elementor-column-gap-default\">\n\t\t\t\t\t<div class=\"elementor-column elementor-col-50 elementor-inner-column elementor-element elementor-element-79ac3b5\" data-id=\"79ac3b5\" data-element_type=\"column\" data-e-type=\"column\">\n\t\t\t<div class=\"elementor-widget-wrap elementor-element-populated\">\n\t\t\t\t\t\t<div class=\"elementor-element elementor-element-319dab1 elementor-widget elementor-widget-image\" data-id=\"319dab1\" data-element_type=\"widget\" data-e-type=\"widget\" data-widget_type=\"image.default\">\n\t\t\t\t<div class=\"elementor-widget-container\">\n\t\t\t\t\t\t\t\t\t\t\t\t\t\t\t<img loading=\"lazy\" decoding=\"async\" width=\"500\" height=\"500\" src=\"https:\/\/tmabrasil.org\/evento\/wp-content\/uploads\/2025\/07\/Fabio-rosas.png\" class=\"elementor-animation-float attachment-full size-full wp-image-2956\" alt=\"\" srcset=\"https:\/\/tmabrasil.org\/evento\/wp-content\/uploads\/2025\/07\/Fabio-rosas.png 500w, https:\/\/tmabrasil.org\/evento\/wp-content\/uploads\/2025\/07\/Fabio-rosas-300x300.png 300w, https:\/\/tmabrasil.org\/evento\/wp-content\/uploads\/2025\/07\/Fabio-rosas-150x150.png 150w\" sizes=\"(max-width: 500px) 100vw, 500px\" \/>\t\t\t\t\t\t\t\t\t\t\t\t\t\t\t<\/div>\n\t\t\t\t<\/div>\n\t\t\t\t\t<\/div>\n\t\t<\/div>\n\t\t\t\t<div class=\"elementor-column elementor-col-50 elementor-inner-column elementor-element elementor-element-ce55870\" data-id=\"ce55870\" data-element_type=\"column\" data-e-type=\"column\">\n\t\t\t<div class=\"elementor-widget-wrap elementor-element-populated\">\n\t\t\t\t\t\t<div class=\"elementor-element elementor-element-26611bb elementor-widget elementor-widget-heading\" data-id=\"26611bb\" data-element_type=\"widget\" data-e-type=\"widget\" data-widget_type=\"heading.default\">\n\t\t\t\t<div class=\"elementor-widget-container\">\n\t\t\t\t\t<h4 class=\"elementor-heading-title elementor-size-default\">F\u00e1bio Rosas\n<\/h4>\t\t\t\t<\/div>\n\t\t\t\t<\/div>\n\t\t\t\t<div class=\"elementor-element elementor-element-1cf45be elementor-widget elementor-widget-heading\" data-id=\"1cf45be\" data-element_type=\"widget\" data-e-type=\"widget\" data-widget_type=\"heading.default\">\n\t\t\t\t<div class=\"elementor-widget-container\">\n\t\t\t\t\t<span class=\"elementor-heading-title elementor-size-default\">S\u00f3cio, Lefosse \n\n<\/span>\t\t\t\t<\/div>\n\t\t\t\t<\/div>\n\t\t\t\t<div class=\"elementor-element elementor-element-7bb1e88 elementor-widget elementor-widget-text-editor\" data-id=\"7bb1e88\" data-element_type=\"widget\" data-e-type=\"widget\" data-widget_type=\"text-editor.default\">\n\t\t\t\t<div class=\"elementor-widget-container\">\n\t\t\t\t\t\t\t\t\t<p><span style=\"font-weight: 400;\">Ele tem extensa experi\u00eancia em casos judiciais, administrativos e arbitragens, consultoria e media\u00e7\u00e3o empresarial, com foco em recupera\u00e7\u00e3o judicial e extrajudicial de empresas, discuss\u00f5es relacionadas ao direito societ\u00e1rio, contratos e transa\u00e7\u00f5es empresariais, financiamentos e contratos banc\u00e1rios. Representa institui\u00e7\u00f5es financeiras, credores, financiadores e investidores em reestrutura\u00e7\u00e3o de d\u00edvidas, recupera\u00e7\u00e3o de empresas e em fus\u00f5es e aquisi\u00e7\u00f5es e negocia\u00e7\u00e3o de ativos de empresas em recupera\u00e7\u00e3o.<\/span><\/p>\t\t\t\t\t\t\t\t<\/div>\n\t\t\t\t<\/div>\n\t\t\t\t\t<\/div>\n\t\t<\/div>\n\t\t\t\t\t<\/div>\n\t\t<\/section>\n\t\t\t\t<section class=\"elementor-section elementor-inner-section elementor-element elementor-element-b2bcc9e elementor-section-boxed elementor-section-height-default elementor-section-height-default elementor-invisible\" data-id=\"b2bcc9e\" data-element_type=\"section\" data-e-type=\"section\" data-settings=\"{&quot;animation&quot;:&quot;fadeInUp&quot;}\">\n\t\t\t\t\t\t<div class=\"elementor-container elementor-column-gap-default\">\n\t\t\t\t\t<div class=\"elementor-column elementor-col-50 elementor-inner-column elementor-element elementor-element-98bcf16\" data-id=\"98bcf16\" data-element_type=\"column\" data-e-type=\"column\">\n\t\t\t<div class=\"elementor-widget-wrap elementor-element-populated\">\n\t\t\t\t\t\t<div class=\"elementor-element elementor-element-34f3843 elementor-widget elementor-widget-image\" data-id=\"34f3843\" data-element_type=\"widget\" data-e-type=\"widget\" data-widget_type=\"image.default\">\n\t\t\t\t<div class=\"elementor-widget-container\">\n\t\t\t\t\t\t\t\t\t\t\t\t\t\t\t<img loading=\"lazy\" decoding=\"async\" width=\"500\" height=\"500\" src=\"https:\/\/tmabrasil.org\/evento\/wp-content\/uploads\/2025\/07\/Felipe-Vieira.png\" class=\"elementor-animation-float attachment-full size-full wp-image-3231\" alt=\"\" srcset=\"https:\/\/tmabrasil.org\/evento\/wp-content\/uploads\/2025\/07\/Felipe-Vieira.png 500w, https:\/\/tmabrasil.org\/evento\/wp-content\/uploads\/2025\/07\/Felipe-Vieira-300x300.png 300w, https:\/\/tmabrasil.org\/evento\/wp-content\/uploads\/2025\/07\/Felipe-Vieira-150x150.png 150w\" sizes=\"(max-width: 500px) 100vw, 500px\" \/>\t\t\t\t\t\t\t\t\t\t\t\t\t\t\t<\/div>\n\t\t\t\t<\/div>\n\t\t\t\t\t<\/div>\n\t\t<\/div>\n\t\t\t\t<div class=\"elementor-column elementor-col-50 elementor-inner-column elementor-element elementor-element-be71082\" data-id=\"be71082\" data-element_type=\"column\" data-e-type=\"column\">\n\t\t\t<div class=\"elementor-widget-wrap elementor-element-populated\">\n\t\t\t\t\t\t<div class=\"elementor-element elementor-element-3bfe776 elementor-widget elementor-widget-heading\" data-id=\"3bfe776\" data-element_type=\"widget\" data-e-type=\"widget\" data-widget_type=\"heading.default\">\n\t\t\t\t<div class=\"elementor-widget-container\">\n\t\t\t\t\t<h4 class=\"elementor-heading-title elementor-size-default\">Felipe Vieira\n\n<\/h4>\t\t\t\t<\/div>\n\t\t\t\t<\/div>\n\t\t\t\t<div class=\"elementor-element elementor-element-6b61c5d elementor-widget elementor-widget-heading\" data-id=\"6b61c5d\" data-element_type=\"widget\" data-e-type=\"widget\" data-widget_type=\"heading.default\">\n\t\t\t\t<div class=\"elementor-widget-container\">\n\t\t\t\t\t<span class=\"elementor-heading-title elementor-size-default\">S\u00f3cio Loria e Kalansky Advogados\n<\/span>\t\t\t\t<\/div>\n\t\t\t\t<\/div>\n\t\t\t\t<div class=\"elementor-element elementor-element-1dba1e9 elementor-widget elementor-widget-text-editor\" data-id=\"1dba1e9\" data-element_type=\"widget\" data-e-type=\"widget\" data-widget_type=\"text-editor.default\">\n\t\t\t\t<div class=\"elementor-widget-container\">\n\t\t\t\t\t\t\t\t\t<p><span style=\"font-weight: 400;\">Felipe Vieira possui mais de 15 anos de experiencia em lit\u00edgios complexos, tendo atuado em diversos procedimentos transnacionais de insolv\u00eancia na elabora\u00e7\u00e3o e execu\u00e7\u00e3o de estrat\u00e9gia global para recupera\u00e7\u00e3o de ativos desviados e\/ou ocultos por interm\u00e9dio de estruturas onshore\/offshore. Especialista em Direito Processual (IBDP), Especialista em Direito Empresarial (UEL), Master of Laws (LLM) em Direito Societ\u00e1rio (INSPER), membro da comiss\u00e3o de Recupera\u00e7\u00f5es Judiciais e Fal\u00eancias da OAB\/SP, professor convidado TMA \u2013 Turnaround Management Association, palestrante eventos nacionais e internacionais e autor de artigos na \u00e1rea de insolv\u00eancia internacional.<\/span><\/p>\t\t\t\t\t\t\t\t<\/div>\n\t\t\t\t<\/div>\n\t\t\t\t\t<\/div>\n\t\t<\/div>\n\t\t\t\t\t<\/div>\n\t\t<\/section>\n\t\t\t\t<section class=\"elementor-section elementor-inner-section elementor-element elementor-element-40c1921 elementor-section-boxed elementor-section-height-default elementor-section-height-default elementor-invisible\" data-id=\"40c1921\" data-element_type=\"section\" data-e-type=\"section\" data-settings=\"{&quot;animation&quot;:&quot;fadeInUp&quot;}\">\n\t\t\t\t\t\t<div class=\"elementor-container elementor-column-gap-default\">\n\t\t\t\t\t<div class=\"elementor-column elementor-col-50 elementor-inner-column elementor-element elementor-element-f55d8e4\" data-id=\"f55d8e4\" data-element_type=\"column\" data-e-type=\"column\">\n\t\t\t<div class=\"elementor-widget-wrap elementor-element-populated\">\n\t\t\t\t\t\t<div class=\"elementor-element elementor-element-31c3650 elementor-widget elementor-widget-image\" data-id=\"31c3650\" data-element_type=\"widget\" data-e-type=\"widget\" data-widget_type=\"image.default\">\n\t\t\t\t<div class=\"elementor-widget-container\">\n\t\t\t\t\t\t\t\t\t\t\t\t\t\t\t<img loading=\"lazy\" decoding=\"async\" width=\"1110\" height=\"1080\" src=\"https:\/\/tmabrasil.org\/evento\/wp-content\/uploads\/2025\/07\/Francisco-Satiro-Socio-Satiro-Adv-2.jpg\" class=\"elementor-animation-float attachment-full size-full wp-image-2957\" alt=\"\" srcset=\"https:\/\/tmabrasil.org\/evento\/wp-content\/uploads\/2025\/07\/Francisco-Satiro-Socio-Satiro-Adv-2.jpg 1110w, https:\/\/tmabrasil.org\/evento\/wp-content\/uploads\/2025\/07\/Francisco-Satiro-Socio-Satiro-Adv-2-300x292.jpg 300w, https:\/\/tmabrasil.org\/evento\/wp-content\/uploads\/2025\/07\/Francisco-Satiro-Socio-Satiro-Adv-2-1024x996.jpg 1024w, https:\/\/tmabrasil.org\/evento\/wp-content\/uploads\/2025\/07\/Francisco-Satiro-Socio-Satiro-Adv-2-768x747.jpg 768w\" sizes=\"(max-width: 1110px) 100vw, 1110px\" \/>\t\t\t\t\t\t\t\t\t\t\t\t\t\t\t<\/div>\n\t\t\t\t<\/div>\n\t\t\t\t\t<\/div>\n\t\t<\/div>\n\t\t\t\t<div class=\"elementor-column elementor-col-50 elementor-inner-column elementor-element elementor-element-e69bb84\" data-id=\"e69bb84\" data-element_type=\"column\" data-e-type=\"column\">\n\t\t\t<div class=\"elementor-widget-wrap elementor-element-populated\">\n\t\t\t\t\t\t<div class=\"elementor-element elementor-element-60c6656 elementor-widget elementor-widget-heading\" data-id=\"60c6656\" data-element_type=\"widget\" data-e-type=\"widget\" data-widget_type=\"heading.default\">\n\t\t\t\t<div class=\"elementor-widget-container\">\n\t\t\t\t\t<h4 class=\"elementor-heading-title elementor-size-default\">Francisco Satiro<\/h4>\t\t\t\t<\/div>\n\t\t\t\t<\/div>\n\t\t\t\t<div class=\"elementor-element elementor-element-18e9b73 elementor-widget elementor-widget-heading\" data-id=\"18e9b73\" data-element_type=\"widget\" data-e-type=\"widget\" data-widget_type=\"heading.default\">\n\t\t\t\t<div class=\"elementor-widget-container\">\n\t\t\t\t\t<span class=\"elementor-heading-title elementor-size-default\">S\u00f3cio Satiro Advogados\n\n<\/span>\t\t\t\t<\/div>\n\t\t\t\t<\/div>\n\t\t\t\t<div class=\"elementor-element elementor-element-1248b2d elementor-widget elementor-widget-text-editor\" data-id=\"1248b2d\" data-element_type=\"widget\" data-e-type=\"widget\" data-widget_type=\"text-editor.default\">\n\t\t\t\t<div class=\"elementor-widget-container\">\n\t\t\t\t\t\t\t\t\t<p><span style=\"font-weight: 400;\">Doutor em direito comercial pela USP; professor de direito comercial da USP e da Direito GV. P\u00f3s doutor em Direito empresarial pelo Instituto Max Planck de Hamburgo. Membro titular do Conselho de recursos do Sistema Financeiro Nacional. Advogado em S\u00e3o Paulo.<\/span><\/p>\t\t\t\t\t\t\t\t<\/div>\n\t\t\t\t<\/div>\n\t\t\t\t\t<\/div>\n\t\t<\/div>\n\t\t\t\t\t<\/div>\n\t\t<\/section>\n\t\t\t\t<section class=\"elementor-section elementor-inner-section elementor-element elementor-element-bbcf5ee elementor-section-boxed elementor-section-height-default elementor-section-height-default elementor-invisible\" data-id=\"bbcf5ee\" data-element_type=\"section\" data-e-type=\"section\" data-settings=\"{&quot;animation&quot;:&quot;fadeInUp&quot;}\">\n\t\t\t\t\t\t<div class=\"elementor-container elementor-column-gap-default\">\n\t\t\t\t\t<div class=\"elementor-column elementor-col-50 elementor-inner-column elementor-element elementor-element-011085e\" data-id=\"011085e\" data-element_type=\"column\" data-e-type=\"column\">\n\t\t\t<div class=\"elementor-widget-wrap elementor-element-populated\">\n\t\t\t\t\t\t<div class=\"elementor-element elementor-element-1ac9a94 elementor-widget elementor-widget-image\" data-id=\"1ac9a94\" data-element_type=\"widget\" data-e-type=\"widget\" data-widget_type=\"image.default\">\n\t\t\t\t<div class=\"elementor-widget-container\">\n\t\t\t\t\t\t\t\t\t\t\t\t\t\t\t<img loading=\"lazy\" decoding=\"async\" width=\"1707\" height=\"2560\" src=\"https:\/\/tmabrasil.org\/evento\/wp-content\/uploads\/2025\/08\/Gabriel-Jose-de-Orleans-e-Braganca-advogado-socio-do-SOB-Advogados-Mestre-e-Doutor-em-Direito-Comercial-pela-PUC-SP-scaled.jpeg\" class=\"elementor-animation-float attachment-full size-full wp-image-3600\" alt=\"\" srcset=\"https:\/\/tmabrasil.org\/evento\/wp-content\/uploads\/2025\/08\/Gabriel-Jose-de-Orleans-e-Braganca-advogado-socio-do-SOB-Advogados-Mestre-e-Doutor-em-Direito-Comercial-pela-PUC-SP-scaled.jpeg 1707w, https:\/\/tmabrasil.org\/evento\/wp-content\/uploads\/2025\/08\/Gabriel-Jose-de-Orleans-e-Braganca-advogado-socio-do-SOB-Advogados-Mestre-e-Doutor-em-Direito-Comercial-pela-PUC-SP-200x300.jpeg 200w, https:\/\/tmabrasil.org\/evento\/wp-content\/uploads\/2025\/08\/Gabriel-Jose-de-Orleans-e-Braganca-advogado-socio-do-SOB-Advogados-Mestre-e-Doutor-em-Direito-Comercial-pela-PUC-SP-683x1024.jpeg 683w, https:\/\/tmabrasil.org\/evento\/wp-content\/uploads\/2025\/08\/Gabriel-Jose-de-Orleans-e-Braganca-advogado-socio-do-SOB-Advogados-Mestre-e-Doutor-em-Direito-Comercial-pela-PUC-SP-768x1152.jpeg 768w, https:\/\/tmabrasil.org\/evento\/wp-content\/uploads\/2025\/08\/Gabriel-Jose-de-Orleans-e-Braganca-advogado-socio-do-SOB-Advogados-Mestre-e-Doutor-em-Direito-Comercial-pela-PUC-SP-1024x1536.jpeg 1024w, https:\/\/tmabrasil.org\/evento\/wp-content\/uploads\/2025\/08\/Gabriel-Jose-de-Orleans-e-Braganca-advogado-socio-do-SOB-Advogados-Mestre-e-Doutor-em-Direito-Comercial-pela-PUC-SP-1365x2048.jpeg 1365w\" sizes=\"(max-width: 1707px) 100vw, 1707px\" \/>\t\t\t\t\t\t\t\t\t\t\t\t\t\t\t<\/div>\n\t\t\t\t<\/div>\n\t\t\t\t\t<\/div>\n\t\t<\/div>\n\t\t\t\t<div class=\"elementor-column elementor-col-50 elementor-inner-column elementor-element elementor-element-75df64d\" data-id=\"75df64d\" data-element_type=\"column\" data-e-type=\"column\">\n\t\t\t<div class=\"elementor-widget-wrap elementor-element-populated\">\n\t\t\t\t\t\t<div class=\"elementor-element elementor-element-3aa5bea elementor-widget elementor-widget-heading\" data-id=\"3aa5bea\" data-element_type=\"widget\" data-e-type=\"widget\" data-widget_type=\"heading.default\">\n\t\t\t\t<div class=\"elementor-widget-container\">\n\t\t\t\t\t<h4 class=\"elementor-heading-title elementor-size-default\">Gabriel Jos\u00e9 de Orleans e Bragan\u00e7a<\/h4>\t\t\t\t<\/div>\n\t\t\t\t<\/div>\n\t\t\t\t<div class=\"elementor-element elementor-element-34eefe8 elementor-widget elementor-widget-text-editor\" data-id=\"34eefe8\" data-element_type=\"widget\" data-e-type=\"widget\" data-widget_type=\"text-editor.default\">\n\t\t\t\t<div class=\"elementor-widget-container\">\n\t\t\t\t\t\t\t\t\t<p>Advogado, s\u00f3cio do SOB Advogados, Mestre e Doutor em Direito Comercial pela PUC-SP<\/p>\t\t\t\t\t\t\t\t<\/div>\n\t\t\t\t<\/div>\n\t\t\t\t\t<\/div>\n\t\t<\/div>\n\t\t\t\t\t<\/div>\n\t\t<\/section>\n\t\t\t\t<section class=\"elementor-section elementor-inner-section elementor-element elementor-element-e40334f elementor-section-boxed elementor-section-height-default elementor-section-height-default elementor-invisible\" data-id=\"e40334f\" data-element_type=\"section\" data-e-type=\"section\" data-settings=\"{&quot;animation&quot;:&quot;fadeInUp&quot;}\">\n\t\t\t\t\t\t<div class=\"elementor-container elementor-column-gap-default\">\n\t\t\t\t\t<div class=\"elementor-column elementor-col-50 elementor-inner-column elementor-element elementor-element-4a9f8cb\" data-id=\"4a9f8cb\" data-element_type=\"column\" data-e-type=\"column\">\n\t\t\t<div class=\"elementor-widget-wrap elementor-element-populated\">\n\t\t\t\t\t\t<div class=\"elementor-element elementor-element-1dc65f6 elementor-widget elementor-widget-image\" data-id=\"1dc65f6\" data-element_type=\"widget\" data-e-type=\"widget\" data-widget_type=\"image.default\">\n\t\t\t\t<div class=\"elementor-widget-container\">\n\t\t\t\t\t\t\t\t\t\t\t\t\t\t\t<img loading=\"lazy\" decoding=\"async\" width=\"500\" height=\"500\" src=\"https:\/\/tmabrasil.org\/evento\/wp-content\/uploads\/2025\/07\/Gilberto.png\" class=\"elementor-animation-float attachment-full size-full wp-image-2958\" alt=\"\" srcset=\"https:\/\/tmabrasil.org\/evento\/wp-content\/uploads\/2025\/07\/Gilberto.png 500w, https:\/\/tmabrasil.org\/evento\/wp-content\/uploads\/2025\/07\/Gilberto-300x300.png 300w, https:\/\/tmabrasil.org\/evento\/wp-content\/uploads\/2025\/07\/Gilberto-150x150.png 150w\" sizes=\"(max-width: 500px) 100vw, 500px\" \/>\t\t\t\t\t\t\t\t\t\t\t\t\t\t\t<\/div>\n\t\t\t\t<\/div>\n\t\t\t\t\t<\/div>\n\t\t<\/div>\n\t\t\t\t<div class=\"elementor-column elementor-col-50 elementor-inner-column elementor-element elementor-element-49cc183\" data-id=\"49cc183\" data-element_type=\"column\" data-e-type=\"column\">\n\t\t\t<div class=\"elementor-widget-wrap elementor-element-populated\">\n\t\t\t\t\t\t<div class=\"elementor-element elementor-element-f26e6d4 elementor-widget elementor-widget-heading\" data-id=\"f26e6d4\" data-element_type=\"widget\" data-e-type=\"widget\" data-widget_type=\"heading.default\">\n\t\t\t\t<div class=\"elementor-widget-container\">\n\t\t\t\t\t<h4 class=\"elementor-heading-title elementor-size-default\">Gilberto Gornati<\/h4>\t\t\t\t<\/div>\n\t\t\t\t<\/div>\n\t\t\t\t<div class=\"elementor-element elementor-element-8bbda26 elementor-widget elementor-widget-heading\" data-id=\"8bbda26\" data-element_type=\"widget\" data-e-type=\"widget\" data-widget_type=\"heading.default\">\n\t\t\t\t<div class=\"elementor-widget-container\">\n\t\t\t\t\t<span class=\"elementor-heading-title elementor-size-default\">S\u00f3cio, TWK Advogados\n\n<\/span>\t\t\t\t<\/div>\n\t\t\t\t<\/div>\n\t\t\t\t<div class=\"elementor-element elementor-element-2e3134a elementor-widget elementor-widget-text-editor\" data-id=\"2e3134a\" data-element_type=\"widget\" data-e-type=\"widget\" data-widget_type=\"text-editor.default\">\n\t\t\t\t<div class=\"elementor-widget-container\">\n\t\t\t\t\t\t\t\t\t<p><span style=\"font-weight: 400;\">Atua nas \u00e1reas de Reestrutura\u00e7\u00e3o de D\u00edvidas, Recupera\u00e7\u00e3o Judicial, Fal\u00eancias, Banc\u00e1rio, Societ\u00e1rio e Fus\u00f5es e Aquisi\u00e7\u00f5es.<\/span><span style=\"font-weight: 400;\"><br \/><\/span><span style=\"font-weight: 400;\">Professor do FGV Law nos cursos de Direito Empresarial e Direito Societ\u00e1rio e coordenador do FGV Law do curso de curta dura\u00e7\u00e3o de Direito das Empresas em Crise.<\/span><span style=\"font-weight: 400;\"><br \/><\/span><span style=\"font-weight: 400;\">Conselheiro membro do Conselho de Administra\u00e7\u00e3o do cap\u00edtulo brasileiro do TMA (Turnaround Management Association).<\/span><span style=\"font-weight: 400;\"><br \/><\/span><span style=\"font-weight: 400;\">\u00c9 bacharel em Direito pela Universidade Presbiteriana Mackenzie (2009), mestre em Filosofia e Teoria Geral do Direito pela Universidade de S\u00e3o Paulo (USP) (2013) e doutor em Direito Comercial pela USP (2023).<\/span><\/p>\t\t\t\t\t\t\t\t<\/div>\n\t\t\t\t<\/div>\n\t\t\t\t\t<\/div>\n\t\t<\/div>\n\t\t\t\t\t<\/div>\n\t\t<\/section>\n\t\t\t\t<section class=\"elementor-section elementor-inner-section elementor-element elementor-element-4d5de9d elementor-section-boxed elementor-section-height-default elementor-section-height-default elementor-invisible\" data-id=\"4d5de9d\" data-element_type=\"section\" data-e-type=\"section\" data-settings=\"{&quot;animation&quot;:&quot;fadeInUp&quot;}\">\n\t\t\t\t\t\t<div class=\"elementor-container elementor-column-gap-default\">\n\t\t\t\t\t<div class=\"elementor-column elementor-col-50 elementor-inner-column elementor-element elementor-element-47aa0ca\" data-id=\"47aa0ca\" data-element_type=\"column\" data-e-type=\"column\">\n\t\t\t<div class=\"elementor-widget-wrap elementor-element-populated\">\n\t\t\t\t\t\t<div class=\"elementor-element elementor-element-330eec7 elementor-widget elementor-widget-image\" data-id=\"330eec7\" data-element_type=\"widget\" data-e-type=\"widget\" data-widget_type=\"image.default\">\n\t\t\t\t<div class=\"elementor-widget-container\">\n\t\t\t\t\t\t\t\t\t\t\t\t\t\t\t<img loading=\"lazy\" decoding=\"async\" width=\"500\" height=\"500\" src=\"https:\/\/tmabrasil.org\/evento\/wp-content\/uploads\/2025\/07\/Gustavo.png\" class=\"elementor-animation-float attachment-full size-full wp-image-2959\" alt=\"\" srcset=\"https:\/\/tmabrasil.org\/evento\/wp-content\/uploads\/2025\/07\/Gustavo.png 500w, https:\/\/tmabrasil.org\/evento\/wp-content\/uploads\/2025\/07\/Gustavo-300x300.png 300w, https:\/\/tmabrasil.org\/evento\/wp-content\/uploads\/2025\/07\/Gustavo-150x150.png 150w\" sizes=\"(max-width: 500px) 100vw, 500px\" \/>\t\t\t\t\t\t\t\t\t\t\t\t\t\t\t<\/div>\n\t\t\t\t<\/div>\n\t\t\t\t\t<\/div>\n\t\t<\/div>\n\t\t\t\t<div class=\"elementor-column elementor-col-50 elementor-inner-column elementor-element elementor-element-37617e8\" data-id=\"37617e8\" data-element_type=\"column\" data-e-type=\"column\">\n\t\t\t<div class=\"elementor-widget-wrap elementor-element-populated\">\n\t\t\t\t\t\t<div class=\"elementor-element elementor-element-749324e elementor-widget elementor-widget-heading\" data-id=\"749324e\" data-element_type=\"widget\" data-e-type=\"widget\" data-widget_type=\"heading.default\">\n\t\t\t\t<div class=\"elementor-widget-container\">\n\t\t\t\t\t<h4 class=\"elementor-heading-title elementor-size-default\">Gustavo Lacerda Franco<\/h4>\t\t\t\t<\/div>\n\t\t\t\t<\/div>\n\t\t\t\t<div class=\"elementor-element elementor-element-97542fa elementor-widget elementor-widget-heading\" data-id=\"97542fa\" data-element_type=\"widget\" data-e-type=\"widget\" data-widget_type=\"heading.default\">\n\t\t\t\t<div class=\"elementor-widget-container\">\n\t\t\t\t\t<span class=\"elementor-heading-title elementor-size-default\">S\u00f3cio Neder Cerezetti Advocacia e Doutor em Direito Comercial pela USP\n\n\n<\/span>\t\t\t\t<\/div>\n\t\t\t\t<\/div>\n\t\t\t\t<div class=\"elementor-element elementor-element-87d73cc elementor-widget elementor-widget-text-editor\" data-id=\"87d73cc\" data-element_type=\"widget\" data-e-type=\"widget\" data-widget_type=\"text-editor.default\">\n\t\t\t\t<div class=\"elementor-widget-container\">\n\t\t\t\t\t\t\t\t\t<p><span style=\"font-weight: 400;\">Doutor e Mestre em Direito Comercial pela Faculdade de Direito da Universidade de S\u00e3o Paulo &#8211; USP, onde se graduou. Foi pesquisador visitante no Max-Planck-Institut f\u00fcr ausl\u00e4ndisches und internationales Privatrecht, em Hamburgo, Alemanha (2016 e 2023-2024). Professor e advogado.<\/span><\/p>\t\t\t\t\t\t\t\t<\/div>\n\t\t\t\t<\/div>\n\t\t\t\t\t<\/div>\n\t\t<\/div>\n\t\t\t\t\t<\/div>\n\t\t<\/section>\n\t\t\t\t<section class=\"elementor-section elementor-inner-section elementor-element elementor-element-6a924af elementor-section-boxed elementor-section-height-default elementor-section-height-default elementor-invisible\" data-id=\"6a924af\" data-element_type=\"section\" data-e-type=\"section\" data-settings=\"{&quot;animation&quot;:&quot;fadeInUp&quot;}\">\n\t\t\t\t\t\t<div class=\"elementor-container elementor-column-gap-default\">\n\t\t\t\t\t<div class=\"elementor-column elementor-col-50 elementor-inner-column elementor-element elementor-element-9166854\" data-id=\"9166854\" data-element_type=\"column\" data-e-type=\"column\">\n\t\t\t<div class=\"elementor-widget-wrap elementor-element-populated\">\n\t\t\t\t\t\t<div class=\"elementor-element elementor-element-21748db elementor-widget elementor-widget-image\" data-id=\"21748db\" data-element_type=\"widget\" data-e-type=\"widget\" data-widget_type=\"image.default\">\n\t\t\t\t<div class=\"elementor-widget-container\">\n\t\t\t\t\t\t\t\t\t\t\t\t\t\t\t<img loading=\"lazy\" decoding=\"async\" width=\"1600\" height=\"1573\" src=\"https:\/\/tmabrasil.org\/evento\/wp-content\/uploads\/2025\/07\/Joao-de-Oliveira-Rodrigues-Filho-Juiz-da-1a-vara-de-Falencias-e-Recuperacoes-Judiciais-de-Sao-Paulo-SP-22-Copia.jpg\" class=\"elementor-animation-float attachment-full size-full wp-image-3209\" alt=\"\" srcset=\"https:\/\/tmabrasil.org\/evento\/wp-content\/uploads\/2025\/07\/Joao-de-Oliveira-Rodrigues-Filho-Juiz-da-1a-vara-de-Falencias-e-Recuperacoes-Judiciais-de-Sao-Paulo-SP-22-Copia.jpg 1600w, https:\/\/tmabrasil.org\/evento\/wp-content\/uploads\/2025\/07\/Joao-de-Oliveira-Rodrigues-Filho-Juiz-da-1a-vara-de-Falencias-e-Recuperacoes-Judiciais-de-Sao-Paulo-SP-22-Copia-300x295.jpg 300w, https:\/\/tmabrasil.org\/evento\/wp-content\/uploads\/2025\/07\/Joao-de-Oliveira-Rodrigues-Filho-Juiz-da-1a-vara-de-Falencias-e-Recuperacoes-Judiciais-de-Sao-Paulo-SP-22-Copia-1024x1007.jpg 1024w, https:\/\/tmabrasil.org\/evento\/wp-content\/uploads\/2025\/07\/Joao-de-Oliveira-Rodrigues-Filho-Juiz-da-1a-vara-de-Falencias-e-Recuperacoes-Judiciais-de-Sao-Paulo-SP-22-Copia-768x755.jpg 768w, https:\/\/tmabrasil.org\/evento\/wp-content\/uploads\/2025\/07\/Joao-de-Oliveira-Rodrigues-Filho-Juiz-da-1a-vara-de-Falencias-e-Recuperacoes-Judiciais-de-Sao-Paulo-SP-22-Copia-1536x1510.jpg 1536w\" sizes=\"(max-width: 1600px) 100vw, 1600px\" \/>\t\t\t\t\t\t\t\t\t\t\t\t\t\t\t<\/div>\n\t\t\t\t<\/div>\n\t\t\t\t\t<\/div>\n\t\t<\/div>\n\t\t\t\t<div class=\"elementor-column elementor-col-50 elementor-inner-column elementor-element elementor-element-1c33c15\" data-id=\"1c33c15\" data-element_type=\"column\" data-e-type=\"column\">\n\t\t\t<div class=\"elementor-widget-wrap elementor-element-populated\">\n\t\t\t\t\t\t<div class=\"elementor-element elementor-element-0d48d66 elementor-widget elementor-widget-heading\" data-id=\"0d48d66\" data-element_type=\"widget\" data-e-type=\"widget\" data-widget_type=\"heading.default\">\n\t\t\t\t<div class=\"elementor-widget-container\">\n\t\t\t\t\t<h4 class=\"elementor-heading-title elementor-size-default\">Dr. Jo\u00e3o de Oliveira Rodrigues Filho\n<\/h4>\t\t\t\t<\/div>\n\t\t\t\t<\/div>\n\t\t\t\t<div class=\"elementor-element elementor-element-a401316 elementor-widget elementor-widget-heading\" data-id=\"a401316\" data-element_type=\"widget\" data-e-type=\"widget\" data-widget_type=\"heading.default\">\n\t\t\t\t<div class=\"elementor-widget-container\">\n\t\t\t\t\t<span class=\"elementor-heading-title elementor-size-default\">Juiz de Direito do TJSP\n\n<\/span>\t\t\t\t<\/div>\n\t\t\t\t<\/div>\n\t\t\t\t<div class=\"elementor-element elementor-element-f8e2dea elementor-widget elementor-widget-text-editor\" data-id=\"f8e2dea\" data-element_type=\"widget\" data-e-type=\"widget\" data-widget_type=\"text-editor.default\">\n\t\t\t\t<div class=\"elementor-widget-container\">\n\t\t\t\t\t\t\t\t\t<p><span style=\"font-weight: 400;\">Juiz de Direito do TJSP, tendo exercido jurisdi\u00e7\u00e3o na 01\u00aa Vara de Fal\u00eancias e Recupera\u00e7\u00f5es Judiciais por mais de 08 anos. Doutor em Direito Empresarial pela Universidade Nove de Julho. Insol Fellow. Presidente do FONAJEM &#8211; F\u00f3rum Nacional de Ju\u00edzes Empresariais &#8211; bi\u00eanio 2024\/2025.<\/span><\/p>\t\t\t\t\t\t\t\t<\/div>\n\t\t\t\t<\/div>\n\t\t\t\t\t<\/div>\n\t\t<\/div>\n\t\t\t\t\t<\/div>\n\t\t<\/section>\n\t\t\t\t<section class=\"elementor-section elementor-inner-section elementor-element elementor-element-608a1d8 elementor-section-boxed elementor-section-height-default elementor-section-height-default elementor-invisible\" data-id=\"608a1d8\" data-element_type=\"section\" data-e-type=\"section\" data-settings=\"{&quot;animation&quot;:&quot;fadeInUp&quot;}\">\n\t\t\t\t\t\t<div class=\"elementor-container elementor-column-gap-default\">\n\t\t\t\t\t<div class=\"elementor-column elementor-col-50 elementor-inner-column elementor-element elementor-element-9d8607b\" data-id=\"9d8607b\" data-element_type=\"column\" data-e-type=\"column\">\n\t\t\t<div class=\"elementor-widget-wrap elementor-element-populated\">\n\t\t\t\t\t\t<div class=\"elementor-element elementor-element-f8b7c00 elementor-widget elementor-widget-image\" data-id=\"f8b7c00\" data-element_type=\"widget\" data-e-type=\"widget\" data-widget_type=\"image.default\">\n\t\t\t\t<div class=\"elementor-widget-container\">\n\t\t\t\t\t\t\t\t\t\t\t\t\t\t\t<img loading=\"lazy\" decoding=\"async\" width=\"500\" height=\"500\" src=\"https:\/\/tmabrasil.org\/evento\/wp-content\/uploads\/2025\/07\/Joyce.png\" class=\"elementor-animation-float attachment-full size-full wp-image-2960\" alt=\"\" srcset=\"https:\/\/tmabrasil.org\/evento\/wp-content\/uploads\/2025\/07\/Joyce.png 500w, https:\/\/tmabrasil.org\/evento\/wp-content\/uploads\/2025\/07\/Joyce-300x300.png 300w, https:\/\/tmabrasil.org\/evento\/wp-content\/uploads\/2025\/07\/Joyce-150x150.png 150w\" sizes=\"(max-width: 500px) 100vw, 500px\" \/>\t\t\t\t\t\t\t\t\t\t\t\t\t\t\t<\/div>\n\t\t\t\t<\/div>\n\t\t\t\t\t<\/div>\n\t\t<\/div>\n\t\t\t\t<div class=\"elementor-column elementor-col-50 elementor-inner-column elementor-element elementor-element-f85c8b3\" data-id=\"f85c8b3\" data-element_type=\"column\" data-e-type=\"column\">\n\t\t\t<div class=\"elementor-widget-wrap elementor-element-populated\">\n\t\t\t\t\t\t<div class=\"elementor-element elementor-element-14fa1e2 elementor-widget elementor-widget-heading\" data-id=\"14fa1e2\" data-element_type=\"widget\" data-e-type=\"widget\" data-widget_type=\"heading.default\">\n\t\t\t\t<div class=\"elementor-widget-container\">\n\t\t\t\t\t<h4 class=\"elementor-heading-title elementor-size-default\">Joice Ruiz Bernier<\/h4>\t\t\t\t<\/div>\n\t\t\t\t<\/div>\n\t\t\t\t<div class=\"elementor-element elementor-element-82a5dad elementor-widget elementor-widget-heading\" data-id=\"82a5dad\" data-element_type=\"widget\" data-e-type=\"widget\" data-widget_type=\"heading.default\">\n\t\t\t\t<div class=\"elementor-widget-container\">\n\t\t\t\t\t<span class=\"elementor-heading-title elementor-size-default\">S\u00f3cia AJ Ruiz Administra\u00e7\u00e3o Judicial\n\n<\/span>\t\t\t\t<\/div>\n\t\t\t\t<\/div>\n\t\t\t\t<div class=\"elementor-element elementor-element-ca36e6b elementor-widget elementor-widget-text-editor\" data-id=\"ca36e6b\" data-element_type=\"widget\" data-e-type=\"widget\" data-widget_type=\"text-editor.default\">\n\t\t\t\t<div class=\"elementor-widget-container\">\n\t\t\t\t\t\t\t\t\t<p><span style=\"font-weight: 400;\">Joice Ruiz Bernier \u00e9 advogada e administradora judicial.\u00a0<\/span><\/p><p><span style=\"font-weight: 400;\">Mestre em Direito Comercial pela Faculdade de Direito da Universidade de S\u00e3o Paulo FDUSP (2011) e bacharel em Direito da Universidade de S\u00e3o Paulo FDUSP, com \u00eanfase em direito empresarial (1993).\u00a0<\/span><\/p><p><span style=\"font-weight: 400;\">Vice-Presidente da TMA Brasil &#8211; Turnaround Management Association do Brasil.<\/span><\/p><p><span style=\"font-weight: 400;\">Professora e coordenadora do curso Administrador Judicial do TMA Brasil.\u00a0<\/span><\/p><p><span style=\"font-weight: 400;\">Professora convidada pelo Insper e pela FGV Rio.\u00a0<\/span><\/p><p><span style=\"font-weight: 400;\">Autora do livro <\/span><i><span style=\"font-weight: 400;\">Administrador Judicial na Recupera\u00e7\u00e3o Judicial e na Fal\u00eancia<\/span><\/i><span style=\"font-weight: 400;\">.<\/span><\/p><p><span style=\"font-weight: 400;\">Co-autora do livro <\/span><i><span style=\"font-weight: 400;\">O Administrador Judicial e a Reforma da Lei 11.101\/2005<\/span><\/i><span style=\"font-weight: 400;\"> e autora de diversos artigos sobre a \u00e1rea de insolv\u00eancia.<\/span><\/p>\t\t\t\t\t\t\t\t<\/div>\n\t\t\t\t<\/div>\n\t\t\t\t\t<\/div>\n\t\t<\/div>\n\t\t\t\t\t<\/div>\n\t\t<\/section>\n\t\t\t\t<section class=\"elementor-section elementor-inner-section elementor-element elementor-element-5854231 elementor-section-boxed elementor-section-height-default elementor-section-height-default elementor-invisible\" data-id=\"5854231\" data-element_type=\"section\" data-e-type=\"section\" data-settings=\"{&quot;animation&quot;:&quot;fadeInUp&quot;}\">\n\t\t\t\t\t\t<div class=\"elementor-container elementor-column-gap-default\">\n\t\t\t\t\t<div class=\"elementor-column elementor-col-50 elementor-inner-column elementor-element elementor-element-6711754\" data-id=\"6711754\" data-element_type=\"column\" data-e-type=\"column\">\n\t\t\t<div class=\"elementor-widget-wrap elementor-element-populated\">\n\t\t\t\t\t\t<div class=\"elementor-element elementor-element-eb6867a elementor-widget elementor-widget-image\" data-id=\"eb6867a\" data-element_type=\"widget\" data-e-type=\"widget\" data-widget_type=\"image.default\">\n\t\t\t\t<div class=\"elementor-widget-container\">\n\t\t\t\t\t\t\t\t\t\t\t\t\t\t\t<img loading=\"lazy\" decoding=\"async\" width=\"500\" height=\"500\" src=\"https:\/\/tmabrasil.org\/evento\/wp-content\/uploads\/2025\/07\/Juan-Vasquez.png\" class=\"elementor-animation-float attachment-full size-full wp-image-2961\" alt=\"\" srcset=\"https:\/\/tmabrasil.org\/evento\/wp-content\/uploads\/2025\/07\/Juan-Vasquez.png 500w, https:\/\/tmabrasil.org\/evento\/wp-content\/uploads\/2025\/07\/Juan-Vasquez-300x300.png 300w, https:\/\/tmabrasil.org\/evento\/wp-content\/uploads\/2025\/07\/Juan-Vasquez-150x150.png 150w\" sizes=\"(max-width: 500px) 100vw, 500px\" \/>\t\t\t\t\t\t\t\t\t\t\t\t\t\t\t<\/div>\n\t\t\t\t<\/div>\n\t\t\t\t\t<\/div>\n\t\t<\/div>\n\t\t\t\t<div class=\"elementor-column elementor-col-50 elementor-inner-column elementor-element elementor-element-df8f98a\" data-id=\"df8f98a\" data-element_type=\"column\" data-e-type=\"column\">\n\t\t\t<div class=\"elementor-widget-wrap elementor-element-populated\">\n\t\t\t\t\t\t<div class=\"elementor-element elementor-element-6e5726b elementor-widget elementor-widget-heading\" data-id=\"6e5726b\" data-element_type=\"widget\" data-e-type=\"widget\" data-widget_type=\"heading.default\">\n\t\t\t\t<div class=\"elementor-widget-container\">\n\t\t\t\t\t<h4 class=\"elementor-heading-title elementor-size-default\">Dr. Juan Vazquez <\/h4>\t\t\t\t<\/div>\n\t\t\t\t<\/div>\n\t\t\t\t<div class=\"elementor-element elementor-element-df5534d elementor-widget elementor-widget-heading\" data-id=\"df5534d\" data-element_type=\"widget\" data-e-type=\"widget\" data-widget_type=\"heading.default\">\n\t\t\t\t<div class=\"elementor-widget-container\">\n\t\t\t\t\t<span class=\"elementor-heading-title elementor-size-default\">Doutor em Direito Mercantil pela Universidad Complutense de Madrid. Desembargador do TJRJ. Ex-Promotor de Justi\u00e7a do MPRJ. \n\n\n<\/span>\t\t\t\t<\/div>\n\t\t\t\t<\/div>\n\t\t\t\t\t<\/div>\n\t\t<\/div>\n\t\t\t\t\t<\/div>\n\t\t<\/section>\n\t\t\t\t<section class=\"elementor-section elementor-inner-section elementor-element elementor-element-cb58b3a elementor-section-boxed elementor-section-height-default elementor-section-height-default elementor-invisible\" data-id=\"cb58b3a\" data-element_type=\"section\" data-e-type=\"section\" data-settings=\"{&quot;animation&quot;:&quot;fadeInUp&quot;}\">\n\t\t\t\t\t\t<div class=\"elementor-container elementor-column-gap-default\">\n\t\t\t\t\t<div class=\"elementor-column elementor-col-50 elementor-inner-column elementor-element elementor-element-2f5a25f\" data-id=\"2f5a25f\" data-element_type=\"column\" data-e-type=\"column\">\n\t\t\t<div class=\"elementor-widget-wrap elementor-element-populated\">\n\t\t\t\t\t\t<div class=\"elementor-element elementor-element-27debd8 elementor-widget elementor-widget-image\" data-id=\"27debd8\" data-element_type=\"widget\" data-e-type=\"widget\" data-widget_type=\"image.default\">\n\t\t\t\t<div class=\"elementor-widget-container\">\n\t\t\t\t\t\t\t\t\t\t\t\t\t\t\t<img loading=\"lazy\" decoding=\"async\" width=\"200\" height=\"300\" src=\"https:\/\/tmabrasil.org\/evento\/wp-content\/uploads\/2025\/07\/Juliana-Bumachar-Socia-Bumachar-Advogados-200x300.jpg\" class=\"elementor-animation-float attachment-medium size-medium wp-image-3458\" alt=\"\" srcset=\"https:\/\/tmabrasil.org\/evento\/wp-content\/uploads\/2025\/07\/Juliana-Bumachar-Socia-Bumachar-Advogados-200x300.jpg 200w, https:\/\/tmabrasil.org\/evento\/wp-content\/uploads\/2025\/07\/Juliana-Bumachar-Socia-Bumachar-Advogados-682x1024.jpg 682w, https:\/\/tmabrasil.org\/evento\/wp-content\/uploads\/2025\/07\/Juliana-Bumachar-Socia-Bumachar-Advogados-768x1152.jpg 768w, https:\/\/tmabrasil.org\/evento\/wp-content\/uploads\/2025\/07\/Juliana-Bumachar-Socia-Bumachar-Advogados.jpg 853w\" sizes=\"(max-width: 200px) 100vw, 200px\" \/>\t\t\t\t\t\t\t\t\t\t\t\t\t\t\t<\/div>\n\t\t\t\t<\/div>\n\t\t\t\t\t<\/div>\n\t\t<\/div>\n\t\t\t\t<div class=\"elementor-column elementor-col-50 elementor-inner-column elementor-element elementor-element-92acb53\" data-id=\"92acb53\" data-element_type=\"column\" data-e-type=\"column\">\n\t\t\t<div class=\"elementor-widget-wrap elementor-element-populated\">\n\t\t\t\t\t\t<div class=\"elementor-element elementor-element-54937fc elementor-widget elementor-widget-heading\" data-id=\"54937fc\" data-element_type=\"widget\" data-e-type=\"widget\" data-widget_type=\"heading.default\">\n\t\t\t\t<div class=\"elementor-widget-container\">\n\t\t\t\t\t<h4 class=\"elementor-heading-title elementor-size-default\">Juliana Bumachar<\/h4>\t\t\t\t<\/div>\n\t\t\t\t<\/div>\n\t\t\t\t<div class=\"elementor-element elementor-element-1e913db elementor-widget elementor-widget-heading\" data-id=\"1e913db\" data-element_type=\"widget\" data-e-type=\"widget\" data-widget_type=\"heading.default\">\n\t\t\t\t<div class=\"elementor-widget-container\">\n\t\t\t\t\t<span class=\"elementor-heading-title elementor-size-default\">S\u00f3cia Bumachar Advogados\n\n\n<\/span>\t\t\t\t<\/div>\n\t\t\t\t<\/div>\n\t\t\t\t<div class=\"elementor-element elementor-element-7ac8e46 elementor-widget elementor-widget-text-editor\" data-id=\"7ac8e46\" data-element_type=\"widget\" data-e-type=\"widget\" data-widget_type=\"text-editor.default\">\n\t\t\t\t<div class=\"elementor-widget-container\">\n\t\t\t\t\t\t\t\t\t<p class=\"MsoNormal\">Conselheira Federal da OAB, Pres. da Comiss\u00e3o de Rec. Judicial e Fal\u00eancia da OAB Federal, Prof\u00aa. da P\u00f3s-Gradua\u00e7\u00e3o Lato Senso da FGV Direito Rio, Membro do Grupo de Trabalho do CNJ para moderniza\u00e7\u00e3o da atua\u00e7\u00e3o do Judici\u00e1rio nos processos de Rec. e Fal\u00eancia.<\/p>\t\t\t\t\t\t\t\t<\/div>\n\t\t\t\t<\/div>\n\t\t\t\t\t<\/div>\n\t\t<\/div>\n\t\t\t\t\t<\/div>\n\t\t<\/section>\n\t\t\t\t<section class=\"elementor-section elementor-inner-section elementor-element elementor-element-351d407 elementor-section-boxed elementor-section-height-default elementor-section-height-default elementor-invisible\" data-id=\"351d407\" data-element_type=\"section\" data-e-type=\"section\" data-settings=\"{&quot;animation&quot;:&quot;fadeInUp&quot;}\">\n\t\t\t\t\t\t<div class=\"elementor-container elementor-column-gap-default\">\n\t\t\t\t\t<div class=\"elementor-column elementor-col-50 elementor-inner-column elementor-element elementor-element-ef45caf\" data-id=\"ef45caf\" data-element_type=\"column\" data-e-type=\"column\">\n\t\t\t<div class=\"elementor-widget-wrap elementor-element-populated\">\n\t\t\t\t\t\t<div class=\"elementor-element elementor-element-aec81ce elementor-widget elementor-widget-image\" data-id=\"aec81ce\" data-element_type=\"widget\" data-e-type=\"widget\" data-widget_type=\"image.default\">\n\t\t\t\t<div class=\"elementor-widget-container\">\n\t\t\t\t\t\t\t\t\t\t\t\t\t\t\t<img loading=\"lazy\" decoding=\"async\" width=\"500\" height=\"500\" src=\"https:\/\/tmabrasil.org\/evento\/wp-content\/uploads\/2025\/07\/Juliana-Loss.png\" class=\"elementor-animation-float attachment-full size-full wp-image-3211\" alt=\"\" srcset=\"https:\/\/tmabrasil.org\/evento\/wp-content\/uploads\/2025\/07\/Juliana-Loss.png 500w, https:\/\/tmabrasil.org\/evento\/wp-content\/uploads\/2025\/07\/Juliana-Loss-300x300.png 300w, https:\/\/tmabrasil.org\/evento\/wp-content\/uploads\/2025\/07\/Juliana-Loss-150x150.png 150w\" sizes=\"(max-width: 500px) 100vw, 500px\" \/>\t\t\t\t\t\t\t\t\t\t\t\t\t\t\t<\/div>\n\t\t\t\t<\/div>\n\t\t\t\t\t<\/div>\n\t\t<\/div>\n\t\t\t\t<div class=\"elementor-column elementor-col-50 elementor-inner-column elementor-element elementor-element-eecebf5\" data-id=\"eecebf5\" data-element_type=\"column\" data-e-type=\"column\">\n\t\t\t<div class=\"elementor-widget-wrap elementor-element-populated\">\n\t\t\t\t\t\t<div class=\"elementor-element elementor-element-f255856 elementor-widget elementor-widget-heading\" data-id=\"f255856\" data-element_type=\"widget\" data-e-type=\"widget\" data-widget_type=\"heading.default\">\n\t\t\t\t<div class=\"elementor-widget-container\">\n\t\t\t\t\t<h4 class=\"elementor-heading-title elementor-size-default\">Juliana Loss<\/h4>\t\t\t\t<\/div>\n\t\t\t\t<\/div>\n\t\t\t\t<div class=\"elementor-element elementor-element-aeaa196 elementor-widget elementor-widget-heading\" data-id=\"aeaa196\" data-element_type=\"widget\" data-e-type=\"widget\" data-widget_type=\"heading.default\">\n\t\t\t\t<div class=\"elementor-widget-container\">\n\t\t\t\t\t<span class=\"elementor-heading-title elementor-size-default\">Diretora Executiva da C\u00e2mara de Media\u00e7\u00e3o e Arbitragem da FGV\n\n<\/span>\t\t\t\t<\/div>\n\t\t\t\t<\/div>\n\t\t\t\t<div class=\"elementor-element elementor-element-94424f9 elementor-widget elementor-widget-text-editor\" data-id=\"94424f9\" data-element_type=\"widget\" data-e-type=\"widget\" data-widget_type=\"text-editor.default\">\n\t\t\t\t<div class=\"elementor-widget-container\">\n\t\t\t\t\t\t\t\t\t<p><span style=\"font-weight: 400;\">Advogada. Mediadora judicial e extrajudicial. Diretora Executiva da C\u00e2mara de Media\u00e7\u00e3o e Arbitragem da FGV. Doutora em Direito pela Universidade Paris I Phanteon Sorbonne. Especialista em media\u00e7\u00e3o, Mestre e Doutora pela Universidade Carlos III de Madrid. Presidente da Comiss\u00e3o de Media\u00e7\u00e3o e meios consensuais de solu\u00e7\u00e3o de conflitos da OAB\/RJ. Membro do Comit\u00ea Gestor da Concilia\u00e7\u00e3o do CNJ.<\/span><\/p>\t\t\t\t\t\t\t\t<\/div>\n\t\t\t\t<\/div>\n\t\t\t\t\t<\/div>\n\t\t<\/div>\n\t\t\t\t\t<\/div>\n\t\t<\/section>\n\t\t\t\t<section class=\"elementor-section elementor-inner-section elementor-element elementor-element-82542a7 elementor-section-boxed elementor-section-height-default elementor-section-height-default elementor-invisible\" data-id=\"82542a7\" data-element_type=\"section\" data-e-type=\"section\" data-settings=\"{&quot;animation&quot;:&quot;fadeInUp&quot;}\">\n\t\t\t\t\t\t<div class=\"elementor-container elementor-column-gap-default\">\n\t\t\t\t\t<div class=\"elementor-column elementor-col-50 elementor-inner-column elementor-element elementor-element-d287b49\" data-id=\"d287b49\" data-element_type=\"column\" data-e-type=\"column\">\n\t\t\t<div class=\"elementor-widget-wrap elementor-element-populated\">\n\t\t\t\t\t\t<div class=\"elementor-element elementor-element-5ad4781 elementor-widget elementor-widget-image\" data-id=\"5ad4781\" data-element_type=\"widget\" data-e-type=\"widget\" data-widget_type=\"image.default\">\n\t\t\t\t<div class=\"elementor-widget-container\">\n\t\t\t\t\t\t\t\t\t\t\t\t\t\t\t<img loading=\"lazy\" decoding=\"async\" width=\"500\" height=\"500\" src=\"https:\/\/tmabrasil.org\/evento\/wp-content\/uploads\/2025\/07\/Leonardo-Dias.png\" class=\"elementor-animation-float attachment-full size-full wp-image-2962\" alt=\"\" srcset=\"https:\/\/tmabrasil.org\/evento\/wp-content\/uploads\/2025\/07\/Leonardo-Dias.png 500w, https:\/\/tmabrasil.org\/evento\/wp-content\/uploads\/2025\/07\/Leonardo-Dias-300x300.png 300w, https:\/\/tmabrasil.org\/evento\/wp-content\/uploads\/2025\/07\/Leonardo-Dias-150x150.png 150w\" sizes=\"(max-width: 500px) 100vw, 500px\" \/>\t\t\t\t\t\t\t\t\t\t\t\t\t\t\t<\/div>\n\t\t\t\t<\/div>\n\t\t\t\t\t<\/div>\n\t\t<\/div>\n\t\t\t\t<div class=\"elementor-column elementor-col-50 elementor-inner-column elementor-element elementor-element-93c9303\" data-id=\"93c9303\" data-element_type=\"column\" data-e-type=\"column\">\n\t\t\t<div class=\"elementor-widget-wrap elementor-element-populated\">\n\t\t\t\t\t\t<div class=\"elementor-element elementor-element-b6239ef elementor-widget elementor-widget-heading\" data-id=\"b6239ef\" data-element_type=\"widget\" data-e-type=\"widget\" data-widget_type=\"heading.default\">\n\t\t\t\t<div class=\"elementor-widget-container\">\n\t\t\t\t\t<h4 class=\"elementor-heading-title elementor-size-default\">Leonardo Dias<\/h4>\t\t\t\t<\/div>\n\t\t\t\t<\/div>\n\t\t\t\t<div class=\"elementor-element elementor-element-88b7c15 elementor-widget elementor-widget-heading\" data-id=\"88b7c15\" data-element_type=\"widget\" data-e-type=\"widget\" data-widget_type=\"heading.default\">\n\t\t\t\t<div class=\"elementor-widget-container\">\n\t\t\t\t\t<span class=\"elementor-heading-title elementor-size-default\">Advogado, Administrador Judicial e Professor \/ S\u00f3cio \/ AJ Ruiz\n\n\n<\/span>\t\t\t\t<\/div>\n\t\t\t\t<\/div>\n\t\t\t\t<div class=\"elementor-element elementor-element-4a1804e elementor-widget elementor-widget-text-editor\" data-id=\"4a1804e\" data-element_type=\"widget\" data-e-type=\"widget\" data-widget_type=\"text-editor.default\">\n\t\t\t\t<div class=\"elementor-widget-container\">\n\t\t\t\t\t\t\t\t\t<p>Advogado, administrador judicial e professor universit\u00e1rio. Bacharel, Mestre e Doutor em Direito pela USP. Autor do livro &#8220;Financiamento na recupera\u00e7\u00e3o judicial e na fal\u00eancia&#8221;, bem como de diversos artigos e cap\u00edtulos de livro sobre direito empresarial, com foco em insolv\u00eancia. Diretor financeiro do Instituto Brasileiro de Estudos de Recupera\u00e7\u00e3o de Empresas &#8211; IBR. Associado \u00e0 Insol International e ao TMA Brasil.<\/p>\t\t\t\t\t\t\t\t<\/div>\n\t\t\t\t<\/div>\n\t\t\t\t\t<\/div>\n\t\t<\/div>\n\t\t\t\t\t<\/div>\n\t\t<\/section>\n\t\t\t\t<section class=\"elementor-section elementor-inner-section elementor-element elementor-element-49a3b50 elementor-section-boxed elementor-section-height-default elementor-section-height-default elementor-invisible\" data-id=\"49a3b50\" data-element_type=\"section\" data-e-type=\"section\" data-settings=\"{&quot;animation&quot;:&quot;fadeInUp&quot;}\">\n\t\t\t\t\t\t<div class=\"elementor-container elementor-column-gap-default\">\n\t\t\t\t\t<div class=\"elementor-column elementor-col-50 elementor-inner-column elementor-element elementor-element-918a51f\" data-id=\"918a51f\" data-element_type=\"column\" data-e-type=\"column\">\n\t\t\t<div class=\"elementor-widget-wrap elementor-element-populated\">\n\t\t\t\t\t\t<div class=\"elementor-element elementor-element-c2cad03 elementor-widget elementor-widget-image\" data-id=\"c2cad03\" data-element_type=\"widget\" data-e-type=\"widget\" data-widget_type=\"image.default\">\n\t\t\t\t<div class=\"elementor-widget-container\">\n\t\t\t\t\t\t\t\t\t\t\t\t\t\t\t<img loading=\"lazy\" decoding=\"async\" width=\"500\" height=\"500\" src=\"https:\/\/tmabrasil.org\/evento\/wp-content\/uploads\/2025\/07\/Luis-Augusto.png\" class=\"elementor-animation-float attachment-full size-full wp-image-2963\" alt=\"\" srcset=\"https:\/\/tmabrasil.org\/evento\/wp-content\/uploads\/2025\/07\/Luis-Augusto.png 500w, https:\/\/tmabrasil.org\/evento\/wp-content\/uploads\/2025\/07\/Luis-Augusto-300x300.png 300w, https:\/\/tmabrasil.org\/evento\/wp-content\/uploads\/2025\/07\/Luis-Augusto-150x150.png 150w\" sizes=\"(max-width: 500px) 100vw, 500px\" \/>\t\t\t\t\t\t\t\t\t\t\t\t\t\t\t<\/div>\n\t\t\t\t<\/div>\n\t\t\t\t\t<\/div>\n\t\t<\/div>\n\t\t\t\t<div class=\"elementor-column elementor-col-50 elementor-inner-column elementor-element elementor-element-2ec540f\" data-id=\"2ec540f\" data-element_type=\"column\" data-e-type=\"column\">\n\t\t\t<div class=\"elementor-widget-wrap elementor-element-populated\">\n\t\t\t\t\t\t<div class=\"elementor-element elementor-element-f98ace2 elementor-widget elementor-widget-heading\" data-id=\"f98ace2\" data-element_type=\"widget\" data-e-type=\"widget\" data-widget_type=\"heading.default\">\n\t\t\t\t<div class=\"elementor-widget-container\">\n\t\t\t\t\t<h4 class=\"elementor-heading-title elementor-size-default\">Luis Augusto Roux<\/h4>\t\t\t\t<\/div>\n\t\t\t\t<\/div>\n\t\t\t\t<div class=\"elementor-element elementor-element-8248eea elementor-widget elementor-widget-heading\" data-id=\"8248eea\" data-element_type=\"widget\" data-e-type=\"widget\" data-widget_type=\"heading.default\">\n\t\t\t\t<div class=\"elementor-widget-container\">\n\t\t\t\t\t<span class=\"elementor-heading-title elementor-size-default\">S\u00f3cio, Motta Fernandes\n\n<\/span>\t\t\t\t<\/div>\n\t\t\t\t<\/div>\n\t\t\t\t<div class=\"elementor-element elementor-element-a73873b elementor-widget elementor-widget-text-editor\" data-id=\"a73873b\" data-element_type=\"widget\" data-e-type=\"widget\" data-widget_type=\"text-editor.default\">\n\t\t\t\t<div class=\"elementor-widget-container\">\n\t\t\t\t\t\t\t\t\t<p><span style=\"font-weight: 400;\">Especializa\u00e7\u00e3o, Resseguros, The Chartered Insurance Institute, Inglaterra (2011)<\/span><\/p><p><span style=\"font-weight: 400;\">Mestrado, Direito Comercial, Universidade de S\u00e3o Paulo \u2013 USP (2010)<\/span><\/p><p><span style=\"font-weight: 400;\">Especializa\u00e7\u00e3o, Finan\u00e7as Corporativas e Direito de Mercados de Capitais Funda\u00e7\u00e3o Get\u00falio Vargas de S\u00e3o Paulo \u2013 FGV-SP (2002)<\/span><\/p><p><span style=\"font-weight: 400;\">Especializa\u00e7\u00e3o, Direito de Mercados de Capitais, Universidade de S\u00e3o Paulo \u2013 USP (2000)<\/span><\/p><p><span style=\"font-weight: 400;\">Bacharel em Administra\u00e7\u00e3o P\u00fablica, Funda\u00e7\u00e3o Get\u00falio Vargas de S\u00e3o Paulo \u2013 FGV-SP (1993)<\/span><\/p><p><span style=\"font-weight: 400;\">Bacharel em Direito, Universidade de S\u00e3o Paulo \u2013 USP (1992)<\/span><\/p><p><span style=\"font-weight: 400;\">Outras atividades<\/span><\/p><p><span style=\"font-weight: 400;\">Membro, Turnaround Management Association \u2013 TMA Brasil<\/span><\/p><p><span style=\"font-weight: 400;\">Diretor, Centro de Estudos das Sociedades de Advogados \u2013 CESA (2006 \u2013 2011)<\/span><\/p><p><span style=\"font-weight: 400;\">Membro, Comiss\u00e3o de Moderniza\u00e7\u00e3o do Poder Judici\u00e1rio, Ordem dos Advogados do Brasil, Se\u00e7\u00e3o de S\u00e3o Paulo \u2013 OAB\/SP (2003 \u2013 2009)<\/span><\/p>\t\t\t\t\t\t\t\t<\/div>\n\t\t\t\t<\/div>\n\t\t\t\t\t<\/div>\n\t\t<\/div>\n\t\t\t\t\t<\/div>\n\t\t<\/section>\n\t\t\t\t<section class=\"elementor-section elementor-inner-section elementor-element elementor-element-d537461 elementor-section-boxed elementor-section-height-default elementor-section-height-default elementor-invisible\" data-id=\"d537461\" data-element_type=\"section\" data-e-type=\"section\" data-settings=\"{&quot;animation&quot;:&quot;fadeInUp&quot;}\">\n\t\t\t\t\t\t<div class=\"elementor-container elementor-column-gap-default\">\n\t\t\t\t\t<div class=\"elementor-column elementor-col-50 elementor-inner-column elementor-element elementor-element-8d16179\" data-id=\"8d16179\" data-element_type=\"column\" data-e-type=\"column\">\n\t\t\t<div class=\"elementor-widget-wrap elementor-element-populated\">\n\t\t\t\t\t\t<div class=\"elementor-element elementor-element-a10dd9f elementor-widget elementor-widget-image\" data-id=\"a10dd9f\" data-element_type=\"widget\" data-e-type=\"widget\" data-widget_type=\"image.default\">\n\t\t\t\t<div class=\"elementor-widget-container\">\n\t\t\t\t\t\t\t\t\t\t\t\t\t\t\t<img loading=\"lazy\" decoding=\"async\" width=\"500\" height=\"500\" src=\"https:\/\/tmabrasil.org\/evento\/wp-content\/uploads\/2025\/07\/Luiz-Abano.png\" class=\"elementor-animation-float attachment-full size-full wp-image-2964\" alt=\"\" srcset=\"https:\/\/tmabrasil.org\/evento\/wp-content\/uploads\/2025\/07\/Luiz-Abano.png 500w, https:\/\/tmabrasil.org\/evento\/wp-content\/uploads\/2025\/07\/Luiz-Abano-300x300.png 300w, https:\/\/tmabrasil.org\/evento\/wp-content\/uploads\/2025\/07\/Luiz-Abano-150x150.png 150w\" sizes=\"(max-width: 500px) 100vw, 500px\" \/>\t\t\t\t\t\t\t\t\t\t\t\t\t\t\t<\/div>\n\t\t\t\t<\/div>\n\t\t\t\t\t<\/div>\n\t\t<\/div>\n\t\t\t\t<div class=\"elementor-column elementor-col-50 elementor-inner-column elementor-element elementor-element-d02371f\" data-id=\"d02371f\" data-element_type=\"column\" data-e-type=\"column\">\n\t\t\t<div class=\"elementor-widget-wrap elementor-element-populated\">\n\t\t\t\t\t\t<div class=\"elementor-element elementor-element-ece1193 elementor-widget elementor-widget-heading\" data-id=\"ece1193\" data-element_type=\"widget\" data-e-type=\"widget\" data-widget_type=\"heading.default\">\n\t\t\t\t<div class=\"elementor-widget-container\">\n\t\t\t\t\t<h4 class=\"elementor-heading-title elementor-size-default\">Luiz Abarno da Costa<\/h4>\t\t\t\t<\/div>\n\t\t\t\t<\/div>\n\t\t\t\t<div class=\"elementor-element elementor-element-ca4c13e elementor-widget elementor-widget-heading\" data-id=\"ca4c13e\" data-element_type=\"widget\" data-e-type=\"widget\" data-widget_type=\"heading.default\">\n\t\t\t\t<div class=\"elementor-widget-container\">\n\t\t\t\t\t<span class=\"elementor-heading-title elementor-size-default\">S\u00f3cio, Scalzilli Advogados &amp;Associados \n<\/span>\t\t\t\t<\/div>\n\t\t\t\t<\/div>\n\t\t\t\t<div class=\"elementor-element elementor-element-e1b15b8 elementor-widget elementor-widget-text-editor\" data-id=\"e1b15b8\" data-element_type=\"widget\" data-e-type=\"widget\" data-widget_type=\"text-editor.default\">\n\t\t\t\t<div class=\"elementor-widget-container\">\n\t\t\t\t\t\t\t\t\t<p><span style=\"font-weight: 400;\">Direito tribut\u00e1rio, Mestre em Direito Tribut\u00e1rio (UFRGS, 2014), sob a orienta\u00e7\u00e3o do Prof. Dr. Humberto \u00c1vila. Especialista em Direito Tribut\u00e1rio (IBET, 2008). Possui forma\u00e7\u00e3o executiva em Negocia\u00e7\u00e3o Estrat\u00e9gica e Gest\u00e3o de Conflitos (INSPER, 2019). Bacharel em Direito pela PUCRS (2005). Professor de Direito Tribut\u00e1rio em cursos de p\u00f3s-gradua\u00e7\u00e3o, especialmente na Universidade de Caxias do Sul (UCS) e Unisinos. Autor de pesquisas e artigos jur\u00eddicos publicados em livros e revistas especializadas, com \u00eansafe nos temas \u201cfiscaliza\u00e7\u00e3o tribut\u00e1ria\u201d e \u201cgrupos econ\u00f4micos e execu\u00e7\u00e3o fiscal\u201d, entre eles &#8220;Sujei\u00e7\u00e3o passiva tribut\u00e1ria do administrador judicial: hip\u00f3teses e limites&#8221; IN: Recupera\u00e7\u00e3o judicial, fal\u00eancia e administra\u00e7\u00e3o judicial (Belo Horizonte: Editora D&#8217;Pl\u00e1cido, 2019).<\/span><\/p>\t\t\t\t\t\t\t\t<\/div>\n\t\t\t\t<\/div>\n\t\t\t\t\t<\/div>\n\t\t<\/div>\n\t\t\t\t\t<\/div>\n\t\t<\/section>\n\t\t\t\t<section class=\"elementor-section elementor-inner-section elementor-element elementor-element-34de619 elementor-section-boxed elementor-section-height-default elementor-section-height-default elementor-invisible\" data-id=\"34de619\" data-element_type=\"section\" data-e-type=\"section\" data-settings=\"{&quot;animation&quot;:&quot;fadeInUp&quot;}\">\n\t\t\t\t\t\t<div class=\"elementor-container elementor-column-gap-default\">\n\t\t\t\t\t<div class=\"elementor-column elementor-col-50 elementor-inner-column elementor-element elementor-element-adcb5cf\" data-id=\"adcb5cf\" data-element_type=\"column\" data-e-type=\"column\">\n\t\t\t<div class=\"elementor-widget-wrap elementor-element-populated\">\n\t\t\t\t\t\t<div class=\"elementor-element elementor-element-3ef973e elementor-widget elementor-widget-image\" data-id=\"3ef973e\" data-element_type=\"widget\" data-e-type=\"widget\" data-widget_type=\"image.default\">\n\t\t\t\t<div class=\"elementor-widget-container\">\n\t\t\t\t\t\t\t\t\t\t\t\t\t\t\t<img loading=\"lazy\" decoding=\"async\" width=\"500\" height=\"500\" src=\"https:\/\/tmabrasil.org\/evento\/wp-content\/uploads\/2025\/07\/Manoel-Justino.png\" class=\"elementor-animation-float attachment-full size-full wp-image-2965\" alt=\"\" srcset=\"https:\/\/tmabrasil.org\/evento\/wp-content\/uploads\/2025\/07\/Manoel-Justino.png 500w, https:\/\/tmabrasil.org\/evento\/wp-content\/uploads\/2025\/07\/Manoel-Justino-300x300.png 300w, https:\/\/tmabrasil.org\/evento\/wp-content\/uploads\/2025\/07\/Manoel-Justino-150x150.png 150w\" sizes=\"(max-width: 500px) 100vw, 500px\" \/>\t\t\t\t\t\t\t\t\t\t\t\t\t\t\t<\/div>\n\t\t\t\t<\/div>\n\t\t\t\t\t<\/div>\n\t\t<\/div>\n\t\t\t\t<div class=\"elementor-column elementor-col-50 elementor-inner-column elementor-element elementor-element-c2f33aa\" data-id=\"c2f33aa\" data-element_type=\"column\" data-e-type=\"column\">\n\t\t\t<div class=\"elementor-widget-wrap elementor-element-populated\">\n\t\t\t\t\t\t<div class=\"elementor-element elementor-element-7b464d0 elementor-widget elementor-widget-heading\" data-id=\"7b464d0\" data-element_type=\"widget\" data-e-type=\"widget\" data-widget_type=\"heading.default\">\n\t\t\t\t<div class=\"elementor-widget-container\">\n\t\t\t\t\t<h4 class=\"elementor-heading-title elementor-size-default\">Manoel Justino<\/h4>\t\t\t\t<\/div>\n\t\t\t\t<\/div>\n\t\t\t\t<div class=\"elementor-element elementor-element-dacc9ec elementor-widget elementor-widget-heading\" data-id=\"dacc9ec\" data-element_type=\"widget\" data-e-type=\"widget\" data-widget_type=\"heading.default\">\n\t\t\t\t<div class=\"elementor-widget-container\">\n\t\t\t\t\t<span class=\"elementor-heading-title elementor-size-default\">Professor da Universidade Mackenzie\n\n<\/span>\t\t\t\t<\/div>\n\t\t\t\t<\/div>\n\t\t\t\t<div class=\"elementor-element elementor-element-4b3a51d elementor-widget elementor-widget-text-editor\" data-id=\"4b3a51d\" data-element_type=\"widget\" data-e-type=\"widget\" data-widget_type=\"text-editor.default\">\n\t\t\t\t<div class=\"elementor-widget-container\">\n\t\t\t\t\t\t\t\t\t<p><span style=\"font-weight: 400;\">S\u00f3cio Manoel Justino Advogados Associados &#8211; Doutor e Mestre em Direito Comercial, e Especialista em Filosofia e Teoria Geral do Direito (USP). Professor da Universidade Mackenzie; professor convidado da USP, PUC, FGV, EPMagistratura, entre outros. Desembargador ( aposentado) do TJSP. Advogado na \u00e1rea de consultoria.<\/span><\/p>\t\t\t\t\t\t\t\t<\/div>\n\t\t\t\t<\/div>\n\t\t\t\t\t<\/div>\n\t\t<\/div>\n\t\t\t\t\t<\/div>\n\t\t<\/section>\n\t\t\t\t<section class=\"elementor-section elementor-inner-section elementor-element elementor-element-4357c92 elementor-section-boxed elementor-section-height-default elementor-section-height-default elementor-invisible\" data-id=\"4357c92\" data-element_type=\"section\" data-e-type=\"section\" data-settings=\"{&quot;animation&quot;:&quot;fadeInUp&quot;}\">\n\t\t\t\t\t\t<div class=\"elementor-container elementor-column-gap-default\">\n\t\t\t\t\t<div class=\"elementor-column elementor-col-50 elementor-inner-column elementor-element elementor-element-6d8e01d\" data-id=\"6d8e01d\" data-element_type=\"column\" data-e-type=\"column\">\n\t\t\t<div class=\"elementor-widget-wrap elementor-element-populated\">\n\t\t\t\t\t\t<div class=\"elementor-element elementor-element-c7bea5d elementor-widget elementor-widget-image\" data-id=\"c7bea5d\" data-element_type=\"widget\" data-e-type=\"widget\" data-widget_type=\"image.default\">\n\t\t\t\t<div class=\"elementor-widget-container\">\n\t\t\t\t\t\t\t\t\t\t\t\t\t\t\t<img loading=\"lazy\" decoding=\"async\" width=\"800\" height=\"800\" src=\"https:\/\/tmabrasil.org\/evento\/wp-content\/uploads\/2025\/07\/Marcelo-Sacramone.png\" class=\"elementor-animation-float attachment-full size-full wp-image-2966\" alt=\"\" srcset=\"https:\/\/tmabrasil.org\/evento\/wp-content\/uploads\/2025\/07\/Marcelo-Sacramone.png 800w, https:\/\/tmabrasil.org\/evento\/wp-content\/uploads\/2025\/07\/Marcelo-Sacramone-300x300.png 300w, https:\/\/tmabrasil.org\/evento\/wp-content\/uploads\/2025\/07\/Marcelo-Sacramone-150x150.png 150w, https:\/\/tmabrasil.org\/evento\/wp-content\/uploads\/2025\/07\/Marcelo-Sacramone-768x768.png 768w\" sizes=\"(max-width: 800px) 100vw, 800px\" \/>\t\t\t\t\t\t\t\t\t\t\t\t\t\t\t<\/div>\n\t\t\t\t<\/div>\n\t\t\t\t\t<\/div>\n\t\t<\/div>\n\t\t\t\t<div class=\"elementor-column elementor-col-50 elementor-inner-column elementor-element elementor-element-6b33598\" data-id=\"6b33598\" data-element_type=\"column\" data-e-type=\"column\">\n\t\t\t<div class=\"elementor-widget-wrap elementor-element-populated\">\n\t\t\t\t\t\t<div class=\"elementor-element elementor-element-d7f990f elementor-widget elementor-widget-heading\" data-id=\"d7f990f\" data-element_type=\"widget\" data-e-type=\"widget\" data-widget_type=\"heading.default\">\n\t\t\t\t<div class=\"elementor-widget-container\">\n\t\t\t\t\t<h4 class=\"elementor-heading-title elementor-size-default\">Marcelo Sacramone <\/h4>\t\t\t\t<\/div>\n\t\t\t\t<\/div>\n\t\t\t\t<div class=\"elementor-element elementor-element-86cb3e7 elementor-widget elementor-widget-heading\" data-id=\"86cb3e7\" data-element_type=\"widget\" data-e-type=\"widget\" data-widget_type=\"heading.default\">\n\t\t\t\t<div class=\"elementor-widget-container\">\n\t\t\t\t\t<span class=\"elementor-heading-title elementor-size-default\">S\u00f3cio, SOB Advogados\n\n\n<\/span>\t\t\t\t<\/div>\n\t\t\t\t<\/div>\n\t\t\t\t<div class=\"elementor-element elementor-element-3d11bcd elementor-widget elementor-widget-text-editor\" data-id=\"3d11bcd\" data-element_type=\"widget\" data-e-type=\"widget\" data-widget_type=\"text-editor.default\">\n\t\t\t\t<div class=\"elementor-widget-container\">\n\t\t\t\t\t\t\t\t\t<p><span style=\"font-weight: 400;\">\u2013 Advogado e parecerista, s\u00f3cio fundador do escrit\u00f3rio Sacramone, Orleans e Bragan\u00e7a Advogados a partir de 26 de julho de 2021.<\/span><span style=\"font-weight: 400;\"><br \/><\/span><span style=\"font-weight: 400;\">\u2013 Ex Juiz de Direito da Capital de 2008 a julho de 2021 e em exerc\u00edcio na 2\u00aa Vara de Fal\u00eancia, Recupera\u00e7\u00e3o Judicial e Conflitos Arbitrais da Comarca de S\u00e3o Paulo, de julho de 2015 a julho de 2021.<\/span><span style=\"font-weight: 400;\"><br \/><\/span><span style=\"font-weight: 400;\">\u2013 Doutor em direito comercial pela Universidade de S\u00e3o Paulo, em 2012, sob orienta\u00e7\u00e3o do Prof. Dr. Marcos Paulo de Almeida Salles. Tese intitulada \u201cAto de Preenchimento de \u00d3rg\u00e3o de Administra\u00e7\u00e3o\u201d.<\/span><span style=\"font-weight: 400;\"><br \/><\/span><span style=\"font-weight: 400;\">\u2013 Mestre em direito comercial pela Universidade de S\u00e3o Paulo, em 2007, sob orienta\u00e7\u00e3o do Prof. Dr. Marcos Paulo de Almeida Salles. T\u00edtulo da disserta\u00e7\u00e3o: \u201cExerc\u00edcio do Poder de Administra\u00e7\u00e3o na Sociedade An\u00f4nima\u201d.<\/span><span style=\"font-weight: 400;\"><br \/><\/span><span style=\"font-weight: 400;\">\u2013 Mestre em Direito Comparado \u2013 Master of Comparative Law Program na Faculdade Cumberland de Direito, Universidade Samford, Birmingham, Alabama, Estados Unidos, a partir de mar\u00e7o de 2014.<\/span><span style=\"font-weight: 400;\"><br \/><\/span><span style=\"font-weight: 400;\">\u2013 Bacharel em direito pela Universidade de S\u00e3o Paulo em 2004, com especializa\u00e7\u00e3o na \u00e1rea de Direito Privado e Processo Civil.<\/span><span style=\"font-weight: 400;\"><br \/><\/span><span style=\"font-weight: 400;\">\u2013 Professor no curso de Mestrado e Doutorado em Direito Empresarial na Pontif\u00edcia Universidade Cat\u00f3lica de S\u00e3o Paulo \u2013 PUC-SP a partir de julho de 2019 e gradua\u00e7\u00e3o a partir de 2016.<\/span><span style=\"font-weight: 400;\"><br \/><\/span><span style=\"font-weight: 400;\">\u2013 Professor do Insper na P\u00f3s Gradua\u00e7\u00e3o lato sensu \u2013 LLM em direito societ\u00e1rio, desde mar\u00e7o de 2021.<\/span><span style=\"font-weight: 400;\"><br \/><\/span><span style=\"font-weight: 400;\">\u2013 Professor do Ibmec-SP na P\u00f3s Gradua\u00e7\u00e3o lato sensu \u2013 LLM profissional desde agosto de 2017.<\/span><span style=\"font-weight: 400;\"><br \/><\/span><span style=\"font-weight: 400;\">\u2013 Professor da Funda\u00e7\u00e3o Get\u00falio Vargas na P\u00f3s Gradua\u00e7\u00e3o lato sensu.<\/span><span style=\"font-weight: 400;\"><br \/><\/span><span style=\"font-weight: 400;\">\u2013 Professor Convidado da Escola Superior da Advocacia a partir de fevereiro de 2015.<\/span><span style=\"font-weight: 400;\"><br \/><\/span><span style=\"font-weight: 400;\">\u2013 Professor Juiz Assistente da Escola Paulista da Magistratura, n\u00facleo S\u00e3o Paulo, no Curso de P\u00f3s Gradua\u00e7\u00e3o em Direito Empresarial, de agosto de 2012 a julho de 2021.<\/span><span style=\"font-weight: 400;\"><br \/><\/span><span style=\"font-weight: 400;\">\u2013 Professor de Direito Empresarial na Pontif\u00edcia Universidade Cat\u00f3lica de S\u00e3o Paulo \u2013 PUC-SP a partir de fevereiro de 2016.<\/span><span style=\"font-weight: 400;\"><br \/><\/span><span style=\"font-weight: 400;\">\u2013 Professor de Direito Empresarial da Faculdade de Direito de Itu, de janeiro de 2013 a julho de 2015.<\/span><\/p>\t\t\t\t\t\t\t\t<\/div>\n\t\t\t\t<\/div>\n\t\t\t\t\t<\/div>\n\t\t<\/div>\n\t\t\t\t\t<\/div>\n\t\t<\/section>\n\t\t\t\t<section class=\"elementor-section elementor-inner-section elementor-element elementor-element-9cc9fb1 elementor-section-boxed elementor-section-height-default elementor-section-height-default elementor-invisible\" data-id=\"9cc9fb1\" data-element_type=\"section\" data-e-type=\"section\" data-settings=\"{&quot;animation&quot;:&quot;fadeInUp&quot;}\">\n\t\t\t\t\t\t<div class=\"elementor-container elementor-column-gap-default\">\n\t\t\t\t\t<div class=\"elementor-column elementor-col-50 elementor-inner-column elementor-element elementor-element-d6ad2ce\" data-id=\"d6ad2ce\" data-element_type=\"column\" data-e-type=\"column\">\n\t\t\t<div class=\"elementor-widget-wrap elementor-element-populated\">\n\t\t\t\t\t\t<div class=\"elementor-element elementor-element-18a8b2a elementor-widget elementor-widget-image\" data-id=\"18a8b2a\" data-element_type=\"widget\" data-e-type=\"widget\" data-widget_type=\"image.default\">\n\t\t\t\t<div class=\"elementor-widget-container\">\n\t\t\t\t\t\t\t\t\t\t\t\t\t\t\t<img loading=\"lazy\" decoding=\"async\" width=\"500\" height=\"500\" src=\"https:\/\/tmabrasil.org\/evento\/wp-content\/uploads\/2025\/07\/Marlon-Tomazette-Socio-da-Tomazette-Franca-e-Cobucci-Advogados-Associados-1x1-1.png\" class=\"elementor-animation-float attachment-full size-full wp-image-2967\" alt=\"\" srcset=\"https:\/\/tmabrasil.org\/evento\/wp-content\/uploads\/2025\/07\/Marlon-Tomazette-Socio-da-Tomazette-Franca-e-Cobucci-Advogados-Associados-1x1-1.png 500w, https:\/\/tmabrasil.org\/evento\/wp-content\/uploads\/2025\/07\/Marlon-Tomazette-Socio-da-Tomazette-Franca-e-Cobucci-Advogados-Associados-1x1-1-300x300.png 300w, https:\/\/tmabrasil.org\/evento\/wp-content\/uploads\/2025\/07\/Marlon-Tomazette-Socio-da-Tomazette-Franca-e-Cobucci-Advogados-Associados-1x1-1-150x150.png 150w\" sizes=\"(max-width: 500px) 100vw, 500px\" \/>\t\t\t\t\t\t\t\t\t\t\t\t\t\t\t<\/div>\n\t\t\t\t<\/div>\n\t\t\t\t\t<\/div>\n\t\t<\/div>\n\t\t\t\t<div class=\"elementor-column elementor-col-50 elementor-inner-column elementor-element elementor-element-09a0d58\" data-id=\"09a0d58\" data-element_type=\"column\" data-e-type=\"column\">\n\t\t\t<div class=\"elementor-widget-wrap elementor-element-populated\">\n\t\t\t\t\t\t<div class=\"elementor-element elementor-element-43e272a elementor-widget elementor-widget-heading\" data-id=\"43e272a\" data-element_type=\"widget\" data-e-type=\"widget\" data-widget_type=\"heading.default\">\n\t\t\t\t<div class=\"elementor-widget-container\">\n\t\t\t\t\t<h4 class=\"elementor-heading-title elementor-size-default\">Marlon Tomazette<\/h4>\t\t\t\t<\/div>\n\t\t\t\t<\/div>\n\t\t\t\t<div class=\"elementor-element elementor-element-eabbfb4 elementor-widget elementor-widget-heading\" data-id=\"eabbfb4\" data-element_type=\"widget\" data-e-type=\"widget\" data-widget_type=\"heading.default\">\n\t\t\t\t<div class=\"elementor-widget-container\">\n\t\t\t\t\t<span class=\"elementor-heading-title elementor-size-default\">S\u00f3cio da Tomazette, Franca e Cobucci Advogados Associados\n\n\n\n<\/span>\t\t\t\t<\/div>\n\t\t\t\t<\/div>\n\t\t\t\t<div class=\"elementor-element elementor-element-c1625ad elementor-widget elementor-widget-text-editor\" data-id=\"c1625ad\" data-element_type=\"widget\" data-e-type=\"widget\" data-widget_type=\"text-editor.default\">\n\t\t\t\t<div class=\"elementor-widget-container\">\n\t\t\t\t\t\t\t\t\t<p><span style=\"font-weight: 400;\">Nascido em 1976, \u00e9 advogado desde 1997 e hoje \u00e9 conhecido como um dos mais respeitados advogados na \u00e1rea de direito empresarial do pa\u00eds. Possui gradua\u00e7\u00e3o em Direito pela Universidade de Bras\u00edlia (1997), especializa\u00e7\u00e3o em Curso de Forma\u00e7\u00e3o de Procuradores Aut\u00e1rquicos INSS pela Universidade de Bras\u00edlia (1997), especializa\u00e7\u00e3o em P\u00f3s-Gradua\u00e7\u00e3o Lato Sensu Direito Processual Civil pelo Instituto Brasiliense de Ensino e Pesquisa (2000), Mestrado em Direito pelo Centro Universit\u00e1rio de Bras\u00edlia (2007) e Doutorado em Direito pelo Centro Universit\u00e1rio de Bras\u00edlia (2014).<\/span><\/p><p><span style=\"font-weight: 400;\">Atualmente \u00e9 Procurador da Procuradoria Geral do Distrito Federal, professor titular do Centro Universit\u00e1rio de Bras\u00edlia, Professor da Escola Superior do Minist\u00e9rio P\u00fablico do Distrito Federal e Territ\u00f3rios e professor do Instituto Brasiliense de Direito P\u00fablico.<\/span><\/p><p><span style=\"font-weight: 400;\">Possui uma vasta bibliografia publicada na \u00e1rea de Direito Empresarial, destaque para o Curso de Direito Empresarial em 3 volumes.<\/span><\/p>\t\t\t\t\t\t\t\t<\/div>\n\t\t\t\t<\/div>\n\t\t\t\t\t<\/div>\n\t\t<\/div>\n\t\t\t\t\t<\/div>\n\t\t<\/section>\n\t\t\t\t<section class=\"elementor-section elementor-inner-section elementor-element elementor-element-c5e1d00 elementor-section-boxed elementor-section-height-default elementor-section-height-default elementor-invisible\" data-id=\"c5e1d00\" data-element_type=\"section\" data-e-type=\"section\" data-settings=\"{&quot;animation&quot;:&quot;fadeInUp&quot;}\">\n\t\t\t\t\t\t<div class=\"elementor-container elementor-column-gap-default\">\n\t\t\t\t\t<div class=\"elementor-column elementor-col-50 elementor-inner-column elementor-element elementor-element-9abeffb\" data-id=\"9abeffb\" data-element_type=\"column\" data-e-type=\"column\">\n\t\t\t<div class=\"elementor-widget-wrap elementor-element-populated\">\n\t\t\t\t\t\t<div class=\"elementor-element elementor-element-e85ee08 elementor-widget elementor-widget-image\" data-id=\"e85ee08\" data-element_type=\"widget\" data-e-type=\"widget\" data-widget_type=\"image.default\">\n\t\t\t\t<div class=\"elementor-widget-container\">\n\t\t\t\t\t\t\t\t\t\t\t\t\t\t\t<img loading=\"lazy\" decoding=\"async\" width=\"1152\" height=\"1150\" src=\"https:\/\/tmabrasil.org\/evento\/wp-content\/uploads\/2025\/07\/Moacyr-Lobato-Desembargador-do-Tribunal-de-Justica-do-Estado-de-Minas-Gerais.jpeg\" class=\"elementor-animation-float attachment-full size-full wp-image-2968\" alt=\"\" srcset=\"https:\/\/tmabrasil.org\/evento\/wp-content\/uploads\/2025\/07\/Moacyr-Lobato-Desembargador-do-Tribunal-de-Justica-do-Estado-de-Minas-Gerais.jpeg 1152w, https:\/\/tmabrasil.org\/evento\/wp-content\/uploads\/2025\/07\/Moacyr-Lobato-Desembargador-do-Tribunal-de-Justica-do-Estado-de-Minas-Gerais-300x300.jpeg 300w, https:\/\/tmabrasil.org\/evento\/wp-content\/uploads\/2025\/07\/Moacyr-Lobato-Desembargador-do-Tribunal-de-Justica-do-Estado-de-Minas-Gerais-1024x1022.jpeg 1024w, https:\/\/tmabrasil.org\/evento\/wp-content\/uploads\/2025\/07\/Moacyr-Lobato-Desembargador-do-Tribunal-de-Justica-do-Estado-de-Minas-Gerais-150x150.jpeg 150w, https:\/\/tmabrasil.org\/evento\/wp-content\/uploads\/2025\/07\/Moacyr-Lobato-Desembargador-do-Tribunal-de-Justica-do-Estado-de-Minas-Gerais-768x767.jpeg 768w\" sizes=\"(max-width: 1152px) 100vw, 1152px\" \/>\t\t\t\t\t\t\t\t\t\t\t\t\t\t\t<\/div>\n\t\t\t\t<\/div>\n\t\t\t\t\t<\/div>\n\t\t<\/div>\n\t\t\t\t<div class=\"elementor-column elementor-col-50 elementor-inner-column elementor-element elementor-element-fdc8791\" data-id=\"fdc8791\" data-element_type=\"column\" data-e-type=\"column\">\n\t\t\t<div class=\"elementor-widget-wrap elementor-element-populated\">\n\t\t\t\t\t\t<div class=\"elementor-element elementor-element-5cd04e9 elementor-widget elementor-widget-heading\" data-id=\"5cd04e9\" data-element_type=\"widget\" data-e-type=\"widget\" data-widget_type=\"heading.default\">\n\t\t\t\t<div class=\"elementor-widget-container\">\n\t\t\t\t\t<h4 class=\"elementor-heading-title elementor-size-default\">Moacyr Lobato<\/h4>\t\t\t\t<\/div>\n\t\t\t\t<\/div>\n\t\t\t\t<div class=\"elementor-element elementor-element-70d6e9a elementor-widget elementor-widget-heading\" data-id=\"70d6e9a\" data-element_type=\"widget\" data-e-type=\"widget\" data-widget_type=\"heading.default\">\n\t\t\t\t<div class=\"elementor-widget-container\">\n\t\t\t\t\t<span class=\"elementor-heading-title elementor-size-default\">Desembargador aposentado do TJMG, Advogado e Professor de Direito Empresarial da PUC Minas.\n\n\n\n<\/span>\t\t\t\t<\/div>\n\t\t\t\t<\/div>\n\t\t\t\t\t<\/div>\n\t\t<\/div>\n\t\t\t\t\t<\/div>\n\t\t<\/section>\n\t\t\t\t<section class=\"elementor-section elementor-inner-section elementor-element elementor-element-c59691e elementor-section-boxed elementor-section-height-default elementor-section-height-default elementor-invisible\" data-id=\"c59691e\" data-element_type=\"section\" data-e-type=\"section\" data-settings=\"{&quot;animation&quot;:&quot;fadeInUp&quot;}\">\n\t\t\t\t\t\t<div class=\"elementor-container elementor-column-gap-default\">\n\t\t\t\t\t<div class=\"elementor-column elementor-col-50 elementor-inner-column elementor-element elementor-element-869b675\" data-id=\"869b675\" data-element_type=\"column\" data-e-type=\"column\">\n\t\t\t<div class=\"elementor-widget-wrap elementor-element-populated\">\n\t\t\t\t\t\t<div class=\"elementor-element elementor-element-cdc8911 elementor-widget elementor-widget-image\" data-id=\"cdc8911\" data-element_type=\"widget\" data-e-type=\"widget\" data-widget_type=\"image.default\">\n\t\t\t\t<div class=\"elementor-widget-container\">\n\t\t\t\t\t\t\t\t\t\t\t\t\t\t\t<img loading=\"lazy\" decoding=\"async\" width=\"500\" height=\"500\" src=\"https:\/\/tmabrasil.org\/evento\/wp-content\/uploads\/2025\/07\/paulo-furtado-quadrado.png\" class=\"elementor-animation-float attachment-full size-full wp-image-3212\" alt=\"\" srcset=\"https:\/\/tmabrasil.org\/evento\/wp-content\/uploads\/2025\/07\/paulo-furtado-quadrado.png 500w, https:\/\/tmabrasil.org\/evento\/wp-content\/uploads\/2025\/07\/paulo-furtado-quadrado-300x300.png 300w, https:\/\/tmabrasil.org\/evento\/wp-content\/uploads\/2025\/07\/paulo-furtado-quadrado-150x150.png 150w\" sizes=\"(max-width: 500px) 100vw, 500px\" \/>\t\t\t\t\t\t\t\t\t\t\t\t\t\t\t<\/div>\n\t\t\t\t<\/div>\n\t\t\t\t\t<\/div>\n\t\t<\/div>\n\t\t\t\t<div class=\"elementor-column elementor-col-50 elementor-inner-column elementor-element elementor-element-b28443f\" data-id=\"b28443f\" data-element_type=\"column\" data-e-type=\"column\">\n\t\t\t<div class=\"elementor-widget-wrap elementor-element-populated\">\n\t\t\t\t\t\t<div class=\"elementor-element elementor-element-7ee66a0 elementor-widget elementor-widget-heading\" data-id=\"7ee66a0\" data-element_type=\"widget\" data-e-type=\"widget\" data-widget_type=\"heading.default\">\n\t\t\t\t<div class=\"elementor-widget-container\">\n\t\t\t\t\t<h4 class=\"elementor-heading-title elementor-size-default\">Dr. Paulo Furtado de Oliveira Filho.<\/h4>\t\t\t\t<\/div>\n\t\t\t\t<\/div>\n\t\t\t\t<div class=\"elementor-element elementor-element-eec9e24 elementor-widget elementor-widget-heading\" data-id=\"eec9e24\" data-element_type=\"widget\" data-e-type=\"widget\" data-widget_type=\"heading.default\">\n\t\t\t\t<div class=\"elementor-widget-container\">\n\t\t\t\t\t<span class=\"elementor-heading-title elementor-size-default\">Juiz Titular da 2a. Vara de Fal\u00eancias e Recupera\u00e7\u00f5es Judiciais da Capital\/SP\n\n\n\n\n<\/span>\t\t\t\t<\/div>\n\t\t\t\t<\/div>\n\t\t\t\t<div class=\"elementor-element elementor-element-b51b8c4 elementor-widget elementor-widget-text-editor\" data-id=\"b51b8c4\" data-element_type=\"widget\" data-e-type=\"widget\" data-widget_type=\"text-editor.default\">\n\t\t\t\t<div class=\"elementor-widget-container\">\n\t\t\t\t\t\t\t\t\t<p><span style=\"font-weight: 400;\">Bacharel em Direito pela Usp (1994). Mestre em Direito Comercial pela Usp (2024). Juiz Titular da 2a. Vara de Fal\u00eancias e Recupera\u00e7\u00f5es Judiciais da Capital\/SP<\/span><\/p>\t\t\t\t\t\t\t\t<\/div>\n\t\t\t\t<\/div>\n\t\t\t\t\t<\/div>\n\t\t<\/div>\n\t\t\t\t\t<\/div>\n\t\t<\/section>\n\t\t\t\t<section class=\"elementor-section elementor-inner-section elementor-element elementor-element-57cf28b elementor-section-boxed elementor-section-height-default elementor-section-height-default elementor-invisible\" data-id=\"57cf28b\" data-element_type=\"section\" data-e-type=\"section\" data-settings=\"{&quot;animation&quot;:&quot;fadeInUp&quot;}\">\n\t\t\t\t\t\t<div class=\"elementor-container elementor-column-gap-default\">\n\t\t\t\t\t<div class=\"elementor-column elementor-col-50 elementor-inner-column elementor-element elementor-element-f397524\" data-id=\"f397524\" data-element_type=\"column\" data-e-type=\"column\">\n\t\t\t<div class=\"elementor-widget-wrap elementor-element-populated\">\n\t\t\t\t\t\t<div class=\"elementor-element elementor-element-bbd51a3 elementor-widget elementor-widget-image\" data-id=\"bbd51a3\" data-element_type=\"widget\" data-e-type=\"widget\" data-widget_type=\"image.default\">\n\t\t\t\t<div class=\"elementor-widget-container\">\n\t\t\t\t\t\t\t\t\t\t\t\t\t\t\t<img loading=\"lazy\" decoding=\"async\" width=\"1140\" height=\"1140\" src=\"https:\/\/tmabrasil.org\/evento\/wp-content\/uploads\/2025\/07\/Exmo.-Dr.-Pedro-Bortolini-Juiz-de-Direito-do-TJSP-1-Copia.jpeg\" class=\"elementor-animation-float attachment-full size-full wp-image-3280\" alt=\"\" srcset=\"https:\/\/tmabrasil.org\/evento\/wp-content\/uploads\/2025\/07\/Exmo.-Dr.-Pedro-Bortolini-Juiz-de-Direito-do-TJSP-1-Copia.jpeg 1140w, https:\/\/tmabrasil.org\/evento\/wp-content\/uploads\/2025\/07\/Exmo.-Dr.-Pedro-Bortolini-Juiz-de-Direito-do-TJSP-1-Copia-300x300.jpeg 300w, https:\/\/tmabrasil.org\/evento\/wp-content\/uploads\/2025\/07\/Exmo.-Dr.-Pedro-Bortolini-Juiz-de-Direito-do-TJSP-1-Copia-1024x1024.jpeg 1024w, https:\/\/tmabrasil.org\/evento\/wp-content\/uploads\/2025\/07\/Exmo.-Dr.-Pedro-Bortolini-Juiz-de-Direito-do-TJSP-1-Copia-150x150.jpeg 150w, https:\/\/tmabrasil.org\/evento\/wp-content\/uploads\/2025\/07\/Exmo.-Dr.-Pedro-Bortolini-Juiz-de-Direito-do-TJSP-1-Copia-768x768.jpeg 768w\" sizes=\"(max-width: 1140px) 100vw, 1140px\" \/>\t\t\t\t\t\t\t\t\t\t\t\t\t\t\t<\/div>\n\t\t\t\t<\/div>\n\t\t\t\t\t<\/div>\n\t\t<\/div>\n\t\t\t\t<div class=\"elementor-column elementor-col-50 elementor-inner-column elementor-element elementor-element-b46393f\" data-id=\"b46393f\" data-element_type=\"column\" data-e-type=\"column\">\n\t\t\t<div class=\"elementor-widget-wrap elementor-element-populated\">\n\t\t\t\t\t\t<div class=\"elementor-element elementor-element-a1533d5 elementor-widget elementor-widget-heading\" data-id=\"a1533d5\" data-element_type=\"widget\" data-e-type=\"widget\" data-widget_type=\"heading.default\">\n\t\t\t\t<div class=\"elementor-widget-container\">\n\t\t\t\t\t<h4 class=\"elementor-heading-title elementor-size-default\">Exmo. Dr. Pedro Bortolini<\/h4>\t\t\t\t<\/div>\n\t\t\t\t<\/div>\n\t\t\t\t<div class=\"elementor-element elementor-element-0db4ca3 elementor-widget elementor-widget-heading\" data-id=\"0db4ca3\" data-element_type=\"widget\" data-e-type=\"widget\" data-widget_type=\"heading.default\">\n\t\t\t\t<div class=\"elementor-widget-container\">\n\t\t\t\t\t<span class=\"elementor-heading-title elementor-size-default\">Juiz de Direito do TJSP\n\n\n\n\n<\/span>\t\t\t\t<\/div>\n\t\t\t\t<\/div>\n\t\t\t\t\t<\/div>\n\t\t<\/div>\n\t\t\t\t\t<\/div>\n\t\t<\/section>\n\t\t\t\t<section class=\"elementor-section elementor-inner-section elementor-element elementor-element-45c83bf elementor-section-boxed elementor-section-height-default elementor-section-height-default elementor-invisible\" data-id=\"45c83bf\" data-element_type=\"section\" data-e-type=\"section\" data-settings=\"{&quot;animation&quot;:&quot;fadeInUp&quot;}\">\n\t\t\t\t\t\t<div class=\"elementor-container elementor-column-gap-default\">\n\t\t\t\t\t<div class=\"elementor-column elementor-col-50 elementor-inner-column elementor-element elementor-element-5c15b90\" data-id=\"5c15b90\" data-element_type=\"column\" data-e-type=\"column\">\n\t\t\t<div class=\"elementor-widget-wrap elementor-element-populated\">\n\t\t\t\t\t\t<div class=\"elementor-element elementor-element-32b0f05 elementor-widget elementor-widget-image\" data-id=\"32b0f05\" data-element_type=\"widget\" data-e-type=\"widget\" data-widget_type=\"image.default\">\n\t\t\t\t<div class=\"elementor-widget-container\">\n\t\t\t\t\t\t\t\t\t\t\t\t\t\t\t<img loading=\"lazy\" decoding=\"async\" width=\"1572\" height=\"1272\" src=\"https:\/\/tmabrasil.org\/evento\/wp-content\/uploads\/2025\/07\/Renata-Oliveira-Socia-Machado-Meyer-Advogados-atual-Copia.jpg\" class=\"elementor-animation-float attachment-full size-full wp-image-3281\" alt=\"\" srcset=\"https:\/\/tmabrasil.org\/evento\/wp-content\/uploads\/2025\/07\/Renata-Oliveira-Socia-Machado-Meyer-Advogados-atual-Copia.jpg 1572w, https:\/\/tmabrasil.org\/evento\/wp-content\/uploads\/2025\/07\/Renata-Oliveira-Socia-Machado-Meyer-Advogados-atual-Copia-300x243.jpg 300w, https:\/\/tmabrasil.org\/evento\/wp-content\/uploads\/2025\/07\/Renata-Oliveira-Socia-Machado-Meyer-Advogados-atual-Copia-1024x829.jpg 1024w, https:\/\/tmabrasil.org\/evento\/wp-content\/uploads\/2025\/07\/Renata-Oliveira-Socia-Machado-Meyer-Advogados-atual-Copia-768x621.jpg 768w, https:\/\/tmabrasil.org\/evento\/wp-content\/uploads\/2025\/07\/Renata-Oliveira-Socia-Machado-Meyer-Advogados-atual-Copia-1536x1243.jpg 1536w\" sizes=\"(max-width: 1572px) 100vw, 1572px\" \/>\t\t\t\t\t\t\t\t\t\t\t\t\t\t\t<\/div>\n\t\t\t\t<\/div>\n\t\t\t\t\t<\/div>\n\t\t<\/div>\n\t\t\t\t<div class=\"elementor-column elementor-col-50 elementor-inner-column elementor-element elementor-element-11edeef\" data-id=\"11edeef\" data-element_type=\"column\" data-e-type=\"column\">\n\t\t\t<div class=\"elementor-widget-wrap elementor-element-populated\">\n\t\t\t\t\t\t<div class=\"elementor-element elementor-element-4b3d9cd elementor-widget elementor-widget-heading\" data-id=\"4b3d9cd\" data-element_type=\"widget\" data-e-type=\"widget\" data-widget_type=\"heading.default\">\n\t\t\t\t<div class=\"elementor-widget-container\">\n\t\t\t\t\t<h4 class=\"elementor-heading-title elementor-size-default\">Renata Oliveira<\/h4>\t\t\t\t<\/div>\n\t\t\t\t<\/div>\n\t\t\t\t<div class=\"elementor-element elementor-element-c3e80ee elementor-widget elementor-widget-heading\" data-id=\"c3e80ee\" data-element_type=\"widget\" data-e-type=\"widget\" data-widget_type=\"heading.default\">\n\t\t\t\t<div class=\"elementor-widget-container\">\n\t\t\t\t\t<span class=\"elementor-heading-title elementor-size-default\">S\u00f3cia, Machado Meyer Advogados\n\n\n\n\n\n<\/span>\t\t\t\t<\/div>\n\t\t\t\t<\/div>\n\t\t\t\t<div class=\"elementor-element elementor-element-1e2b979 elementor-widget elementor-widget-text-editor\" data-id=\"1e2b979\" data-element_type=\"widget\" data-e-type=\"widget\" data-widget_type=\"text-editor.default\">\n\t\t\t\t<div class=\"elementor-widget-container\">\n\t\t\t\t\t\t\t\t\t<p><span style=\"font-weight: 400;\">Especialista na preven\u00e7\u00e3o e resolu\u00e7\u00e3o de conflitos perante o Poder Judici\u00e1rio, \u00f3rg\u00e3os p\u00fablicos e renomados Centros de Arbitragem nacionais e internacionais, e em reestrutura\u00e7\u00e3o e recupera\u00e7\u00e3o de cr\u00e9ditos e empresas. Atua em disputas envolvendo Direito Falimentar, Administrativo, Civil, Comercial, Ambiental, Miner\u00e1rio, Consumerista, Aeron\u00e1utico, Banc\u00e1rio, Imobili\u00e1rio, Societ\u00e1rio e quest\u00f5es ligadas a compliance.<\/span><span style=\"font-weight: 400;\"><br \/><\/span><span style=\"font-weight: 400;\">RECONHECIMENTOS RECENTES \u2013 Chambers &amp; Partners Brazil: Contentious: Bankruptcy\/Restructuring (2021-2023) \/ Chambers Latin America: Reestrutura\u00e7\u00e3o e Insolv\u00eancia (2020-2021) \/ The Legal 500: Resolu\u00e7\u00e3o de Disputas: Contencioso (2017, 2021) e Reestrutura\u00e7\u00e3o &amp; Insolv\u00eancia como \u201cNext Generation Partners\u201d (2017, 2021-2023) \/ Leaders League: Fal\u00eancias (2020-2021); Fal\u00eancias, Contencioso C\u00edvel e Comercial e Direito do Consumidor (2022) \/ Latin Lawyer 250: Contencioso e Reestrutura\u00e7\u00e3o e Insolv\u00eancia (2018, 2020-2022) \/ Latin Lawyer National: Reestrutura\u00e7\u00e3o e Insolv\u00eancia e Contencioso (2020) \/ Euromoney: Benchmark Litigation: Future Star (2021) \/ An\u00e1lise Advocacia Mulher: Arbitragem e no setor de Qu\u00edmica e Petroqu\u00edmica (2021); Servi\u00e7os Especializados e em S\u00e3o Paulo (2022); Contratos empresariais e Servi\u00e7os especializados (2023) \/ Women in Business Law Awards: Restructuring &amp; Insolvency Lawyer of the Year (2021-2022) \/ GRR \u2013 Global Restructuring Review: Reestrutura\u00e7\u00e3o como \u201cNames to know in Brazil\u201d (2020) \/ Latin Lawyer: atuou nas recupera\u00e7\u00f5es judiciais vencedoras do pr\u00eamio \u201cDeal of the Year\u201d na categoria \u201cRestructuring\u201d (2010, 2013, 2014, 2017)<\/span><span style=\"font-weight: 400;\"><br \/><\/span><span style=\"font-weight: 400;\">FORMA\u00c7\u00c3O ACAD\u00caMICA \u2013 Funda\u00e7\u00e3o Get\u00falio Vargas de S\u00e3o Paulo (educa\u00e7\u00e3o continuada em recupera\u00e7\u00e3o de cr\u00e9dito e reestrutura\u00e7\u00e3o de d\u00edvida, 2012) \/ New York University, Estados Unidos (educa\u00e7\u00e3o continuada em US Private Law and Foundations of Conflict Dispute Resolution, 2008) \/ Pontif\u00edcia Universidade Cat\u00f3lica de S\u00e3o Paulo (PUC-SP), Especializa\u00e7\u00e3o em direito processual civil, 2005 \/ Pontif\u00edcia Universidade Cat\u00f3lica de S\u00e3o Paulo (PUC-SP), Bacharelado em Direito, 2002<\/span><\/p>\t\t\t\t\t\t\t\t<\/div>\n\t\t\t\t<\/div>\n\t\t\t\t\t<\/div>\n\t\t<\/div>\n\t\t\t\t\t<\/div>\n\t\t<\/section>\n\t\t\t\t<section class=\"elementor-section elementor-inner-section elementor-element elementor-element-8ad46dc elementor-section-boxed elementor-section-height-default elementor-section-height-default elementor-invisible\" data-id=\"8ad46dc\" data-element_type=\"section\" data-e-type=\"section\" data-settings=\"{&quot;animation&quot;:&quot;fadeInUp&quot;}\">\n\t\t\t\t\t\t<div class=\"elementor-container elementor-column-gap-default\">\n\t\t\t\t\t<div class=\"elementor-column elementor-col-50 elementor-inner-column elementor-element elementor-element-7e6c239\" data-id=\"7e6c239\" data-element_type=\"column\" data-e-type=\"column\">\n\t\t\t<div class=\"elementor-widget-wrap elementor-element-populated\">\n\t\t\t\t\t\t<div class=\"elementor-element elementor-element-49874b7 elementor-widget elementor-widget-image\" data-id=\"49874b7\" data-element_type=\"widget\" data-e-type=\"widget\" data-widget_type=\"image.default\">\n\t\t\t\t<div class=\"elementor-widget-container\">\n\t\t\t\t\t\t\t\t\t\t\t\t\t\t\t<img loading=\"lazy\" decoding=\"async\" width=\"1080\" height=\"1920\" src=\"https:\/\/tmabrasil.org\/evento\/wp-content\/uploads\/2025\/07\/Renata-Mota-Maciel-Juiza-de-Direito-Titular-2a-Vara-Empresarial-e-de-Conflitos-de-Arbitragem-da-Capital-do-Estado-de-Sao-Paulo-Copia.jpg\" class=\"elementor-animation-float attachment-full size-full wp-image-3291\" alt=\"\" srcset=\"https:\/\/tmabrasil.org\/evento\/wp-content\/uploads\/2025\/07\/Renata-Mota-Maciel-Juiza-de-Direito-Titular-2a-Vara-Empresarial-e-de-Conflitos-de-Arbitragem-da-Capital-do-Estado-de-Sao-Paulo-Copia.jpg 1080w, https:\/\/tmabrasil.org\/evento\/wp-content\/uploads\/2025\/07\/Renata-Mota-Maciel-Juiza-de-Direito-Titular-2a-Vara-Empresarial-e-de-Conflitos-de-Arbitragem-da-Capital-do-Estado-de-Sao-Paulo-Copia-169x300.jpg 169w, https:\/\/tmabrasil.org\/evento\/wp-content\/uploads\/2025\/07\/Renata-Mota-Maciel-Juiza-de-Direito-Titular-2a-Vara-Empresarial-e-de-Conflitos-de-Arbitragem-da-Capital-do-Estado-de-Sao-Paulo-Copia-576x1024.jpg 576w, https:\/\/tmabrasil.org\/evento\/wp-content\/uploads\/2025\/07\/Renata-Mota-Maciel-Juiza-de-Direito-Titular-2a-Vara-Empresarial-e-de-Conflitos-de-Arbitragem-da-Capital-do-Estado-de-Sao-Paulo-Copia-768x1365.jpg 768w, https:\/\/tmabrasil.org\/evento\/wp-content\/uploads\/2025\/07\/Renata-Mota-Maciel-Juiza-de-Direito-Titular-2a-Vara-Empresarial-e-de-Conflitos-de-Arbitragem-da-Capital-do-Estado-de-Sao-Paulo-Copia-864x1536.jpg 864w\" sizes=\"(max-width: 1080px) 100vw, 1080px\" \/>\t\t\t\t\t\t\t\t\t\t\t\t\t\t\t<\/div>\n\t\t\t\t<\/div>\n\t\t\t\t\t<\/div>\n\t\t<\/div>\n\t\t\t\t<div class=\"elementor-column elementor-col-50 elementor-inner-column elementor-element elementor-element-1391da4\" data-id=\"1391da4\" data-element_type=\"column\" data-e-type=\"column\">\n\t\t\t<div class=\"elementor-widget-wrap elementor-element-populated\">\n\t\t\t\t\t\t<div class=\"elementor-element elementor-element-5179de1 elementor-widget elementor-widget-heading\" data-id=\"5179de1\" data-element_type=\"widget\" data-e-type=\"widget\" data-widget_type=\"heading.default\">\n\t\t\t\t<div class=\"elementor-widget-container\">\n\t\t\t\t\t<h4 class=\"elementor-heading-title elementor-size-default\">Renata Mota Maciel<\/h4>\t\t\t\t<\/div>\n\t\t\t\t<\/div>\n\t\t\t\t<div class=\"elementor-element elementor-element-469a5a0 elementor-widget elementor-widget-heading\" data-id=\"469a5a0\" data-element_type=\"widget\" data-e-type=\"widget\" data-widget_type=\"heading.default\">\n\t\t\t\t<div class=\"elementor-widget-container\">\n\t\t\t\t\t<span class=\"elementor-heading-title elementor-size-default\">Ju\u00edza de Direito Titular 2\u00aa Vara Empresarial e de Conflitos de Arbitragem da Capital do Estado de S\u00e3o Paulo\n\n\n\n\n\n<\/span>\t\t\t\t<\/div>\n\t\t\t\t<\/div>\n\t\t\t\t<div class=\"elementor-element elementor-element-0d9c663 elementor-widget elementor-widget-text-editor\" data-id=\"0d9c663\" data-element_type=\"widget\" data-e-type=\"widget\" data-widget_type=\"text-editor.default\">\n\t\t\t\t<div class=\"elementor-widget-container\">\n\t\t\t\t\t\t\t\t\t<p><span style=\"font-weight: 400;\">Professora do Programa de Mestrado e Doutorado em Direito da Universidade Nove de Julho (UNINOVE). Professora na Escola Paulista da Magistratura (EPM). Ju\u00edza de Direito Titular da 2\u00aa Vara Empresarial e de Conflitos de Arbitragem da Capital do Estado de S\u00e3o Paulo. Doutorado em Direito Comercial pela Universidade de S\u00e3o Paulo (2016).<\/span><\/p>\t\t\t\t\t\t\t\t<\/div>\n\t\t\t\t<\/div>\n\t\t\t\t\t<\/div>\n\t\t<\/div>\n\t\t\t\t\t<\/div>\n\t\t<\/section>\n\t\t\t\t<section class=\"elementor-section elementor-inner-section elementor-element elementor-element-e716355 elementor-section-boxed elementor-section-height-default elementor-section-height-default elementor-invisible\" data-id=\"e716355\" data-element_type=\"section\" data-e-type=\"section\" data-settings=\"{&quot;animation&quot;:&quot;fadeInUp&quot;}\">\n\t\t\t\t\t\t<div class=\"elementor-container elementor-column-gap-default\">\n\t\t\t\t\t<div class=\"elementor-column elementor-col-50 elementor-inner-column elementor-element elementor-element-75a861c\" data-id=\"75a861c\" data-element_type=\"column\" data-e-type=\"column\">\n\t\t\t<div class=\"elementor-widget-wrap elementor-element-populated\">\n\t\t\t\t\t\t<div class=\"elementor-element elementor-element-78d8bfd elementor-widget elementor-widget-image\" data-id=\"78d8bfd\" data-element_type=\"widget\" data-e-type=\"widget\" data-widget_type=\"image.default\">\n\t\t\t\t<div class=\"elementor-widget-container\">\n\t\t\t\t\t\t\t\t\t\t\t\t\t\t\t<img loading=\"lazy\" decoding=\"async\" width=\"768\" height=\"768\" src=\"https:\/\/tmabrasil.org\/evento\/wp-content\/uploads\/2025\/07\/Rodrigo-Tellechea-Socio-Souto-Correa.webp\" class=\"elementor-animation-float attachment-full size-full wp-image-3213\" alt=\"\" srcset=\"https:\/\/tmabrasil.org\/evento\/wp-content\/uploads\/2025\/07\/Rodrigo-Tellechea-Socio-Souto-Correa.webp 768w, https:\/\/tmabrasil.org\/evento\/wp-content\/uploads\/2025\/07\/Rodrigo-Tellechea-Socio-Souto-Correa-300x300.webp 300w, https:\/\/tmabrasil.org\/evento\/wp-content\/uploads\/2025\/07\/Rodrigo-Tellechea-Socio-Souto-Correa-150x150.webp 150w\" sizes=\"(max-width: 768px) 100vw, 768px\" \/>\t\t\t\t\t\t\t\t\t\t\t\t\t\t\t<\/div>\n\t\t\t\t<\/div>\n\t\t\t\t\t<\/div>\n\t\t<\/div>\n\t\t\t\t<div class=\"elementor-column elementor-col-50 elementor-inner-column elementor-element elementor-element-bb9f276\" data-id=\"bb9f276\" data-element_type=\"column\" data-e-type=\"column\">\n\t\t\t<div class=\"elementor-widget-wrap elementor-element-populated\">\n\t\t\t\t\t\t<div class=\"elementor-element elementor-element-42d34d0 elementor-widget elementor-widget-heading\" data-id=\"42d34d0\" data-element_type=\"widget\" data-e-type=\"widget\" data-widget_type=\"heading.default\">\n\t\t\t\t<div class=\"elementor-widget-container\">\n\t\t\t\t\t<h4 class=\"elementor-heading-title elementor-size-default\">Rodrigo Tellechea<\/h4>\t\t\t\t<\/div>\n\t\t\t\t<\/div>\n\t\t\t\t<div class=\"elementor-element elementor-element-beda828 elementor-widget elementor-widget-heading\" data-id=\"beda828\" data-element_type=\"widget\" data-e-type=\"widget\" data-widget_type=\"heading.default\">\n\t\t\t\t<div class=\"elementor-widget-container\">\n\t\t\t\t\t<span class=\"elementor-heading-title elementor-size-default\">S\u00f3cio, Souto Correa Advogados\n\n\n\n\n\n<\/span>\t\t\t\t<\/div>\n\t\t\t\t<\/div>\n\t\t\t\t<div class=\"elementor-element elementor-element-da2a684 elementor-widget elementor-widget-text-editor\" data-id=\"da2a684\" data-element_type=\"widget\" data-e-type=\"widget\" data-widget_type=\"text-editor.default\">\n\t\t\t\t<div class=\"elementor-widget-container\">\n\t\t\t\t\t\t\t\t\t<p><span style=\"font-weight: 400;\">Experi\u00eancia nas \u00e1reas de\u00a0direito societ\u00e1rio, arbitragem\u00a0e\u00a0reestrutura\u00e7\u00e3o e insolv\u00eancia, com atua\u00e7\u00e3o tanto na esfera consultiva quanto contenciosa, oferecendo\u00a0solu\u00e7\u00f5es jur\u00eddicas personalizadas\u00a0para\u00a0empresas nacionais e estrangeiras\u00a0em opera\u00e7\u00f5es dom\u00e9sticas e internacionais.<\/span><\/p><p><span style=\"font-weight: 400;\">Com um olhar atento \u00e0s necessidades espec\u00edficas de cada cliente,\u00a0<\/span>Rodrigo se destaca por sua habilidade t\u00e9cnica e sua vis\u00e3o de neg\u00f3cio para navegar por complexos cen\u00e1rios jur\u00eddicos e empresariais. Sua experi\u00eancia inclui segmentos econ\u00f4micos diversos, com atua\u00e7\u00e3o no setor da ind\u00fastria, presta\u00e7\u00e3o de servi\u00e7os financeiros e tecnologia. \u00a0<\/p><p><span style=\"font-weight: 400;\">No campo do\u00a0direito societ\u00e1rio, Rodrigo possui uma s\u00f3lida forma\u00e7\u00e3o e especializa\u00e7\u00e3o jur\u00eddico-empresarial, oferecendo assessoria abrangente em negocia\u00e7\u00f5es e contratos de\u00a0fus\u00f5es,\u00a0aquisi\u00e7\u00f5es\u00a0e\u00a0na estrutura\u00e7\u00e3o de modelos de governan\u00e7a corporativa e organiza\u00e7\u00e3o patrimonial para empresas dos mais diferentes matizes e segmentos, atuando em transa\u00e7\u00f5es complexas e multidisciplinares.<\/span><\/p><p><span style=\"font-weight: 400;\">Sua expertise em\u00a0arbitragem\u00a0tamb\u00e9m \u00e9 reconhecida, pois representa clientes em disputas diversas, sempre com o objetivo de alcan\u00e7ar solu\u00e7\u00f5es eficientes alinhadas com os interesses de seus clientes. Na \u00e1rea de\u00a0reestrutura\u00e7\u00e3o e insolv\u00eancia, Rodrigo se destaca na atua\u00e7\u00e3o para clientes com foco no desenvolvimento de solu\u00e7\u00f5es inovadoras para reorganiza\u00e7\u00f5es de empresas tanto na esfera judicial (recupera\u00e7\u00e3o judicial) quanto extrajudicial (negocia\u00e7\u00f5es e recupera\u00e7\u00e3o extrajudicial).<\/span><\/p>\t\t\t\t\t\t\t\t<\/div>\n\t\t\t\t<\/div>\n\t\t\t\t\t<\/div>\n\t\t<\/div>\n\t\t\t\t\t<\/div>\n\t\t<\/section>\n\t\t\t\t<section class=\"elementor-section elementor-inner-section elementor-element elementor-element-174edb9 elementor-section-boxed elementor-section-height-default elementor-section-height-default elementor-invisible\" data-id=\"174edb9\" data-element_type=\"section\" data-e-type=\"section\" data-settings=\"{&quot;animation&quot;:&quot;fadeInUp&quot;}\">\n\t\t\t\t\t\t<div class=\"elementor-container elementor-column-gap-default\">\n\t\t\t\t\t<div class=\"elementor-column elementor-col-50 elementor-inner-column elementor-element elementor-element-87c5531\" data-id=\"87c5531\" data-element_type=\"column\" data-e-type=\"column\">\n\t\t\t<div class=\"elementor-widget-wrap elementor-element-populated\">\n\t\t\t\t\t\t<div class=\"elementor-element elementor-element-547cab8 elementor-widget elementor-widget-image\" data-id=\"547cab8\" data-element_type=\"widget\" data-e-type=\"widget\" data-widget_type=\"image.default\">\n\t\t\t\t<div class=\"elementor-widget-container\">\n\t\t\t\t\t\t\t\t\t\t\t\t\t\t\t<img loading=\"lazy\" decoding=\"async\" width=\"500\" height=\"500\" src=\"https:\/\/tmabrasil.org\/evento\/wp-content\/uploads\/2025\/07\/Tatiana-Flores.png\" class=\"elementor-animation-float attachment-full size-full wp-image-3214\" alt=\"\" srcset=\"https:\/\/tmabrasil.org\/evento\/wp-content\/uploads\/2025\/07\/Tatiana-Flores.png 500w, https:\/\/tmabrasil.org\/evento\/wp-content\/uploads\/2025\/07\/Tatiana-Flores-300x300.png 300w, https:\/\/tmabrasil.org\/evento\/wp-content\/uploads\/2025\/07\/Tatiana-Flores-150x150.png 150w\" sizes=\"(max-width: 500px) 100vw, 500px\" \/>\t\t\t\t\t\t\t\t\t\t\t\t\t\t\t<\/div>\n\t\t\t\t<\/div>\n\t\t\t\t\t<\/div>\n\t\t<\/div>\n\t\t\t\t<div class=\"elementor-column elementor-col-50 elementor-inner-column elementor-element elementor-element-09bd2fb\" data-id=\"09bd2fb\" data-element_type=\"column\" data-e-type=\"column\">\n\t\t\t<div class=\"elementor-widget-wrap elementor-element-populated\">\n\t\t\t\t\t\t<div class=\"elementor-element elementor-element-e076ad7 elementor-widget elementor-widget-heading\" data-id=\"e076ad7\" data-element_type=\"widget\" data-e-type=\"widget\" data-widget_type=\"heading.default\">\n\t\t\t\t<div class=\"elementor-widget-container\">\n\t\t\t\t\t<h4 class=\"elementor-heading-title elementor-size-default\">Tatiana Flores<\/h4>\t\t\t\t<\/div>\n\t\t\t\t<\/div>\n\t\t\t\t<div class=\"elementor-element elementor-element-c16e9e5 elementor-widget elementor-widget-heading\" data-id=\"c16e9e5\" data-element_type=\"widget\" data-e-type=\"widget\" data-widget_type=\"heading.default\">\n\t\t\t\t<div class=\"elementor-widget-container\">\n\t\t\t\t\t<span class=\"elementor-heading-title elementor-size-default\">S\u00f3cia, LDCM Advogados \n\n\n\n\n\n\n<\/span>\t\t\t\t<\/div>\n\t\t\t\t<\/div>\n\t\t\t\t<div class=\"elementor-element elementor-element-3111fa2 elementor-widget elementor-widget-text-editor\" data-id=\"3111fa2\" data-element_type=\"widget\" data-e-type=\"widget\" data-widget_type=\"text-editor.default\">\n\t\t\t\t<div class=\"elementor-widget-container\">\n\t\t\t\t\t\t\t\t\t<p><span style=\"font-weight: 400;\">Foco na resolu\u00e7\u00e3o de disputas complexas pr\u00e9-judiciais, judiciais ou arbitrais na \u00e1rea empresarial, insolv\u00eancia e que envolvam ativos em situa\u00e7\u00f5es especiais (ativos estressados).<\/span><\/p><p><span style=\"font-weight: 400;\">Antes de se juntar ao LDCM Advogados, Tatiana trabalhou em grandes escrit\u00f3rios em S\u00e3o Paulo, sendo o \u00faltimo deles Lefosse Advogados.<\/span><\/p><p><span style=\"font-weight: 400;\">Em seus mais de 16 anos de carreira, Tatiana possui vasta experi\u00eancia em processos de recupera\u00e7\u00e3o judicial, extrajudicial e fal\u00eancia, tendo representado credores e\/ou investidores, nacionais e internacionais. Assessora clientes de diversos setores em investimentos em ativos estressados, negocia\u00e7\u00e3o e lit\u00edgios de alta complexidade.<\/span><\/p>\t\t\t\t\t\t\t\t<\/div>\n\t\t\t\t<\/div>\n\t\t\t\t\t<\/div>\n\t\t<\/div>\n\t\t\t\t\t<\/div>\n\t\t<\/section>\n\t\t\t\t\t<\/div>\n\t\t<\/div>\n\t\t\t\t\t<\/div>\n\t\t<\/section>\n\t\t\t\t<section class=\"elementor-section elementor-top-section elementor-element elementor-element-287f298a elementor-section-full_width programa elementor-section-height-default elementor-section-height-default\" data-id=\"287f298a\" data-element_type=\"section\" data-e-type=\"section\" id=\"programa\" data-settings=\"{&quot;background_background&quot;:&quot;classic&quot;}\">\n\t\t\t\t\t\t\t<div class=\"elementor-background-overlay\"><\/div>\n\t\t\t\t\t\t\t<div class=\"elementor-container elementor-column-gap-default\">\n\t\t\t\t\t<div class=\"elementor-column elementor-col-100 elementor-top-column elementor-element elementor-element-7ea66020 programacao\" data-id=\"7ea66020\" data-element_type=\"column\" data-e-type=\"column\" id=\"programacao\">\n\t\t\t<div class=\"elementor-widget-wrap elementor-element-populated\">\n\t\t\t\t\t\t<div class=\"elementor-element elementor-element-4306d50f elementor-widget__width-auto elementor-absolute elementor-hidden-mobile elementor-widget elementor-widget-image\" data-id=\"4306d50f\" data-element_type=\"widget\" data-e-type=\"widget\" data-settings=\"{&quot;_position&quot;:&quot;absolute&quot;}\" data-widget_type=\"image.default\">\n\t\t\t\t<div class=\"elementor-widget-container\">\n\t\t\t\t\t\t\t\t\t\t\t\t\t\t\t<img loading=\"lazy\" decoding=\"async\" width=\"503\" height=\"778\" src=\"https:\/\/tmabrasil.org\/evento\/wp-content\/uploads\/2025\/03\/fundosemdetalhes.png\" class=\"attachment-full size-full wp-image-777\" alt=\"\" srcset=\"https:\/\/tmabrasil.org\/evento\/wp-content\/uploads\/2025\/03\/fundosemdetalhes.png 503w, https:\/\/tmabrasil.org\/evento\/wp-content\/uploads\/2025\/03\/fundosemdetalhes-194x300.png 194w\" sizes=\"(max-width: 503px) 100vw, 503px\" \/>\t\t\t\t\t\t\t\t\t\t\t\t\t\t\t<\/div>\n\t\t\t\t<\/div>\n\t\t\t\t<div class=\"elementor-element elementor-element-5701254 elementor-widget__width-auto elementor-absolute elementor-hidden-mobile elementor-widget elementor-widget-image\" data-id=\"5701254\" data-element_type=\"widget\" data-e-type=\"widget\" data-settings=\"{&quot;_position&quot;:&quot;absolute&quot;}\" data-widget_type=\"image.default\">\n\t\t\t\t<div class=\"elementor-widget-container\">\n\t\t\t\t\t\t\t\t\t\t\t\t\t\t\t<img loading=\"lazy\" decoding=\"async\" width=\"503\" height=\"778\" src=\"https:\/\/tmabrasil.org\/evento\/wp-content\/uploads\/2025\/03\/fundosemdetalhes.png\" class=\"attachment-full size-full wp-image-777\" alt=\"\" srcset=\"https:\/\/tmabrasil.org\/evento\/wp-content\/uploads\/2025\/03\/fundosemdetalhes.png 503w, https:\/\/tmabrasil.org\/evento\/wp-content\/uploads\/2025\/03\/fundosemdetalhes-194x300.png 194w\" sizes=\"(max-width: 503px) 100vw, 503px\" \/>\t\t\t\t\t\t\t\t\t\t\t\t\t\t\t<\/div>\n\t\t\t\t<\/div>\n\t\t\t\t<section class=\"elementor-section elementor-inner-section elementor-element elementor-element-5ab44791 elementor-section-boxed elementor-section-height-default elementor-section-height-default elementor-invisible\" data-id=\"5ab44791\" data-element_type=\"section\" data-e-type=\"section\" data-settings=\"{&quot;animation&quot;:&quot;fadeIn&quot;}\">\n\t\t\t\t\t\t<div class=\"elementor-container elementor-column-gap-default\">\n\t\t\t\t\t<div class=\"elementor-column elementor-col-25 elementor-inner-column elementor-element elementor-element-28688907\" data-id=\"28688907\" data-element_type=\"column\" data-e-type=\"column\">\n\t\t\t<div class=\"elementor-widget-wrap\">\n\t\t\t\t\t\t\t<\/div>\n\t\t<\/div>\n\t\t\t\t<div class=\"elementor-column elementor-col-25 elementor-inner-column elementor-element elementor-element-2889bcf9\" data-id=\"2889bcf9\" data-element_type=\"column\" data-e-type=\"column\">\n\t\t\t<div class=\"elementor-widget-wrap\">\n\t\t\t\t\t\t\t<\/div>\n\t\t<\/div>\n\t\t\t\t<div class=\"elementor-column elementor-col-25 elementor-inner-column elementor-element elementor-element-b243fc5\" data-id=\"b243fc5\" data-element_type=\"column\" data-e-type=\"column\">\n\t\t\t<div class=\"elementor-widget-wrap\">\n\t\t\t\t\t\t\t<\/div>\n\t\t<\/div>\n\t\t\t\t<div class=\"elementor-column elementor-col-25 elementor-inner-column elementor-element elementor-element-537b6b8c\" data-id=\"537b6b8c\" data-element_type=\"column\" data-e-type=\"column\">\n\t\t\t<div class=\"elementor-widget-wrap\">\n\t\t\t\t\t\t\t<\/div>\n\t\t<\/div>\n\t\t\t\t\t<\/div>\n\t\t<\/section>\n\t\t\t\t\t<\/div>\n\t\t<\/div>\n\t\t\t\t\t<\/div>\n\t\t<\/section>\n\t\t\t\t<section class=\"elementor-section elementor-top-section elementor-element elementor-element-3ee9095d elementor-section-boxed elementor-section-height-default elementor-section-height-default\" data-id=\"3ee9095d\" data-element_type=\"section\" data-e-type=\"section\">\n\t\t\t\t\t\t<div class=\"elementor-container elementor-column-gap-default\">\n\t\t\t\t\t<div class=\"elementor-column elementor-col-100 elementor-top-column elementor-element elementor-element-77e2c9ee\" data-id=\"77e2c9ee\" data-element_type=\"column\" data-e-type=\"column\" data-settings=\"{&quot;background_background&quot;:&quot;classic&quot;}\">\n\t\t\t<div class=\"elementor-widget-wrap elementor-element-populated\">\n\t\t\t\t\t\t<div class=\"elementor-element elementor-element-9e305d0 elementor-widget elementor-widget-tftabs\" data-id=\"9e305d0\" data-element_type=\"widget\" data-e-type=\"widget\" data-widget_type=\"tftabs.default\">\n\t\t\t\t<div class=\"elementor-widget-container\">\n\t\t\t\t\t\t\t<div id=\"tf-tabs-9e305d0\" class=\"tf-tabs horizontal tabs-horizontal icon-position-left show-triger-yes nav-justify\" data-tabid=\"9e305d0\">\r\n\t\t\t<div class=\"tf-tabnav\">\r\n\t\t\t\t<ul>\r\n\t\t\t\t\t\t\t\t\t\t<li class=\"tablinks inactive elementor-animation-\" data-tab=\"tab-1\">\t\r\n\t\t\t\t\t\t<span class=\"wrap-icon\"><i class=\"\" aria-hidden=\"true\"><\/i><\/span>\t\t\t\t\t\t\r\n\t\t\t\t\t\t\t\t\t\t\t\t\t<span class=\"tab-title-text\">Programa\u00e7\u00e3o<\/span>\r\n\t\t\t\t\t\t\t\t\t\t\t<\/li>\r\n\t\t\t\t\t\t\t\t\t\t<li class=\"tablinks inactive elementor-animation-\" data-tab=\"tab-2\">\t\r\n\t\t\t\t\t\t<span class=\"wrap-icon\"><i class=\"\" aria-hidden=\"true\"><\/i><\/span>\t\t\t\t\t\t\r\n\t\t\t\t\t\t\t\t\t\t\t\t\t<span class=\"tab-title-text\">Investimento<\/span>\r\n\t\t\t\t\t\t\t\t\t\t\t<\/li>\r\n\t\t\t\t\t\t\t\t\t<\/ul>\r\n\t\t\t<\/div>\r\n\t\t\t<div class=\"tf-tabcontent\">\r\n\t\t\t\t\t\t\t\t<div id=\"tab-1\" class=\"tf-tabcontent-inner inactive animated fadeInUp\">\r\n\t\t\t\t\t<style>\n  .schedule-table {\n    width: 100%;\n    border-collapse: collapse;\n    font-family: Arial, sans-serif;\n    margin: 1.5rem 0;\n    box-shadow: 0 4px 8px rgba(0,0,0,0.1);\n  }\n  .schedule-table th,\n  .schedule-table td {\n    border: 1px solid #ddd;\n    padding: 0.75rem;\n  }\n  .schedule-table th {\n    background: #004764;\n    color: #fff;\n    text-align: center;\n  }\n  .schedule-table td {\n    font-size: 0.9rem;\n  }\n  .schedule-table .date-cell {\n    cursor: pointer;\n    color: #004764;\n    font-weight: bold;\n    text-align: center;\n    border-radius: 4px;\n    transition: background 0.2s;\n  }\n  .schedule-table .date-cell:hover {\n    background: #e6f7fa;\n  }\n  .schedule-table .date-cell.active {\n    background: #f4f4f4;\n  }\n  @media (max-width: 600px) {\n    .schedule-table th,\n    .schedule-table td {\n      font-size: 0.8rem;\n      padding: 0.5rem;\n    }\n  }\n<\/style>\n\n<table class=\"schedule-table\">\n  <thead>\n    <tr>\n      <th>Aula<\/th>\n      <th>Data<\/th>\n      <th>Tema<\/th>\n      <th>Hor\u00e1rio<\/th>\n    <\/tr>\n  <\/thead>\n  <tbody>\n    <tr><td>Aula 01<\/td><td class=\"date-cell\">11 mai<\/td><td>Panorama da lei 11.101\/05 e altera\u00e7\u00f5es decorrentes da lei 14.112\/20<\/td><td>18h00\u201319h45<\/td><\/tr>\n    <tr><td>Aula 02<\/td><td class=\"date-cell\">11 mai<\/td><td>Nomea\u00e7\u00e3o, deveres e compet\u00eancias do AJ<\/td><td>20h00\u201322h00<\/td><\/tr>\n    <tr><td>Aula 03<\/td><td class=\"date-cell\">12 mai<\/td><td>Responsabilidade, substitui\u00e7\u00e3o, destitui\u00e7\u00e3o e remunera\u00e7\u00e3o do AJ<\/td><td>18h00\u201319h45<\/td><\/tr>\n    <tr><td>Aula 04<\/td><td class=\"date-cell\">12 mai<\/td><td>Partes e agentes do processo<\/td><td>20h00\u201322h00<\/td><\/tr>\n    <tr><td>Aula 05<\/td><td class=\"date-cell\">14 mai<\/td><td>A peti\u00e7\u00e3o inicial e condi\u00e7\u00f5es para o processamento da recupera\u00e7\u00e3o judicial<\/td><td>18h00\u201319h45<\/td><\/tr>\n    <tr><td>Aula 06<\/td><td class=\"date-cell\">14 mai<\/td><td>O conceito de cr\u00e9dito existente para a submiss\u00e3o \u00e0 recupera\u00e7\u00e3o judicial<\/td><td>20h00\u201322h00<\/td><\/tr>\n    <tr><td>Aula 07<\/td><td class=\"date-cell\">18 mai<\/td><td>Classifica\u00e7\u00e3o de cr\u00e9ditos sujeitos \u00e0 recupera\u00e7\u00e3o judicial<\/td><td>18h00\u201319h45<\/td><\/tr>\n    <tr><td>Aula 08<\/td><td class=\"date-cell\">18 mai<\/td><td>Consolida\u00e7\u00e3o Processual e substancial. Desconsidera\u00e7\u00e3o da Pessoa Jur\u00eddica<\/td><td>20h00\u201322h00<\/td><\/tr>\n    <tr><td>Aula 09<\/td><td class=\"date-cell\">19 mai<\/td><td>Media\u00e7\u00e3o e Concilia\u00e7\u00e3o<\/td><td>18h00\u201319h45<\/td><\/tr>\n    <tr><td>Aula 10<\/td><td class=\"date-cell\">19 mai<\/td><td>UPI, DIP e a RJ como forma de liquida\u00e7\u00e3o de ativos<\/td><td>20h00\u201322h00<\/td><\/tr>\n    <tr><td>Aula 11<\/td><td class=\"date-cell\">21 mai<\/td><td>Hip\u00f3teses de afastamento do devedor na condu\u00e7\u00e3o dos neg\u00f3cios da recuperanda<\/td><td>18h00\u201319h45<\/td><\/tr>\n    <tr><td>Aula 12<\/td><td class=\"date-cell\">21 mai<\/td><td>O Plano de Recupera\u00e7\u00e3o Judicial<\/td><td>20h00\u201322h00<\/td><\/tr>\n    <tr><td>Aula 13<\/td><td class=\"date-cell\">25 mai<\/td><td>A Assembleia Geral de Credores<\/td><td>18h00\u201319h45<\/td><\/tr>\n    <tr><td>Aula 14<\/td><td class=\"date-cell\">25 mai<\/td><td>Cumprimento do plano e encerramento da RJ<\/td><td>20h00\u201322h00<\/td><\/tr>\n    <tr><td>Aula 15<\/td><td class=\"date-cell\">26 mai<\/td><td>O Fisco e a Recupera\u00e7\u00e3o Judicial<\/td><td>18h00\u201319h45<\/td><\/tr>\n    <tr><td>Aula 16<\/td><td class=\"date-cell\">26 mai<\/td><td>Fal\u00eancia: No\u00e7\u00f5es gerais<\/td><td>20h00\u201322h00<\/td><\/tr>\n    <tr><td>Aula 17<\/td><td class=\"date-cell\">28 mai<\/td><td>Fraudes na Fal\u00eancia: Desconsidera\u00e7\u00e3o da Personalidade Jur\u00eddica na Fal\u00eancia \/ Responsabilidade dos s\u00f3cios e administradores e extens\u00e3o da fal\u00eancia<\/td><td>18h00\u201319h45<\/td><\/tr>\n    <tr><td>Aula 18<\/td><td class=\"date-cell\">28 mai<\/td><td>Efeitos da Fal\u00eancia<\/td><td>20h00\u201322h00<\/td><\/tr>\n    <tr><td>Aula 19<\/td><td class=\"date-cell\">01 jun<\/td><td>Liquida\u00e7\u00e3o de Ativos na Fal\u00eancia<\/td><td>18h00\u201319h45<\/td><\/tr>\n    <tr><td>Aula 20<\/td><td class=\"date-cell\">01 jun<\/td><td>O AJ e a insolv\u00eancia transnacional - uso e fun\u00e7\u00f5es<\/td><td>20h00\u201322h00<\/td><\/tr>\n    <tr><td>Aula 21<\/td><td class=\"date-cell\">02 jun<\/td><td>Recupera\u00e7\u00e3o Extrajudicial<\/td><td>18h00\u201319h45<\/td><\/tr>\n    <tr><td>Aula 22<\/td><td class=\"date-cell\">02 jun<\/td><td>Simula\u00e7\u00e3o de Assembleia geral de Credores<\/td><td>20h00\u201322h00<\/td><\/tr>\n    <tr><td>Aula 23<\/td><td class=\"date-cell\">08 jun<\/td><td>Fraudes na fal\u00eancia: Crimes falimentares \/ Atua\u00e7\u00e3o do Minist\u00e9rio P\u00fablico nos processos de recupera\u00e7\u00e3o judicial e fal\u00eancia<\/td><td>18h00\u201319h45<\/td><\/tr>\n    <tr><td>Aula 24<\/td><td class=\"date-cell\">08 jun<\/td><td>Finan\u00e7as + cont\u00e1bil<\/td><td>20h00\u201322h00<\/td><\/tr>\n    <tr><td>Aula 25<\/td><td class=\"date-cell\">09 jun<\/td><td>Finan\u00e7as + cont\u00e1bil<\/td><td>18h00\u201320h00<\/td><\/tr>\n    <tr><td>Aula 26<\/td><td class=\"date-cell\">09 jun<\/td><td>Finan\u00e7as + cont\u00e1bil<\/td><td>20h00\u201321h45<\/td><\/tr>\n    <tr><td>Aula 27<\/td><td class=\"date-cell\">11 jun<\/td><td>Prepara\u00e7\u00e3o de Relat\u00f3rios<\/td><td>18h00\u201319h45<\/td><\/tr>\n    <tr><td>Aula 28<\/td><td class=\"date-cell\">11 jun<\/td><td>Mesa Redonda<\/td><td>20h00\u201322h00<\/td><\/tr>\n  <\/tbody>\n<\/table>\n\n<script>\n  document.addEventListener('DOMContentLoaded', () => {\n    const cells = document.querySelectorAll('.schedule-table .date-cell');\n    const rows = document.querySelectorAll('.schedule-table tbody tr');\n\n    cells.forEach(cell => {\n      cell.addEventListener('click', () => {\n        const date = cell.textContent;\n        const isActive = cell.classList.contains('active');\n\n        cells.forEach(c => c.classList.remove('active'));\n        rows.forEach(r => r.style.display = '');\n\n        if (!isActive) {\n          cell.classList.add('active');\n          rows.forEach(r => {\n            if (r.querySelector('.date-cell').textContent !== date) {\n              r.style.display = 'none';\n            }\n          });\n        }\n      });\n    });\n  });\n<\/script>\r\n\t\t\t\t<\/div>\r\n\t\t\t\t\t\t\t\t<div id=\"tab-2\" class=\"tf-tabcontent-inner inactive animated fadeInUp\">\r\n\t\t\t\t\t<div class=\"inscricao\"><h4>INSCRI\u00c7\u00d5ES ABERTAS<\/h4><table class=\"pricing\"><thead><tr><th>Categoria<\/th><th>Valor<\/th><th>Cupom<\/th><\/tr><\/thead><tbody><tr><td>N\u00e3o Associado (P\u00fablico Geral)<\/td><td>R$ 2.700,00<\/td><td>\u2013<\/td><\/tr><tr><td>Associado ao TMA<\/td><td>R$ 2.200,00<\/td><td>CMC7KJK1<\/td><\/tr><\/tbody><\/table><p class=\"payment\">Formas de pagamento: Boleto, Pix ou em at\u00e9 02x no cart\u00e3o de cr\u00e9dito.<\/p><div class=\"includes\"><h4>O valor do curso completo inclui:<\/h4><ul><li>M\u00f3dulo \u00fanico<\/li><li>28 aulas<\/li><li>50 horas de curso<\/li><li>Material escrito disponibilizado pelos professores<\/li><li>Aulas 100% online via plataforma ZOOM<\/li><li>Certificado (m\u00ednimo de 70% de presen\u00e7a)<\/li><\/ul><\/div><p class=\"alert\">Importante: aulas gravadas apenas para uso interno e n\u00e3o disponibilizadas posteriormente. Fique atento aos dias e hor\u00e1rios.<\/p><div class=\"policy\"><h4>Pol\u00edtica de Cancelamento e Devolu\u00e7\u00e3o<\/h4><ul><li>At\u00e9 10 dias \u00fateis antes: devolu\u00e7\u00e3o de 70% do valor<\/li><li>De 10 a 5 dias \u00fateis antes: devolu\u00e7\u00e3o de 50%<\/li><li>Ap\u00f3s 5 dias \u00fateis: sem devolu\u00e7\u00e3o<\/li><\/ul><\/div><p class=\"lgpd\">LGPD: ao se inscrever, seu e-mail \u00e9 inserido na base TMA Brasil. Para remo\u00e7\u00e3o, envie e-mail para tma.atende@tmabrasil.org.<\/p><\/div><p><style>\n.inscricao {font-family: sans-serif; background: #fff; padding: 1.5rem; border-radius: 8px; box-shadow: 0 2px 6px rgba(0,0,0,0.1);}<br \/>.inscricao h2 {color: #3a8a8e; margin-bottom: 1rem; text-transform: uppercase;}<br \/>.pricing {width: 100%; border-collapse: collapse; margin-bottom: 1rem;}<br \/>.pricing th, .pricing td {padding: 0.75rem; text-align: left; border-bottom: 1px solid #ddd;}<br \/>.pricing thead {background: #f69e30; color: #fff;}<br \/>.payment {font-weight: bold; margin-bottom: 1rem;}<br \/>.includes h3, .policy h3 {margin-top: 1rem; color: #3a8a8e;}<br \/>.includes ul, .policy ul {list-style: disc inside; margin: 0.5rem 0 1rem 1rem;}<br \/>.alert {background: #ffe8cc; padding: 0.75rem; border-left: 4px solid #f69e30; margin-bottom: 1rem;}<br \/>.lgpd {font-size: 0.9rem; color: #555; margin-top: 1rem;}<br \/><\/style><\/p>\r\n\t\t\t\t<\/div>\r\n\t\t\t\t\t\t\t<\/div>\r\n\t\t<\/div>\r\n\t\t\r\n\t\t\t\t\t\t<\/div>\n\t\t\t\t<\/div>\n\t\t\t\t\t<\/div>\n\t\t<\/div>\n\t\t\t\t\t<\/div>\n\t\t<\/section>\n\t\t\t\t<\/div>\n\t\t","protected":false},"excerpt":{"rendered":"<p>11\/05 a 11\/06 Curso de Administrador Judicial 100% Online Inscreva-se Programa\u00e7\u00e3o Patroc\u00ednio Institucional Patroc\u00ednio Platinum Patroc\u00ednio Master Patroc\u00ednio Ouro Patroc\u00ednio Prata Apoio Patroc\u00ednio Prata Seja um Patrocinador! saiba mais Curso de Administrador Judicial De 11\/05 a 11\/06 de 2026 | 100% Online via ZOOM Ser\u00e3o 28\u00a0aulas ao vivo, com foco pr\u00e1tico, material de apoio exclusivo [&hellip;]<\/p>\n","protected":false},"author":1,"featured_media":0,"parent":0,"menu_order":0,"comment_status":"closed","ping_status":"closed","template":"","meta":{"footnotes":""},"class_list":["post-2812","page","type-page","status-publish","hentry"],"_links":{"self":[{"href":"https:\/\/tmabrasil.org\/evento\/wp-json\/wp\/v2\/pages\/2812","targetHints":{"allow":["GET"]}}],"collection":[{"href":"https:\/\/tmabrasil.org\/evento\/wp-json\/wp\/v2\/pages"}],"about":[{"href":"https:\/\/tmabrasil.org\/evento\/wp-json\/wp\/v2\/types\/page"}],"author":[{"embeddable":true,"href":"https:\/\/tmabrasil.org\/evento\/wp-json\/wp\/v2\/users\/1"}],"replies":[{"embeddable":true,"href":"https:\/\/tmabrasil.org\/evento\/wp-json\/wp\/v2\/comments?post=2812"}],"version-history":[{"count":17,"href":"https:\/\/tmabrasil.org\/evento\/wp-json\/wp\/v2\/pages\/2812\/revisions"}],"predecessor-version":[{"id":6533,"href":"https:\/\/tmabrasil.org\/evento\/wp-json\/wp\/v2\/pages\/2812\/revisions\/6533"}],"wp:attachment":[{"href":"https:\/\/tmabrasil.org\/evento\/wp-json\/wp\/v2\/media?parent=2812"}],"curies":[{"name":"wp","href":"https:\/\/api.w.org\/{rel}","templated":true}]}}