{"id":2983,"date":"2025-07-15T11:47:08","date_gmt":"2025-07-15T14:47:08","guid":{"rendered":"https:\/\/tmabrasil.org\/evento\/?page_id=2983"},"modified":"2025-08-19T10:23:46","modified_gmt":"2025-08-19T13:23:46","slug":"ciclo-de-debates-maceio","status":"publish","type":"page","link":"https:\/\/tmabrasil.org\/evento\/ciclo-de-debates-maceio\/","title":{"rendered":"Ciclo de Debates Macei\u00f3"},"content":{"rendered":"\t\t<div data-elementor-type=\"wp-page\" data-elementor-id=\"2983\" class=\"elementor elementor-2983\" data-elementor-post-type=\"page\">\n\t\t\t\t<div class=\"elementor-element elementor-element-9e64cae e-flex e-con-boxed e-con e-parent\" data-id=\"9e64cae\" data-element_type=\"container\" data-e-type=\"container\">\n\t\t\t\t\t<div class=\"e-con-inner\">\n\t\t\t\t\t<\/div>\n\t\t\t\t<\/div>\n\t\t\t\t<section class=\"elementor-section elementor-top-section elementor-element elementor-element-6b12246e elementor-section-full_width elementor-section-height-default elementor-section-height-default\" data-id=\"6b12246e\" data-element_type=\"section\" data-e-type=\"section\">\n\t\t\t\t\t\t<div class=\"elementor-container elementor-column-gap-default\">\n\t\t\t\t\t<div class=\"elementor-column elementor-col-100 elementor-top-column elementor-element elementor-element-28657754\" data-id=\"28657754\" data-element_type=\"column\" data-e-type=\"column\">\n\t\t\t<div class=\"elementor-widget-wrap elementor-element-populated\">\n\t\t\t\t\t\t<div class=\"elementor-element elementor-element-2b62ee5e elementor-widget elementor-widget-flex-slider\" data-id=\"2b62ee5e\" data-element_type=\"widget\" data-e-type=\"widget\" data-widget_type=\"flex-slider.default\">\n\t\t\t\t<div class=\"elementor-widget-container\">\n\t\t\t\t\t\t\t\t<div class=\"flexslider directionnav-show \" data-height=\"1100\" data-height_tablet=\"1050\" data-height_mobile=\"879\" data-animation_images=\"\" data-autoplay=\"true\" data-slideshowSpeed=\"3000\" data-directionnav=\"\" data-controlnav=\"\" data-prevtext=\"\" data-nexttext=\"\">\r\n\t\t\t\t<ul class=\"slides\">\r\n\t\t\t\t\t<li class=\"item-slide\">\r\n\t\t\t\t\t\t\t\t\t<div class=\"bgimg \" style=\"background-image:url(https:\/\/tmabrasil.org\/evento\/wp-content\/uploads\/2025\/07\/maceiotmacongresso.jpg); background-size: cover; background-position: center center;\"><\/div>\r\n\t\t\t\t\t\t\t\t\t<div class=\"overlay\" style=\"background:#00476499\"><\/div>\r\n\t\t\t\t\t\t\t\t\t\r\n\t\t\t\t\t\t\t\t\t<div class=\"flex_caption container\">\r\n\t\t                        \t\t<h3 class=\"sub-title captionDelay8 fromTop\">Alagoas<\/h3>\r\n\t\t                        \t\t<h1 class=\"title captionDelay6 fromTop\">Ciclo de Debates<br>Macei\u00f3<\/h1>\r\n\t\t                        \t\t\r\n\t\t                        \t\t<ul class=\"button-group\"> <li class=\" fromTop\">\r\n\t\t\t\t\t\t\t\t<a href=\"https:\/\/sistema.tmabrasil.org\/AreaAssociados\/Eventos\/EventoDetalhe\/Index\/5007\" class=\"button-one elementor-repeater-item-e095dd1\">\r\n\t\t\t\t\t\t\t\t\t<span class=\"btn-icon-left\"><i aria-hidden=\"true\" class=\"fas fa-ticket-alt\"><\/i><\/span> Inscreva-se\r\n\t\t\t\t\t\t\t\t<\/a>\r\n\t\t\t\t\t\t\t<\/li><li class=\" fromTop\">\r\n\t\t\t\t\t\t\t\t<a href=\"#evento\" class=\"button-one elementor-repeater-item-7bf46d4\">\r\n\t\t\t\t\t\t\t\t\t<span class=\"btn-icon-left\"><i aria-hidden=\"true\" class=\"fas fa-angle-right\"><\/i><\/span> Sobre o evento\r\n\t\t\t\t\t\t\t\t<\/a>\r\n\t\t\t\t\t\t\t<\/li><\/ul>\r\n\t\t\t\t                    <\/div>\t                    \r\n\t\t\t\t                    \r\n\t\t\t\t\t\t\t\t<\/li>\t\t\t\t<\/ul> \r\n\t\t\t<\/div>\r\n\t\t\t\t\t\t\t<\/div>\n\t\t\t\t<\/div>\n\t\t\t\t\t<\/div>\n\t\t<\/div>\n\t\t\t\t\t<\/div>\n\t\t<\/section>\n\t\t\t\t<section class=\"elementor-section elementor-top-section elementor-element elementor-element-23735b8 elementor-section-full_width patrocinadores elementor-section-height-default elementor-section-height-default\" data-id=\"23735b8\" data-element_type=\"section\" data-e-type=\"section\" id=\"patrocinadores\">\n\t\t\t\t\t\t<div class=\"elementor-container elementor-column-gap-default\">\n\t\t\t\t\t<div class=\"elementor-column elementor-col-100 elementor-top-column elementor-element elementor-element-9339d32\" data-id=\"9339d32\" data-element_type=\"column\" data-e-type=\"column\">\n\t\t\t<div class=\"elementor-widget-wrap elementor-element-populated\">\n\t\t\t\t\t\t<div class=\"elementor-element elementor-element-1e02937 elementor-widget elementor-widget-heading\" data-id=\"1e02937\" data-element_type=\"widget\" data-e-type=\"widget\" data-widget_type=\"heading.default\">\n\t\t\t\t<div class=\"elementor-widget-container\">\n\t\t\t\t\t<h3 class=\"elementor-heading-title elementor-size-default\">Patroc\u00ednio Institucional<\/h3>\t\t\t\t<\/div>\n\t\t\t\t<\/div>\n\t\t<div class=\"elementor-element elementor-element-6c3db39 e-flex e-con-boxed e-con e-parent\" data-id=\"6c3db39\" data-element_type=\"container\" data-e-type=\"container\">\n\t\t\t\t\t<div class=\"e-con-inner\">\n\t\t<div class=\"elementor-element elementor-element-f2ff6c0 e-con-full e-flex e-con e-child\" data-id=\"f2ff6c0\" data-element_type=\"container\" data-e-type=\"container\">\n\t\t<div class=\"elementor-element elementor-element-94ed5d9 e-con-full e-flex e-con e-child\" data-id=\"94ed5d9\" data-element_type=\"container\" data-e-type=\"container\" data-settings=\"{&quot;background_background&quot;:&quot;classic&quot;}\">\n\t\t\t\t<div class=\"elementor-element elementor-element-e18d19b elementor-widget elementor-widget-image\" data-id=\"e18d19b\" data-element_type=\"widget\" data-e-type=\"widget\" data-widget_type=\"image.default\">\n\t\t\t\t<div class=\"elementor-widget-container\">\n\t\t\t\t\t\t\t\t\t\t\t\t\t\t\t\t<a href=\"https:\/\/www.btgpactual.com\/\">\n\t\t\t\t\t\t\t<img fetchpriority=\"high\" decoding=\"async\" width=\"640\" height=\"254\" src=\"https:\/\/tmabrasil.org\/evento\/wp-content\/uploads\/2025\/03\/Btg-logo-blue.svg-1024x406.png\" class=\"attachment-large size-large wp-image-722\" alt=\"\" srcset=\"https:\/\/tmabrasil.org\/evento\/wp-content\/uploads\/2025\/03\/Btg-logo-blue.svg-1024x406.png 1024w, https:\/\/tmabrasil.org\/evento\/wp-content\/uploads\/2025\/03\/Btg-logo-blue.svg-300x119.png 300w, https:\/\/tmabrasil.org\/evento\/wp-content\/uploads\/2025\/03\/Btg-logo-blue.svg-768x305.png 768w, https:\/\/tmabrasil.org\/evento\/wp-content\/uploads\/2025\/03\/Btg-logo-blue.svg.png 1200w\" sizes=\"(max-width: 640px) 100vw, 640px\" \/>\t\t\t\t\t\t\t\t<\/a>\n\t\t\t\t\t\t\t\t\t\t\t\t\t\t\t<\/div>\n\t\t\t\t<\/div>\n\t\t\t\t<\/div>\n\t\t<div class=\"elementor-element elementor-element-1b9a3dd e-con-full e-flex e-con e-child\" data-id=\"1b9a3dd\" data-element_type=\"container\" data-e-type=\"container\" data-settings=\"{&quot;background_background&quot;:&quot;classic&quot;}\">\n\t\t\t\t<div class=\"elementor-element elementor-element-f05c94c elementor-widget elementor-widget-image\" data-id=\"f05c94c\" data-element_type=\"widget\" data-e-type=\"widget\" data-widget_type=\"image.default\">\n\t\t\t\t<div class=\"elementor-widget-container\">\n\t\t\t\t\t\t\t\t\t\t\t\t\t\t\t\t<a href=\"https:\/\/www.galdino.com.br\/\">\n\t\t\t\t\t\t\t<img decoding=\"async\" width=\"640\" height=\"205\" src=\"https:\/\/tmabrasil.org\/evento\/wp-content\/uploads\/2025\/04\/Galdino-Logo-1024x328.png\" class=\"attachment-large size-large wp-image-1094\" alt=\"\" srcset=\"https:\/\/tmabrasil.org\/evento\/wp-content\/uploads\/2025\/04\/Galdino-Logo-1024x328.png 1024w, https:\/\/tmabrasil.org\/evento\/wp-content\/uploads\/2025\/04\/Galdino-Logo-300x96.png 300w, https:\/\/tmabrasil.org\/evento\/wp-content\/uploads\/2025\/04\/Galdino-Logo-768x246.png 768w, https:\/\/tmabrasil.org\/evento\/wp-content\/uploads\/2025\/04\/Galdino-Logo.png 1488w\" sizes=\"(max-width: 640px) 100vw, 640px\" \/>\t\t\t\t\t\t\t\t<\/a>\n\t\t\t\t\t\t\t\t\t\t\t\t\t\t\t<\/div>\n\t\t\t\t<\/div>\n\t\t\t\t<\/div>\n\t\t<div class=\"elementor-element elementor-element-678c380 e-con-full e-flex e-con e-child\" data-id=\"678c380\" data-element_type=\"container\" data-e-type=\"container\" data-settings=\"{&quot;background_background&quot;:&quot;classic&quot;}\">\n\t\t\t\t<div class=\"elementor-element elementor-element-732c1f3 elementor-widget elementor-widget-image\" data-id=\"732c1f3\" data-element_type=\"widget\" data-e-type=\"widget\" data-widget_type=\"image.default\">\n\t\t\t\t<div class=\"elementor-widget-container\">\n\t\t\t\t\t\t\t\t\t\t\t\t\t\t\t\t<a href=\"https:\/\/www.invistafidc.com.br\/\">\n\t\t\t\t\t\t\t<img decoding=\"async\" width=\"640\" height=\"146\" src=\"https:\/\/tmabrasil.org\/evento\/wp-content\/uploads\/2025\/03\/invista-1024x234.png\" class=\"attachment-large size-large wp-image-854\" alt=\"\" srcset=\"https:\/\/tmabrasil.org\/evento\/wp-content\/uploads\/2025\/03\/invista-1024x234.png 1024w, https:\/\/tmabrasil.org\/evento\/wp-content\/uploads\/2025\/03\/invista-300x69.png 300w, https:\/\/tmabrasil.org\/evento\/wp-content\/uploads\/2025\/03\/invista-768x176.png 768w, https:\/\/tmabrasil.org\/evento\/wp-content\/uploads\/2025\/03\/invista-1536x351.png 1536w, https:\/\/tmabrasil.org\/evento\/wp-content\/uploads\/2025\/03\/invista-2048x469.png 2048w\" sizes=\"(max-width: 640px) 100vw, 640px\" \/>\t\t\t\t\t\t\t\t<\/a>\n\t\t\t\t\t\t\t\t\t\t\t\t\t\t\t<\/div>\n\t\t\t\t<\/div>\n\t\t\t\t<\/div>\n\t\t<div class=\"elementor-element elementor-element-af8ea39 e-con-full e-flex e-con e-child\" data-id=\"af8ea39\" data-element_type=\"container\" data-e-type=\"container\" data-settings=\"{&quot;background_background&quot;:&quot;classic&quot;}\">\n\t\t\t\t<div class=\"elementor-element elementor-element-ed21523 elementor-widget elementor-widget-image\" data-id=\"ed21523\" data-element_type=\"widget\" data-e-type=\"widget\" data-widget_type=\"image.default\">\n\t\t\t\t<div class=\"elementor-widget-container\">\n\t\t\t\t\t\t\t\t\t\t\t\t\t\t\t\t<a href=\"https:\/\/www.megaleiloes.com.br\/\">\n\t\t\t\t\t\t\t<img loading=\"lazy\" decoding=\"async\" width=\"632\" height=\"122\" src=\"https:\/\/tmabrasil.org\/evento\/wp-content\/uploads\/2025\/03\/MegaLeiloes-e1742945947106.png\" class=\"attachment-large size-large wp-image-723\" alt=\"\" srcset=\"https:\/\/tmabrasil.org\/evento\/wp-content\/uploads\/2025\/03\/MegaLeiloes-e1742945947106.png 632w, https:\/\/tmabrasil.org\/evento\/wp-content\/uploads\/2025\/03\/MegaLeiloes-e1742945947106-300x58.png 300w\" sizes=\"(max-width: 632px) 100vw, 632px\" \/>\t\t\t\t\t\t\t\t<\/a>\n\t\t\t\t\t\t\t\t\t\t\t\t\t\t\t<\/div>\n\t\t\t\t<\/div>\n\t\t\t\t<\/div>\n\t\t<div class=\"elementor-element elementor-element-ba9b08b e-con-full e-flex e-con e-child\" data-id=\"ba9b08b\" data-element_type=\"container\" data-e-type=\"container\" data-settings=\"{&quot;background_background&quot;:&quot;classic&quot;}\">\n\t\t\t\t<div class=\"elementor-element elementor-element-362fbf3 elementor-widget elementor-widget-image\" data-id=\"362fbf3\" data-element_type=\"widget\" data-e-type=\"widget\" data-widget_type=\"image.default\">\n\t\t\t\t<div class=\"elementor-widget-container\">\n\t\t\t\t\t\t\t\t\t\t\t\t\t\t\t\t<a href=\"https:\/\/advwp.com.br\/\">\n\t\t\t\t\t\t\t<img loading=\"lazy\" decoding=\"async\" width=\"234\" height=\"88\" src=\"https:\/\/tmabrasil.org\/evento\/wp-content\/uploads\/2025\/03\/Asset-1.svg\" class=\"attachment-2048x2048 size-2048x2048 wp-image-553\" alt=\"\" \/>\t\t\t\t\t\t\t\t<\/a>\n\t\t\t\t\t\t\t\t\t\t\t\t\t\t\t<\/div>\n\t\t\t\t<\/div>\n\t\t\t\t<\/div>\n\t\t\t\t<\/div>\n\t\t\t\t\t<\/div>\n\t\t\t\t<\/div>\n\t\t\t\t\t<\/div>\n\t\t<\/div>\n\t\t\t\t\t<\/div>\n\t\t<\/section>\n\t\t\t\t<section class=\"elementor-section elementor-top-section elementor-element elementor-element-bde6764 elementor-section-full_width patrocinadores elementor-section-height-default elementor-section-height-default\" data-id=\"bde6764\" data-element_type=\"section\" data-e-type=\"section\">\n\t\t\t\t\t\t<div class=\"elementor-container elementor-column-gap-default\">\n\t\t\t\t\t<div class=\"elementor-column elementor-col-100 elementor-top-column elementor-element elementor-element-758b818\" data-id=\"758b818\" data-element_type=\"column\" data-e-type=\"column\">\n\t\t\t<div class=\"elementor-widget-wrap elementor-element-populated\">\n\t\t\t\t\t\t<div class=\"elementor-element elementor-element-0165c59 elementor-widget elementor-widget-heading\" data-id=\"0165c59\" data-element_type=\"widget\" data-e-type=\"widget\" data-widget_type=\"heading.default\">\n\t\t\t\t<div class=\"elementor-widget-container\">\n\t\t\t\t\t<h3 class=\"elementor-heading-title elementor-size-default\">Patroc\u00ednio Platinum<\/h3>\t\t\t\t<\/div>\n\t\t\t\t<\/div>\n\t\t<div class=\"elementor-element elementor-element-d71fb54 e-flex e-con-boxed e-con e-parent\" data-id=\"d71fb54\" data-element_type=\"container\" data-e-type=\"container\">\n\t\t\t\t\t<div class=\"e-con-inner\">\n\t\t<div class=\"elementor-element elementor-element-648e876 e-con-full e-flex e-con e-child\" data-id=\"648e876\" data-element_type=\"container\" data-e-type=\"container\">\n\t\t<div class=\"elementor-element elementor-element-8743506 e-con-full e-flex e-con e-child\" data-id=\"8743506\" data-element_type=\"container\" data-e-type=\"container\" data-settings=\"{&quot;background_background&quot;:&quot;classic&quot;}\">\n\t\t\t\t<div class=\"elementor-element elementor-element-785b193 elementor-widget elementor-widget-image\" data-id=\"785b193\" data-element_type=\"widget\" data-e-type=\"widget\" data-widget_type=\"image.default\">\n\t\t\t\t<div class=\"elementor-widget-container\">\n\t\t\t\t\t\t\t\t\t\t\t\t\t\t\t\t<a href=\"https:\/\/pbtadvocacia.com\/\">\n\t\t\t\t\t\t\t<img loading=\"lazy\" decoding=\"async\" width=\"640\" height=\"431\" src=\"https:\/\/tmabrasil.org\/evento\/wp-content\/uploads\/2025\/07\/PAPINI-1.png\" class=\"attachment-large size-large wp-image-3375\" alt=\"\" srcset=\"https:\/\/tmabrasil.org\/evento\/wp-content\/uploads\/2025\/07\/PAPINI-1.png 716w, https:\/\/tmabrasil.org\/evento\/wp-content\/uploads\/2025\/07\/PAPINI-1-300x202.png 300w\" sizes=\"(max-width: 640px) 100vw, 640px\" \/>\t\t\t\t\t\t\t\t<\/a>\n\t\t\t\t\t\t\t\t\t\t\t\t\t\t\t<\/div>\n\t\t\t\t<\/div>\n\t\t\t\t<\/div>\n\t\t\t\t<\/div>\n\t\t\t\t\t<\/div>\n\t\t\t\t<\/div>\n\t\t\t\t\t<\/div>\n\t\t<\/div>\n\t\t\t\t\t<\/div>\n\t\t<\/section>\n\t\t\t\t<section class=\"elementor-section elementor-top-section elementor-element elementor-element-9493af0 elementor-section-full_width patrocinadores elementor-section-height-default elementor-section-height-default\" data-id=\"9493af0\" data-element_type=\"section\" data-e-type=\"section\">\n\t\t\t\t\t\t<div class=\"elementor-container elementor-column-gap-default\">\n\t\t\t\t\t<div class=\"elementor-column elementor-col-100 elementor-top-column elementor-element elementor-element-058bdfd\" data-id=\"058bdfd\" data-element_type=\"column\" data-e-type=\"column\">\n\t\t\t<div class=\"elementor-widget-wrap elementor-element-populated\">\n\t\t\t\t\t\t<div class=\"elementor-element elementor-element-8e753a3 elementor-widget elementor-widget-heading\" data-id=\"8e753a3\" data-element_type=\"widget\" data-e-type=\"widget\" data-widget_type=\"heading.default\">\n\t\t\t\t<div class=\"elementor-widget-container\">\n\t\t\t\t\t<h3 class=\"elementor-heading-title elementor-size-default\">Patroc\u00ednio Master<\/h3>\t\t\t\t<\/div>\n\t\t\t\t<\/div>\n\t\t<div class=\"elementor-element elementor-element-c20a409 e-flex e-con-boxed e-con e-parent\" data-id=\"c20a409\" data-element_type=\"container\" data-e-type=\"container\">\n\t\t\t\t\t<div class=\"e-con-inner\">\n\t\t<div class=\"elementor-element elementor-element-31dc1ef e-con-full e-flex e-con e-child\" data-id=\"31dc1ef\" data-element_type=\"container\" data-e-type=\"container\">\n\t\t<div class=\"elementor-element elementor-element-5fa6a55 e-con-full e-flex e-con e-child\" data-id=\"5fa6a55\" data-element_type=\"container\" data-e-type=\"container\" data-settings=\"{&quot;background_background&quot;:&quot;classic&quot;}\">\n\t\t\t\t<div class=\"elementor-element elementor-element-1944bae elementor-widget elementor-widget-image\" data-id=\"1944bae\" data-element_type=\"widget\" data-e-type=\"widget\" data-widget_type=\"image.default\">\n\t\t\t\t<div class=\"elementor-widget-container\">\n\t\t\t\t\t\t\t\t\t\t\t\t\t\t\t\t<a href=\"https:\/\/www.cahubeltrao.com.br\/\">\n\t\t\t\t\t\t\t<img loading=\"lazy\" decoding=\"async\" width=\"640\" height=\"134\" src=\"https:\/\/tmabrasil.org\/evento\/wp-content\/uploads\/2025\/08\/MARCA-GRUPO.png\" class=\"attachment-large size-large wp-image-3650\" alt=\"\" srcset=\"https:\/\/tmabrasil.org\/evento\/wp-content\/uploads\/2025\/08\/MARCA-GRUPO.png 661w, https:\/\/tmabrasil.org\/evento\/wp-content\/uploads\/2025\/08\/MARCA-GRUPO-300x63.png 300w\" sizes=\"(max-width: 640px) 100vw, 640px\" \/>\t\t\t\t\t\t\t\t<\/a>\n\t\t\t\t\t\t\t\t\t\t\t\t\t\t\t<\/div>\n\t\t\t\t<\/div>\n\t\t\t\t<\/div>\n\t\t<div class=\"elementor-element elementor-element-63996e1 e-con-full e-flex e-con e-child\" data-id=\"63996e1\" data-element_type=\"container\" data-e-type=\"container\" data-settings=\"{&quot;background_background&quot;:&quot;classic&quot;}\">\n\t\t\t\t<div class=\"elementor-element elementor-element-21deef5 elementor-widget elementor-widget-image\" data-id=\"21deef5\" data-element_type=\"widget\" data-e-type=\"widget\" data-widget_type=\"image.default\">\n\t\t\t\t<div class=\"elementor-widget-container\">\n\t\t\t\t\t\t\t\t\t\t\t\t\t\t\t\t<a href=\"https:\/\/diascavalcanti.com.br\/\">\n\t\t\t\t\t\t\t<img loading=\"lazy\" decoding=\"async\" width=\"640\" height=\"170\" src=\"https:\/\/tmabrasil.org\/evento\/wp-content\/uploads\/2025\/07\/DCA-Logo-Principal-Azul-1-1024x272.png\" class=\"attachment-large size-large wp-image-3383\" alt=\"\" srcset=\"https:\/\/tmabrasil.org\/evento\/wp-content\/uploads\/2025\/07\/DCA-Logo-Principal-Azul-1-1024x272.png 1024w, https:\/\/tmabrasil.org\/evento\/wp-content\/uploads\/2025\/07\/DCA-Logo-Principal-Azul-1-300x80.png 300w, https:\/\/tmabrasil.org\/evento\/wp-content\/uploads\/2025\/07\/DCA-Logo-Principal-Azul-1-768x204.png 768w, https:\/\/tmabrasil.org\/evento\/wp-content\/uploads\/2025\/07\/DCA-Logo-Principal-Azul-1-1536x407.png 1536w, https:\/\/tmabrasil.org\/evento\/wp-content\/uploads\/2025\/07\/DCA-Logo-Principal-Azul-1-2048x543.png 2048w\" sizes=\"(max-width: 640px) 100vw, 640px\" \/>\t\t\t\t\t\t\t\t<\/a>\n\t\t\t\t\t\t\t\t\t\t\t\t\t\t\t<\/div>\n\t\t\t\t<\/div>\n\t\t\t\t<\/div>\n\t\t<div class=\"elementor-element elementor-element-df6c2b3 e-con-full e-flex e-con e-child\" data-id=\"df6c2b3\" data-element_type=\"container\" data-e-type=\"container\" data-settings=\"{&quot;background_background&quot;:&quot;classic&quot;}\">\n\t\t\t\t<div class=\"elementor-element elementor-element-319b8fa elementor-widget elementor-widget-image\" data-id=\"319b8fa\" data-element_type=\"widget\" data-e-type=\"widget\" data-widget_type=\"image.default\">\n\t\t\t\t<div class=\"elementor-widget-container\">\n\t\t\t\t\t\t\t\t\t\t\t\t\t\t\t\t<a href=\"https:\/\/www.recuperacaojudicialefalencia.com\/\">\n\t\t\t\t\t\t\t<img loading=\"lazy\" decoding=\"async\" width=\"640\" height=\"179\" src=\"https:\/\/tmabrasil.org\/evento\/wp-content\/uploads\/2025\/07\/Lindoso-e-Araujo-1024x287.png\" class=\"attachment-large size-large wp-image-3384\" alt=\"\" srcset=\"https:\/\/tmabrasil.org\/evento\/wp-content\/uploads\/2025\/07\/Lindoso-e-Araujo-1024x287.png 1024w, https:\/\/tmabrasil.org\/evento\/wp-content\/uploads\/2025\/07\/Lindoso-e-Araujo-300x84.png 300w, https:\/\/tmabrasil.org\/evento\/wp-content\/uploads\/2025\/07\/Lindoso-e-Araujo-768x215.png 768w, https:\/\/tmabrasil.org\/evento\/wp-content\/uploads\/2025\/07\/Lindoso-e-Araujo.png 1181w\" sizes=\"(max-width: 640px) 100vw, 640px\" \/>\t\t\t\t\t\t\t\t<\/a>\n\t\t\t\t\t\t\t\t\t\t\t\t\t\t\t<\/div>\n\t\t\t\t<\/div>\n\t\t\t\t<\/div>\n\t\t<div class=\"elementor-element elementor-element-7af0fb3 e-con-full e-flex e-con e-child\" data-id=\"7af0fb3\" data-element_type=\"container\" data-e-type=\"container\" data-settings=\"{&quot;background_background&quot;:&quot;classic&quot;}\">\n\t\t\t\t<div class=\"elementor-element elementor-element-ea02a00 elementor-widget elementor-widget-image\" data-id=\"ea02a00\" data-element_type=\"widget\" data-e-type=\"widget\" data-widget_type=\"image.default\">\n\t\t\t\t<div class=\"elementor-widget-container\">\n\t\t\t\t\t\t\t\t\t\t\t\t\t\t\t\t<a href=\"https:\/\/www.pauraadv.com\/\">\n\t\t\t\t\t\t\t<img loading=\"lazy\" decoding=\"async\" width=\"640\" height=\"223\" src=\"https:\/\/tmabrasil.org\/evento\/wp-content\/uploads\/2025\/07\/LOGO_PAURA-ADVOCACIA-1024x356.png\" class=\"attachment-large size-large wp-image-3390\" alt=\"\" srcset=\"https:\/\/tmabrasil.org\/evento\/wp-content\/uploads\/2025\/07\/LOGO_PAURA-ADVOCACIA-1024x356.png 1024w, https:\/\/tmabrasil.org\/evento\/wp-content\/uploads\/2025\/07\/LOGO_PAURA-ADVOCACIA-300x104.png 300w, https:\/\/tmabrasil.org\/evento\/wp-content\/uploads\/2025\/07\/LOGO_PAURA-ADVOCACIA-768x267.png 768w, https:\/\/tmabrasil.org\/evento\/wp-content\/uploads\/2025\/07\/LOGO_PAURA-ADVOCACIA.png 1072w\" sizes=\"(max-width: 640px) 100vw, 640px\" \/>\t\t\t\t\t\t\t\t<\/a>\n\t\t\t\t\t\t\t\t\t\t\t\t\t\t\t<\/div>\n\t\t\t\t<\/div>\n\t\t\t\t<\/div>\n\t\t\t\t<\/div>\n\t\t\t\t\t<\/div>\n\t\t\t\t<\/div>\n\t\t\t\t\t<\/div>\n\t\t<\/div>\n\t\t\t\t\t<\/div>\n\t\t<\/section>\n\t\t\t\t<section class=\"elementor-section elementor-top-section elementor-element elementor-element-3fc1f82 elementor-section-full_width patrocinadores elementor-section-height-default elementor-section-height-default\" data-id=\"3fc1f82\" data-element_type=\"section\" data-e-type=\"section\">\n\t\t\t\t\t\t<div class=\"elementor-container elementor-column-gap-default\">\n\t\t\t\t\t<div class=\"elementor-column elementor-col-100 elementor-top-column elementor-element elementor-element-36fe4ad\" data-id=\"36fe4ad\" data-element_type=\"column\" data-e-type=\"column\">\n\t\t\t<div class=\"elementor-widget-wrap elementor-element-populated\">\n\t\t\t\t\t\t<div class=\"elementor-element elementor-element-7ba5a0e elementor-widget elementor-widget-heading\" data-id=\"7ba5a0e\" data-element_type=\"widget\" data-e-type=\"widget\" data-widget_type=\"heading.default\">\n\t\t\t\t<div class=\"elementor-widget-container\">\n\t\t\t\t\t<h3 class=\"elementor-heading-title elementor-size-default\">Patroc\u00ednio Ouro<\/h3>\t\t\t\t<\/div>\n\t\t\t\t<\/div>\n\t\t<div class=\"elementor-element elementor-element-566bc43 e-flex e-con-boxed e-con e-parent\" data-id=\"566bc43\" data-element_type=\"container\" data-e-type=\"container\">\n\t\t\t\t\t<div class=\"e-con-inner\">\n\t\t<div class=\"elementor-element elementor-element-5c089ce e-con-full e-flex e-con e-child\" data-id=\"5c089ce\" data-element_type=\"container\" data-e-type=\"container\">\n\t\t<div class=\"elementor-element elementor-element-6d3494c e-con-full e-flex e-con e-child\" data-id=\"6d3494c\" data-element_type=\"container\" data-e-type=\"container\" data-settings=\"{&quot;background_background&quot;:&quot;classic&quot;}\">\n\t\t\t\t<div class=\"elementor-element elementor-element-dac8cfd elementor-widget elementor-widget-image\" data-id=\"dac8cfd\" data-element_type=\"widget\" data-e-type=\"widget\" data-widget_type=\"image.default\">\n\t\t\t\t<div class=\"elementor-widget-container\">\n\t\t\t\t\t\t\t\t\t\t\t\t\t\t\t\t<a href=\"https:\/\/jgm.adv.br\/\">\n\t\t\t\t\t\t\t<img loading=\"lazy\" decoding=\"async\" width=\"640\" height=\"198\" src=\"https:\/\/tmabrasil.org\/evento\/wp-content\/uploads\/2025\/07\/LOGOS-JGM-2.png\" class=\"attachment-large size-large wp-image-3398\" alt=\"\" srcset=\"https:\/\/tmabrasil.org\/evento\/wp-content\/uploads\/2025\/07\/LOGOS-JGM-2.png 999w, https:\/\/tmabrasil.org\/evento\/wp-content\/uploads\/2025\/07\/LOGOS-JGM-2-300x93.png 300w, https:\/\/tmabrasil.org\/evento\/wp-content\/uploads\/2025\/07\/LOGOS-JGM-2-768x238.png 768w\" sizes=\"(max-width: 640px) 100vw, 640px\" \/>\t\t\t\t\t\t\t\t<\/a>\n\t\t\t\t\t\t\t\t\t\t\t\t\t\t\t<\/div>\n\t\t\t\t<\/div>\n\t\t\t\t<\/div>\n\t\t<div class=\"elementor-element elementor-element-3dc67b1 e-con-full e-flex e-con e-child\" data-id=\"3dc67b1\" data-element_type=\"container\" data-e-type=\"container\" data-settings=\"{&quot;background_background&quot;:&quot;classic&quot;}\">\n\t\t\t\t<div class=\"elementor-element elementor-element-df677e7 elementor-widget elementor-widget-image\" data-id=\"df677e7\" data-element_type=\"widget\" data-e-type=\"widget\" data-widget_type=\"image.default\">\n\t\t\t\t<div class=\"elementor-widget-container\">\n\t\t\t\t\t\t\t\t\t\t\t\t\t\t\t\t<a href=\"https:\/\/www.scalzilli.com.br\/home\">\n\t\t\t\t\t\t\t<img loading=\"lazy\" decoding=\"async\" width=\"640\" height=\"138\" src=\"https:\/\/tmabrasil.org\/evento\/wp-content\/uploads\/2025\/03\/SCZ_marcaCMYK-02-1024x220.png\" class=\"attachment-large size-large wp-image-989\" alt=\"\" srcset=\"https:\/\/tmabrasil.org\/evento\/wp-content\/uploads\/2025\/03\/SCZ_marcaCMYK-02-1024x220.png 1024w, https:\/\/tmabrasil.org\/evento\/wp-content\/uploads\/2025\/03\/SCZ_marcaCMYK-02-300x65.png 300w, https:\/\/tmabrasil.org\/evento\/wp-content\/uploads\/2025\/03\/SCZ_marcaCMYK-02-768x165.png 768w, https:\/\/tmabrasil.org\/evento\/wp-content\/uploads\/2025\/03\/SCZ_marcaCMYK-02-1536x331.png 1536w, https:\/\/tmabrasil.org\/evento\/wp-content\/uploads\/2025\/03\/SCZ_marcaCMYK-02-2048x441.png 2048w\" sizes=\"(max-width: 640px) 100vw, 640px\" \/>\t\t\t\t\t\t\t\t<\/a>\n\t\t\t\t\t\t\t\t\t\t\t\t\t\t\t<\/div>\n\t\t\t\t<\/div>\n\t\t\t\t<\/div>\n\t\t<div class=\"elementor-element elementor-element-03ab59c e-con-full e-flex e-con e-child\" data-id=\"03ab59c\" data-element_type=\"container\" data-e-type=\"container\" data-settings=\"{&quot;background_background&quot;:&quot;classic&quot;}\">\n\t\t\t\t<div class=\"elementor-element elementor-element-568d031 elementor-widget elementor-widget-image\" data-id=\"568d031\" data-element_type=\"widget\" data-e-type=\"widget\" data-widget_type=\"image.default\">\n\t\t\t\t<div class=\"elementor-widget-container\">\n\t\t\t\t\t\t\t\t\t\t\t\t\t\t\t\t<a href=\"https:\/\/vivanteaj.com.br\/\">\n\t\t\t\t\t\t\t<img loading=\"lazy\" decoding=\"async\" width=\"640\" height=\"427\" src=\"https:\/\/tmabrasil.org\/evento\/wp-content\/uploads\/2025\/08\/Vivante-10-anos.ai_-1-1024x683.png\" class=\"attachment-large size-large wp-image-3645\" alt=\"\" srcset=\"https:\/\/tmabrasil.org\/evento\/wp-content\/uploads\/2025\/08\/Vivante-10-anos.ai_-1-1024x683.png 1024w, https:\/\/tmabrasil.org\/evento\/wp-content\/uploads\/2025\/08\/Vivante-10-anos.ai_-1-300x200.png 300w, https:\/\/tmabrasil.org\/evento\/wp-content\/uploads\/2025\/08\/Vivante-10-anos.ai_-1-768x513.png 768w, https:\/\/tmabrasil.org\/evento\/wp-content\/uploads\/2025\/08\/Vivante-10-anos.ai_-1-1536x1025.png 1536w, https:\/\/tmabrasil.org\/evento\/wp-content\/uploads\/2025\/08\/Vivante-10-anos.ai_-1-2048x1367.png 2048w\" sizes=\"(max-width: 640px) 100vw, 640px\" \/>\t\t\t\t\t\t\t\t<\/a>\n\t\t\t\t\t\t\t\t\t\t\t\t\t\t\t<\/div>\n\t\t\t\t<\/div>\n\t\t\t\t<\/div>\n\t\t\t\t<\/div>\n\t\t\t\t\t<\/div>\n\t\t\t\t<\/div>\n\t\t\t\t\t<\/div>\n\t\t<\/div>\n\t\t\t\t\t<\/div>\n\t\t<\/section>\n\t\t\t\t<section class=\"elementor-section elementor-top-section elementor-element elementor-element-06d9143 elementor-section-full_width patrocinadores elementor-section-height-default elementor-section-height-default\" data-id=\"06d9143\" data-element_type=\"section\" data-e-type=\"section\">\n\t\t\t\t\t\t<div class=\"elementor-container elementor-column-gap-default\">\n\t\t\t\t\t<div class=\"elementor-column elementor-col-100 elementor-top-column elementor-element elementor-element-74a5a38\" data-id=\"74a5a38\" data-element_type=\"column\" data-e-type=\"column\">\n\t\t\t<div class=\"elementor-widget-wrap elementor-element-populated\">\n\t\t\t\t\t\t<div class=\"elementor-element elementor-element-faac491 elementor-widget elementor-widget-heading\" data-id=\"faac491\" data-element_type=\"widget\" data-e-type=\"widget\" data-widget_type=\"heading.default\">\n\t\t\t\t<div class=\"elementor-widget-container\">\n\t\t\t\t\t<h3 class=\"elementor-heading-title elementor-size-default\">Patroc\u00ednio Prata<\/h3>\t\t\t\t<\/div>\n\t\t\t\t<\/div>\n\t\t<div class=\"elementor-element elementor-element-823e361 e-flex e-con-boxed e-con e-parent\" data-id=\"823e361\" data-element_type=\"container\" data-e-type=\"container\">\n\t\t\t\t\t<div class=\"e-con-inner\">\n\t\t<div class=\"elementor-element elementor-element-b87bc18 e-con-full e-flex e-con e-child\" data-id=\"b87bc18\" data-element_type=\"container\" data-e-type=\"container\">\n\t\t<div class=\"elementor-element elementor-element-6f242ea e-con-full e-flex e-con e-child\" data-id=\"6f242ea\" data-element_type=\"container\" data-e-type=\"container\" data-settings=\"{&quot;background_background&quot;:&quot;classic&quot;}\">\n\t\t\t\t<div class=\"elementor-element elementor-element-fe14a05 elementor-widget elementor-widget-image\" data-id=\"fe14a05\" data-element_type=\"widget\" data-e-type=\"widget\" data-widget_type=\"image.default\">\n\t\t\t\t<div class=\"elementor-widget-container\">\n\t\t\t\t\t\t\t\t\t\t\t\t\t\t\t\t<a href=\"https:\/\/www.futeboldealagoas.net\/novo\/\">\n\t\t\t\t\t\t\t<img loading=\"lazy\" decoding=\"async\" width=\"640\" height=\"273\" src=\"https:\/\/tmabrasil.org\/evento\/wp-content\/uploads\/2025\/08\/Marca-FAF-1024x436.png\" class=\"attachment-large size-large wp-image-3612\" alt=\"\" srcset=\"https:\/\/tmabrasil.org\/evento\/wp-content\/uploads\/2025\/08\/Marca-FAF-1024x436.png 1024w, https:\/\/tmabrasil.org\/evento\/wp-content\/uploads\/2025\/08\/Marca-FAF-300x128.png 300w, https:\/\/tmabrasil.org\/evento\/wp-content\/uploads\/2025\/08\/Marca-FAF-768x327.png 768w, https:\/\/tmabrasil.org\/evento\/wp-content\/uploads\/2025\/08\/Marca-FAF-1536x654.png 1536w, https:\/\/tmabrasil.org\/evento\/wp-content\/uploads\/2025\/08\/Marca-FAF-2048x872.png 2048w\" sizes=\"(max-width: 640px) 100vw, 640px\" \/>\t\t\t\t\t\t\t\t<\/a>\n\t\t\t\t\t\t\t\t\t\t\t\t\t\t\t<\/div>\n\t\t\t\t<\/div>\n\t\t\t\t<\/div>\n\t\t<div class=\"elementor-element elementor-element-5460dc3 e-con-full e-flex e-con e-child\" data-id=\"5460dc3\" data-element_type=\"container\" data-e-type=\"container\" data-settings=\"{&quot;background_background&quot;:&quot;classic&quot;}\">\n\t\t\t\t<div class=\"elementor-element elementor-element-9ff31f0 elementor-widget elementor-widget-image\" data-id=\"9ff31f0\" data-element_type=\"widget\" data-e-type=\"widget\" data-widget_type=\"image.default\">\n\t\t\t\t<div class=\"elementor-widget-container\">\n\t\t\t\t\t\t\t\t\t\t\t\t\t\t\t\t<a href=\"https:\/\/jgm.adv.br\/\">\n\t\t\t\t\t\t\t<img loading=\"lazy\" decoding=\"async\" width=\"154\" height=\"40\" src=\"https:\/\/tmabrasil.org\/evento\/wp-content\/uploads\/2025\/08\/LOGO-PETRA-PADRAO-DE-COR.png\" class=\"attachment-large size-large wp-image-3566\" alt=\"\" srcset=\"https:\/\/tmabrasil.org\/evento\/wp-content\/uploads\/2025\/08\/LOGO-PETRA-PADRAO-DE-COR.png 154w, https:\/\/tmabrasil.org\/evento\/wp-content\/uploads\/2025\/08\/LOGO-PETRA-PADRAO-DE-COR-150x40.png 150w\" sizes=\"(max-width: 154px) 100vw, 154px\" \/>\t\t\t\t\t\t\t\t<\/a>\n\t\t\t\t\t\t\t\t\t\t\t\t\t\t\t<\/div>\n\t\t\t\t<\/div>\n\t\t\t\t<\/div>\n\t\t<div class=\"elementor-element elementor-element-34b4654 e-con-full e-flex e-con e-child\" data-id=\"34b4654\" data-element_type=\"container\" data-e-type=\"container\" data-settings=\"{&quot;background_background&quot;:&quot;classic&quot;}\">\n\t\t\t\t<div class=\"elementor-element elementor-element-ccbc3a0 elementor-widget elementor-widget-image\" data-id=\"ccbc3a0\" data-element_type=\"widget\" data-e-type=\"widget\" data-widget_type=\"image.default\">\n\t\t\t\t<div class=\"elementor-widget-container\">\n\t\t\t\t\t\t\t\t\t\t\t\t\t\t\t\t<a href=\"https:\/\/www.restoreadvisory.com\/\">\n\t\t\t\t\t\t\t<img loading=\"lazy\" decoding=\"async\" width=\"640\" height=\"640\" src=\"https:\/\/tmabrasil.org\/evento\/wp-content\/uploads\/2025\/08\/Logotipo-Restore_vetor-3-1024x1024.png\" class=\"attachment-large size-large wp-image-3605\" alt=\"\" srcset=\"https:\/\/tmabrasil.org\/evento\/wp-content\/uploads\/2025\/08\/Logotipo-Restore_vetor-3-1024x1024.png 1024w, https:\/\/tmabrasil.org\/evento\/wp-content\/uploads\/2025\/08\/Logotipo-Restore_vetor-3-300x300.png 300w, https:\/\/tmabrasil.org\/evento\/wp-content\/uploads\/2025\/08\/Logotipo-Restore_vetor-3-150x150.png 150w, https:\/\/tmabrasil.org\/evento\/wp-content\/uploads\/2025\/08\/Logotipo-Restore_vetor-3-768x768.png 768w, https:\/\/tmabrasil.org\/evento\/wp-content\/uploads\/2025\/08\/Logotipo-Restore_vetor-3-1536x1536.png 1536w, https:\/\/tmabrasil.org\/evento\/wp-content\/uploads\/2025\/08\/Logotipo-Restore_vetor-3.png 1563w\" sizes=\"(max-width: 640px) 100vw, 640px\" \/>\t\t\t\t\t\t\t\t<\/a>\n\t\t\t\t\t\t\t\t\t\t\t\t\t\t\t<\/div>\n\t\t\t\t<\/div>\n\t\t\t\t<\/div>\n\t\t\t\t<\/div>\n\t\t\t\t\t<\/div>\n\t\t\t\t<\/div>\n\t\t\t\t\t<\/div>\n\t\t<\/div>\n\t\t\t\t\t<\/div>\n\t\t<\/section>\n\t\t\t\t<section class=\"elementor-section elementor-top-section elementor-element elementor-element-9ea10e1 elementor-section-full_width patrocinadores elementor-section-height-default elementor-section-height-default\" data-id=\"9ea10e1\" data-element_type=\"section\" data-e-type=\"section\">\n\t\t\t\t\t\t<div class=\"elementor-container elementor-column-gap-default\">\n\t\t\t\t\t<div class=\"elementor-column elementor-col-100 elementor-top-column elementor-element elementor-element-36be95d\" data-id=\"36be95d\" data-element_type=\"column\" data-e-type=\"column\">\n\t\t\t<div class=\"elementor-widget-wrap elementor-element-populated\">\n\t\t\t\t\t\t<div class=\"elementor-element elementor-element-1e86fd6 elementor-widget elementor-widget-heading\" data-id=\"1e86fd6\" data-element_type=\"widget\" data-e-type=\"widget\" data-widget_type=\"heading.default\">\n\t\t\t\t<div class=\"elementor-widget-container\">\n\t\t\t\t\t<h3 class=\"elementor-heading-title elementor-size-default\">Apoio<\/h3>\t\t\t\t<\/div>\n\t\t\t\t<\/div>\n\t\t<div class=\"elementor-element elementor-element-f737c5b e-flex e-con-boxed e-con e-parent\" data-id=\"f737c5b\" data-element_type=\"container\" data-e-type=\"container\">\n\t\t\t\t\t<div class=\"e-con-inner\">\n\t\t<div class=\"elementor-element elementor-element-bc7a32a e-con-full e-flex e-con e-child\" data-id=\"bc7a32a\" data-element_type=\"container\" data-e-type=\"container\">\n\t\t<div class=\"elementor-element elementor-element-6638345 e-con-full e-flex e-con e-child\" data-id=\"6638345\" data-element_type=\"container\" data-e-type=\"container\" data-settings=\"{&quot;background_background&quot;:&quot;classic&quot;}\">\n\t\t\t\t<div class=\"elementor-element elementor-element-6e76476 elementor-widget elementor-widget-image\" data-id=\"6e76476\" data-element_type=\"widget\" data-e-type=\"widget\" data-widget_type=\"image.default\">\n\t\t\t\t<div class=\"elementor-widget-container\">\n\t\t\t\t\t\t\t\t\t\t\t\t\t\t\t\t<a href=\"https:\/\/www.almagis.com.br\/\">\n\t\t\t\t\t\t\t<img loading=\"lazy\" decoding=\"async\" width=\"640\" height=\"189\" src=\"https:\/\/tmabrasil.org\/evento\/wp-content\/uploads\/2025\/08\/logo-alternativo-1-1024x303.png\" class=\"attachment-large size-large wp-image-3606\" alt=\"\" srcset=\"https:\/\/tmabrasil.org\/evento\/wp-content\/uploads\/2025\/08\/logo-alternativo-1-1024x303.png 1024w, https:\/\/tmabrasil.org\/evento\/wp-content\/uploads\/2025\/08\/logo-alternativo-1-300x89.png 300w, https:\/\/tmabrasil.org\/evento\/wp-content\/uploads\/2025\/08\/logo-alternativo-1-768x227.png 768w, https:\/\/tmabrasil.org\/evento\/wp-content\/uploads\/2025\/08\/logo-alternativo-1-1536x454.png 1536w, https:\/\/tmabrasil.org\/evento\/wp-content\/uploads\/2025\/08\/logo-alternativo-1.png 1871w\" sizes=\"(max-width: 640px) 100vw, 640px\" \/>\t\t\t\t\t\t\t\t<\/a>\n\t\t\t\t\t\t\t\t\t\t\t\t\t\t\t<\/div>\n\t\t\t\t<\/div>\n\t\t\t\t<\/div>\n\t\t<div class=\"elementor-element elementor-element-0ef7f60 e-con-full e-flex e-con e-child\" data-id=\"0ef7f60\" data-element_type=\"container\" data-e-type=\"container\" data-settings=\"{&quot;background_background&quot;:&quot;classic&quot;}\">\n\t\t\t\t<div class=\"elementor-element elementor-element-8edf1bd elementor-widget elementor-widget-image\" data-id=\"8edf1bd\" data-element_type=\"widget\" data-e-type=\"widget\" data-widget_type=\"image.default\">\n\t\t\t\t<div class=\"elementor-widget-container\">\n\t\t\t\t\t\t\t\t\t\t\t\t\t\t\t\t<a href=\"https:\/\/esmal.tjal.jus.br\/\">\n\t\t\t\t\t\t\t<img loading=\"lazy\" decoding=\"async\" width=\"640\" height=\"229\" src=\"https:\/\/tmabrasil.org\/evento\/wp-content\/uploads\/2025\/08\/LOGO_ESMAL-1024x367.png\" class=\"attachment-large size-large wp-image-3607\" alt=\"\" srcset=\"https:\/\/tmabrasil.org\/evento\/wp-content\/uploads\/2025\/08\/LOGO_ESMAL-1024x367.png 1024w, https:\/\/tmabrasil.org\/evento\/wp-content\/uploads\/2025\/08\/LOGO_ESMAL-300x108.png 300w, https:\/\/tmabrasil.org\/evento\/wp-content\/uploads\/2025\/08\/LOGO_ESMAL-768x275.png 768w, https:\/\/tmabrasil.org\/evento\/wp-content\/uploads\/2025\/08\/LOGO_ESMAL-1536x551.png 1536w, https:\/\/tmabrasil.org\/evento\/wp-content\/uploads\/2025\/08\/LOGO_ESMAL-2048x734.png 2048w\" sizes=\"(max-width: 640px) 100vw, 640px\" \/>\t\t\t\t\t\t\t\t<\/a>\n\t\t\t\t\t\t\t\t\t\t\t\t\t\t\t<\/div>\n\t\t\t\t<\/div>\n\t\t\t\t<\/div>\n\t\t<div class=\"elementor-element elementor-element-11c3e0b e-con-full e-flex e-con e-child\" data-id=\"11c3e0b\" data-element_type=\"container\" data-e-type=\"container\" data-settings=\"{&quot;background_background&quot;:&quot;classic&quot;}\">\n\t\t\t\t<div class=\"elementor-element elementor-element-26e965a elementor-widget elementor-widget-image\" data-id=\"26e965a\" data-element_type=\"widget\" data-e-type=\"widget\" data-widget_type=\"image.default\">\n\t\t\t\t<div class=\"elementor-widget-container\">\n\t\t\t\t\t\t\t\t\t\t\t\t\t\t\t\t<a href=\"https:\/\/www.oab-al.org.br\/\">\n\t\t\t\t\t\t\t<img loading=\"lazy\" decoding=\"async\" width=\"640\" height=\"112\" src=\"https:\/\/tmabrasil.org\/evento\/wp-content\/uploads\/2025\/08\/Imagem-do-WhatsApp-de-2025-08-18-as-15.43.14_c97ff624-1024x179.jpg\" class=\"attachment-large size-large wp-image-3697\" alt=\"\" srcset=\"https:\/\/tmabrasil.org\/evento\/wp-content\/uploads\/2025\/08\/Imagem-do-WhatsApp-de-2025-08-18-as-15.43.14_c97ff624-1024x179.jpg 1024w, https:\/\/tmabrasil.org\/evento\/wp-content\/uploads\/2025\/08\/Imagem-do-WhatsApp-de-2025-08-18-as-15.43.14_c97ff624-300x53.jpg 300w, https:\/\/tmabrasil.org\/evento\/wp-content\/uploads\/2025\/08\/Imagem-do-WhatsApp-de-2025-08-18-as-15.43.14_c97ff624-768x134.jpg 768w, https:\/\/tmabrasil.org\/evento\/wp-content\/uploads\/2025\/08\/Imagem-do-WhatsApp-de-2025-08-18-as-15.43.14_c97ff624-1536x269.jpg 1536w, https:\/\/tmabrasil.org\/evento\/wp-content\/uploads\/2025\/08\/Imagem-do-WhatsApp-de-2025-08-18-as-15.43.14_c97ff624.jpg 1600w\" sizes=\"(max-width: 640px) 100vw, 640px\" \/>\t\t\t\t\t\t\t\t<\/a>\n\t\t\t\t\t\t\t\t\t\t\t\t\t\t\t<\/div>\n\t\t\t\t<\/div>\n\t\t\t\t<\/div>\n\t\t\t\t<\/div>\n\t\t\t\t\t<\/div>\n\t\t\t\t<\/div>\n\t\t\t\t\t<\/div>\n\t\t<\/div>\n\t\t\t\t\t<\/div>\n\t\t<\/section>\n\t\t\t\t<section class=\"elementor-section elementor-top-section elementor-element elementor-element-b9bad52 elementor-section-full_width patrocine elementor-section-height-default elementor-section-height-default\" data-id=\"b9bad52\" data-element_type=\"section\" data-e-type=\"section\" id=\"patrocine\">\n\t\t\t\t\t\t<div class=\"elementor-container elementor-column-gap-default\">\n\t\t\t\t\t<div class=\"elementor-column elementor-col-100 elementor-top-column elementor-element elementor-element-96226d4\" data-id=\"96226d4\" data-element_type=\"column\" data-e-type=\"column\">\n\t\t\t<div class=\"elementor-widget-wrap elementor-element-populated\">\n\t\t\t\t\t\t<div class=\"elementor-element elementor-element-6576a29 elementor-widget elementor-widget-heading\" data-id=\"6576a29\" data-element_type=\"widget\" data-e-type=\"widget\" data-widget_type=\"heading.default\">\n\t\t\t\t<div class=\"elementor-widget-container\">\n\t\t\t\t\t<h3 class=\"elementor-heading-title elementor-size-default\">Seja um Patrocinador!<\/h3>\t\t\t\t<\/div>\n\t\t\t\t<\/div>\n\t\t<div class=\"elementor-element elementor-element-ef25923 e-flex e-con-boxed e-con e-parent\" data-id=\"ef25923\" data-element_type=\"container\" data-e-type=\"container\">\n\t\t\t\t\t<div class=\"e-con-inner\">\n\t\t<div class=\"elementor-element elementor-element-384f416 e-con-full e-flex e-con e-child\" data-id=\"384f416\" data-element_type=\"container\" data-e-type=\"container\">\n\t\t<div class=\"elementor-element elementor-element-15bd702 e-con-full e-flex e-con e-child\" data-id=\"15bd702\" data-element_type=\"container\" data-e-type=\"container\">\n\t\t\t\t<div class=\"elementor-element elementor-element-5ca0480 elementor-align-left elementor-widget__width-auto elementor-mobile-align-justify elementor-widget elementor-widget-button\" data-id=\"5ca0480\" data-element_type=\"widget\" data-e-type=\"widget\" data-widget_type=\"button.default\">\n\t\t\t\t<div class=\"elementor-widget-container\">\n\t\t\t\t\t\t\t\t\t<div class=\"elementor-button-wrapper\">\n\t\t\t\t\t<a class=\"elementor-button elementor-button-link elementor-size-sm\" href=\"https:\/\/drive.google.com\/file\/d\/1UjZQ4FCae7IjEz5w-y22mGPGJiAx1Kc0\/view?usp=sharing\">\n\t\t\t\t\t\t<span class=\"elementor-button-content-wrapper\">\n\t\t\t\t\t\t<span class=\"elementor-button-icon\">\n\t\t\t\t<svg aria-hidden=\"true\" class=\"e-font-icon-svg e-fas-ticket-alt\" viewBox=\"0 0 576 512\" xmlns=\"http:\/\/www.w3.org\/2000\/svg\"><path d=\"M128 160h320v192H128V160zm400 96c0 26.51 21.49 48 48 48v96c0 26.51-21.49 48-48 48H48c-26.51 0-48-21.49-48-48v-96c26.51 0 48-21.49 48-48s-21.49-48-48-48v-96c0-26.51 21.49-48 48-48h480c26.51 0 48 21.49 48 48v96c-26.51 0-48 21.49-48 48zm-48-104c0-13.255-10.745-24-24-24H120c-13.255 0-24 10.745-24 24v208c0 13.255 10.745 24 24 24h336c13.255 0 24-10.745 24-24V152z\"><\/path><\/svg>\t\t\t<\/span>\n\t\t\t\t\t\t\t\t\t<span class=\"elementor-button-text\">saiba mais<\/span>\n\t\t\t\t\t<\/span>\n\t\t\t\t\t<\/a>\n\t\t\t\t<\/div>\n\t\t\t\t\t\t\t\t<\/div>\n\t\t\t\t<\/div>\n\t\t\t\t<\/div>\n\t\t\t\t<\/div>\n\t\t\t\t\t<\/div>\n\t\t\t\t<\/div>\n\t\t\t\t\t<\/div>\n\t\t<\/div>\n\t\t\t\t\t<\/div>\n\t\t<\/section>\n\t\t\t\t<section class=\"elementor-section elementor-top-section elementor-element elementor-element-390f17b7 elementor-section-boxed elementor-section-height-default elementor-section-height-default\" data-id=\"390f17b7\" data-element_type=\"section\" data-e-type=\"section\" id=\"evento\" data-settings=\"{&quot;background_background&quot;:&quot;classic&quot;}\">\n\t\t\t\t\t\t<div class=\"elementor-container elementor-column-gap-default\">\n\t\t\t\t\t<div class=\"elementor-column elementor-col-50 elementor-top-column elementor-element elementor-element-66c3535f\" data-id=\"66c3535f\" data-element_type=\"column\" data-e-type=\"column\" id=\"localizacao\">\n\t\t\t<div class=\"elementor-widget-wrap elementor-element-populated\">\n\t\t\t\t\t\t<div class=\"elementor-element elementor-element-767ac728 elementor-widget__width-auto elementor-widget elementor-widget-image\" data-id=\"767ac728\" data-element_type=\"widget\" data-e-type=\"widget\" data-widget_type=\"image.default\">\n\t\t\t\t<div class=\"elementor-widget-container\">\n\t\t\t\t\t\t\t\t\t\t\t\t\t\t\t<img loading=\"lazy\" decoding=\"async\" width=\"451\" height=\"451\" src=\"https:\/\/tmabrasil.org\/evento\/wp-content\/uploads\/2025\/03\/image2.png\" class=\"attachment-large size-large wp-image-569\" alt=\"\" srcset=\"https:\/\/tmabrasil.org\/evento\/wp-content\/uploads\/2025\/03\/image2.png 451w, https:\/\/tmabrasil.org\/evento\/wp-content\/uploads\/2025\/03\/image2-300x300.png 300w, https:\/\/tmabrasil.org\/evento\/wp-content\/uploads\/2025\/03\/image2-150x150.png 150w\" sizes=\"(max-width: 451px) 100vw, 451px\" \/>\t\t\t\t\t\t\t\t\t\t\t\t\t\t\t<\/div>\n\t\t\t\t<\/div>\n\t\t\t\t<div class=\"elementor-element elementor-element-38f9abc elementor-widget__width-auto elementor-widget elementor-widget-image\" data-id=\"38f9abc\" data-element_type=\"widget\" data-e-type=\"widget\" data-widget_type=\"image.default\">\n\t\t\t\t<div class=\"elementor-widget-container\">\n\t\t\t\t\t\t\t\t\t\t\t\t\t\t\t<img loading=\"lazy\" decoding=\"async\" width=\"1080\" height=\"1080\" src=\"https:\/\/tmabrasil.org\/evento\/wp-content\/uploads\/2025\/07\/maceiotmaico.jpg\" class=\"attachment-full size-full wp-image-2991\" alt=\"\" srcset=\"https:\/\/tmabrasil.org\/evento\/wp-content\/uploads\/2025\/07\/maceiotmaico.jpg 1080w, https:\/\/tmabrasil.org\/evento\/wp-content\/uploads\/2025\/07\/maceiotmaico-300x300.jpg 300w, https:\/\/tmabrasil.org\/evento\/wp-content\/uploads\/2025\/07\/maceiotmaico-1024x1024.jpg 1024w, https:\/\/tmabrasil.org\/evento\/wp-content\/uploads\/2025\/07\/maceiotmaico-150x150.jpg 150w, https:\/\/tmabrasil.org\/evento\/wp-content\/uploads\/2025\/07\/maceiotmaico-768x768.jpg 768w\" sizes=\"(max-width: 1080px) 100vw, 1080px\" \/>\t\t\t\t\t\t\t\t\t\t\t\t\t\t\t<\/div>\n\t\t\t\t<\/div>\n\t\t\t\t<div class=\"elementor-element elementor-element-159bb974 elementor-widget__width-auto elementor-widget elementor-widget-image\" data-id=\"159bb974\" data-element_type=\"widget\" data-e-type=\"widget\" data-widget_type=\"image.default\">\n\t\t\t\t<div class=\"elementor-widget-container\">\n\t\t\t\t\t\t\t\t\t\t\t\t\t\t\t<img loading=\"lazy\" decoding=\"async\" width=\"266\" height=\"266\" src=\"https:\/\/tmabrasil.org\/evento\/wp-content\/uploads\/2025\/03\/img_speak_home-PTKQA58.jpg\" class=\"attachment-large size-large wp-image-21\" alt=\"\" srcset=\"https:\/\/tmabrasil.org\/evento\/wp-content\/uploads\/2025\/03\/img_speak_home-PTKQA58.jpg 266w, https:\/\/tmabrasil.org\/evento\/wp-content\/uploads\/2025\/03\/img_speak_home-PTKQA58-150x150.jpg 150w\" sizes=\"(max-width: 266px) 100vw, 266px\" \/>\t\t\t\t\t\t\t\t\t\t\t\t\t\t\t<\/div>\n\t\t\t\t<\/div>\n\t\t\t\t\t<\/div>\n\t\t<\/div>\n\t\t\t\t<div class=\"elementor-column elementor-col-50 elementor-top-column elementor-element elementor-element-89edfab\" data-id=\"89edfab\" data-element_type=\"column\" data-e-type=\"column\">\n\t\t\t<div class=\"elementor-widget-wrap elementor-element-populated\">\n\t\t\t\t\t\t<section class=\"elementor-section elementor-inner-section elementor-element elementor-element-69e49aac elementor-section-boxed elementor-section-height-default elementor-section-height-default elementor-invisible\" data-id=\"69e49aac\" data-element_type=\"section\" data-e-type=\"section\" data-settings=\"{&quot;animation&quot;:&quot;fadeInUp&quot;}\">\n\t\t\t\t\t\t<div class=\"elementor-container elementor-column-gap-default\">\n\t\t\t\t\t<div class=\"elementor-column elementor-col-100 elementor-inner-column elementor-element elementor-element-5707d804\" data-id=\"5707d804\" data-element_type=\"column\" data-e-type=\"column\">\n\t\t\t<div class=\"elementor-widget-wrap elementor-element-populated\">\n\t\t\t\t\t\t<div class=\"elementor-element elementor-element-704988fd elementor-widget__width-auto elementor-widget-mobile__width-auto elementor-widget elementor-widget-heading\" data-id=\"704988fd\" data-element_type=\"widget\" data-e-type=\"widget\" data-widget_type=\"heading.default\">\n\t\t\t\t<div class=\"elementor-widget-container\">\n\t\t\t\t\t<h6 class=\"elementor-heading-title elementor-size-default\">Evento TMA Brasil 2025<\/h6>\t\t\t\t<\/div>\n\t\t\t\t<\/div>\n\t\t\t\t<div class=\"elementor-element elementor-element-2a3725de elementor-widget elementor-widget-heading\" data-id=\"2a3725de\" data-element_type=\"widget\" data-e-type=\"widget\" data-widget_type=\"heading.default\">\n\t\t\t\t<div class=\"elementor-widget-container\">\n\t\t\t\t\t<h3 class=\"elementor-heading-title elementor-size-default\">Ciclo de Debates Macei\u00f3<\/h3>\t\t\t\t<\/div>\n\t\t\t\t<\/div>\n\t\t\t\t\t<\/div>\n\t\t<\/div>\n\t\t\t\t\t<\/div>\n\t\t<\/section>\n\t\t\t\t<section class=\"elementor-section elementor-inner-section elementor-element elementor-element-1d0540a7 elementor-section-boxed elementor-section-height-default elementor-section-height-default elementor-invisible\" data-id=\"1d0540a7\" data-element_type=\"section\" data-e-type=\"section\" data-settings=\"{&quot;animation&quot;:&quot;fadeInUp&quot;}\">\n\t\t\t\t\t\t<div class=\"elementor-container elementor-column-gap-default\">\n\t\t\t\t\t<div class=\"elementor-column elementor-col-100 elementor-inner-column elementor-element elementor-element-6672183c\" data-id=\"6672183c\" data-element_type=\"column\" data-e-type=\"column\">\n\t\t\t<div class=\"elementor-widget-wrap elementor-element-populated\">\n\t\t\t\t\t\t<div class=\"elementor-element elementor-element-4465bc5d elementor-widget__width-initial elementor-widget elementor-widget-text-editor\" data-id=\"4465bc5d\" data-element_type=\"widget\" data-e-type=\"widget\" data-widget_type=\"text-editor.default\">\n\t\t\t\t<div class=\"elementor-widget-container\">\n\t\t\t\t\t\t\t\t\t<p>Uma oportunidade \u00fanica para trocar experi\u00eancias, aprender com cases de sucesso e ampliar sua rede de contatos com os principais nomes do setor.<\/p><ul><li><strong>Data: 21\/08 &#8211; 8h20 \u00e0s 13h00<\/strong><\/li><li><strong><strong>Local: <b>Hotel Ritz Lagoa da Anta <\/b><\/strong><\/strong><span style=\"font-weight: 400;\">Av. Brigadeiro Eduardo Gomes, 546, Lagoa da Anta, Macei\u00f3 &#8211; Alagoas &#8211; Brasil<\/span><\/li><\/ul>\t\t\t\t\t\t\t\t<\/div>\n\t\t\t\t<\/div>\n\t\t\t\t<div class=\"elementor-element elementor-element-313a410 elementor-widget__width-initial elementor-widget elementor-widget-text-editor\" data-id=\"313a410\" data-element_type=\"widget\" data-e-type=\"widget\" data-widget_type=\"text-editor.default\">\n\t\t\t\t<div class=\"elementor-widget-container\">\n\t\t\t\t\t\t\t\t\t<p>N\u00e3o perca a chance de se conectar com quem transforma<br \/>desafios em oportunidades.<\/p>\t\t\t\t\t\t\t\t<\/div>\n\t\t\t\t<\/div>\n\t\t\t\t\t<\/div>\n\t\t<\/div>\n\t\t\t\t\t<\/div>\n\t\t<\/section>\n\t\t\t\t<section class=\"elementor-section elementor-inner-section elementor-element elementor-element-6eeb3f3 elementor-section-boxed elementor-section-height-default elementor-section-height-default elementor-invisible\" data-id=\"6eeb3f3\" data-element_type=\"section\" data-e-type=\"section\" data-settings=\"{&quot;animation&quot;:&quot;slideInUp&quot;}\">\n\t\t\t\t\t\t<div class=\"elementor-container elementor-column-gap-default\">\n\t\t\t\t\t<div class=\"elementor-column elementor-col-100 elementor-inner-column elementor-element elementor-element-6f8b059c\" data-id=\"6f8b059c\" data-element_type=\"column\" data-e-type=\"column\">\n\t\t\t<div class=\"elementor-widget-wrap elementor-element-populated\">\n\t\t\t\t\t\t<div class=\"elementor-element elementor-element-276feb57 elementor-align-left elementor-widget__width-auto elementor-mobile-align-justify elementor-widget elementor-widget-button\" data-id=\"276feb57\" data-element_type=\"widget\" data-e-type=\"widget\" data-widget_type=\"button.default\">\n\t\t\t\t<div class=\"elementor-widget-container\">\n\t\t\t\t\t\t\t\t\t<div class=\"elementor-button-wrapper\">\n\t\t\t\t\t<a class=\"elementor-button elementor-button-link elementor-size-sm\" href=\"https:\/\/sistema.tmabrasil.org\/AreaAssociados\/Eventos\/EventoDetalhe\/Index\/5007\">\n\t\t\t\t\t\t<span class=\"elementor-button-content-wrapper\">\n\t\t\t\t\t\t<span class=\"elementor-button-icon\">\n\t\t\t\t<svg aria-hidden=\"true\" class=\"e-font-icon-svg e-fas-ticket-alt\" viewBox=\"0 0 576 512\" xmlns=\"http:\/\/www.w3.org\/2000\/svg\"><path d=\"M128 160h320v192H128V160zm400 96c0 26.51 21.49 48 48 48v96c0 26.51-21.49 48-48 48H48c-26.51 0-48-21.49-48-48v-96c26.51 0 48-21.49 48-48s-21.49-48-48-48v-96c0-26.51 21.49-48 48-48h480c26.51 0 48 21.49 48 48v96c-26.51 0-48 21.49-48 48zm-48-104c0-13.255-10.745-24-24-24H120c-13.255 0-24 10.745-24 24v208c0 13.255 10.745 24 24 24h336c13.255 0 24-10.745 24-24V152z\"><\/path><\/svg>\t\t\t<\/span>\n\t\t\t\t\t\t\t\t\t<span class=\"elementor-button-text\">Inscreva-se<\/span>\n\t\t\t\t\t<\/span>\n\t\t\t\t\t<\/a>\n\t\t\t\t<\/div>\n\t\t\t\t\t\t\t\t<\/div>\n\t\t\t\t<\/div>\n\t\t\t\t<div class=\"elementor-element elementor-element-198c1052 elementor-align-left elementor-widget__width-auto elementor-widget elementor-widget-button\" data-id=\"198c1052\" data-element_type=\"widget\" data-e-type=\"widget\" data-widget_type=\"button.default\">\n\t\t\t\t<div class=\"elementor-widget-container\">\n\t\t\t\t\t\t\t\t\t<div class=\"elementor-button-wrapper\">\n\t\t\t\t\t<a class=\"elementor-button elementor-button-link elementor-size-sm\" href=\"https:\/\/maps.app.goo.gl\/Gs75AVRf7uHKxxH76\">\n\t\t\t\t\t\t<span class=\"elementor-button-content-wrapper\">\n\t\t\t\t\t\t<span class=\"elementor-button-icon\">\n\t\t\t\t<svg aria-hidden=\"true\" class=\"e-font-icon-svg e-fas-angle-right\" viewBox=\"0 0 256 512\" xmlns=\"http:\/\/www.w3.org\/2000\/svg\"><path d=\"M224.3 273l-136 136c-9.4 9.4-24.6 9.4-33.9 0l-22.6-22.6c-9.4-9.4-9.4-24.6 0-33.9l96.4-96.4-96.4-96.4c-9.4-9.4-9.4-24.6 0-33.9L54.3 103c9.4-9.4 24.6-9.4 33.9 0l136 136c9.5 9.4 9.5 24.6.1 34z\"><\/path><\/svg>\t\t\t<\/span>\n\t\t\t\t\t\t\t\t\t<span class=\"elementor-button-text\">localiza\u00e7\u00e3o<\/span>\n\t\t\t\t\t<\/span>\n\t\t\t\t\t<\/a>\n\t\t\t\t<\/div>\n\t\t\t\t\t\t\t\t<\/div>\n\t\t\t\t<\/div>\n\t\t\t\t\t<\/div>\n\t\t<\/div>\n\t\t\t\t\t<\/div>\n\t\t<\/section>\n\t\t\t\t\t<\/div>\n\t\t<\/div>\n\t\t\t\t\t<\/div>\n\t\t<\/section>\n\t\t\t\t<section class=\"elementor-section elementor-top-section elementor-element elementor-element-70991344 elementor-section-boxed elementor-section-height-default elementor-section-height-default\" data-id=\"70991344\" data-element_type=\"section\" data-e-type=\"section\" data-settings=\"{&quot;background_background&quot;:&quot;classic&quot;}\">\n\t\t\t\t\t\t\t<div class=\"elementor-background-overlay\"><\/div>\n\t\t\t\t\t\t\t<div class=\"elementor-container elementor-column-gap-default\">\n\t\t\t\t\t<div class=\"elementor-column elementor-col-100 elementor-top-column elementor-element elementor-element-b44d54b\" data-id=\"b44d54b\" data-element_type=\"column\" data-e-type=\"column\">\n\t\t\t<div class=\"elementor-widget-wrap elementor-element-populated\">\n\t\t\t\t<div class=\"elementor-element elementor-element-122cdb6 e-flex e-con-boxed e-con e-parent\" data-id=\"122cdb6\" data-element_type=\"container\" data-e-type=\"container\">\n\t\t\t\t\t<div class=\"e-con-inner\">\n\t\t<div class=\"elementor-element elementor-element-7f008e9 e-con-full e-flex e-con e-child\" data-id=\"7f008e9\" data-element_type=\"container\" data-e-type=\"container\">\n\t\t\t\t<div class=\"elementor-element elementor-element-662ad3e elementor-widget__width-initial elementor-widget-mobile__width-auto elementor-widget elementor-widget-heading\" data-id=\"662ad3e\" data-element_type=\"widget\" data-e-type=\"widget\" data-widget_type=\"heading.default\">\n\t\t\t\t<div class=\"elementor-widget-container\">\n\t\t\t\t\t<h6 class=\"elementor-heading-title elementor-size-default\">quem somos<\/h6>\t\t\t\t<\/div>\n\t\t\t\t<\/div>\n\t\t\t\t<div class=\"elementor-element elementor-element-9398804 elementor-widget elementor-widget-heading\" data-id=\"9398804\" data-element_type=\"widget\" data-e-type=\"widget\" data-widget_type=\"heading.default\">\n\t\t\t\t<div class=\"elementor-widget-container\">\n\t\t\t\t\t<h3 class=\"elementor-heading-title elementor-size-default\">TMA BRASIL<\/h3>\t\t\t\t<\/div>\n\t\t\t\t<\/div>\n\t\t\t\t<div class=\"elementor-element elementor-element-e8bdbef elementor-absolute elementor-widget elementor-widget-heading\" data-id=\"e8bdbef\" data-element_type=\"widget\" data-e-type=\"widget\" data-settings=\"{&quot;_position&quot;:&quot;absolute&quot;}\" data-widget_type=\"heading.default\">\n\t\t\t\t<div class=\"elementor-widget-container\">\n\t\t\t\t\t<h3 class=\"elementor-heading-title elementor-size-default\">TMA<\/h3>\t\t\t\t<\/div>\n\t\t\t\t<\/div>\n\t\t\t\t<\/div>\n\t\t<div class=\"elementor-element elementor-element-4b2e368 e-con-full e-flex e-con e-child\" data-id=\"4b2e368\" data-element_type=\"container\" data-e-type=\"container\">\n\t\t\t\t<div class=\"elementor-element elementor-element-bc30019 elementor-widget elementor-widget-text-editor\" data-id=\"bc30019\" data-element_type=\"widget\" data-e-type=\"widget\" data-widget_type=\"text-editor.default\">\n\t\t\t\t<div class=\"elementor-widget-container\">\n\t\t\t\t\t\t\t\t\t<p>A TMA Brasil \u00e9 representante brasileira da Turnaround Management Association, a mais prestigiosa associa\u00e7\u00e3o mundial reunindo profissionais envolvidos com recupera\u00e7\u00e3o da performance e do valor em empresas e organiza\u00e7\u00f5es em geral.<\/p><p>Seus membros incluem administradores, gestores, investidores, financiadores, advogados, consultores, contabilistas, assessores, magistrados, administradores judiciais, professores, estudantes e todos os profissionais engajados na gera\u00e7\u00e3o de valor nos processos de reestrutura\u00e7\u00e3o, recupera\u00e7\u00e3o ou de liquida\u00e7\u00e3o de empresas.<\/p><p>Estes profissionais trabalham sob o c\u00f3digo de \u00e9tica da TMA e dedicam parte de seu tempo para desenvolver o tema da gest\u00e3o da reestrutura\u00e7\u00e3o e recupera\u00e7\u00e3o de empresas que passam por momentos de desafio operacional ou crise financeira. Promovem as melhores pr\u00e1ticas por meio de semin\u00e1rios e publica\u00e7\u00f5es, capacitando profissionais envolvidos com o turnaround management, e contribuindo para a evolu\u00e7\u00e3o da pr\u00e1tica nos aspectos de gest\u00e3o, financeiros e legislativos.<\/p><p>A credibilidade da TMA Brasil, reconhecida com o status de OSCIP no Brasil, se fundamenta em 25 anos de experi\u00eancia internacional, reunindo as melhores empresas e profissionais dedicados \u00e0 reestrutura\u00e7\u00e3o e recupera\u00e7\u00e3o de empresas.<\/p><p><a style=\"color: white; text-decoration: none;\" href=\"https:\/\/tmabrasil.org\" target=\"_blank\" rel=\"noopener\"><br \/>Para saber mais, acesse: www.tmabrasil.org<\/a><\/p>\t\t\t\t\t\t\t\t<\/div>\n\t\t\t\t<\/div>\n\t\t\t\t<\/div>\n\t\t\t\t\t<\/div>\n\t\t\t\t<\/div>\n\t\t\t\t\t<\/div>\n\t\t<\/div>\n\t\t\t\t\t<\/div>\n\t\t<\/section>\n\t\t\t\t<section class=\"elementor-section elementor-top-section elementor-element elementor-element-10076f8d elementor-section-boxed elementor-section-height-default elementor-section-height-default\" data-id=\"10076f8d\" data-element_type=\"section\" data-e-type=\"section\" data-settings=\"{&quot;background_background&quot;:&quot;classic&quot;}\">\n\t\t\t\t\t\t<div class=\"elementor-container elementor-column-gap-default\">\n\t\t\t\t\t<div class=\"elementor-column elementor-col-100 elementor-top-column elementor-element elementor-element-1ddd9f6e\" data-id=\"1ddd9f6e\" data-element_type=\"column\" data-e-type=\"column\">\n\t\t\t<div class=\"elementor-widget-wrap elementor-element-populated\">\n\t\t\t\t\t\t<section class=\"elementor-section elementor-inner-section elementor-element elementor-element-78313feb elementor-section-boxed elementor-section-height-default elementor-section-height-default elementor-invisible\" data-id=\"78313feb\" data-element_type=\"section\" data-e-type=\"section\" id=\"palestrantes\" data-settings=\"{&quot;animation&quot;:&quot;fadeInUp&quot;}\">\n\t\t\t\t\t\t<div class=\"elementor-container elementor-column-gap-default\">\n\t\t\t\t\t<div class=\"elementor-column elementor-col-100 elementor-inner-column elementor-element elementor-element-6701211\" data-id=\"6701211\" data-element_type=\"column\" data-e-type=\"column\">\n\t\t\t<div class=\"elementor-widget-wrap elementor-element-populated\">\n\t\t\t\t\t\t<div class=\"elementor-element elementor-element-954f62a elementor-widget__width-auto elementor-widget-mobile__width-auto elementor-widget elementor-widget-heading\" data-id=\"954f62a\" data-element_type=\"widget\" data-e-type=\"widget\" data-widget_type=\"heading.default\">\n\t\t\t\t<div class=\"elementor-widget-container\">\n\t\t\t\t\t<h6 class=\"elementor-heading-title elementor-size-default\">Speakers<\/h6>\t\t\t\t<\/div>\n\t\t\t\t<\/div>\n\t\t\t\t<div class=\"elementor-element elementor-element-122db4da elementor-widget elementor-widget-heading\" data-id=\"122db4da\" data-element_type=\"widget\" data-e-type=\"widget\" data-widget_type=\"heading.default\">\n\t\t\t\t<div class=\"elementor-widget-container\">\n\t\t\t\t\t<h3 class=\"elementor-heading-title elementor-size-default\">Palestrantes<\/h3>\t\t\t\t<\/div>\n\t\t\t\t<\/div>\n\t\t\t\t\t<\/div>\n\t\t<\/div>\n\t\t\t\t\t<\/div>\n\t\t<\/section>\n\t\t\t\t<section class=\"elementor-section elementor-inner-section elementor-element elementor-element-7d8845d elementor-section-boxed elementor-section-height-default elementor-section-height-default elementor-invisible\" data-id=\"7d8845d\" data-element_type=\"section\" data-e-type=\"section\" data-settings=\"{&quot;animation&quot;:&quot;fadeInUp&quot;}\">\n\t\t\t\t\t\t<div class=\"elementor-container elementor-column-gap-default\">\n\t\t\t\t\t<div class=\"elementor-column elementor-col-50 elementor-inner-column elementor-element elementor-element-6f807c4\" data-id=\"6f807c4\" data-element_type=\"column\" data-e-type=\"column\">\n\t\t\t<div class=\"elementor-widget-wrap elementor-element-populated\">\n\t\t\t\t\t\t<div class=\"elementor-element elementor-element-b24d194 elementor-widget elementor-widget-image\" data-id=\"b24d194\" data-element_type=\"widget\" data-e-type=\"widget\" data-widget_type=\"image.default\">\n\t\t\t\t<div class=\"elementor-widget-container\">\n\t\t\t\t\t\t\t\t\t\t\t\t\t\t\t<img loading=\"lazy\" decoding=\"async\" width=\"820\" height=\"1280\" src=\"https:\/\/tmabrasil.org\/evento\/wp-content\/uploads\/2025\/07\/Ana-Claudia-Araujo-Weinberg.jpeg\" class=\"elementor-animation-float attachment-full size-full wp-image-3471\" alt=\"\" srcset=\"https:\/\/tmabrasil.org\/evento\/wp-content\/uploads\/2025\/07\/Ana-Claudia-Araujo-Weinberg.jpeg 820w, https:\/\/tmabrasil.org\/evento\/wp-content\/uploads\/2025\/07\/Ana-Claudia-Araujo-Weinberg-192x300.jpeg 192w, https:\/\/tmabrasil.org\/evento\/wp-content\/uploads\/2025\/07\/Ana-Claudia-Araujo-Weinberg-656x1024.jpeg 656w, https:\/\/tmabrasil.org\/evento\/wp-content\/uploads\/2025\/07\/Ana-Claudia-Araujo-Weinberg-768x1199.jpeg 768w\" sizes=\"(max-width: 820px) 100vw, 820px\" \/>\t\t\t\t\t\t\t\t\t\t\t\t\t\t\t<\/div>\n\t\t\t\t<\/div>\n\t\t\t\t\t<\/div>\n\t\t<\/div>\n\t\t\t\t<div class=\"elementor-column elementor-col-50 elementor-inner-column elementor-element elementor-element-5868ed0\" data-id=\"5868ed0\" data-element_type=\"column\" data-e-type=\"column\">\n\t\t\t<div class=\"elementor-widget-wrap elementor-element-populated\">\n\t\t\t\t\t\t<div class=\"elementor-element elementor-element-fa87002 elementor-widget elementor-widget-heading\" data-id=\"fa87002\" data-element_type=\"widget\" data-e-type=\"widget\" data-widget_type=\"heading.default\">\n\t\t\t\t<div class=\"elementor-widget-container\">\n\t\t\t\t\t<h4 class=\"elementor-heading-title elementor-size-default\">Ana Claudia Ara\u00fajo Weinberg<\/h4>\t\t\t\t<\/div>\n\t\t\t\t<\/div>\n\t\t\t\t<div class=\"elementor-element elementor-element-2c0c231 elementor-widget elementor-widget-heading\" data-id=\"2c0c231\" data-element_type=\"widget\" data-e-type=\"widget\" data-widget_type=\"heading.default\">\n\t\t\t\t<div class=\"elementor-widget-container\">\n\t\t\t\t\t<span class=\"elementor-heading-title elementor-size-default\">S\u00f3cia da Lindoso e Ara\u00fajo Consultoria Empresarial \/\nAdministradora judicial e especialista em Recupera\u00e7\u00e3o Judicial e Fal\u00eancia.<\/span>\t\t\t\t<\/div>\n\t\t\t\t<\/div>\n\t\t\t\t\t<\/div>\n\t\t<\/div>\n\t\t\t\t\t<\/div>\n\t\t<\/section>\n\t\t\t\t<section class=\"elementor-section elementor-inner-section elementor-element elementor-element-5349fbe elementor-section-boxed elementor-section-height-default elementor-section-height-default elementor-invisible\" data-id=\"5349fbe\" data-element_type=\"section\" data-e-type=\"section\" data-settings=\"{&quot;animation&quot;:&quot;fadeInUp&quot;}\">\n\t\t\t\t\t\t<div class=\"elementor-container elementor-column-gap-default\">\n\t\t\t\t\t<div class=\"elementor-column elementor-col-50 elementor-inner-column elementor-element elementor-element-6641e86\" data-id=\"6641e86\" data-element_type=\"column\" data-e-type=\"column\">\n\t\t\t<div class=\"elementor-widget-wrap elementor-element-populated\">\n\t\t\t\t\t\t<div class=\"elementor-element elementor-element-2d5a4a3 elementor-widget elementor-widget-image\" data-id=\"2d5a4a3\" data-element_type=\"widget\" data-e-type=\"widget\" data-widget_type=\"image.default\">\n\t\t\t\t<div class=\"elementor-widget-container\">\n\t\t\t\t\t\t\t\t\t\t\t\t\t\t\t<img loading=\"lazy\" decoding=\"async\" width=\"683\" height=\"1024\" src=\"https:\/\/tmabrasil.org\/evento\/wp-content\/uploads\/2025\/07\/Armando-Wallach-Socio-Vivante-Gestao-e-Administracao-Judicial-Copia.jpg\" class=\"elementor-animation-float attachment-full size-full wp-image-3472\" alt=\"\" srcset=\"https:\/\/tmabrasil.org\/evento\/wp-content\/uploads\/2025\/07\/Armando-Wallach-Socio-Vivante-Gestao-e-Administracao-Judicial-Copia.jpg 683w, https:\/\/tmabrasil.org\/evento\/wp-content\/uploads\/2025\/07\/Armando-Wallach-Socio-Vivante-Gestao-e-Administracao-Judicial-Copia-200x300.jpg 200w\" sizes=\"(max-width: 683px) 100vw, 683px\" \/>\t\t\t\t\t\t\t\t\t\t\t\t\t\t\t<\/div>\n\t\t\t\t<\/div>\n\t\t\t\t\t<\/div>\n\t\t<\/div>\n\t\t\t\t<div class=\"elementor-column elementor-col-50 elementor-inner-column elementor-element elementor-element-f989496\" data-id=\"f989496\" data-element_type=\"column\" data-e-type=\"column\">\n\t\t\t<div class=\"elementor-widget-wrap elementor-element-populated\">\n\t\t\t\t\t\t<div class=\"elementor-element elementor-element-47ab8d2 elementor-widget elementor-widget-heading\" data-id=\"47ab8d2\" data-element_type=\"widget\" data-e-type=\"widget\" data-widget_type=\"heading.default\">\n\t\t\t\t<div class=\"elementor-widget-container\">\n\t\t\t\t\t<h4 class=\"elementor-heading-title elementor-size-default\">Armando Lemos Wallach<\/h4>\t\t\t\t<\/div>\n\t\t\t\t<\/div>\n\t\t\t\t<div class=\"elementor-element elementor-element-eccdd0a elementor-widget elementor-widget-heading\" data-id=\"eccdd0a\" data-element_type=\"widget\" data-e-type=\"widget\" data-widget_type=\"heading.default\">\n\t\t\t\t<div class=\"elementor-widget-container\">\n\t\t\t\t\t<span class=\"elementor-heading-title elementor-size-default\">S\u00f3cio da Vivante Gest\u00e3o e Administra\u00e7\u00e3o Judicial Ltda<\/span>\t\t\t\t<\/div>\n\t\t\t\t<\/div>\n\t\t\t\t<div class=\"elementor-element elementor-element-26b7df1 elementor-widget elementor-widget-text-editor\" data-id=\"26b7df1\" data-element_type=\"widget\" data-e-type=\"widget\" data-widget_type=\"text-editor.default\">\n\t\t\t\t<div class=\"elementor-widget-container\">\n\t\t\t\t\t\t\t\t\t<p><span style=\"font-weight: 400;\">Cursando Mestrado Profissional de Direito da FGV. LLM em Direito Societ\u00e1rio FGV. P\u00f3s Graduado em Direito da Insolv\u00eancia pela Faculdade Luiz Mario Moutinho. Curso e Recupera\u00e7\u00e3o de Empresas INSPER. Curso de Extens\u00e3o em Recupera\u00e7\u00e3o e Fal\u00eancia PUC-SP. Membro da Comiss\u00e3o Permanente de Estudos de Direito Falimentar e Recuperacional do IASP. Autor de artigos na obra coordenada pelo Dr. Paulo Furtado de Oliveira Filho, Lei de Recupera\u00e7\u00e3o e Fal\u00eancia Pontos Relevantes e controversos da reforma pela Lei 14.112\/2020, volumes 3 e 4.<\/span><\/p>\t\t\t\t\t\t\t\t<\/div>\n\t\t\t\t<\/div>\n\t\t\t\t\t<\/div>\n\t\t<\/div>\n\t\t\t\t\t<\/div>\n\t\t<\/section>\n\t\t\t\t<section class=\"elementor-section elementor-inner-section elementor-element elementor-element-f164c13 elementor-section-boxed elementor-section-height-default elementor-section-height-default elementor-invisible\" data-id=\"f164c13\" data-element_type=\"section\" data-e-type=\"section\" data-settings=\"{&quot;animation&quot;:&quot;fadeInUp&quot;}\">\n\t\t\t\t\t\t<div class=\"elementor-container elementor-column-gap-default\">\n\t\t\t\t\t<div class=\"elementor-column elementor-col-50 elementor-inner-column elementor-element elementor-element-ad5ef80\" data-id=\"ad5ef80\" data-element_type=\"column\" data-e-type=\"column\">\n\t\t\t<div class=\"elementor-widget-wrap elementor-element-populated\">\n\t\t\t\t\t\t<div class=\"elementor-element elementor-element-d113051 elementor-widget elementor-widget-image\" data-id=\"d113051\" data-element_type=\"widget\" data-e-type=\"widget\" data-widget_type=\"image.default\">\n\t\t\t\t<div class=\"elementor-widget-container\">\n\t\t\t\t\t\t\t\t\t\t\t\t\t\t\t<img loading=\"lazy\" decoding=\"async\" width=\"600\" height=\"900\" src=\"https:\/\/tmabrasil.org\/evento\/wp-content\/uploads\/2025\/07\/Cybelle-Moraes-Socia-Moraes-Jr.-Advogados.jpg-V3-Copia.jpg\" class=\"elementor-animation-float attachment-large size-large wp-image-3473\" alt=\"\" srcset=\"https:\/\/tmabrasil.org\/evento\/wp-content\/uploads\/2025\/07\/Cybelle-Moraes-Socia-Moraes-Jr.-Advogados.jpg-V3-Copia.jpg 600w, https:\/\/tmabrasil.org\/evento\/wp-content\/uploads\/2025\/07\/Cybelle-Moraes-Socia-Moraes-Jr.-Advogados.jpg-V3-Copia-200x300.jpg 200w\" sizes=\"(max-width: 600px) 100vw, 600px\" \/>\t\t\t\t\t\t\t\t\t\t\t\t\t\t\t<\/div>\n\t\t\t\t<\/div>\n\t\t\t\t\t<\/div>\n\t\t<\/div>\n\t\t\t\t<div class=\"elementor-column elementor-col-50 elementor-inner-column elementor-element elementor-element-5b9f511\" data-id=\"5b9f511\" data-element_type=\"column\" data-e-type=\"column\">\n\t\t\t<div class=\"elementor-widget-wrap elementor-element-populated\">\n\t\t\t\t\t\t<div class=\"elementor-element elementor-element-772ac2e elementor-widget elementor-widget-heading\" data-id=\"772ac2e\" data-element_type=\"widget\" data-e-type=\"widget\" data-widget_type=\"heading.default\">\n\t\t\t\t<div class=\"elementor-widget-container\">\n\t\t\t\t\t<h4 class=\"elementor-heading-title elementor-size-default\">Cybelle Guedes Campos<\/h4>\t\t\t\t<\/div>\n\t\t\t\t<\/div>\n\t\t\t\t<div class=\"elementor-element elementor-element-5dbf50e elementor-widget elementor-widget-heading\" data-id=\"5dbf50e\" data-element_type=\"widget\" data-e-type=\"widget\" data-widget_type=\"heading.default\">\n\t\t\t\t<div class=\"elementor-widget-container\">\n\t\t\t\t\t<span class=\"elementor-heading-title elementor-size-default\">S\u00f3cia, Moraes Jr. Advogados<\/span>\t\t\t\t<\/div>\n\t\t\t\t<\/div>\n\t\t\t\t<div class=\"elementor-element elementor-element-1d140e6 elementor-widget elementor-widget-text-editor\" data-id=\"1d140e6\" data-element_type=\"widget\" data-e-type=\"widget\" data-widget_type=\"text-editor.default\">\n\t\t\t\t<div class=\"elementor-widget-container\">\n\t\t\t\t\t\t\t\t\t<p><span style=\"font-weight: 400;\">Atua no segmento jur\u00eddico desde 2001. Assumiu a sociedade do Moraes Jr. Advogados em 2012. Al\u00e9m de s\u00f3cia, Cybelle tamb\u00e9m \u00e9 a administradora legal. Participa de diversos f\u00f3runs importantes sobre Reestrutura\u00e7\u00e3o Empresarial, Recupera\u00e7\u00e3o Extrajudicial, Recupera\u00e7\u00e3o Judicial e Fal\u00eancia. \u00c9 membro do TMA Brasil, do Ibajud, do Centro de Mulheres na Reestrutura\u00e7\u00e3o Empresarial (CMR), \u00a0da IWIRC Brasil da Comiss\u00e3o de Direito de Recupera\u00e7\u00f5es e Fal\u00eancias do IASP, da Comiss\u00e3o de Direito Falimentar do IBRADEMP, da Comiss\u00e3o de Recupera\u00e7\u00f5es e Fal\u00eancias da OAB\/Campinas, da Comiss\u00e3o de Recupera\u00e7\u00f5es e Fal\u00eancias da OAB\/SBC, da Comiss\u00e3o de M\u00e9todos Consensuais da OAB\/SP e da Comiss\u00e3o da Mulher Advogada da OAB\/SP. Autora de diversos artigos jur\u00eddicos.<\/span><\/p>\t\t\t\t\t\t\t\t<\/div>\n\t\t\t\t<\/div>\n\t\t\t\t\t<\/div>\n\t\t<\/div>\n\t\t\t\t\t<\/div>\n\t\t<\/section>\n\t\t\t\t<section class=\"elementor-section elementor-inner-section elementor-element elementor-element-806288d elementor-section-boxed elementor-section-height-default elementor-section-height-default elementor-invisible\" data-id=\"806288d\" data-element_type=\"section\" data-e-type=\"section\" data-settings=\"{&quot;animation&quot;:&quot;fadeInUp&quot;}\">\n\t\t\t\t\t\t<div class=\"elementor-container elementor-column-gap-default\">\n\t\t\t\t\t<div class=\"elementor-column elementor-col-50 elementor-inner-column elementor-element elementor-element-e7ebd58\" data-id=\"e7ebd58\" data-element_type=\"column\" data-e-type=\"column\">\n\t\t\t<div class=\"elementor-widget-wrap elementor-element-populated\">\n\t\t\t\t\t\t<div class=\"elementor-element elementor-element-fc6e3d3 elementor-widget elementor-widget-image\" data-id=\"fc6e3d3\" data-element_type=\"widget\" data-e-type=\"widget\" data-widget_type=\"image.default\">\n\t\t\t\t<div class=\"elementor-widget-container\">\n\t\t\t\t\t\t\t\t\t\t\t\t\t\t\t<img loading=\"lazy\" decoding=\"async\" width=\"500\" height=\"500\" src=\"https:\/\/tmabrasil.org\/evento\/wp-content\/uploads\/2025\/07\/Daniel-Carnio-Costa-Professor.png\" class=\"elementor-animation-float attachment-full size-full wp-image-3474\" alt=\"\" srcset=\"https:\/\/tmabrasil.org\/evento\/wp-content\/uploads\/2025\/07\/Daniel-Carnio-Costa-Professor.png 500w, https:\/\/tmabrasil.org\/evento\/wp-content\/uploads\/2025\/07\/Daniel-Carnio-Costa-Professor-300x300.png 300w, https:\/\/tmabrasil.org\/evento\/wp-content\/uploads\/2025\/07\/Daniel-Carnio-Costa-Professor-150x150.png 150w\" sizes=\"(max-width: 500px) 100vw, 500px\" \/>\t\t\t\t\t\t\t\t\t\t\t\t\t\t\t<\/div>\n\t\t\t\t<\/div>\n\t\t\t\t\t<\/div>\n\t\t<\/div>\n\t\t\t\t<div class=\"elementor-column elementor-col-50 elementor-inner-column elementor-element elementor-element-9f3c0b0\" data-id=\"9f3c0b0\" data-element_type=\"column\" data-e-type=\"column\">\n\t\t\t<div class=\"elementor-widget-wrap elementor-element-populated\">\n\t\t\t\t\t\t<div class=\"elementor-element elementor-element-ea8fd71 elementor-widget elementor-widget-heading\" data-id=\"ea8fd71\" data-element_type=\"widget\" data-e-type=\"widget\" data-widget_type=\"heading.default\">\n\t\t\t\t<div class=\"elementor-widget-container\">\n\t\t\t\t\t<h4 class=\"elementor-heading-title elementor-size-default\">Daniel Carnio Costa<\/h4>\t\t\t\t<\/div>\n\t\t\t\t<\/div>\n\t\t\t\t<div class=\"elementor-element elementor-element-39c95c9 elementor-widget elementor-widget-heading\" data-id=\"39c95c9\" data-element_type=\"widget\" data-e-type=\"widget\" data-widget_type=\"heading.default\">\n\t\t\t\t<div class=\"elementor-widget-container\">\n\t\t\t\t\t<span class=\"elementor-heading-title elementor-size-default\">Professor da PUC\/SP e da Uninove\/SP<\/span>\t\t\t\t<\/div>\n\t\t\t\t<\/div>\n\t\t\t\t<div class=\"elementor-element elementor-element-a10eaae elementor-widget elementor-widget-text-editor\" data-id=\"a10eaae\" data-element_type=\"widget\" data-e-type=\"widget\" data-widget_type=\"text-editor.default\">\n\t\t\t\t<div class=\"elementor-widget-container\">\n\t\t\t\t\t\t\t\t\t<p><span style=\"font-weight: 400;\">Advogado e parecerista. Ex-juiz titular da 1a Vara de Fal\u00eancias e Recupera\u00e7\u00f5es Judiciais de S\u00e3o Paulo. Conselheiro do CNMP (2021\/2023). Vice-presidente do International Insolvency Law, Professor da PUC\/SP e da Uninove\/SP. Autor de diversos livros e artigos publicados no Brasil e no exterior<\/span><\/p>\t\t\t\t\t\t\t\t<\/div>\n\t\t\t\t<\/div>\n\t\t\t\t\t<\/div>\n\t\t<\/div>\n\t\t\t\t\t<\/div>\n\t\t<\/section>\n\t\t\t\t<section class=\"elementor-section elementor-inner-section elementor-element elementor-element-8c49eaa elementor-section-boxed elementor-section-height-default elementor-section-height-default elementor-invisible\" data-id=\"8c49eaa\" data-element_type=\"section\" data-e-type=\"section\" data-settings=\"{&quot;animation&quot;:&quot;fadeInUp&quot;}\">\n\t\t\t\t\t\t<div class=\"elementor-container elementor-column-gap-default\">\n\t\t\t\t\t<div class=\"elementor-column elementor-col-50 elementor-inner-column elementor-element elementor-element-5813a4f\" data-id=\"5813a4f\" data-element_type=\"column\" data-e-type=\"column\">\n\t\t\t<div class=\"elementor-widget-wrap elementor-element-populated\">\n\t\t\t\t\t\t<div class=\"elementor-element elementor-element-997ea09 elementor-widget elementor-widget-image\" data-id=\"997ea09\" data-element_type=\"widget\" data-e-type=\"widget\" data-widget_type=\"image.default\">\n\t\t\t\t<div class=\"elementor-widget-container\">\n\t\t\t\t\t\t\t\t\t\t\t\t\t\t\t<img loading=\"lazy\" decoding=\"async\" width=\"391\" height=\"394\" src=\"https:\/\/tmabrasil.org\/evento\/wp-content\/uploads\/2025\/08\/Felipe-Feijo-1.jpeg\" class=\"elementor-animation-float attachment-full size-full wp-image-3571\" alt=\"\" srcset=\"https:\/\/tmabrasil.org\/evento\/wp-content\/uploads\/2025\/08\/Felipe-Feijo-1.jpeg 391w, https:\/\/tmabrasil.org\/evento\/wp-content\/uploads\/2025\/08\/Felipe-Feijo-1-298x300.jpeg 298w, https:\/\/tmabrasil.org\/evento\/wp-content\/uploads\/2025\/08\/Felipe-Feijo-1-150x150.jpeg 150w\" sizes=\"(max-width: 391px) 100vw, 391px\" \/>\t\t\t\t\t\t\t\t\t\t\t\t\t\t\t<\/div>\n\t\t\t\t<\/div>\n\t\t\t\t\t<\/div>\n\t\t<\/div>\n\t\t\t\t<div class=\"elementor-column elementor-col-50 elementor-inner-column elementor-element elementor-element-b0f274e\" data-id=\"b0f274e\" data-element_type=\"column\" data-e-type=\"column\">\n\t\t\t<div class=\"elementor-widget-wrap elementor-element-populated\">\n\t\t\t\t\t\t<div class=\"elementor-element elementor-element-3a41fe2 elementor-widget elementor-widget-heading\" data-id=\"3a41fe2\" data-element_type=\"widget\" data-e-type=\"widget\" data-widget_type=\"heading.default\">\n\t\t\t\t<div class=\"elementor-widget-container\">\n\t\t\t\t\t<h4 class=\"elementor-heading-title elementor-size-default\">Felipe Feij\u00f3<\/h4>\t\t\t\t<\/div>\n\t\t\t\t<\/div>\n\t\t\t\t<div class=\"elementor-element elementor-element-8f1ffa0 elementor-widget elementor-widget-heading\" data-id=\"8f1ffa0\" data-element_type=\"widget\" data-e-type=\"widget\" data-widget_type=\"heading.default\">\n\t\t\t\t<div class=\"elementor-widget-container\">\n\t\t\t\t\t<span class=\"elementor-heading-title elementor-size-default\">Presidente da Federa\u00e7\u00e3o Alagoana de Futebol<\/span>\t\t\t\t<\/div>\n\t\t\t\t<\/div>\n\t\t\t\t<div class=\"elementor-element elementor-element-d6b482c elementor-widget elementor-widget-text-editor\" data-id=\"d6b482c\" data-element_type=\"widget\" data-e-type=\"widget\" data-widget_type=\"text-editor.default\">\n\t\t\t\t<div class=\"elementor-widget-container\">\n\t\t\t\t\t\t\t\t\t<p><span style=\"font-weight: 400;\">Bacharel em Direito e Diretor Administrativo do Sindicato Nacional do Futebol<\/span><\/p>\t\t\t\t\t\t\t\t<\/div>\n\t\t\t\t<\/div>\n\t\t\t\t\t<\/div>\n\t\t<\/div>\n\t\t\t\t\t<\/div>\n\t\t<\/section>\n\t\t\t\t<section class=\"elementor-section elementor-inner-section elementor-element elementor-element-ecfd114 elementor-section-boxed elementor-section-height-default elementor-section-height-default elementor-invisible\" data-id=\"ecfd114\" data-element_type=\"section\" data-e-type=\"section\" data-settings=\"{&quot;animation&quot;:&quot;fadeInUp&quot;}\">\n\t\t\t\t\t\t<div class=\"elementor-container elementor-column-gap-default\">\n\t\t\t\t\t<div class=\"elementor-column elementor-col-50 elementor-inner-column elementor-element elementor-element-ea56e18\" data-id=\"ea56e18\" data-element_type=\"column\" data-e-type=\"column\">\n\t\t\t<div class=\"elementor-widget-wrap elementor-element-populated\">\n\t\t\t\t\t\t<div class=\"elementor-element elementor-element-3255986 elementor-widget elementor-widget-image\" data-id=\"3255986\" data-element_type=\"widget\" data-e-type=\"widget\" data-widget_type=\"image.default\">\n\t\t\t\t<div class=\"elementor-widget-container\">\n\t\t\t\t\t\t\t\t\t\t\t\t\t\t\t<img loading=\"lazy\" decoding=\"async\" width=\"1054\" height=\"1066\" src=\"https:\/\/tmabrasil.org\/evento\/wp-content\/uploads\/2025\/07\/Fernando-Tourinho-de-Omena-Souza-Desembargador-do-Tribunal-de-Justica-do-Estado-de-Alagoas.jpeg\" class=\"elementor-animation-float attachment-full size-full wp-image-3475\" alt=\"\" srcset=\"https:\/\/tmabrasil.org\/evento\/wp-content\/uploads\/2025\/07\/Fernando-Tourinho-de-Omena-Souza-Desembargador-do-Tribunal-de-Justica-do-Estado-de-Alagoas.jpeg 1054w, https:\/\/tmabrasil.org\/evento\/wp-content\/uploads\/2025\/07\/Fernando-Tourinho-de-Omena-Souza-Desembargador-do-Tribunal-de-Justica-do-Estado-de-Alagoas-297x300.jpeg 297w, https:\/\/tmabrasil.org\/evento\/wp-content\/uploads\/2025\/07\/Fernando-Tourinho-de-Omena-Souza-Desembargador-do-Tribunal-de-Justica-do-Estado-de-Alagoas-1012x1024.jpeg 1012w, https:\/\/tmabrasil.org\/evento\/wp-content\/uploads\/2025\/07\/Fernando-Tourinho-de-Omena-Souza-Desembargador-do-Tribunal-de-Justica-do-Estado-de-Alagoas-768x777.jpeg 768w\" sizes=\"(max-width: 1054px) 100vw, 1054px\" \/>\t\t\t\t\t\t\t\t\t\t\t\t\t\t\t<\/div>\n\t\t\t\t<\/div>\n\t\t\t\t\t<\/div>\n\t\t<\/div>\n\t\t\t\t<div class=\"elementor-column elementor-col-50 elementor-inner-column elementor-element elementor-element-5f98430\" data-id=\"5f98430\" data-element_type=\"column\" data-e-type=\"column\">\n\t\t\t<div class=\"elementor-widget-wrap elementor-element-populated\">\n\t\t\t\t\t\t<div class=\"elementor-element elementor-element-fefcbd2 elementor-widget elementor-widget-heading\" data-id=\"fefcbd2\" data-element_type=\"widget\" data-e-type=\"widget\" data-widget_type=\"heading.default\">\n\t\t\t\t<div class=\"elementor-widget-container\">\n\t\t\t\t\t<h4 class=\"elementor-heading-title elementor-size-default\">Fernando Tourinho de Omena Souza<\/h4>\t\t\t\t<\/div>\n\t\t\t\t<\/div>\n\t\t\t\t<div class=\"elementor-element elementor-element-99cc967 elementor-widget elementor-widget-heading\" data-id=\"99cc967\" data-element_type=\"widget\" data-e-type=\"widget\" data-widget_type=\"heading.default\">\n\t\t\t\t<div class=\"elementor-widget-container\">\n\t\t\t\t\t<span class=\"elementor-heading-title elementor-size-default\">Desembargador do Tribunal de Justi\u00e7a do Estado de Alagoas<\/span>\t\t\t\t<\/div>\n\t\t\t\t<\/div>\n\t\t\t\t<div class=\"elementor-element elementor-element-6f19d81 elementor-widget elementor-widget-text-editor\" data-id=\"6f19d81\" data-element_type=\"widget\" data-e-type=\"widget\" data-widget_type=\"text-editor.default\">\n\t\t\t\t<div class=\"elementor-widget-container\">\n\t\t\t\t\t\t\t\t\t<p><span style=\"font-weight: 400;\">Diretor da Escola Superior da Magistratura do Estado de Alagoas<\/span><\/p>\t\t\t\t\t\t\t\t<\/div>\n\t\t\t\t<\/div>\n\t\t\t\t\t<\/div>\n\t\t<\/div>\n\t\t\t\t\t<\/div>\n\t\t<\/section>\n\t\t\t\t<section class=\"elementor-section elementor-inner-section elementor-element elementor-element-bd3e5c3 elementor-section-boxed elementor-section-height-default elementor-section-height-default elementor-invisible\" data-id=\"bd3e5c3\" data-element_type=\"section\" data-e-type=\"section\" data-settings=\"{&quot;animation&quot;:&quot;fadeInUp&quot;}\">\n\t\t\t\t\t\t<div class=\"elementor-container elementor-column-gap-default\">\n\t\t\t\t\t<div class=\"elementor-column elementor-col-50 elementor-inner-column elementor-element elementor-element-f891f47\" data-id=\"f891f47\" data-element_type=\"column\" data-e-type=\"column\">\n\t\t\t<div class=\"elementor-widget-wrap elementor-element-populated\">\n\t\t\t\t\t\t<div class=\"elementor-element elementor-element-75462e6 elementor-widget elementor-widget-image\" data-id=\"75462e6\" data-element_type=\"widget\" data-e-type=\"widget\" data-widget_type=\"image.default\">\n\t\t\t\t<div class=\"elementor-widget-container\">\n\t\t\t\t\t\t\t\t\t\t\t\t\t\t\t<img loading=\"lazy\" decoding=\"async\" width=\"1125\" height=\"1529\" src=\"https:\/\/tmabrasil.org\/evento\/wp-content\/uploads\/2025\/08\/Gabriela-Azevedo-Socia-PETRA-Consultores.jpg\" class=\"elementor-animation-float attachment-full size-full wp-image-3572\" alt=\"\" srcset=\"https:\/\/tmabrasil.org\/evento\/wp-content\/uploads\/2025\/08\/Gabriela-Azevedo-Socia-PETRA-Consultores.jpg 1125w, https:\/\/tmabrasil.org\/evento\/wp-content\/uploads\/2025\/08\/Gabriela-Azevedo-Socia-PETRA-Consultores-221x300.jpg 221w, https:\/\/tmabrasil.org\/evento\/wp-content\/uploads\/2025\/08\/Gabriela-Azevedo-Socia-PETRA-Consultores-753x1024.jpg 753w, https:\/\/tmabrasil.org\/evento\/wp-content\/uploads\/2025\/08\/Gabriela-Azevedo-Socia-PETRA-Consultores-768x1044.jpg 768w\" sizes=\"(max-width: 1125px) 100vw, 1125px\" \/>\t\t\t\t\t\t\t\t\t\t\t\t\t\t\t<\/div>\n\t\t\t\t<\/div>\n\t\t\t\t\t<\/div>\n\t\t<\/div>\n\t\t\t\t<div class=\"elementor-column elementor-col-50 elementor-inner-column elementor-element elementor-element-a13de05\" data-id=\"a13de05\" data-element_type=\"column\" data-e-type=\"column\">\n\t\t\t<div class=\"elementor-widget-wrap elementor-element-populated\">\n\t\t\t\t\t\t<div class=\"elementor-element elementor-element-4c8d8b3 elementor-widget elementor-widget-heading\" data-id=\"4c8d8b3\" data-element_type=\"widget\" data-e-type=\"widget\" data-widget_type=\"heading.default\">\n\t\t\t\t<div class=\"elementor-widget-container\">\n\t\t\t\t\t<h4 class=\"elementor-heading-title elementor-size-default\">Gabriela Azevedo<\/h4>\t\t\t\t<\/div>\n\t\t\t\t<\/div>\n\t\t\t\t<div class=\"elementor-element elementor-element-9ddf230 elementor-widget elementor-widget-heading\" data-id=\"9ddf230\" data-element_type=\"widget\" data-e-type=\"widget\" data-widget_type=\"heading.default\">\n\t\t\t\t<div class=\"elementor-widget-container\">\n\t\t\t\t\t<span class=\"elementor-heading-title elementor-size-default\">S\u00f3cia, PETRA Consultores<\/span>\t\t\t\t<\/div>\n\t\t\t\t<\/div>\n\t\t\t\t<div class=\"elementor-element elementor-element-94aa663 elementor-widget elementor-widget-text-editor\" data-id=\"94aa663\" data-element_type=\"widget\" data-e-type=\"widget\" data-widget_type=\"text-editor.default\">\n\t\t\t\t<div class=\"elementor-widget-container\">\n\t\t\t\t\t\t\t\t\t<p><span style=\"font-weight: 400;\">Contadora pela UFPE, com p\u00f3s-gradua\u00e7\u00e3o em Controladoria e Finan\u00e7as pela FBV. Com mais de 25 anos de experi\u00eancia, atuou em auditoria de balan\u00e7os em Big Four e, h\u00e1 15 anos, dedica-se \u00e0 consultoria empresarial em projetos de reestrutura\u00e7\u00e3o, gest\u00e3o de crises e recupera\u00e7\u00e3o de empresas. Acompanha de perto o avan\u00e7o das SAF\u2019s no futebol brasileiro, com foco na reestrutura\u00e7\u00e3o e sustentabilidade econ\u00f4mico-financeira.<\/span><\/p>\t\t\t\t\t\t\t\t<\/div>\n\t\t\t\t<\/div>\n\t\t\t\t\t<\/div>\n\t\t<\/div>\n\t\t\t\t\t<\/div>\n\t\t<\/section>\n\t\t\t\t<section class=\"elementor-section elementor-inner-section elementor-element elementor-element-f9d1eb4 elementor-section-boxed elementor-section-height-default elementor-section-height-default elementor-invisible\" data-id=\"f9d1eb4\" data-element_type=\"section\" data-e-type=\"section\" data-settings=\"{&quot;animation&quot;:&quot;fadeInUp&quot;}\">\n\t\t\t\t\t\t<div class=\"elementor-container elementor-column-gap-default\">\n\t\t\t\t\t<div class=\"elementor-column elementor-col-50 elementor-inner-column elementor-element elementor-element-8554176\" data-id=\"8554176\" data-element_type=\"column\" data-e-type=\"column\">\n\t\t\t<div class=\"elementor-widget-wrap elementor-element-populated\">\n\t\t\t\t\t\t<div class=\"elementor-element elementor-element-76327a1 elementor-widget elementor-widget-image\" data-id=\"76327a1\" data-element_type=\"widget\" data-e-type=\"widget\" data-widget_type=\"image.default\">\n\t\t\t\t<div class=\"elementor-widget-container\">\n\t\t\t\t\t\t\t\t\t\t\t\t\t\t\t<img loading=\"lazy\" decoding=\"async\" width=\"669\" height=\"812\" src=\"https:\/\/tmabrasil.org\/evento\/wp-content\/uploads\/2025\/08\/Helestron-Silva-da-Costa-Juiz-de-Direito-no-Tribunal-de-Justica-do-Estado-de-Alagoas.jpeg\" class=\"elementor-animation-float attachment-full size-full wp-image-3573\" alt=\"\" srcset=\"https:\/\/tmabrasil.org\/evento\/wp-content\/uploads\/2025\/08\/Helestron-Silva-da-Costa-Juiz-de-Direito-no-Tribunal-de-Justica-do-Estado-de-Alagoas.jpeg 669w, https:\/\/tmabrasil.org\/evento\/wp-content\/uploads\/2025\/08\/Helestron-Silva-da-Costa-Juiz-de-Direito-no-Tribunal-de-Justica-do-Estado-de-Alagoas-247x300.jpeg 247w\" sizes=\"(max-width: 669px) 100vw, 669px\" \/>\t\t\t\t\t\t\t\t\t\t\t\t\t\t\t<\/div>\n\t\t\t\t<\/div>\n\t\t\t\t\t<\/div>\n\t\t<\/div>\n\t\t\t\t<div class=\"elementor-column elementor-col-50 elementor-inner-column elementor-element elementor-element-8b2720f\" data-id=\"8b2720f\" data-element_type=\"column\" data-e-type=\"column\">\n\t\t\t<div class=\"elementor-widget-wrap elementor-element-populated\">\n\t\t\t\t\t\t<div class=\"elementor-element elementor-element-59e11f4 elementor-widget elementor-widget-heading\" data-id=\"59e11f4\" data-element_type=\"widget\" data-e-type=\"widget\" data-widget_type=\"heading.default\">\n\t\t\t\t<div class=\"elementor-widget-container\">\n\t\t\t\t\t<h4 class=\"elementor-heading-title elementor-size-default\">Helestron Silva da Costa<\/h4>\t\t\t\t<\/div>\n\t\t\t\t<\/div>\n\t\t\t\t<div class=\"elementor-element elementor-element-54a8890 elementor-widget elementor-widget-heading\" data-id=\"54a8890\" data-element_type=\"widget\" data-e-type=\"widget\" data-widget_type=\"heading.default\">\n\t\t\t\t<div class=\"elementor-widget-container\">\n\t\t\t\t\t<span class=\"elementor-heading-title elementor-size-default\">Juiz de Direito no Tribunal de Justi\u00e7a do Estado de Alagoas<\/span>\t\t\t\t<\/div>\n\t\t\t\t<\/div>\n\t\t\t\t<div class=\"elementor-element elementor-element-1f40982 elementor-widget elementor-widget-text-editor\" data-id=\"1f40982\" data-element_type=\"widget\" data-e-type=\"widget\" data-widget_type=\"text-editor.default\">\n\t\t\t\t<div class=\"elementor-widget-container\">\n\t\t\t\t\t\t\t\t\t<p><span style=\"font-weight: 400;\">Mestrando em Direito Empresarial pela Uninove, Graduado pela Harvard University em Introduction to Law and Legal Debates, Especialista em Direito Tribut\u00e1rio pela Unisul, Atua no caso de Fal\u00eancia da Laginha Agroindustrial desde junho de 2024, Titular da 8a Vara C\u00edvel de Arapiraca, Professor da Escola Superior da Magistratura.<\/span><\/p>\t\t\t\t\t\t\t\t<\/div>\n\t\t\t\t<\/div>\n\t\t\t\t\t<\/div>\n\t\t<\/div>\n\t\t\t\t\t<\/div>\n\t\t<\/section>\n\t\t\t\t<section class=\"elementor-section elementor-inner-section elementor-element elementor-element-9fe7321 elementor-section-boxed elementor-section-height-default elementor-section-height-default elementor-invisible\" data-id=\"9fe7321\" data-element_type=\"section\" data-e-type=\"section\" data-settings=\"{&quot;animation&quot;:&quot;fadeInUp&quot;}\">\n\t\t\t\t\t\t<div class=\"elementor-container elementor-column-gap-default\">\n\t\t\t\t\t<div class=\"elementor-column elementor-col-50 elementor-inner-column elementor-element elementor-element-004e81b\" data-id=\"004e81b\" data-element_type=\"column\" data-e-type=\"column\">\n\t\t\t<div class=\"elementor-widget-wrap elementor-element-populated\">\n\t\t\t\t\t\t<div class=\"elementor-element elementor-element-6f2a53e elementor-widget elementor-widget-image\" data-id=\"6f2a53e\" data-element_type=\"widget\" data-e-type=\"widget\" data-widget_type=\"image.default\">\n\t\t\t\t<div class=\"elementor-widget-container\">\n\t\t\t\t\t\t\t\t\t\t\t\t\t\t\t<img loading=\"lazy\" decoding=\"async\" width=\"500\" height=\"500\" src=\"https:\/\/tmabrasil.org\/evento\/wp-content\/uploads\/2025\/08\/Jader-Lemos-socio-de-Paura-Advocacia-e-Mestre-em-Direito-Privado-pela-UFPE.png\" class=\"elementor-animation-float attachment-full size-full wp-image-3579\" alt=\"\" srcset=\"https:\/\/tmabrasil.org\/evento\/wp-content\/uploads\/2025\/08\/Jader-Lemos-socio-de-Paura-Advocacia-e-Mestre-em-Direito-Privado-pela-UFPE.png 500w, https:\/\/tmabrasil.org\/evento\/wp-content\/uploads\/2025\/08\/Jader-Lemos-socio-de-Paura-Advocacia-e-Mestre-em-Direito-Privado-pela-UFPE-300x300.png 300w, https:\/\/tmabrasil.org\/evento\/wp-content\/uploads\/2025\/08\/Jader-Lemos-socio-de-Paura-Advocacia-e-Mestre-em-Direito-Privado-pela-UFPE-150x150.png 150w\" sizes=\"(max-width: 500px) 100vw, 500px\" \/>\t\t\t\t\t\t\t\t\t\t\t\t\t\t\t<\/div>\n\t\t\t\t<\/div>\n\t\t\t\t\t<\/div>\n\t\t<\/div>\n\t\t\t\t<div class=\"elementor-column elementor-col-50 elementor-inner-column elementor-element elementor-element-434c9e5\" data-id=\"434c9e5\" data-element_type=\"column\" data-e-type=\"column\">\n\t\t\t<div class=\"elementor-widget-wrap elementor-element-populated\">\n\t\t\t\t\t\t<div class=\"elementor-element elementor-element-436e7ad elementor-widget elementor-widget-heading\" data-id=\"436e7ad\" data-element_type=\"widget\" data-e-type=\"widget\" data-widget_type=\"heading.default\">\n\t\t\t\t<div class=\"elementor-widget-container\">\n\t\t\t\t\t<h4 class=\"elementor-heading-title elementor-size-default\">J\u00e1der Lemos<\/h4>\t\t\t\t<\/div>\n\t\t\t\t<\/div>\n\t\t\t\t<div class=\"elementor-element elementor-element-65a8d0c elementor-widget elementor-widget-heading\" data-id=\"65a8d0c\" data-element_type=\"widget\" data-e-type=\"widget\" data-widget_type=\"heading.default\">\n\t\t\t\t<div class=\"elementor-widget-container\">\n\t\t\t\t\t<span class=\"elementor-heading-title elementor-size-default\">S\u00f3cio de Paur\u00e1 Advocacia e Mestre em Direito Privado pela UFPE.<\/span>\t\t\t\t<\/div>\n\t\t\t\t<\/div>\n\t\t\t\t\t<\/div>\n\t\t<\/div>\n\t\t\t\t\t<\/div>\n\t\t<\/section>\n\t\t\t\t<section class=\"elementor-section elementor-inner-section elementor-element elementor-element-a26ba73 elementor-section-boxed elementor-section-height-default elementor-section-height-default elementor-invisible\" data-id=\"a26ba73\" data-element_type=\"section\" data-e-type=\"section\" data-settings=\"{&quot;animation&quot;:&quot;fadeInUp&quot;}\">\n\t\t\t\t\t\t<div class=\"elementor-container elementor-column-gap-default\">\n\t\t\t\t\t<div class=\"elementor-column elementor-col-50 elementor-inner-column elementor-element elementor-element-26daddc\" data-id=\"26daddc\" data-element_type=\"column\" data-e-type=\"column\">\n\t\t\t<div class=\"elementor-widget-wrap elementor-element-populated\">\n\t\t\t\t\t\t<div class=\"elementor-element elementor-element-cecf1e9 elementor-widget elementor-widget-image\" data-id=\"cecf1e9\" data-element_type=\"widget\" data-e-type=\"widget\" data-widget_type=\"image.default\">\n\t\t\t\t<div class=\"elementor-widget-container\">\n\t\t\t\t\t\t\t\t\t\t\t\t\t\t\t<img loading=\"lazy\" decoding=\"async\" width=\"225\" height=\"225\" src=\"https:\/\/tmabrasil.org\/evento\/wp-content\/uploads\/2025\/08\/Jairo-Melo-CEO-do-JGM-Advogados-1.jpg\" class=\"elementor-animation-float attachment-full size-full wp-image-3580\" alt=\"\" srcset=\"https:\/\/tmabrasil.org\/evento\/wp-content\/uploads\/2025\/08\/Jairo-Melo-CEO-do-JGM-Advogados-1.jpg 225w, https:\/\/tmabrasil.org\/evento\/wp-content\/uploads\/2025\/08\/Jairo-Melo-CEO-do-JGM-Advogados-1-150x150.jpg 150w\" sizes=\"(max-width: 225px) 100vw, 225px\" \/>\t\t\t\t\t\t\t\t\t\t\t\t\t\t\t<\/div>\n\t\t\t\t<\/div>\n\t\t\t\t\t<\/div>\n\t\t<\/div>\n\t\t\t\t<div class=\"elementor-column elementor-col-50 elementor-inner-column elementor-element elementor-element-886082c\" data-id=\"886082c\" data-element_type=\"column\" data-e-type=\"column\">\n\t\t\t<div class=\"elementor-widget-wrap elementor-element-populated\">\n\t\t\t\t\t\t<div class=\"elementor-element elementor-element-09c4749 elementor-widget elementor-widget-heading\" data-id=\"09c4749\" data-element_type=\"widget\" data-e-type=\"widget\" data-widget_type=\"heading.default\">\n\t\t\t\t<div class=\"elementor-widget-container\">\n\t\t\t\t\t<h4 class=\"elementor-heading-title elementor-size-default\">Jairo Melo<\/h4>\t\t\t\t<\/div>\n\t\t\t\t<\/div>\n\t\t\t\t<div class=\"elementor-element elementor-element-4092258 elementor-widget elementor-widget-heading\" data-id=\"4092258\" data-element_type=\"widget\" data-e-type=\"widget\" data-widget_type=\"heading.default\">\n\t\t\t\t<div class=\"elementor-widget-container\">\n\t\t\t\t\t<span class=\"elementor-heading-title elementor-size-default\">CEO do JGM Advogados<\/span>\t\t\t\t<\/div>\n\t\t\t\t<\/div>\n\t\t\t\t<div class=\"elementor-element elementor-element-6f81c04 elementor-widget elementor-widget-text-editor\" data-id=\"6f81c04\" data-element_type=\"widget\" data-e-type=\"widget\" data-widget_type=\"text-editor.default\">\n\t\t\t\t<div class=\"elementor-widget-container\">\n\t\t\t\t\t\t\t\t\t<p><span style=\"font-weight: 400;\">Graduado em Direito pelo Centro de Estudos Superiores de Macei\u00f3 (CESMAC). Advogado desde 1991. Graduado em Administra\u00e7\u00e3o pela Universidade Federal de Alagoas (UFAL). Administrador &#8211; CRA 1-2435. Mestre em Direito pela Universidade Federal de Pernambuco (UFPE). MBA em Gest\u00e3o Financeira, Auditoria e Controladoria (FGV). Lecionou nos cursos de gradua\u00e7\u00e3o em Direito, nas disciplinas Direito Internacional Privado e Direito Internacional P\u00fablico durante 5 anos (CESMAC) e Direito Comercial, durante 10 anos, na Universidade Federal de Alagoas (UFAL). Atua desde 1991 nas \u00e1reas de Direito Civil, Empresarial e Societ\u00e1rio. CEO do JGM \u201cAdvogados. Certificado no Curso Conselheiros de Administra\u00e7\u00e3o pelo IBGC \u2014 2132. edi\u00e7\u00e3o. Associado ao Instituto Brasileiro de Governan\u00e7a Corporativa (IBGC). Administrador Judicial Certificado pela Turnaround Management Association.<\/span><\/p>\t\t\t\t\t\t\t\t<\/div>\n\t\t\t\t<\/div>\n\t\t\t\t\t<\/div>\n\t\t<\/div>\n\t\t\t\t\t<\/div>\n\t\t<\/section>\n\t\t\t\t<section class=\"elementor-section elementor-inner-section elementor-element elementor-element-b2d1db7 elementor-section-boxed elementor-section-height-default elementor-section-height-default elementor-invisible\" data-id=\"b2d1db7\" data-element_type=\"section\" data-e-type=\"section\" data-settings=\"{&quot;animation&quot;:&quot;fadeInUp&quot;}\">\n\t\t\t\t\t\t<div class=\"elementor-container elementor-column-gap-default\">\n\t\t\t\t\t<div class=\"elementor-column elementor-col-50 elementor-inner-column elementor-element elementor-element-a5dc19d\" data-id=\"a5dc19d\" data-element_type=\"column\" data-e-type=\"column\">\n\t\t\t<div class=\"elementor-widget-wrap elementor-element-populated\">\n\t\t\t\t\t\t<div class=\"elementor-element elementor-element-5149be8 elementor-widget elementor-widget-image\" data-id=\"5149be8\" data-element_type=\"widget\" data-e-type=\"widget\" data-widget_type=\"image.default\">\n\t\t\t\t<div class=\"elementor-widget-container\">\n\t\t\t\t\t\t\t\t\t\t\t\t\t\t\t<img loading=\"lazy\" decoding=\"async\" width=\"1707\" height=\"2560\" src=\"https:\/\/tmabrasil.org\/evento\/wp-content\/uploads\/2025\/07\/Rafael-Dias-socio-fundador-do-Dias-e-Cavalcanti-Advocacia-scaled.jpeg\" class=\"elementor-animation-float attachment-full size-full wp-image-3477\" alt=\"\" srcset=\"https:\/\/tmabrasil.org\/evento\/wp-content\/uploads\/2025\/07\/Rafael-Dias-socio-fundador-do-Dias-e-Cavalcanti-Advocacia-scaled.jpeg 1707w, https:\/\/tmabrasil.org\/evento\/wp-content\/uploads\/2025\/07\/Rafael-Dias-socio-fundador-do-Dias-e-Cavalcanti-Advocacia-200x300.jpeg 200w, https:\/\/tmabrasil.org\/evento\/wp-content\/uploads\/2025\/07\/Rafael-Dias-socio-fundador-do-Dias-e-Cavalcanti-Advocacia-683x1024.jpeg 683w, https:\/\/tmabrasil.org\/evento\/wp-content\/uploads\/2025\/07\/Rafael-Dias-socio-fundador-do-Dias-e-Cavalcanti-Advocacia-768x1152.jpeg 768w, https:\/\/tmabrasil.org\/evento\/wp-content\/uploads\/2025\/07\/Rafael-Dias-socio-fundador-do-Dias-e-Cavalcanti-Advocacia-1024x1536.jpeg 1024w, https:\/\/tmabrasil.org\/evento\/wp-content\/uploads\/2025\/07\/Rafael-Dias-socio-fundador-do-Dias-e-Cavalcanti-Advocacia-1366x2048.jpeg 1366w\" sizes=\"(max-width: 1707px) 100vw, 1707px\" \/>\t\t\t\t\t\t\t\t\t\t\t\t\t\t\t<\/div>\n\t\t\t\t<\/div>\n\t\t\t\t\t<\/div>\n\t\t<\/div>\n\t\t\t\t<div class=\"elementor-column elementor-col-50 elementor-inner-column elementor-element elementor-element-b5a0d08\" data-id=\"b5a0d08\" data-element_type=\"column\" data-e-type=\"column\">\n\t\t\t<div class=\"elementor-widget-wrap elementor-element-populated\">\n\t\t\t\t\t\t<div class=\"elementor-element elementor-element-2248a98 elementor-widget elementor-widget-heading\" data-id=\"2248a98\" data-element_type=\"widget\" data-e-type=\"widget\" data-widget_type=\"heading.default\">\n\t\t\t\t<div class=\"elementor-widget-container\">\n\t\t\t\t\t<h4 class=\"elementor-heading-title elementor-size-default\">Rafael Dias<\/h4>\t\t\t\t<\/div>\n\t\t\t\t<\/div>\n\t\t\t\t<div class=\"elementor-element elementor-element-2d1da37 elementor-widget elementor-widget-heading\" data-id=\"2d1da37\" data-element_type=\"widget\" data-e-type=\"widget\" data-widget_type=\"heading.default\">\n\t\t\t\t<div class=\"elementor-widget-container\">\n\t\t\t\t\t<span class=\"elementor-heading-title elementor-size-default\">S\u00f3cio fundador do Dias e Cavalcanti Advocacia<\/span>\t\t\t\t<\/div>\n\t\t\t\t<\/div>\n\t\t\t\t<div class=\"elementor-element elementor-element-97898b3 elementor-widget elementor-widget-text-editor\" data-id=\"97898b3\" data-element_type=\"widget\" data-e-type=\"widget\" data-widget_type=\"text-editor.default\">\n\t\t\t\t<div class=\"elementor-widget-container\">\n\t\t\t\t\t\t\t\t\t<p><span style=\"font-weight: 400;\">Advogado atuante em direito empresarial. Administrador Judicial. LLM em Direito Empresarial pela FGV\/SP. Presidente da Comiss\u00e3o de Recupera\u00e7\u00e3o Judicial e Fal\u00eancia da OAB\/AL<\/span><\/p>\t\t\t\t\t\t\t\t<\/div>\n\t\t\t\t<\/div>\n\t\t\t\t\t<\/div>\n\t\t<\/div>\n\t\t\t\t\t<\/div>\n\t\t<\/section>\n\t\t\t\t<section class=\"elementor-section elementor-inner-section elementor-element elementor-element-597104b elementor-section-boxed elementor-section-height-default elementor-section-height-default elementor-invisible\" data-id=\"597104b\" data-element_type=\"section\" data-e-type=\"section\" data-settings=\"{&quot;animation&quot;:&quot;fadeInUp&quot;}\">\n\t\t\t\t\t\t<div class=\"elementor-container elementor-column-gap-default\">\n\t\t\t\t\t<div class=\"elementor-column elementor-col-50 elementor-inner-column elementor-element elementor-element-9526749\" data-id=\"9526749\" data-element_type=\"column\" data-e-type=\"column\">\n\t\t\t<div class=\"elementor-widget-wrap elementor-element-populated\">\n\t\t\t\t\t\t<div class=\"elementor-element elementor-element-347e2bf elementor-widget elementor-widget-image\" data-id=\"347e2bf\" data-element_type=\"widget\" data-e-type=\"widget\" data-widget_type=\"image.default\">\n\t\t\t\t<div class=\"elementor-widget-container\">\n\t\t\t\t\t\t\t\t\t\t\t\t\t\t\t<img loading=\"lazy\" decoding=\"async\" width=\"683\" height=\"1024\" src=\"https:\/\/tmabrasil.org\/evento\/wp-content\/uploads\/2025\/08\/Rodrigo-Cahu-Beltrao-Socio-Cahu-Beltrao-Advogados.jpg\" class=\"elementor-animation-float attachment-full size-full wp-image-3575\" alt=\"\" srcset=\"https:\/\/tmabrasil.org\/evento\/wp-content\/uploads\/2025\/08\/Rodrigo-Cahu-Beltrao-Socio-Cahu-Beltrao-Advogados.jpg 683w, https:\/\/tmabrasil.org\/evento\/wp-content\/uploads\/2025\/08\/Rodrigo-Cahu-Beltrao-Socio-Cahu-Beltrao-Advogados-200x300.jpg 200w\" sizes=\"(max-width: 683px) 100vw, 683px\" \/>\t\t\t\t\t\t\t\t\t\t\t\t\t\t\t<\/div>\n\t\t\t\t<\/div>\n\t\t\t\t\t<\/div>\n\t\t<\/div>\n\t\t\t\t<div class=\"elementor-column elementor-col-50 elementor-inner-column elementor-element elementor-element-a051c20\" data-id=\"a051c20\" data-element_type=\"column\" data-e-type=\"column\">\n\t\t\t<div class=\"elementor-widget-wrap elementor-element-populated\">\n\t\t\t\t\t\t<div class=\"elementor-element elementor-element-eb7918f elementor-widget elementor-widget-heading\" data-id=\"eb7918f\" data-element_type=\"widget\" data-e-type=\"widget\" data-widget_type=\"heading.default\">\n\t\t\t\t<div class=\"elementor-widget-container\">\n\t\t\t\t\t<h4 class=\"elementor-heading-title elementor-size-default\">Rodrigo Cahu Beltr\u00e3o<\/h4>\t\t\t\t<\/div>\n\t\t\t\t<\/div>\n\t\t\t\t<div class=\"elementor-element elementor-element-55dd3e3 elementor-widget elementor-widget-heading\" data-id=\"55dd3e3\" data-element_type=\"widget\" data-e-type=\"widget\" data-widget_type=\"heading.default\">\n\t\t\t\t<div class=\"elementor-widget-container\">\n\t\t\t\t\t<span class=\"elementor-heading-title elementor-size-default\">S\u00f3cio, Cahu Beltr\u00e3o Advogados<\/span>\t\t\t\t<\/div>\n\t\t\t\t<\/div>\n\t\t\t\t<div class=\"elementor-element elementor-element-30bd851 elementor-widget elementor-widget-text-editor\" data-id=\"30bd851\" data-element_type=\"widget\" data-e-type=\"widget\" data-widget_type=\"text-editor.default\">\n\t\t\t\t<div class=\"elementor-widget-container\">\n\t\t\t\t\t\t\t\t\t<p>Advogado e administrador Judicial,&nbsp;<span style=\"letter-spacing: 0px;\">Ex-Advogado da Caixa Econ\u00f4mica Federal; especializado em Direito Empresarial pela FGV \u2013 Funda\u00e7\u00e3o Get\u00falio Vargas.<\/span><\/p>\t\t\t\t\t\t\t\t<\/div>\n\t\t\t\t<\/div>\n\t\t\t\t\t<\/div>\n\t\t<\/div>\n\t\t\t\t\t<\/div>\n\t\t<\/section>\n\t\t\t\t<section class=\"elementor-section elementor-inner-section elementor-element elementor-element-9b968ee elementor-section-boxed elementor-section-height-default elementor-section-height-default elementor-invisible\" data-id=\"9b968ee\" data-element_type=\"section\" data-e-type=\"section\" data-settings=\"{&quot;animation&quot;:&quot;fadeInUp&quot;}\">\n\t\t\t\t\t\t<div class=\"elementor-container elementor-column-gap-default\">\n\t\t\t\t\t<div class=\"elementor-column elementor-col-50 elementor-inner-column elementor-element elementor-element-5bea868\" data-id=\"5bea868\" data-element_type=\"column\" data-e-type=\"column\">\n\t\t\t<div class=\"elementor-widget-wrap elementor-element-populated\">\n\t\t\t\t\t\t<div class=\"elementor-element elementor-element-cfcc2a1 elementor-widget elementor-widget-image\" data-id=\"cfcc2a1\" data-element_type=\"widget\" data-e-type=\"widget\" data-widget_type=\"image.default\">\n\t\t\t\t<div class=\"elementor-widget-container\">\n\t\t\t\t\t\t\t\t\t\t\t\t\t\t\t<img loading=\"lazy\" decoding=\"async\" width=\"1627\" height=\"1843\" src=\"https:\/\/tmabrasil.org\/evento\/wp-content\/uploads\/2025\/07\/Sheila-Neder-Cerezetti-Professora-de-Direito-da-USP.jpg\" class=\"elementor-animation-float attachment-full size-full wp-image-3478\" alt=\"\" srcset=\"https:\/\/tmabrasil.org\/evento\/wp-content\/uploads\/2025\/07\/Sheila-Neder-Cerezetti-Professora-de-Direito-da-USP.jpg 1627w, https:\/\/tmabrasil.org\/evento\/wp-content\/uploads\/2025\/07\/Sheila-Neder-Cerezetti-Professora-de-Direito-da-USP-265x300.jpg 265w, https:\/\/tmabrasil.org\/evento\/wp-content\/uploads\/2025\/07\/Sheila-Neder-Cerezetti-Professora-de-Direito-da-USP-904x1024.jpg 904w, https:\/\/tmabrasil.org\/evento\/wp-content\/uploads\/2025\/07\/Sheila-Neder-Cerezetti-Professora-de-Direito-da-USP-768x870.jpg 768w, https:\/\/tmabrasil.org\/evento\/wp-content\/uploads\/2025\/07\/Sheila-Neder-Cerezetti-Professora-de-Direito-da-USP-1356x1536.jpg 1356w\" sizes=\"(max-width: 1627px) 100vw, 1627px\" \/>\t\t\t\t\t\t\t\t\t\t\t\t\t\t\t<\/div>\n\t\t\t\t<\/div>\n\t\t\t\t\t<\/div>\n\t\t<\/div>\n\t\t\t\t<div class=\"elementor-column elementor-col-50 elementor-inner-column elementor-element elementor-element-a2a5d86\" data-id=\"a2a5d86\" data-element_type=\"column\" data-e-type=\"column\">\n\t\t\t<div class=\"elementor-widget-wrap elementor-element-populated\">\n\t\t\t\t\t\t<div class=\"elementor-element elementor-element-1d07f8e elementor-widget elementor-widget-heading\" data-id=\"1d07f8e\" data-element_type=\"widget\" data-e-type=\"widget\" data-widget_type=\"heading.default\">\n\t\t\t\t<div class=\"elementor-widget-container\">\n\t\t\t\t\t<h4 class=\"elementor-heading-title elementor-size-default\">Sheila Neder Cerezetti<\/h4>\t\t\t\t<\/div>\n\t\t\t\t<\/div>\n\t\t\t\t<div class=\"elementor-element elementor-element-84ebd47 elementor-widget elementor-widget-heading\" data-id=\"84ebd47\" data-element_type=\"widget\" data-e-type=\"widget\" data-widget_type=\"heading.default\">\n\t\t\t\t<div class=\"elementor-widget-container\">\n\t\t\t\t\t<span class=\"elementor-heading-title elementor-size-default\">Professora de Direito da USP<\/span>\t\t\t\t<\/div>\n\t\t\t\t<\/div>\n\t\t\t\t<div class=\"elementor-element elementor-element-477b9db elementor-widget elementor-widget-text-editor\" data-id=\"477b9db\" data-element_type=\"widget\" data-e-type=\"widget\" data-widget_type=\"text-editor.default\">\n\t\t\t\t<div class=\"elementor-widget-container\">\n\t\t\t\t\t\t\t\t\t<p><span style=\"font-weight: 400;\">Professora de Direito Comercial da Faculdade de Direito da Universidade de S\u00e3o Paulo, Bacharel e Doutora pela mesma institui\u00e7\u00e3o. Com p\u00f3s-doutorado no European University Institute (Floren\u00e7a), \u00e9 pesquisadora bolsista da Alexander von Humboldt-Stiftung, com estadas p\u00f3s-doutorais no Instituto Max Planck Institute for Comparative and International Private Law (Hamburgo).\u00a0<\/span><span style=\"font-weight: 400;\"><br \/><\/span><span style=\"font-weight: 400;\">\u00c9 Diretora Executiva do Instituto Brasileiro de Estudos de Recupera\u00e7\u00e3o de Empresas (IBR) e Ex-Presidente da Comiss\u00e3o de Direito Empresarial da OAB\/SP.\u00a0<\/span><span style=\"font-weight: 400;\"><br \/><\/span><span style=\"font-weight: 400;\">Sheila \u00e9 s\u00f3cia de Neder Cerezetti Advocacia e \u00e9 usualmente indicada como \u00e1rbitra e parecerista em disputas nacionais e internacionais envolvendo temas de direito das empresas em crise, societ\u00e1rio e contratual.\u00a0<\/span><\/p>\t\t\t\t\t\t\t\t<\/div>\n\t\t\t\t<\/div>\n\t\t\t\t\t<\/div>\n\t\t<\/div>\n\t\t\t\t\t<\/div>\n\t\t<\/section>\n\t\t\t\t<section class=\"elementor-section elementor-inner-section elementor-element elementor-element-d7574e5 elementor-section-boxed elementor-section-height-default elementor-section-height-default elementor-invisible\" data-id=\"d7574e5\" data-element_type=\"section\" data-e-type=\"section\" data-settings=\"{&quot;animation&quot;:&quot;fadeInUp&quot;}\">\n\t\t\t\t\t\t<div class=\"elementor-container elementor-column-gap-default\">\n\t\t\t\t\t<div class=\"elementor-column elementor-col-50 elementor-inner-column elementor-element elementor-element-f4be62e\" data-id=\"f4be62e\" data-element_type=\"column\" data-e-type=\"column\">\n\t\t\t<div class=\"elementor-widget-wrap elementor-element-populated\">\n\t\t\t\t\t\t<div class=\"elementor-element elementor-element-cd9d3fd elementor-widget elementor-widget-image\" data-id=\"cd9d3fd\" data-element_type=\"widget\" data-e-type=\"widget\" data-widget_type=\"image.default\">\n\t\t\t\t<div class=\"elementor-widget-container\">\n\t\t\t\t\t\t\t\t\t\t\t\t\t\t\t<img loading=\"lazy\" decoding=\"async\" width=\"1707\" height=\"2560\" src=\"https:\/\/tmabrasil.org\/evento\/wp-content\/uploads\/2025\/08\/Tomas-Martins-Costa-Socio-Galdino-Pimenta-Takemi-Ayoub-Salgueiro-Rezende-de-Almeida-Advogados-scaled.jpg\" class=\"elementor-animation-float attachment-full size-full wp-image-3576\" alt=\"\" srcset=\"https:\/\/tmabrasil.org\/evento\/wp-content\/uploads\/2025\/08\/Tomas-Martins-Costa-Socio-Galdino-Pimenta-Takemi-Ayoub-Salgueiro-Rezende-de-Almeida-Advogados-scaled.jpg 1707w, https:\/\/tmabrasil.org\/evento\/wp-content\/uploads\/2025\/08\/Tomas-Martins-Costa-Socio-Galdino-Pimenta-Takemi-Ayoub-Salgueiro-Rezende-de-Almeida-Advogados-200x300.jpg 200w, https:\/\/tmabrasil.org\/evento\/wp-content\/uploads\/2025\/08\/Tomas-Martins-Costa-Socio-Galdino-Pimenta-Takemi-Ayoub-Salgueiro-Rezende-de-Almeida-Advogados-683x1024.jpg 683w, https:\/\/tmabrasil.org\/evento\/wp-content\/uploads\/2025\/08\/Tomas-Martins-Costa-Socio-Galdino-Pimenta-Takemi-Ayoub-Salgueiro-Rezende-de-Almeida-Advogados-768x1152.jpg 768w, https:\/\/tmabrasil.org\/evento\/wp-content\/uploads\/2025\/08\/Tomas-Martins-Costa-Socio-Galdino-Pimenta-Takemi-Ayoub-Salgueiro-Rezende-de-Almeida-Advogados-1024x1536.jpg 1024w, https:\/\/tmabrasil.org\/evento\/wp-content\/uploads\/2025\/08\/Tomas-Martins-Costa-Socio-Galdino-Pimenta-Takemi-Ayoub-Salgueiro-Rezende-de-Almeida-Advogados-1365x2048.jpg 1365w\" sizes=\"(max-width: 1707px) 100vw, 1707px\" \/>\t\t\t\t\t\t\t\t\t\t\t\t\t\t\t<\/div>\n\t\t\t\t<\/div>\n\t\t\t\t\t<\/div>\n\t\t<\/div>\n\t\t\t\t<div class=\"elementor-column elementor-col-50 elementor-inner-column elementor-element elementor-element-d14633d\" data-id=\"d14633d\" data-element_type=\"column\" data-e-type=\"column\">\n\t\t\t<div class=\"elementor-widget-wrap elementor-element-populated\">\n\t\t\t\t\t\t<div class=\"elementor-element elementor-element-c30461b elementor-widget elementor-widget-heading\" data-id=\"c30461b\" data-element_type=\"widget\" data-e-type=\"widget\" data-widget_type=\"heading.default\">\n\t\t\t\t<div class=\"elementor-widget-container\">\n\t\t\t\t\t<h4 class=\"elementor-heading-title elementor-size-default\">Tom\u00e1s Martins Costa<\/h4>\t\t\t\t<\/div>\n\t\t\t\t<\/div>\n\t\t\t\t<div class=\"elementor-element elementor-element-b60e994 elementor-widget elementor-widget-heading\" data-id=\"b60e994\" data-element_type=\"widget\" data-e-type=\"widget\" data-widget_type=\"heading.default\">\n\t\t\t\t<div class=\"elementor-widget-container\">\n\t\t\t\t\t<span class=\"elementor-heading-title elementor-size-default\">S\u00f3cio, Galdino, Pimenta, Takemi, Ayoub, Salgueiro, Rezende de Almeida Advogados\n<\/span>\t\t\t\t<\/div>\n\t\t\t\t<\/div>\n\t\t\t\t<div class=\"elementor-element elementor-element-d8fe275 elementor-widget elementor-widget-text-editor\" data-id=\"d8fe275\" data-element_type=\"widget\" data-e-type=\"widget\" data-widget_type=\"text-editor.default\">\n\t\t\t\t<div class=\"elementor-widget-container\">\n\t\t\t\t\t\t\t\t\t<p><span style=\"font-weight: 400;\">Bacharel em Direito pela Pontif\u00edcia Universidade Cat\u00f3lica de S\u00e3o Paulo \u2013 PUC-SP, em 2015, LLC em Direito Empresarial pelo Instituto de Ensino e Pesquisa \u2013 INSPER, em 2017, Mestre em Direito pela Faculdade de Direito da Universidade de S\u00e3o Paulo \u2013 USP, em 2022, Doutorando em Direito pela Faculdade de Direito da Universidade de S\u00e3o Paulo \u2013 USP.<\/span><\/p>\t\t\t\t\t\t\t\t<\/div>\n\t\t\t\t<\/div>\n\t\t\t\t\t<\/div>\n\t\t<\/div>\n\t\t\t\t\t<\/div>\n\t\t<\/section>\n\t\t\t\t<section class=\"elementor-section elementor-inner-section elementor-element elementor-element-5d87ef8 elementor-section-boxed elementor-section-height-default elementor-section-height-default elementor-invisible\" data-id=\"5d87ef8\" data-element_type=\"section\" data-e-type=\"section\" data-settings=\"{&quot;animation&quot;:&quot;fadeInUp&quot;}\">\n\t\t\t\t\t\t<div class=\"elementor-container elementor-column-gap-default\">\n\t\t\t\t\t<div class=\"elementor-column elementor-col-50 elementor-inner-column elementor-element elementor-element-06cd143\" data-id=\"06cd143\" data-element_type=\"column\" data-e-type=\"column\">\n\t\t\t<div class=\"elementor-widget-wrap elementor-element-populated\">\n\t\t\t\t\t\t<div class=\"elementor-element elementor-element-1ef8a88 elementor-widget elementor-widget-image\" data-id=\"1ef8a88\" data-element_type=\"widget\" data-e-type=\"widget\" data-widget_type=\"image.default\">\n\t\t\t\t<div class=\"elementor-widget-container\">\n\t\t\t\t\t\t\t\t\t\t\t\t\t\t\t<img loading=\"lazy\" decoding=\"async\" width=\"1024\" height=\"1792\" src=\"https:\/\/tmabrasil.org\/evento\/wp-content\/uploads\/2025\/08\/Veridiana-Oliveira-de-Lima.jpg\" class=\"elementor-animation-float attachment-full size-full wp-image-3577\" alt=\"\" srcset=\"https:\/\/tmabrasil.org\/evento\/wp-content\/uploads\/2025\/08\/Veridiana-Oliveira-de-Lima.jpg 1024w, https:\/\/tmabrasil.org\/evento\/wp-content\/uploads\/2025\/08\/Veridiana-Oliveira-de-Lima-171x300.jpg 171w, https:\/\/tmabrasil.org\/evento\/wp-content\/uploads\/2025\/08\/Veridiana-Oliveira-de-Lima-585x1024.jpg 585w, https:\/\/tmabrasil.org\/evento\/wp-content\/uploads\/2025\/08\/Veridiana-Oliveira-de-Lima-768x1344.jpg 768w, https:\/\/tmabrasil.org\/evento\/wp-content\/uploads\/2025\/08\/Veridiana-Oliveira-de-Lima-878x1536.jpg 878w\" sizes=\"(max-width: 1024px) 100vw, 1024px\" \/>\t\t\t\t\t\t\t\t\t\t\t\t\t\t\t<\/div>\n\t\t\t\t<\/div>\n\t\t\t\t\t<\/div>\n\t\t<\/div>\n\t\t\t\t<div class=\"elementor-column elementor-col-50 elementor-inner-column elementor-element elementor-element-627f76f\" data-id=\"627f76f\" data-element_type=\"column\" data-e-type=\"column\">\n\t\t\t<div class=\"elementor-widget-wrap elementor-element-populated\">\n\t\t\t\t\t\t<div class=\"elementor-element elementor-element-f5f53f1 elementor-widget elementor-widget-heading\" data-id=\"f5f53f1\" data-element_type=\"widget\" data-e-type=\"widget\" data-widget_type=\"heading.default\">\n\t\t\t\t<div class=\"elementor-widget-container\">\n\t\t\t\t\t<h4 class=\"elementor-heading-title elementor-size-default\">Veridiana Oliveira de Lima<\/h4>\t\t\t\t<\/div>\n\t\t\t\t<\/div>\n\t\t\t\t<div class=\"elementor-element elementor-element-183a3b1 elementor-widget elementor-widget-heading\" data-id=\"183a3b1\" data-element_type=\"widget\" data-e-type=\"widget\" data-widget_type=\"heading.default\">\n\t\t\t\t<div class=\"elementor-widget-container\">\n\t\t\t\t\t<span class=\"elementor-heading-title elementor-size-default\">Ju\u00edza de Direito Titular da Comarca de \u00danico Of\u00edcio de Santa Luzia do Norte<\/span>\t\t\t\t<\/div>\n\t\t\t\t<\/div>\n\t\t\t\t<div class=\"elementor-element elementor-element-b7ed68b elementor-widget elementor-widget-text-editor\" data-id=\"b7ed68b\" data-element_type=\"widget\" data-e-type=\"widget\" data-widget_type=\"text-editor.default\">\n\t\t\t\t<div class=\"elementor-widget-container\">\n\t\t\t\t\t\t\t\t\t<p><span style=\"font-weight: 400;\">Magistrada integrante da Comiss\u00e3o de Ju\u00edzes respons\u00e1veis pela Fal\u00eancia da Massa Falida da Laginha Agroindustrial S\/A<\/span><\/p>\t\t\t\t\t\t\t\t<\/div>\n\t\t\t\t<\/div>\n\t\t\t\t\t<\/div>\n\t\t<\/div>\n\t\t\t\t\t<\/div>\n\t\t<\/section>\n\t\t\t\t<section class=\"elementor-section elementor-inner-section elementor-element elementor-element-1d5acd2 elementor-section-boxed elementor-section-height-default elementor-section-height-default elementor-invisible\" data-id=\"1d5acd2\" data-element_type=\"section\" data-e-type=\"section\" data-settings=\"{&quot;animation&quot;:&quot;fadeInUp&quot;}\">\n\t\t\t\t\t\t<div class=\"elementor-container elementor-column-gap-default\">\n\t\t\t\t\t<div class=\"elementor-column elementor-col-50 elementor-inner-column elementor-element elementor-element-3aeb948\" data-id=\"3aeb948\" data-element_type=\"column\" data-e-type=\"column\">\n\t\t\t<div class=\"elementor-widget-wrap elementor-element-populated\">\n\t\t\t\t\t\t<div class=\"elementor-element elementor-element-91b95d6 elementor-widget elementor-widget-image\" data-id=\"91b95d6\" data-element_type=\"widget\" data-e-type=\"widget\" data-widget_type=\"image.default\">\n\t\t\t\t<div class=\"elementor-widget-container\">\n\t\t\t\t\t\t\t\t\t\t\t\t\t\t\t<img loading=\"lazy\" decoding=\"async\" width=\"853\" height=\"1280\" src=\"https:\/\/tmabrasil.org\/evento\/wp-content\/uploads\/2025\/07\/Victor-Lages-Advogado-socio-gestor-do-PBT-Advocacia-Empresarial.jpeg\" class=\"elementor-animation-float attachment-full size-full wp-image-3479\" alt=\"\" srcset=\"https:\/\/tmabrasil.org\/evento\/wp-content\/uploads\/2025\/07\/Victor-Lages-Advogado-socio-gestor-do-PBT-Advocacia-Empresarial.jpeg 853w, https:\/\/tmabrasil.org\/evento\/wp-content\/uploads\/2025\/07\/Victor-Lages-Advogado-socio-gestor-do-PBT-Advocacia-Empresarial-200x300.jpeg 200w, https:\/\/tmabrasil.org\/evento\/wp-content\/uploads\/2025\/07\/Victor-Lages-Advogado-socio-gestor-do-PBT-Advocacia-Empresarial-682x1024.jpeg 682w, https:\/\/tmabrasil.org\/evento\/wp-content\/uploads\/2025\/07\/Victor-Lages-Advogado-socio-gestor-do-PBT-Advocacia-Empresarial-768x1152.jpeg 768w\" sizes=\"(max-width: 853px) 100vw, 853px\" \/>\t\t\t\t\t\t\t\t\t\t\t\t\t\t\t<\/div>\n\t\t\t\t<\/div>\n\t\t\t\t\t<\/div>\n\t\t<\/div>\n\t\t\t\t<div class=\"elementor-column elementor-col-50 elementor-inner-column elementor-element elementor-element-4dcd97c\" data-id=\"4dcd97c\" data-element_type=\"column\" data-e-type=\"column\">\n\t\t\t<div class=\"elementor-widget-wrap elementor-element-populated\">\n\t\t\t\t\t\t<div class=\"elementor-element elementor-element-bee468c elementor-widget elementor-widget-heading\" data-id=\"bee468c\" data-element_type=\"widget\" data-e-type=\"widget\" data-widget_type=\"heading.default\">\n\t\t\t\t<div class=\"elementor-widget-container\">\n\t\t\t\t\t<h4 class=\"elementor-heading-title elementor-size-default\">Victor Lages<\/h4>\t\t\t\t<\/div>\n\t\t\t\t<\/div>\n\t\t\t\t<div class=\"elementor-element elementor-element-bdd7209 elementor-widget elementor-widget-heading\" data-id=\"bdd7209\" data-element_type=\"widget\" data-e-type=\"widget\" data-widget_type=\"heading.default\">\n\t\t\t\t<div class=\"elementor-widget-container\">\n\t\t\t\t\t<span class=\"elementor-heading-title elementor-size-default\">Advogado, s\u00f3cio gestor do PBT Advocacia Empresarial\n<\/span>\t\t\t\t<\/div>\n\t\t\t\t<\/div>\n\t\t\t\t<div class=\"elementor-element elementor-element-0d8c3c1 elementor-widget elementor-widget-text-editor\" data-id=\"0d8c3c1\" data-element_type=\"widget\" data-e-type=\"widget\" data-widget_type=\"text-editor.default\">\n\t\t\t\t<div class=\"elementor-widget-container\">\n\t\t\t\t\t\t\t\t\t<p><span style=\"font-weight: 400;\">Advogado, s\u00f3cio gestor do PBT Advocacia Empresarial, respons\u00e1vel pela \u00e1rea de Recupera\u00e7\u00e3o de Cr\u00e9dito, Recupera\u00e7\u00e3o Judicial, Fal\u00eancias e Special Situations, LLM em Direito Empresarial pela FGV, P\u00f3s Graduado em Recupera\u00e7\u00e3o Judicial e Fal\u00eancia pela Instituto Luiz Mario Moutinho &#8211; ILMM, ,Membro da Comiss\u00e3o Especial de Fal\u00eancias e Recupera\u00e7\u00e3o Judicial do Conselho Federal da Ordem dos Advogados do Brasil e Professor Convidado da Pontif\u00edcia Universidade Cat\u00f3lica de Campinas -PUCCAMP &#8211; da Pontif\u00edcia Universidade Cat\u00f3lica do Paran\u00e1 -PUCPR, \u00a0da Escola Superior de Magistratura do Estado de Alagoas &#8211; ESMAL, e \u00a0do Centro de Estudos Avan\u00e7ados da Procuradoria Geral do Estado de Alagoas &#8211; PGE\/AL.<\/span><\/p>\t\t\t\t\t\t\t\t<\/div>\n\t\t\t\t<\/div>\n\t\t\t\t\t<\/div>\n\t\t<\/div>\n\t\t\t\t\t<\/div>\n\t\t<\/section>\n\t\t\t\t\t<\/div>\n\t\t<\/div>\n\t\t\t\t\t<\/div>\n\t\t<\/section>\n\t\t\t\t<section class=\"elementor-section elementor-top-section elementor-element elementor-element-287f298a elementor-section-full_width programa elementor-section-height-default elementor-section-height-default\" data-id=\"287f298a\" data-element_type=\"section\" data-e-type=\"section\" id=\"programa\" data-settings=\"{&quot;background_background&quot;:&quot;classic&quot;}\">\n\t\t\t\t\t\t\t<div class=\"elementor-background-overlay\"><\/div>\n\t\t\t\t\t\t\t<div class=\"elementor-container elementor-column-gap-default\">\n\t\t\t\t\t<div class=\"elementor-column elementor-col-100 elementor-top-column elementor-element elementor-element-7ea66020\" data-id=\"7ea66020\" data-element_type=\"column\" data-e-type=\"column\">\n\t\t\t<div class=\"elementor-widget-wrap elementor-element-populated\">\n\t\t\t\t\t\t<div class=\"elementor-element elementor-element-4306d50f elementor-widget__width-auto elementor-absolute elementor-hidden-mobile elementor-widget elementor-widget-image\" data-id=\"4306d50f\" data-element_type=\"widget\" data-e-type=\"widget\" data-settings=\"{&quot;_position&quot;:&quot;absolute&quot;}\" data-widget_type=\"image.default\">\n\t\t\t\t<div class=\"elementor-widget-container\">\n\t\t\t\t\t\t\t\t\t\t\t\t\t\t\t<img loading=\"lazy\" decoding=\"async\" width=\"503\" height=\"778\" src=\"https:\/\/tmabrasil.org\/evento\/wp-content\/uploads\/2025\/03\/fundosemdetalhes.png\" class=\"attachment-full size-full wp-image-777\" alt=\"\" srcset=\"https:\/\/tmabrasil.org\/evento\/wp-content\/uploads\/2025\/03\/fundosemdetalhes.png 503w, https:\/\/tmabrasil.org\/evento\/wp-content\/uploads\/2025\/03\/fundosemdetalhes-194x300.png 194w\" sizes=\"(max-width: 503px) 100vw, 503px\" \/>\t\t\t\t\t\t\t\t\t\t\t\t\t\t\t<\/div>\n\t\t\t\t<\/div>\n\t\t\t\t<div class=\"elementor-element elementor-element-5701254 elementor-widget__width-auto elementor-absolute elementor-hidden-mobile elementor-widget elementor-widget-image\" data-id=\"5701254\" data-element_type=\"widget\" data-e-type=\"widget\" data-settings=\"{&quot;_position&quot;:&quot;absolute&quot;}\" data-widget_type=\"image.default\">\n\t\t\t\t<div class=\"elementor-widget-container\">\n\t\t\t\t\t\t\t\t\t\t\t\t\t\t\t<img loading=\"lazy\" decoding=\"async\" width=\"503\" height=\"778\" src=\"https:\/\/tmabrasil.org\/evento\/wp-content\/uploads\/2025\/03\/fundosemdetalhes.png\" class=\"attachment-full size-full wp-image-777\" alt=\"\" srcset=\"https:\/\/tmabrasil.org\/evento\/wp-content\/uploads\/2025\/03\/fundosemdetalhes.png 503w, https:\/\/tmabrasil.org\/evento\/wp-content\/uploads\/2025\/03\/fundosemdetalhes-194x300.png 194w\" sizes=\"(max-width: 503px) 100vw, 503px\" \/>\t\t\t\t\t\t\t\t\t\t\t\t\t\t\t<\/div>\n\t\t\t\t<\/div>\n\t\t\t\t<section class=\"elementor-section elementor-inner-section elementor-element elementor-element-5ab44791 elementor-section-boxed elementor-section-height-default elementor-section-height-default elementor-invisible\" data-id=\"5ab44791\" data-element_type=\"section\" data-e-type=\"section\" data-settings=\"{&quot;animation&quot;:&quot;fadeIn&quot;}\">\n\t\t\t\t\t\t<div class=\"elementor-container elementor-column-gap-default\">\n\t\t\t\t\t<div class=\"elementor-column elementor-col-25 elementor-inner-column elementor-element elementor-element-28688907\" data-id=\"28688907\" data-element_type=\"column\" data-e-type=\"column\">\n\t\t\t<div class=\"elementor-widget-wrap\">\n\t\t\t\t\t\t\t<\/div>\n\t\t<\/div>\n\t\t\t\t<div class=\"elementor-column elementor-col-25 elementor-inner-column elementor-element elementor-element-2889bcf9\" data-id=\"2889bcf9\" data-element_type=\"column\" data-e-type=\"column\">\n\t\t\t<div class=\"elementor-widget-wrap\">\n\t\t\t\t\t\t\t<\/div>\n\t\t<\/div>\n\t\t\t\t<div class=\"elementor-column elementor-col-25 elementor-inner-column elementor-element elementor-element-b243fc5\" data-id=\"b243fc5\" data-element_type=\"column\" data-e-type=\"column\">\n\t\t\t<div class=\"elementor-widget-wrap\">\n\t\t\t\t\t\t\t<\/div>\n\t\t<\/div>\n\t\t\t\t<div class=\"elementor-column elementor-col-25 elementor-inner-column elementor-element elementor-element-537b6b8c\" data-id=\"537b6b8c\" data-element_type=\"column\" data-e-type=\"column\">\n\t\t\t<div class=\"elementor-widget-wrap\">\n\t\t\t\t\t\t\t<\/div>\n\t\t<\/div>\n\t\t\t\t\t<\/div>\n\t\t<\/section>\n\t\t\t\t\t<\/div>\n\t\t<\/div>\n\t\t\t\t\t<\/div>\n\t\t<\/section>\n\t\t\t\t<section class=\"elementor-section elementor-top-section elementor-element elementor-element-3ee9095d elementor-section-boxed elementor-section-height-default elementor-section-height-default\" data-id=\"3ee9095d\" data-element_type=\"section\" data-e-type=\"section\">\n\t\t\t\t\t\t<div class=\"elementor-container elementor-column-gap-default\">\n\t\t\t\t\t<div class=\"elementor-column elementor-col-100 elementor-top-column elementor-element elementor-element-77e2c9ee\" data-id=\"77e2c9ee\" data-element_type=\"column\" data-e-type=\"column\" data-settings=\"{&quot;background_background&quot;:&quot;classic&quot;}\">\n\t\t\t<div class=\"elementor-widget-wrap elementor-element-populated\">\n\t\t\t\t\t\t<section class=\"elementor-section elementor-inner-section elementor-element elementor-element-56754351 elementor-section-boxed elementor-section-height-default elementor-section-height-default\" data-id=\"56754351\" data-element_type=\"section\" data-e-type=\"section\">\n\t\t\t\t\t\t<div class=\"elementor-container elementor-column-gap-default\">\n\t\t\t\t\t<div class=\"elementor-column elementor-col-100 elementor-inner-column elementor-element elementor-element-3a600e79\" data-id=\"3a600e79\" data-element_type=\"column\" data-e-type=\"column\">\n\t\t\t<div class=\"elementor-widget-wrap elementor-element-populated\">\n\t\t\t\t\t\t<div class=\"elementor-element elementor-element-133c0fb elementor-widget elementor-widget-menu-anchor\" data-id=\"133c0fb\" data-element_type=\"widget\" data-e-type=\"widget\" data-widget_type=\"menu-anchor.default\">\n\t\t\t\t<div class=\"elementor-widget-container\">\n\t\t\t\t\t\t\t<div class=\"elementor-menu-anchor\" id=\"programacao\"><\/div>\n\t\t\t\t\t\t<\/div>\n\t\t\t\t<\/div>\n\t\t\t\t<div class=\"elementor-element elementor-element-9e305d0 elementor-widget elementor-widget-tftabs\" data-id=\"9e305d0\" data-element_type=\"widget\" data-e-type=\"widget\" data-widget_type=\"tftabs.default\">\n\t\t\t\t<div class=\"elementor-widget-container\">\n\t\t\t\t\t\t\t<div id=\"tf-tabs-9e305d0\" class=\"tf-tabs horizontal tabs-horizontal icon-position-left show-triger-yes nav-justify\" data-tabid=\"9e305d0\">\r\n\t\t\t<div class=\"tf-tabnav\">\r\n\t\t\t\t<ul>\r\n\t\t\t\t\t\t\t\t\t\t<li class=\"tablinks  elementor-animation-\" data-tab=\"tab-1\">\t\r\n\t\t\t\t\t\t<span class=\"wrap-icon\"><i class=\"\" aria-hidden=\"true\"><\/i><\/span>\t\t\t\t\t\t\r\n\t\t\t\t\t\t\t\t\t\t\t\t\t<span class=\"tab-title-text\">Programa\u00e7\u00e3o<\/span>\r\n\t\t\t\t\t\t\t\t\t\t\t<\/li>\r\n\t\t\t\t\t\t\t\t\t\t<li class=\"tablinks  elementor-animation-\" data-tab=\"tab-2\">\t\r\n\t\t\t\t\t\t<span class=\"wrap-icon\"><i class=\"\" aria-hidden=\"true\"><\/i><\/span>\t\t\t\t\t\t\r\n\t\t\t\t\t\t\t\t\t\t\t\t\t<span class=\"tab-title-text\">Investimento<\/span>\r\n\t\t\t\t\t\t\t\t\t\t\t<\/li>\r\n\t\t\t\t\t\t\t\t\t<\/ul>\r\n\t\t\t<\/div>\r\n\t\t\t<div class=\"tf-tabcontent\">\r\n\t\t\t\t\t\t\t\t<div id=\"tab-1\" class=\"tf-tabcontent-inner  animated fadeInUp\">\r\n\t\t\t\t\t<p><style><span data-mce-type=\"bookmark\" style=\"display: inline-block; width: 0px; overflow: hidden; line-height: 0;\" class=\"mce_SELRES_start\">\ufeff<\/span><br \/>  table {<br \/>    width: 100%;<br \/>    border-collapse: collapse;<br \/>    font-family: Arial, sans-serif;<br \/>    margin: 20px 0;<br \/>    box-shadow: 0 4px 8px rgba(0, 0, 0, 0.1);<br \/>  }<br \/>  th, td {<br \/>    border: 1px solid #ddd;<br \/>    padding: 12px;<br \/>    text-align: left;<br \/>  }<br \/>  th {<br \/>    color: #ffffff;<br \/>    font-size: 18px;<br \/>    text-align: center;<br \/>    font-weight: bold;<br \/>    background-color: #004764;<br \/>  }<br \/>  .time {<br \/>    width: 20%;<br \/>    text-align: center;<br \/>    font-weight: bold;<br \/>    background-color: #f4f4f4;<br \/>  }<br \/>  .title {<br \/>    font-size: 16px;<br \/>    font-weight: bold;<br \/>    color: #004764;<br \/>  }<br \/>  .details {<br \/>    margin-top: 6px;<br \/>    font-size: 14px;<br \/>    color: #333;<br \/>    font-weight: normal;<br \/>  }<br \/><\/style><\/p><table><thead><tr><th>Hor\u00e1rio<\/th><th>Tema<\/th><\/tr><\/thead><tbody><tr><td class=\"time\">08h00<\/td><td class=\"title\"><strong>Credenciamento<\/strong><\/td><\/tr><tr><td class=\"time\">08h10 \u00e0s 08h30<\/td><td class=\"title\"><strong>Welcome Coffee<\/strong><\/td><\/tr><tr><td class=\"time\">08h30 \u00e0s 09h30<\/td><td><div class=\"title\"><strong>Especializa\u00e7\u00e3o das Varas Empresariais para Processos de Insolv\u00eancia<\/strong><\/div><div class=\"details\"><strong>Modera\u00e7\u00e3o:<\/strong> Dr. Fernando Tourinho de Omena Souza, Desembargador do Tribunal de Justi\u00e7a do Estado de Alagoas<br \/><strong>Debatedores:<\/strong> <br \/>Ana Claudia Ara\u00fajo Weinberg, S\u00f3cia da Lindoso e Ara\u00fajo Consultoria Empresarial<br \/>Daniel Carnio Costa, Professor da PUC\/SP e da Uninove\/SP<\/div><div>Dr. Helestron Silva Costa, Juiz de Direito no Tribunal de Justi\u00e7a do Estado de Alagoas<\/div><\/td><\/tr><tr><td class=\"time\">09h30 \u00e0s 10h30<\/td><td><div class=\"title\"><strong>Fal\u00eancia ap\u00f3s a Lei 14.112\/2020<\/strong><\/div><div class=\"details\"><strong>Modera\u00e7\u00e3o:<\/strong> Dra. Veridiana Oliveira de Lima, Ju\u00edza do TJ\/AL<br \/><strong>Debatedores:<br \/><\/strong>Armando Lemos Wallach, S\u00f3cio, Vivante Gest\u00e3o e Administra\u00e7\u00e3o Judicial; <br \/>J\u00e1der Lemos, S\u00f3cio de Paur\u00e1 Advocacia<\/div><div>Tom\u00e1s Martins Costa, S\u00f3cio, Galdino, Pimenta, Takemi, Ayoub, Salgueiro, Rezende de Almeida Advogados<\/div><\/td><\/tr><tr><td class=\"time\">10h30 \u00e0s 11h00<\/td><td class=\"title\"><strong>Coffee Break - Patrocinado<\/strong><\/td><\/tr><tr><td class=\"time\">11h00 \u00e0s 12h00<\/td><td><div class=\"title\"><strong>20 anos da Lei 11.101\/05<\/strong><\/div><div class=\"details\"><strong>Modera\u00e7\u00e3o:<\/strong> Jairo Melo, CEO, JGM Advogados<br \/><strong>Debatedores:<\/strong><br \/>Rafael Dias, S\u00f3cio Fundador do Dias e Cavalcanti Advocacia;<br \/>Rodrigo Cahu Beltr\u00e3o, S\u00f3cio, Cahu Beltr\u00e3o Advogados; <br \/>Sheila Neder Cerezetti, Professora de Direito da USP<\/div><\/td><\/tr><tr><td class=\"time\">12h00 \u00e0s 13h00<\/td><td><div class=\"title\"><strong>Sociedade An\u00f4nima de Futebol (SAF) - Desafios e Oportunidades<\/strong><\/div><div class=\"details\"><strong>Modera\u00e7\u00e3o:<\/strong> Cybelle Guedes, S\u00f3cia, Moraes Jr. Advogados<br \/><strong>Debatedores:<\/strong> <br \/>Felipe Feij\u00f3 - Presidente da Federa\u00e7\u00e3o Alagoana de Futebol\u00a0<br \/>Gabriela Azevedo, S\u00f3cia, PETRA Consultores <br \/>Victor Lages, Advogado, S\u00f3cio gestor do PBT Advocacia Empresarial;<\/div><\/td><\/tr><tr><td class=\"time\">13h00<\/td><td class=\"title\"><strong>Almo\u00e7o livre<\/strong><\/td><\/tr><\/tbody><\/table>\r\n\t\t\t\t<\/div>\r\n\t\t\t\t\t\t\t\t<div id=\"tab-2\" class=\"tf-tabcontent-inner  animated fadeInUp\">\r\n\t\t\t\t\t<p><style>\n  \/* Estilos Gerais *\/<br \/>  .investment-section {<br \/>    font-family: Arial, sans-serif;<br \/>    margin: 20px 0;<br \/>  }<br \/>  .investment-section strong {<br \/>    color: #004764;<br \/>  }<br \/>  \/* Tabela *\/<br \/>  .investment-section table {<br \/>    width: 100%;<br \/>    border-collapse: collapse;<br \/>    margin: 20px 0;<br \/>    box-shadow: 0 4px 8px rgba(0,0,0,0.1);<br \/>  }<br \/>  .investment-section th,<br \/>  .investment-section td {<br \/>    border: 1px solid #ddd;<br \/>    padding: 12px;<br \/>    text-align: left;<br \/>    font-size: 14px;<br \/>    color: #555;<br \/>  }<br \/>  .investment-section th {<br \/>    background: #004764;<br \/>    color: #fff;<br \/>    font-size: 16px;<br \/>    font-weight: bold;<br \/>  }<br \/>  \/* Texto complementar *\/<br \/>  .investment-section em {<br \/>    display: block;<br \/>    margin: 10px 0;<br \/>    font-size: 14px;<br \/>    color: #555;<br \/>    font-style: normal;<br \/>  }<br \/>  .investment-section ul {<br \/>    list-style: none;<br \/>    padding: 0;<br \/>    margin: 20px 0;<br \/>  }<br \/>  .investment-section ul li {<br \/>    margin-bottom: 10px;<br \/>    font-size: 14px;<br \/>    color: #555;<br \/>  }<br \/>  \/* LGPD *\/<br \/>  .investment-section .lgpd {<br \/>    margin-top: 20px;<br \/>    font-size: 14px;<br \/>    color: #555;<br \/>  }<br \/>  .investment-section .lgpd a {<br \/>    color: #004764;<br \/>    text-decoration: none;<br \/>  }<br \/>  .investment-section .lgpd a:hover {<br \/>    text-decoration: underline;<br \/>  }<br \/><\/style><\/p><div class=\"investment-section\"><p><strong>INSCRI\u00c7\u00d5ES ABERTAS<\/strong><\/p><table><thead><tr><th>Categoria<\/th><th>Valor<\/th><th>Cupom<\/th><\/tr><\/thead><tbody><tr><td><strong>N\u00e3o Associado (P\u00fablico Geral)<\/strong><\/td><td>R$ 250,00<\/td><td>\u2013<\/td><\/tr><tr><td><strong>Associado ao TMA<\/strong><\/td><td>R$ 150,00<\/td><td><b>8DE0QAN9<\/b><\/td><\/tr><\/tbody><\/table><p><em>Para inscri\u00e7\u00f5es de n\u00e3o associados em grupos (+3 pessoas), contate <a href=\"mailto:eventos@tmabrasil.org\">eventos@tmabrasil.org<\/a> para desconto.<\/em><\/p><p><strong>Pol\u00edtica de Cancelamento e Devolu\u00e7\u00e3o<\/strong><\/p><ul><li><strong>At\u00e9 10 dias \u00fateis antes:<\/strong> devolu\u00e7\u00e3o de 70% do valor.<\/li><li><strong>Entre 10 e 5 dias \u00fateis antes:<\/strong> devolu\u00e7\u00e3o de 50%.<\/li><li><strong>Ap\u00f3s o 5\u00ba dia \u00fatil:<\/strong> n\u00e3o haver\u00e1 devolu\u00e7\u00e3o.<\/li><\/ul><div class=\"lgpd\"><strong>LGPD:<\/strong> Ao se inscrever, seu e-mail entra na base TMA Brasil. Para remo\u00e7\u00e3o, envie e-mail para<br \/><a href=\"mailto:tma.atende@tmabrasil.org\">tma.atende@tmabrasil.org<\/a>.<\/div><\/div>\r\n\t\t\t\t<\/div>\r\n\t\t\t\t\t\t\t<\/div>\r\n\t\t<\/div>\r\n\t\t\r\n\t\t\t\t\t\t<\/div>\n\t\t\t\t<\/div>\n\t\t\t\t\t<\/div>\n\t\t<\/div>\n\t\t\t\t\t<\/div>\n\t\t<\/section>\n\t\t\t\t\t<\/div>\n\t\t<\/div>\n\t\t\t\t\t<\/div>\n\t\t<\/section>\n\t\t\t\t<\/div>\n\t\t","protected":false},"excerpt":{"rendered":"<p>Alagoas Ciclo de DebatesMacei\u00f3 Inscreva-se Sobre o evento Patroc\u00ednio Institucional Patroc\u00ednio Platinum Patroc\u00ednio Master Patroc\u00ednio Ouro Patroc\u00ednio Prata Apoio Seja um Patrocinador! saiba mais Evento TMA Brasil 2025 Ciclo de Debates Macei\u00f3 Uma oportunidade \u00fanica para trocar experi\u00eancias, aprender com cases de sucesso e ampliar sua rede de contatos com os principais nomes do setor. [&hellip;]<\/p>\n","protected":false},"author":1,"featured_media":0,"parent":0,"menu_order":0,"comment_status":"closed","ping_status":"closed","template":"","meta":{"footnotes":""},"class_list":["post-2983","page","type-page","status-publish","hentry"],"_links":{"self":[{"href":"https:\/\/tmabrasil.org\/evento\/wp-json\/wp\/v2\/pages\/2983","targetHints":{"allow":["GET"]}}],"collection":[{"href":"https:\/\/tmabrasil.org\/evento\/wp-json\/wp\/v2\/pages"}],"about":[{"href":"https:\/\/tmabrasil.org\/evento\/wp-json\/wp\/v2\/types\/page"}],"author":[{"embeddable":true,"href":"https:\/\/tmabrasil.org\/evento\/wp-json\/wp\/v2\/users\/1"}],"replies":[{"embeddable":true,"href":"https:\/\/tmabrasil.org\/evento\/wp-json\/wp\/v2\/comments?post=2983"}],"version-history":[{"count":1,"href":"https:\/\/tmabrasil.org\/evento\/wp-json\/wp\/v2\/pages\/2983\/revisions"}],"predecessor-version":[{"id":6422,"href":"https:\/\/tmabrasil.org\/evento\/wp-json\/wp\/v2\/pages\/2983\/revisions\/6422"}],"wp:attachment":[{"href":"https:\/\/tmabrasil.org\/evento\/wp-json\/wp\/v2\/media?parent=2983"}],"curies":[{"name":"wp","href":"https:\/\/api.w.org\/{rel}","templated":true}]}}