{"id":5436,"date":"2025-11-10T12:51:03","date_gmt":"2025-11-10T15:51:03","guid":{"rendered":"https:\/\/tmabrasil.org\/evento\/?page_id=5436"},"modified":"2025-11-28T15:19:27","modified_gmt":"2025-11-28T18:19:27","slug":"seminario-gramado","status":"publish","type":"page","link":"https:\/\/tmabrasil.org\/evento\/seminario-gramado\/","title":{"rendered":"Semin\u00e1rio Gramado"},"content":{"rendered":"\t\t<div data-elementor-type=\"wp-page\" data-elementor-id=\"5436\" class=\"elementor elementor-5436\" data-elementor-post-type=\"page\">\n\t\t\t\t<div class=\"elementor-element elementor-element-9e64cae e-flex e-con-boxed e-con e-parent\" data-id=\"9e64cae\" data-element_type=\"container\" data-e-type=\"container\">\n\t\t\t\t\t<div class=\"e-con-inner\">\n\t\t\t\t\t<\/div>\n\t\t\t\t<\/div>\n\t\t\t\t<section class=\"elementor-section elementor-top-section elementor-element elementor-element-6b12246e elementor-section-full_width elementor-section-height-default elementor-section-height-default\" data-id=\"6b12246e\" data-element_type=\"section\" data-e-type=\"section\">\n\t\t\t\t\t\t<div class=\"elementor-container elementor-column-gap-default\">\n\t\t\t\t\t<div class=\"elementor-column elementor-col-100 elementor-top-column elementor-element elementor-element-28657754\" data-id=\"28657754\" data-element_type=\"column\" data-e-type=\"column\">\n\t\t\t<div class=\"elementor-widget-wrap elementor-element-populated\">\n\t\t\t\t\t\t<div class=\"elementor-element elementor-element-2b62ee5e elementor-widget elementor-widget-flex-slider\" data-id=\"2b62ee5e\" data-element_type=\"widget\" data-e-type=\"widget\" data-widget_type=\"flex-slider.default\">\n\t\t\t\t<div class=\"elementor-widget-container\">\n\t\t\t\t\t\t\t\t<div class=\"flexslider directionnav-show \" data-height=\"969\" data-height_tablet=\"939\" data-height_mobile=\"879\" data-animation_images=\"\" data-autoplay=\"true\" data-slideshowSpeed=\"3000\" data-directionnav=\"\" data-controlnav=\"\" data-prevtext=\"\" data-nexttext=\"\">\r\n\t\t\t\t<ul class=\"slides\">\r\n\t\t\t\t\t<li class=\"item-slide\">\r\n\t\t\t\t\t\t\t\t\t<div class=\"bgimg \" style=\"background-image:url(https:\/\/tmabrasil.org\/evento\/wp-content\/uploads\/2025\/11\/gramadobackgroudntmaseminario.jpg); background-size: cover; background-position: center center;\"><\/div>\r\n\t\t\t\t\t\t\t\t\t<div class=\"overlay\" style=\"background:#00476499\"><\/div>\r\n\t\t\t\t\t\t\t\t\t\r\n\t\t\t\t\t\t\t\t\t<div class=\"flex_caption container\">\r\n\t\t                        \t\t<h3 class=\"sub-title captionDelay8 fromTop\">100% presencial<\/h3>\r\n\t\t                        \t\t<h1 class=\"title captionDelay6 fromTop\">02\u00ba Semin\u00e1rio<br>Gramado<\/h1>\r\n\t\t                        \t\t<p class=\"desc captionDelay2 fromTop\">Local: Buona Vitta Gramado<\/p>\r\n\t\t                        \t\t<ul class=\"button-group\"> <li class=\" fromTop\">\r\n\t\t\t\t\t\t\t\t<a href=\"\" class=\"button-one elementor-repeater-item-e095dd1\">\r\n\t\t\t\t\t\t\t\t\t<span class=\"btn-icon-left\"><i aria-hidden=\"true\" class=\"fas fa-exclamation-triangle\"><\/i><\/span> inscri\u00e7\u00f5es encerradas\r\n\t\t\t\t\t\t\t\t<\/a>\r\n\t\t\t\t\t\t\t<\/li><li class=\" fromTop\">\r\n\t\t\t\t\t\t\t\t<a href=\"#evento\" class=\"button-one elementor-repeater-item-7bf46d4\">\r\n\t\t\t\t\t\t\t\t\t<span class=\"btn-icon-left\"><i aria-hidden=\"true\" class=\"fas fa-angle-right\"><\/i><\/span> Sobre o evento\r\n\t\t\t\t\t\t\t\t<\/a>\r\n\t\t\t\t\t\t\t<\/li><\/ul>\r\n\t\t\t\t                    <\/div>\t                    \r\n\t\t\t\t                    \r\n\t\t\t\t\t\t\t\t<\/li>\t\t\t\t<\/ul> \r\n\t\t\t<\/div>\r\n\t\t\t\t\t\t\t<\/div>\n\t\t\t\t<\/div>\n\t\t\t\t\t<\/div>\n\t\t<\/div>\n\t\t\t\t\t<\/div>\n\t\t<\/section>\n\t\t\t\t<section class=\"elementor-section elementor-top-section elementor-element elementor-element-23735b8 elementor-section-full_width patrocinadores elementor-section-height-default elementor-section-height-default\" data-id=\"23735b8\" data-element_type=\"section\" data-e-type=\"section\" id=\"patrocinadores\">\n\t\t\t\t\t\t<div class=\"elementor-container elementor-column-gap-default\">\n\t\t\t\t\t<div class=\"elementor-column elementor-col-100 elementor-top-column elementor-element elementor-element-9339d32\" data-id=\"9339d32\" data-element_type=\"column\" data-e-type=\"column\">\n\t\t\t<div class=\"elementor-widget-wrap elementor-element-populated\">\n\t\t\t\t\t\t<div class=\"elementor-element elementor-element-1e02937 elementor-widget elementor-widget-heading\" data-id=\"1e02937\" data-element_type=\"widget\" data-e-type=\"widget\" data-widget_type=\"heading.default\">\n\t\t\t\t<div class=\"elementor-widget-container\">\n\t\t\t\t\t<h3 class=\"elementor-heading-title elementor-size-default\">Patroc\u00ednio Institucional<\/h3>\t\t\t\t<\/div>\n\t\t\t\t<\/div>\n\t\t<div class=\"elementor-element elementor-element-6c3db39 e-flex e-con-boxed e-con e-parent\" data-id=\"6c3db39\" data-element_type=\"container\" data-e-type=\"container\">\n\t\t\t\t\t<div class=\"e-con-inner\">\n\t\t<div class=\"elementor-element elementor-element-f2ff6c0 e-con-full e-flex e-con e-child\" data-id=\"f2ff6c0\" data-element_type=\"container\" data-e-type=\"container\">\n\t\t<div class=\"elementor-element elementor-element-94ed5d9 e-con-full e-flex e-con e-child\" data-id=\"94ed5d9\" data-element_type=\"container\" data-e-type=\"container\" data-settings=\"{&quot;background_background&quot;:&quot;classic&quot;}\">\n\t\t\t\t<div class=\"elementor-element elementor-element-e18d19b elementor-widget elementor-widget-image\" data-id=\"e18d19b\" data-element_type=\"widget\" data-e-type=\"widget\" data-widget_type=\"image.default\">\n\t\t\t\t<div class=\"elementor-widget-container\">\n\t\t\t\t\t\t\t\t\t\t\t\t\t\t\t\t<a href=\"https:\/\/www.btgpactual.com\/\">\n\t\t\t\t\t\t\t<img fetchpriority=\"high\" decoding=\"async\" width=\"640\" height=\"254\" src=\"https:\/\/tmabrasil.org\/evento\/wp-content\/uploads\/2025\/03\/Btg-logo-blue.svg-1024x406.png\" class=\"attachment-large size-large wp-image-722\" alt=\"\" srcset=\"https:\/\/tmabrasil.org\/evento\/wp-content\/uploads\/2025\/03\/Btg-logo-blue.svg-1024x406.png 1024w, https:\/\/tmabrasil.org\/evento\/wp-content\/uploads\/2025\/03\/Btg-logo-blue.svg-300x119.png 300w, https:\/\/tmabrasil.org\/evento\/wp-content\/uploads\/2025\/03\/Btg-logo-blue.svg-768x305.png 768w, https:\/\/tmabrasil.org\/evento\/wp-content\/uploads\/2025\/03\/Btg-logo-blue.svg.png 1200w\" sizes=\"(max-width: 640px) 100vw, 640px\" \/>\t\t\t\t\t\t\t\t<\/a>\n\t\t\t\t\t\t\t\t\t\t\t\t\t\t\t<\/div>\n\t\t\t\t<\/div>\n\t\t\t\t<\/div>\n\t\t<div class=\"elementor-element elementor-element-1b9a3dd e-con-full e-flex e-con e-child\" data-id=\"1b9a3dd\" data-element_type=\"container\" data-e-type=\"container\" data-settings=\"{&quot;background_background&quot;:&quot;classic&quot;}\">\n\t\t\t\t<div class=\"elementor-element elementor-element-f05c94c elementor-widget elementor-widget-image\" data-id=\"f05c94c\" data-element_type=\"widget\" data-e-type=\"widget\" data-widget_type=\"image.default\">\n\t\t\t\t<div class=\"elementor-widget-container\">\n\t\t\t\t\t\t\t\t\t\t\t\t\t\t\t\t<a href=\"https:\/\/www.galdino.com.br\/\">\n\t\t\t\t\t\t\t<img decoding=\"async\" width=\"640\" height=\"205\" src=\"https:\/\/tmabrasil.org\/evento\/wp-content\/uploads\/2025\/04\/Galdino-Logo-1024x328.png\" class=\"attachment-large size-large wp-image-1094\" alt=\"\" srcset=\"https:\/\/tmabrasil.org\/evento\/wp-content\/uploads\/2025\/04\/Galdino-Logo-1024x328.png 1024w, https:\/\/tmabrasil.org\/evento\/wp-content\/uploads\/2025\/04\/Galdino-Logo-300x96.png 300w, https:\/\/tmabrasil.org\/evento\/wp-content\/uploads\/2025\/04\/Galdino-Logo-768x246.png 768w, https:\/\/tmabrasil.org\/evento\/wp-content\/uploads\/2025\/04\/Galdino-Logo.png 1488w\" sizes=\"(max-width: 640px) 100vw, 640px\" \/>\t\t\t\t\t\t\t\t<\/a>\n\t\t\t\t\t\t\t\t\t\t\t\t\t\t\t<\/div>\n\t\t\t\t<\/div>\n\t\t\t\t<\/div>\n\t\t<div class=\"elementor-element elementor-element-678c380 e-con-full e-flex e-con e-child\" data-id=\"678c380\" data-element_type=\"container\" data-e-type=\"container\" data-settings=\"{&quot;background_background&quot;:&quot;classic&quot;}\">\n\t\t\t\t<div class=\"elementor-element elementor-element-732c1f3 elementor-widget elementor-widget-image\" data-id=\"732c1f3\" data-element_type=\"widget\" data-e-type=\"widget\" data-widget_type=\"image.default\">\n\t\t\t\t<div class=\"elementor-widget-container\">\n\t\t\t\t\t\t\t\t\t\t\t\t\t\t\t\t<a href=\"https:\/\/www.invistafidc.com.br\/\">\n\t\t\t\t\t\t\t<img decoding=\"async\" width=\"640\" height=\"146\" src=\"https:\/\/tmabrasil.org\/evento\/wp-content\/uploads\/2025\/03\/invista-1024x234.png\" class=\"attachment-large size-large wp-image-854\" alt=\"\" srcset=\"https:\/\/tmabrasil.org\/evento\/wp-content\/uploads\/2025\/03\/invista-1024x234.png 1024w, https:\/\/tmabrasil.org\/evento\/wp-content\/uploads\/2025\/03\/invista-300x69.png 300w, https:\/\/tmabrasil.org\/evento\/wp-content\/uploads\/2025\/03\/invista-768x176.png 768w, https:\/\/tmabrasil.org\/evento\/wp-content\/uploads\/2025\/03\/invista-1536x351.png 1536w, https:\/\/tmabrasil.org\/evento\/wp-content\/uploads\/2025\/03\/invista-2048x469.png 2048w\" sizes=\"(max-width: 640px) 100vw, 640px\" \/>\t\t\t\t\t\t\t\t<\/a>\n\t\t\t\t\t\t\t\t\t\t\t\t\t\t\t<\/div>\n\t\t\t\t<\/div>\n\t\t\t\t<\/div>\n\t\t<div class=\"elementor-element elementor-element-0222996 e-con-full e-flex e-con e-child\" data-id=\"0222996\" data-element_type=\"container\" data-e-type=\"container\" data-settings=\"{&quot;background_background&quot;:&quot;classic&quot;}\">\n\t\t\t\t<div class=\"elementor-element elementor-element-74af4ad elementor-widget elementor-widget-image\" data-id=\"74af4ad\" data-element_type=\"widget\" data-e-type=\"widget\" data-widget_type=\"image.default\">\n\t\t\t\t<div class=\"elementor-widget-container\">\n\t\t\t\t\t\t\t\t\t\t\t\t\t\t\t\t<a href=\"https:\/\/marquesadmjudicial.com.br\/home\">\n\t\t\t\t\t\t\t<img loading=\"lazy\" decoding=\"async\" width=\"640\" height=\"171\" src=\"https:\/\/tmabrasil.org\/evento\/wp-content\/uploads\/2025\/07\/LOGO_MARQUES_CMYK-1024x273.png\" class=\"attachment-large size-large wp-image-3227\" alt=\"\" srcset=\"https:\/\/tmabrasil.org\/evento\/wp-content\/uploads\/2025\/07\/LOGO_MARQUES_CMYK-1024x273.png 1024w, https:\/\/tmabrasil.org\/evento\/wp-content\/uploads\/2025\/07\/LOGO_MARQUES_CMYK-300x80.png 300w, https:\/\/tmabrasil.org\/evento\/wp-content\/uploads\/2025\/07\/LOGO_MARQUES_CMYK-768x205.png 768w, https:\/\/tmabrasil.org\/evento\/wp-content\/uploads\/2025\/07\/LOGO_MARQUES_CMYK-1536x410.png 1536w, https:\/\/tmabrasil.org\/evento\/wp-content\/uploads\/2025\/07\/LOGO_MARQUES_CMYK-2048x547.png 2048w\" sizes=\"(max-width: 640px) 100vw, 640px\" \/>\t\t\t\t\t\t\t\t<\/a>\n\t\t\t\t\t\t\t\t\t\t\t\t\t\t\t<\/div>\n\t\t\t\t<\/div>\n\t\t\t\t<\/div>\n\t\t<div class=\"elementor-element elementor-element-af8ea39 e-con-full e-flex e-con e-child\" data-id=\"af8ea39\" data-element_type=\"container\" data-e-type=\"container\" data-settings=\"{&quot;background_background&quot;:&quot;classic&quot;}\">\n\t\t\t\t<div class=\"elementor-element elementor-element-ed21523 elementor-widget elementor-widget-image\" data-id=\"ed21523\" data-element_type=\"widget\" data-e-type=\"widget\" data-widget_type=\"image.default\">\n\t\t\t\t<div class=\"elementor-widget-container\">\n\t\t\t\t\t\t\t\t\t\t\t\t\t\t\t\t<a href=\"https:\/\/www.megaleiloes.com.br\/\">\n\t\t\t\t\t\t\t<img loading=\"lazy\" decoding=\"async\" width=\"632\" height=\"122\" src=\"https:\/\/tmabrasil.org\/evento\/wp-content\/uploads\/2025\/03\/MegaLeiloes-e1742945947106.png\" class=\"attachment-large size-large wp-image-723\" alt=\"\" srcset=\"https:\/\/tmabrasil.org\/evento\/wp-content\/uploads\/2025\/03\/MegaLeiloes-e1742945947106.png 632w, https:\/\/tmabrasil.org\/evento\/wp-content\/uploads\/2025\/03\/MegaLeiloes-e1742945947106-300x58.png 300w\" sizes=\"(max-width: 632px) 100vw, 632px\" \/>\t\t\t\t\t\t\t\t<\/a>\n\t\t\t\t\t\t\t\t\t\t\t\t\t\t\t<\/div>\n\t\t\t\t<\/div>\n\t\t\t\t<\/div>\n\t\t<div class=\"elementor-element elementor-element-ba9b08b e-con-full e-flex e-con e-child\" data-id=\"ba9b08b\" data-element_type=\"container\" data-e-type=\"container\" data-settings=\"{&quot;background_background&quot;:&quot;classic&quot;}\">\n\t\t\t\t<div class=\"elementor-element elementor-element-362fbf3 elementor-widget elementor-widget-image\" data-id=\"362fbf3\" data-element_type=\"widget\" data-e-type=\"widget\" data-widget_type=\"image.default\">\n\t\t\t\t<div class=\"elementor-widget-container\">\n\t\t\t\t\t\t\t\t\t\t\t\t\t\t\t\t<a href=\"https:\/\/advwp.com.br\/\">\n\t\t\t\t\t\t\t<img loading=\"lazy\" decoding=\"async\" width=\"234\" height=\"88\" src=\"https:\/\/tmabrasil.org\/evento\/wp-content\/uploads\/2025\/03\/Asset-1.svg\" class=\"attachment-2048x2048 size-2048x2048 wp-image-553\" alt=\"\" \/>\t\t\t\t\t\t\t\t<\/a>\n\t\t\t\t\t\t\t\t\t\t\t\t\t\t\t<\/div>\n\t\t\t\t<\/div>\n\t\t\t\t<\/div>\n\t\t\t\t<\/div>\n\t\t\t\t\t<\/div>\n\t\t\t\t<\/div>\n\t\t\t\t\t<\/div>\n\t\t<\/div>\n\t\t\t\t\t<\/div>\n\t\t<\/section>\n\t\t\t\t<section class=\"elementor-section elementor-top-section elementor-element elementor-element-bde6764 elementor-section-full_width patrocinadores elementor-hidden-mobile elementor-section-height-default elementor-section-height-default\" data-id=\"bde6764\" data-element_type=\"section\" data-e-type=\"section\">\n\t\t\t\t\t\t<div class=\"elementor-container elementor-column-gap-default\">\n\t\t\t\t\t<div class=\"elementor-column elementor-col-100 elementor-top-column elementor-element elementor-element-758b818\" data-id=\"758b818\" data-element_type=\"column\" data-e-type=\"column\">\n\t\t\t<div class=\"elementor-widget-wrap elementor-element-populated\">\n\t\t\t\t\t\t<div class=\"elementor-element elementor-element-0165c59 elementor-widget elementor-widget-heading\" data-id=\"0165c59\" data-element_type=\"widget\" data-e-type=\"widget\" data-widget_type=\"heading.default\">\n\t\t\t\t<div class=\"elementor-widget-container\">\n\t\t\t\t\t<h3 class=\"elementor-heading-title elementor-size-default\">Patroc\u00ednio Platinum<\/h3>\t\t\t\t<\/div>\n\t\t\t\t<\/div>\n\t\t<div class=\"elementor-element elementor-element-d71fb54 e-flex e-con-boxed e-con e-parent\" data-id=\"d71fb54\" data-element_type=\"container\" data-e-type=\"container\">\n\t\t\t\t\t<div class=\"e-con-inner\">\n\t\t<div class=\"elementor-element elementor-element-648e876 e-con-full e-flex e-con e-child\" data-id=\"648e876\" data-element_type=\"container\" data-e-type=\"container\">\n\t\t<div class=\"elementor-element elementor-element-b4be73d e-con-full e-flex e-con e-child\" data-id=\"b4be73d\" data-element_type=\"container\" data-e-type=\"container\" data-settings=\"{&quot;background_background&quot;:&quot;classic&quot;}\">\n\t\t\t\t<div class=\"elementor-element elementor-element-1f8ba41 elementor-widget elementor-widget-image\" data-id=\"1f8ba41\" data-element_type=\"widget\" data-e-type=\"widget\" data-widget_type=\"image.default\">\n\t\t\t\t<div class=\"elementor-widget-container\">\n\t\t\t\t\t\t\t\t\t\t\t\t\t\t\t\t<a href=\"https:\/\/www.mscadvogados.com.br\/home\">\n\t\t\t\t\t\t\t<img loading=\"lazy\" decoding=\"async\" width=\"640\" height=\"149\" src=\"https:\/\/tmabrasil.org\/evento\/wp-content\/uploads\/2025\/11\/msc-copiar-1024x239.png\" class=\"attachment-large size-large wp-image-5585\" alt=\"\" srcset=\"https:\/\/tmabrasil.org\/evento\/wp-content\/uploads\/2025\/11\/msc-copiar-1024x239.png 1024w, https:\/\/tmabrasil.org\/evento\/wp-content\/uploads\/2025\/11\/msc-copiar-300x70.png 300w, https:\/\/tmabrasil.org\/evento\/wp-content\/uploads\/2025\/11\/msc-copiar-768x179.png 768w, https:\/\/tmabrasil.org\/evento\/wp-content\/uploads\/2025\/11\/msc-copiar.png 1254w\" sizes=\"(max-width: 640px) 100vw, 640px\" \/>\t\t\t\t\t\t\t\t<\/a>\n\t\t\t\t\t\t\t\t\t\t\t\t\t\t\t<\/div>\n\t\t\t\t<\/div>\n\t\t\t\t<\/div>\n\t\t\t\t<\/div>\n\t\t\t\t\t<\/div>\n\t\t\t\t<\/div>\n\t\t\t\t\t<\/div>\n\t\t<\/div>\n\t\t\t\t\t<\/div>\n\t\t<\/section>\n\t\t\t\t<section class=\"elementor-section elementor-top-section elementor-element elementor-element-9493af0 elementor-section-full_width patrocinadores elementor-section-height-default elementor-section-height-default\" data-id=\"9493af0\" data-element_type=\"section\" data-e-type=\"section\">\n\t\t\t\t\t\t<div class=\"elementor-container elementor-column-gap-default\">\n\t\t\t\t\t<div class=\"elementor-column elementor-col-100 elementor-top-column elementor-element elementor-element-058bdfd\" data-id=\"058bdfd\" data-element_type=\"column\" data-e-type=\"column\">\n\t\t\t<div class=\"elementor-widget-wrap elementor-element-populated\">\n\t\t\t\t\t\t<div class=\"elementor-element elementor-element-8e753a3 elementor-widget elementor-widget-heading\" data-id=\"8e753a3\" data-element_type=\"widget\" data-e-type=\"widget\" data-widget_type=\"heading.default\">\n\t\t\t\t<div class=\"elementor-widget-container\">\n\t\t\t\t\t<h3 class=\"elementor-heading-title elementor-size-default\">Patroc\u00ednio Master<\/h3>\t\t\t\t<\/div>\n\t\t\t\t<\/div>\n\t\t<div class=\"elementor-element elementor-element-c20a409 e-flex e-con-boxed e-con e-parent\" data-id=\"c20a409\" data-element_type=\"container\" data-e-type=\"container\">\n\t\t\t\t\t<div class=\"e-con-inner\">\n\t\t<div class=\"elementor-element elementor-element-31dc1ef e-con-full e-flex e-con e-child\" data-id=\"31dc1ef\" data-element_type=\"container\" data-e-type=\"container\">\n\t\t<div class=\"elementor-element elementor-element-5fa6a55 e-con-full e-flex e-con e-child\" data-id=\"5fa6a55\" data-element_type=\"container\" data-e-type=\"container\" data-settings=\"{&quot;background_background&quot;:&quot;classic&quot;}\">\n\t\t\t\t<div class=\"elementor-element elementor-element-1944bae elementor-widget elementor-widget-image\" data-id=\"1944bae\" data-element_type=\"widget\" data-e-type=\"widget\" data-widget_type=\"image.default\">\n\t\t\t\t<div class=\"elementor-widget-container\">\n\t\t\t\t\t\t\t\t\t\t\t\t\t\t\t\t<a href=\"https:\/\/www.felsberg.com.br\/\">\n\t\t\t\t\t\t\t<img loading=\"lazy\" decoding=\"async\" width=\"640\" height=\"147\" src=\"https:\/\/tmabrasil.org\/evento\/wp-content\/uploads\/2025\/09\/felsberg-1506454023-logo-felsberg-rgb-420mmpng-1024x235.png\" class=\"attachment-large size-large wp-image-4488\" alt=\"\" srcset=\"https:\/\/tmabrasil.org\/evento\/wp-content\/uploads\/2025\/09\/felsberg-1506454023-logo-felsberg-rgb-420mmpng-1024x235.png 1024w, https:\/\/tmabrasil.org\/evento\/wp-content\/uploads\/2025\/09\/felsberg-1506454023-logo-felsberg-rgb-420mmpng-300x69.png 300w, https:\/\/tmabrasil.org\/evento\/wp-content\/uploads\/2025\/09\/felsberg-1506454023-logo-felsberg-rgb-420mmpng-768x176.png 768w, https:\/\/tmabrasil.org\/evento\/wp-content\/uploads\/2025\/09\/felsberg-1506454023-logo-felsberg-rgb-420mmpng-1536x352.png 1536w, https:\/\/tmabrasil.org\/evento\/wp-content\/uploads\/2025\/09\/felsberg-1506454023-logo-felsberg-rgb-420mmpng-2048x469.png 2048w\" sizes=\"(max-width: 640px) 100vw, 640px\" \/>\t\t\t\t\t\t\t\t<\/a>\n\t\t\t\t\t\t\t\t\t\t\t\t\t\t\t<\/div>\n\t\t\t\t<\/div>\n\t\t\t\t<\/div>\n\t\t<div class=\"elementor-element elementor-element-63996e1 e-con-full e-flex e-con e-child\" data-id=\"63996e1\" data-element_type=\"container\" data-e-type=\"container\" data-settings=\"{&quot;background_background&quot;:&quot;classic&quot;}\">\n\t\t\t\t<div class=\"elementor-element elementor-element-21deef5 elementor-widget elementor-widget-image\" data-id=\"21deef5\" data-element_type=\"widget\" data-e-type=\"widget\" data-widget_type=\"image.default\">\n\t\t\t\t<div class=\"elementor-widget-container\">\n\t\t\t\t\t\t\t\t\t\t\t\t\t\t\t\t<a href=\"https:\/\/www.tarvospartners.com\/\">\n\t\t\t\t\t\t\t<img loading=\"lazy\" decoding=\"async\" width=\"452\" height=\"155\" src=\"https:\/\/tmabrasil.org\/evento\/wp-content\/uploads\/2025\/04\/tarvos-partners-preto-jpg-copia_0-e1743779945193.png\" class=\"attachment-large size-large wp-image-1297\" alt=\"\" srcset=\"https:\/\/tmabrasil.org\/evento\/wp-content\/uploads\/2025\/04\/tarvos-partners-preto-jpg-copia_0-e1743779945193.png 452w, https:\/\/tmabrasil.org\/evento\/wp-content\/uploads\/2025\/04\/tarvos-partners-preto-jpg-copia_0-e1743779945193-300x103.png 300w\" sizes=\"(max-width: 452px) 100vw, 452px\" \/>\t\t\t\t\t\t\t\t<\/a>\n\t\t\t\t\t\t\t\t\t\t\t\t\t\t\t<\/div>\n\t\t\t\t<\/div>\n\t\t\t\t<\/div>\n\t\t\t\t<\/div>\n\t\t\t\t\t<\/div>\n\t\t\t\t<\/div>\n\t\t\t\t\t<\/div>\n\t\t<\/div>\n\t\t\t\t\t<\/div>\n\t\t<\/section>\n\t\t\t\t<section class=\"elementor-section elementor-top-section elementor-element elementor-element-3fc1f82 elementor-section-full_width patrocinadores elementor-section-height-default elementor-section-height-default\" data-id=\"3fc1f82\" data-element_type=\"section\" data-e-type=\"section\">\n\t\t\t\t\t\t<div class=\"elementor-container elementor-column-gap-default\">\n\t\t\t\t\t<div class=\"elementor-column elementor-col-100 elementor-top-column elementor-element elementor-element-36fe4ad\" data-id=\"36fe4ad\" data-element_type=\"column\" data-e-type=\"column\">\n\t\t\t<div class=\"elementor-widget-wrap elementor-element-populated\">\n\t\t\t\t\t\t<div class=\"elementor-element elementor-element-7ba5a0e elementor-widget elementor-widget-heading\" data-id=\"7ba5a0e\" data-element_type=\"widget\" data-e-type=\"widget\" data-widget_type=\"heading.default\">\n\t\t\t\t<div class=\"elementor-widget-container\">\n\t\t\t\t\t<h3 class=\"elementor-heading-title elementor-size-default\">Patroc\u00ednio Ouro<\/h3>\t\t\t\t<\/div>\n\t\t\t\t<\/div>\n\t\t<div class=\"elementor-element elementor-element-566bc43 e-flex e-con-boxed e-con e-parent\" data-id=\"566bc43\" data-element_type=\"container\" data-e-type=\"container\">\n\t\t\t\t\t<div class=\"e-con-inner\">\n\t\t<div class=\"elementor-element elementor-element-5c089ce e-con-full e-flex e-con e-child\" data-id=\"5c089ce\" data-element_type=\"container\" data-e-type=\"container\">\n\t\t<div class=\"elementor-element elementor-element-1cf60d0 e-con-full e-flex e-con e-child\" data-id=\"1cf60d0\" data-element_type=\"container\" data-e-type=\"container\" data-settings=\"{&quot;background_background&quot;:&quot;classic&quot;}\">\n\t\t\t\t<div class=\"elementor-element elementor-element-9f42e28 elementor-widget elementor-widget-image\" data-id=\"9f42e28\" data-element_type=\"widget\" data-e-type=\"widget\" data-widget_type=\"image.default\">\n\t\t\t\t<div class=\"elementor-widget-container\">\n\t\t\t\t\t\t\t\t\t\t\t\t\t\t\t\t<a href=\"https:\/\/www.cataliseaj.com.br\/home\">\n\t\t\t\t\t\t\t<img loading=\"lazy\" decoding=\"async\" width=\"640\" height=\"393\" src=\"https:\/\/tmabrasil.org\/evento\/wp-content\/uploads\/2025\/09\/Catalise-1024x629.png\" class=\"attachment-large size-large wp-image-4046\" alt=\"\" srcset=\"https:\/\/tmabrasil.org\/evento\/wp-content\/uploads\/2025\/09\/Catalise-1024x629.png 1024w, https:\/\/tmabrasil.org\/evento\/wp-content\/uploads\/2025\/09\/Catalise-300x184.png 300w, https:\/\/tmabrasil.org\/evento\/wp-content\/uploads\/2025\/09\/Catalise-768x472.png 768w, https:\/\/tmabrasil.org\/evento\/wp-content\/uploads\/2025\/09\/Catalise-1536x944.png 1536w, https:\/\/tmabrasil.org\/evento\/wp-content\/uploads\/2025\/09\/Catalise-2048x1258.png 2048w\" sizes=\"(max-width: 640px) 100vw, 640px\" \/>\t\t\t\t\t\t\t\t<\/a>\n\t\t\t\t\t\t\t\t\t\t\t\t\t\t\t<\/div>\n\t\t\t\t<\/div>\n\t\t\t\t<\/div>\n\t\t<div class=\"elementor-element elementor-element-452efa8 e-con-full e-flex e-con e-child\" data-id=\"452efa8\" data-element_type=\"container\" data-e-type=\"container\" data-settings=\"{&quot;background_background&quot;:&quot;classic&quot;}\">\n\t\t\t\t<div class=\"elementor-element elementor-element-cdbe205 elementor-widget elementor-widget-image\" data-id=\"cdbe205\" data-element_type=\"widget\" data-e-type=\"widget\" data-widget_type=\"image.default\">\n\t\t\t\t<div class=\"elementor-widget-container\">\n\t\t\t\t\t\t\t\t\t\t\t\t\t\t\t\t<a href=\"https:\/\/www.chimelo.com.br\/\">\n\t\t\t\t\t\t\t<img loading=\"lazy\" decoding=\"async\" width=\"640\" height=\"273\" src=\"https:\/\/tmabrasil.org\/evento\/wp-content\/uploads\/2025\/10\/Chimelo-preto_3.png\" class=\"attachment-large size-large wp-image-5226\" alt=\"\" srcset=\"https:\/\/tmabrasil.org\/evento\/wp-content\/uploads\/2025\/10\/Chimelo-preto_3.png 831w, https:\/\/tmabrasil.org\/evento\/wp-content\/uploads\/2025\/10\/Chimelo-preto_3-300x128.png 300w, https:\/\/tmabrasil.org\/evento\/wp-content\/uploads\/2025\/10\/Chimelo-preto_3-768x328.png 768w\" sizes=\"(max-width: 640px) 100vw, 640px\" \/>\t\t\t\t\t\t\t\t<\/a>\n\t\t\t\t\t\t\t\t\t\t\t\t\t\t\t<\/div>\n\t\t\t\t<\/div>\n\t\t\t\t<\/div>\n\t\t<div class=\"elementor-element elementor-element-debc05f e-con-full e-flex e-con e-child\" data-id=\"debc05f\" data-element_type=\"container\" data-e-type=\"container\" data-settings=\"{&quot;background_background&quot;:&quot;classic&quot;}\">\n\t\t\t\t<div class=\"elementor-element elementor-element-2567f84 elementor-widget elementor-widget-image\" data-id=\"2567f84\" data-element_type=\"widget\" data-e-type=\"widget\" data-widget_type=\"image.default\">\n\t\t\t\t<div class=\"elementor-widget-container\">\n\t\t\t\t\t\t\t\t\t\t\t\t\t\t\t\t<a href=\"https:\/\/crippareyadvogados.com.br\/\">\n\t\t\t\t\t\t\t<img loading=\"lazy\" decoding=\"async\" width=\"640\" height=\"115\" src=\"https:\/\/tmabrasil.org\/evento\/wp-content\/uploads\/2025\/04\/crippa-rey-1024x184.png\" class=\"attachment-large size-large wp-image-1612\" alt=\"\" srcset=\"https:\/\/tmabrasil.org\/evento\/wp-content\/uploads\/2025\/04\/crippa-rey-1024x184.png 1024w, https:\/\/tmabrasil.org\/evento\/wp-content\/uploads\/2025\/04\/crippa-rey-300x54.png 300w, https:\/\/tmabrasil.org\/evento\/wp-content\/uploads\/2025\/04\/crippa-rey-768x138.png 768w, https:\/\/tmabrasil.org\/evento\/wp-content\/uploads\/2025\/04\/crippa-rey.png 1453w\" sizes=\"(max-width: 640px) 100vw, 640px\" \/>\t\t\t\t\t\t\t\t<\/a>\n\t\t\t\t\t\t\t\t\t\t\t\t\t\t\t<\/div>\n\t\t\t\t<\/div>\n\t\t\t\t<\/div>\n\t\t<div class=\"elementor-element elementor-element-53e2a23 e-con-full e-flex e-con e-child\" data-id=\"53e2a23\" data-element_type=\"container\" data-e-type=\"container\" data-settings=\"{&quot;background_background&quot;:&quot;classic&quot;}\">\n\t\t\t\t<div class=\"elementor-element elementor-element-8b22e80 elementor-widget elementor-widget-image\" data-id=\"8b22e80\" data-element_type=\"widget\" data-e-type=\"widget\" data-widget_type=\"image.default\">\n\t\t\t\t<div class=\"elementor-widget-container\">\n\t\t\t\t\t\t\t\t\t\t\t\t\t\t\t\t<a href=\"https:\/\/www.estevez.adv.br\/home\">\n\t\t\t\t\t\t\t<img loading=\"lazy\" decoding=\"async\" width=\"640\" height=\"203\" src=\"https:\/\/tmabrasil.org\/evento\/wp-content\/uploads\/2025\/10\/estevez-1024x325.png\" class=\"attachment-large size-large wp-image-4674\" alt=\"\" srcset=\"https:\/\/tmabrasil.org\/evento\/wp-content\/uploads\/2025\/10\/estevez-1024x325.png 1024w, https:\/\/tmabrasil.org\/evento\/wp-content\/uploads\/2025\/10\/estevez-300x95.png 300w, https:\/\/tmabrasil.org\/evento\/wp-content\/uploads\/2025\/10\/estevez-768x244.png 768w, https:\/\/tmabrasil.org\/evento\/wp-content\/uploads\/2025\/10\/estevez-1536x488.png 1536w, https:\/\/tmabrasil.org\/evento\/wp-content\/uploads\/2025\/10\/estevez-2048x651.png 2048w\" sizes=\"(max-width: 640px) 100vw, 640px\" \/>\t\t\t\t\t\t\t\t<\/a>\n\t\t\t\t\t\t\t\t\t\t\t\t\t\t\t<\/div>\n\t\t\t\t<\/div>\n\t\t\t\t<\/div>\n\t\t<div class=\"elementor-element elementor-element-a9ea2cf e-con-full e-flex e-con e-child\" data-id=\"a9ea2cf\" data-element_type=\"container\" data-e-type=\"container\" data-settings=\"{&quot;background_background&quot;:&quot;classic&quot;}\">\n\t\t\t\t<div class=\"elementor-element elementor-element-98389ab elementor-widget elementor-widget-image\" data-id=\"98389ab\" data-element_type=\"widget\" data-e-type=\"widget\" data-widget_type=\"image.default\">\n\t\t\t\t<div class=\"elementor-widget-container\">\n\t\t\t\t\t\t\t\t\t\t\t\t\t\t\t\t<a href=\"https:\/\/scalzilliaj.com.br\/home\">\n\t\t\t\t\t\t\t<img loading=\"lazy\" decoding=\"async\" width=\"640\" height=\"138\" src=\"https:\/\/tmabrasil.org\/evento\/wp-content\/uploads\/2025\/09\/SCZ_marcaCMYK-02-1024x220.png\" class=\"attachment-large size-large wp-image-4005\" alt=\"\" srcset=\"https:\/\/tmabrasil.org\/evento\/wp-content\/uploads\/2025\/09\/SCZ_marcaCMYK-02-1024x220.png 1024w, https:\/\/tmabrasil.org\/evento\/wp-content\/uploads\/2025\/09\/SCZ_marcaCMYK-02-300x65.png 300w, https:\/\/tmabrasil.org\/evento\/wp-content\/uploads\/2025\/09\/SCZ_marcaCMYK-02-768x165.png 768w, https:\/\/tmabrasil.org\/evento\/wp-content\/uploads\/2025\/09\/SCZ_marcaCMYK-02-1536x331.png 1536w, https:\/\/tmabrasil.org\/evento\/wp-content\/uploads\/2025\/09\/SCZ_marcaCMYK-02-2048x441.png 2048w\" sizes=\"(max-width: 640px) 100vw, 640px\" \/>\t\t\t\t\t\t\t\t<\/a>\n\t\t\t\t\t\t\t\t\t\t\t\t\t\t\t<\/div>\n\t\t\t\t<\/div>\n\t\t\t\t<\/div>\n\t\t<div class=\"elementor-element elementor-element-31e440c e-con-full e-flex e-con e-child\" data-id=\"31e440c\" data-element_type=\"container\" data-e-type=\"container\" data-settings=\"{&quot;background_background&quot;:&quot;classic&quot;}\">\n\t\t\t\t<div class=\"elementor-element elementor-element-6eafeea elementor-widget elementor-widget-image\" data-id=\"6eafeea\" data-element_type=\"widget\" data-e-type=\"widget\" data-widget_type=\"image.default\">\n\t\t\t\t<div class=\"elementor-widget-container\">\n\t\t\t\t\t\t\t\t\t\t\t\t\t\t\t\t<a href=\"https:\/\/vonsaltiel.com.br\/\">\n\t\t\t\t\t\t\t<img loading=\"lazy\" decoding=\"async\" width=\"640\" height=\"117\" src=\"https:\/\/tmabrasil.org\/evento\/wp-content\/uploads\/2025\/11\/Logo-1024x187.png\" class=\"attachment-large size-large wp-image-5451\" alt=\"\" srcset=\"https:\/\/tmabrasil.org\/evento\/wp-content\/uploads\/2025\/11\/Logo-1024x187.png 1024w, https:\/\/tmabrasil.org\/evento\/wp-content\/uploads\/2025\/11\/Logo-300x55.png 300w, https:\/\/tmabrasil.org\/evento\/wp-content\/uploads\/2025\/11\/Logo-768x140.png 768w, https:\/\/tmabrasil.org\/evento\/wp-content\/uploads\/2025\/11\/Logo.png 1506w\" sizes=\"(max-width: 640px) 100vw, 640px\" \/>\t\t\t\t\t\t\t\t<\/a>\n\t\t\t\t\t\t\t\t\t\t\t\t\t\t\t<\/div>\n\t\t\t\t<\/div>\n\t\t\t\t<\/div>\n\t\t\t\t<\/div>\n\t\t\t\t\t<\/div>\n\t\t\t\t<\/div>\n\t\t\t\t\t<\/div>\n\t\t<\/div>\n\t\t\t\t\t<\/div>\n\t\t<\/section>\n\t\t\t\t<section class=\"elementor-section elementor-top-section elementor-element elementor-element-06d9143 elementor-section-full_width patrocinadores elementor-section-height-default elementor-section-height-default\" data-id=\"06d9143\" data-element_type=\"section\" data-e-type=\"section\">\n\t\t\t\t\t\t<div class=\"elementor-container elementor-column-gap-default\">\n\t\t\t\t\t<div class=\"elementor-column elementor-col-100 elementor-top-column elementor-element elementor-element-74a5a38\" data-id=\"74a5a38\" data-element_type=\"column\" data-e-type=\"column\">\n\t\t\t<div class=\"elementor-widget-wrap elementor-element-populated\">\n\t\t\t\t\t\t<div class=\"elementor-element elementor-element-faac491 elementor-widget elementor-widget-heading\" data-id=\"faac491\" data-element_type=\"widget\" data-e-type=\"widget\" data-widget_type=\"heading.default\">\n\t\t\t\t<div class=\"elementor-widget-container\">\n\t\t\t\t\t<h3 class=\"elementor-heading-title elementor-size-default\">Patroc\u00ednio Prata<\/h3>\t\t\t\t<\/div>\n\t\t\t\t<\/div>\n\t\t<div class=\"elementor-element elementor-element-823e361 e-flex e-con-boxed e-con e-parent\" data-id=\"823e361\" data-element_type=\"container\" data-e-type=\"container\">\n\t\t\t\t\t<div class=\"e-con-inner\">\n\t\t<div class=\"elementor-element elementor-element-b87bc18 e-con-full e-flex e-con e-child\" data-id=\"b87bc18\" data-element_type=\"container\" data-e-type=\"container\">\n\t\t<div class=\"elementor-element elementor-element-6f242ea e-con-full e-flex e-con e-child\" data-id=\"6f242ea\" data-element_type=\"container\" data-e-type=\"container\" data-settings=\"{&quot;background_background&quot;:&quot;classic&quot;}\">\n\t\t\t\t<div class=\"elementor-element elementor-element-fe14a05 elementor-widget elementor-widget-image\" data-id=\"fe14a05\" data-element_type=\"widget\" data-e-type=\"widget\" data-widget_type=\"image.default\">\n\t\t\t\t<div class=\"elementor-widget-container\">\n\t\t\t\t\t\t\t\t\t\t\t\t\t\t\t\t<a href=\"https:\/\/www.bbz.adv.br\/\">\n\t\t\t\t\t\t\t<img loading=\"lazy\" decoding=\"async\" width=\"640\" height=\"236\" src=\"https:\/\/tmabrasil.org\/evento\/wp-content\/uploads\/2025\/11\/BBZ-logo-1024x377.png\" class=\"attachment-large size-large wp-image-5657\" alt=\"\" srcset=\"https:\/\/tmabrasil.org\/evento\/wp-content\/uploads\/2025\/11\/BBZ-logo-1024x377.png 1024w, https:\/\/tmabrasil.org\/evento\/wp-content\/uploads\/2025\/11\/BBZ-logo-300x111.png 300w, https:\/\/tmabrasil.org\/evento\/wp-content\/uploads\/2025\/11\/BBZ-logo-768x283.png 768w, https:\/\/tmabrasil.org\/evento\/wp-content\/uploads\/2025\/11\/BBZ-logo.png 1080w\" sizes=\"(max-width: 640px) 100vw, 640px\" \/>\t\t\t\t\t\t\t\t<\/a>\n\t\t\t\t\t\t\t\t\t\t\t\t\t\t\t<\/div>\n\t\t\t\t<\/div>\n\t\t\t\t<\/div>\n\t\t<div class=\"elementor-element elementor-element-2681d41 e-con-full e-flex e-con e-child\" data-id=\"2681d41\" data-element_type=\"container\" data-e-type=\"container\" data-settings=\"{&quot;background_background&quot;:&quot;classic&quot;}\">\n\t\t\t\t<div class=\"elementor-element elementor-element-81d6f0a elementor-widget elementor-widget-image\" data-id=\"81d6f0a\" data-element_type=\"widget\" data-e-type=\"widget\" data-widget_type=\"image.default\">\n\t\t\t\t<div class=\"elementor-widget-container\">\n\t\t\t\t\t\t\t\t\t\t\t\t\t\t\t\t<a href=\"https:\/\/www.nogarileiloes.com.br\/\">\n\t\t\t\t\t\t\t<img loading=\"lazy\" decoding=\"async\" width=\"640\" height=\"227\" src=\"https:\/\/tmabrasil.org\/evento\/wp-content\/uploads\/2025\/07\/Nogari_perspectiva_vetor-1-Copia.png\" class=\"attachment-large size-large wp-image-3463\" alt=\"\" srcset=\"https:\/\/tmabrasil.org\/evento\/wp-content\/uploads\/2025\/07\/Nogari_perspectiva_vetor-1-Copia.png 733w, https:\/\/tmabrasil.org\/evento\/wp-content\/uploads\/2025\/07\/Nogari_perspectiva_vetor-1-Copia-300x106.png 300w\" sizes=\"(max-width: 640px) 100vw, 640px\" \/>\t\t\t\t\t\t\t\t<\/a>\n\t\t\t\t\t\t\t\t\t\t\t\t\t\t\t<\/div>\n\t\t\t\t<\/div>\n\t\t\t\t<\/div>\n\t\t<div class=\"elementor-element elementor-element-4c1f694 e-con-full e-flex e-con e-child\" data-id=\"4c1f694\" data-element_type=\"container\" data-e-type=\"container\" data-settings=\"{&quot;background_background&quot;:&quot;classic&quot;}\">\n\t\t\t\t<div class=\"elementor-element elementor-element-5bf74e1 elementor-widget elementor-widget-image\" data-id=\"5bf74e1\" data-element_type=\"widget\" data-e-type=\"widget\" data-widget_type=\"image.default\">\n\t\t\t\t<div class=\"elementor-widget-container\">\n\t\t\t\t\t\t\t\t\t\t\t\t\t\t\t\t<a href=\"https:\/\/www.gilsonsgrott.com.br\/\">\n\t\t\t\t\t\t\t<img loading=\"lazy\" decoding=\"async\" width=\"490\" height=\"268\" src=\"https:\/\/tmabrasil.org\/evento\/wp-content\/uploads\/2025\/11\/sgrott-1.png\" class=\"attachment-large size-large wp-image-5571\" alt=\"\" srcset=\"https:\/\/tmabrasil.org\/evento\/wp-content\/uploads\/2025\/11\/sgrott-1.png 490w, https:\/\/tmabrasil.org\/evento\/wp-content\/uploads\/2025\/11\/sgrott-1-300x164.png 300w\" sizes=\"(max-width: 490px) 100vw, 490px\" \/>\t\t\t\t\t\t\t\t<\/a>\n\t\t\t\t\t\t\t\t\t\t\t\t\t\t\t<\/div>\n\t\t\t\t<\/div>\n\t\t\t\t<\/div>\n\t\t\t\t<\/div>\n\t\t\t\t\t<\/div>\n\t\t\t\t<\/div>\n\t\t\t\t\t<\/div>\n\t\t<\/div>\n\t\t\t\t\t<\/div>\n\t\t<\/section>\n\t\t\t\t<section class=\"elementor-section elementor-top-section elementor-element elementor-element-9ea10e1 elementor-section-full_width patrocinadores elementor-hidden-desktop elementor-hidden-tablet elementor-hidden-mobile elementor-section-height-default elementor-section-height-default\" data-id=\"9ea10e1\" data-element_type=\"section\" data-e-type=\"section\">\n\t\t\t\t\t\t<div class=\"elementor-container elementor-column-gap-default\">\n\t\t\t\t\t<div class=\"elementor-column elementor-col-100 elementor-top-column elementor-element elementor-element-36be95d\" data-id=\"36be95d\" data-element_type=\"column\" data-e-type=\"column\">\n\t\t\t<div class=\"elementor-widget-wrap elementor-element-populated\">\n\t\t\t\t\t\t<div class=\"elementor-element elementor-element-1e86fd6 elementor-widget elementor-widget-heading\" data-id=\"1e86fd6\" data-element_type=\"widget\" data-e-type=\"widget\" data-widget_type=\"heading.default\">\n\t\t\t\t<div class=\"elementor-widget-container\">\n\t\t\t\t\t<h3 class=\"elementor-heading-title elementor-size-default\">Apoio<\/h3>\t\t\t\t<\/div>\n\t\t\t\t<\/div>\n\t\t<div class=\"elementor-element elementor-element-f737c5b e-flex e-con-boxed e-con e-parent\" data-id=\"f737c5b\" data-element_type=\"container\" data-e-type=\"container\">\n\t\t\t\t\t<div class=\"e-con-inner\">\n\t\t<div class=\"elementor-element elementor-element-bc7a32a e-con-full e-flex e-con e-child\" data-id=\"bc7a32a\" data-element_type=\"container\" data-e-type=\"container\">\n\t\t<div class=\"elementor-element elementor-element-0ef7f60 e-con-full e-flex e-con e-child\" data-id=\"0ef7f60\" data-element_type=\"container\" data-e-type=\"container\" data-settings=\"{&quot;background_background&quot;:&quot;classic&quot;}\">\n\t\t\t\t<div class=\"elementor-element elementor-element-8edf1bd elementor-widget elementor-widget-image\" data-id=\"8edf1bd\" data-element_type=\"widget\" data-e-type=\"widget\" data-widget_type=\"image.default\">\n\t\t\t\t<div class=\"elementor-widget-container\">\n\t\t\t\t\t\t\t\t\t\t\t\t\t\t\t\t<a href=\"https:\/\/www.ibmec.br\/\">\n\t\t\t\t\t\t\t<img loading=\"lazy\" decoding=\"async\" width=\"640\" height=\"206\" src=\"https:\/\/tmabrasil.org\/evento\/wp-content\/uploads\/2025\/08\/ibemec-1024x329.png\" class=\"attachment-large size-large wp-image-3797\" alt=\"\" srcset=\"https:\/\/tmabrasil.org\/evento\/wp-content\/uploads\/2025\/08\/ibemec-1024x329.png 1024w, https:\/\/tmabrasil.org\/evento\/wp-content\/uploads\/2025\/08\/ibemec-300x96.png 300w, https:\/\/tmabrasil.org\/evento\/wp-content\/uploads\/2025\/08\/ibemec-768x246.png 768w, https:\/\/tmabrasil.org\/evento\/wp-content\/uploads\/2025\/08\/ibemec-1536x493.png 1536w, https:\/\/tmabrasil.org\/evento\/wp-content\/uploads\/2025\/08\/ibemec-2048x657.png 2048w\" sizes=\"(max-width: 640px) 100vw, 640px\" \/>\t\t\t\t\t\t\t\t<\/a>\n\t\t\t\t\t\t\t\t\t\t\t\t\t\t\t<\/div>\n\t\t\t\t<\/div>\n\t\t\t\t<\/div>\n\t\t<div class=\"elementor-element elementor-element-37e9608 e-con-full e-flex e-con e-child\" data-id=\"37e9608\" data-element_type=\"container\" data-e-type=\"container\" data-settings=\"{&quot;background_background&quot;:&quot;classic&quot;}\">\n\t\t\t\t<div class=\"elementor-element elementor-element-17bcccb elementor-widget elementor-widget-image\" data-id=\"17bcccb\" data-element_type=\"widget\" data-e-type=\"widget\" data-widget_type=\"image.default\">\n\t\t\t\t<div class=\"elementor-widget-container\">\n\t\t\t\t\t\t\t\t\t\t\t\t\t\t\t\t<a href=\"https:\/\/www.oabmg.org.br\/\">\n\t\t\t\t\t\t\t<img loading=\"lazy\" decoding=\"async\" width=\"640\" height=\"111\" src=\"https:\/\/tmabrasil.org\/evento\/wp-content\/uploads\/2025\/09\/Falencia-e-recuperacao-judicial-1024x177.png\" class=\"attachment-large size-large wp-image-4309\" alt=\"\" srcset=\"https:\/\/tmabrasil.org\/evento\/wp-content\/uploads\/2025\/09\/Falencia-e-recuperacao-judicial-1024x177.png 1024w, https:\/\/tmabrasil.org\/evento\/wp-content\/uploads\/2025\/09\/Falencia-e-recuperacao-judicial-300x52.png 300w, https:\/\/tmabrasil.org\/evento\/wp-content\/uploads\/2025\/09\/Falencia-e-recuperacao-judicial-768x133.png 768w, https:\/\/tmabrasil.org\/evento\/wp-content\/uploads\/2025\/09\/Falencia-e-recuperacao-judicial-1536x266.png 1536w, https:\/\/tmabrasil.org\/evento\/wp-content\/uploads\/2025\/09\/Falencia-e-recuperacao-judicial-2048x354.png 2048w\" sizes=\"(max-width: 640px) 100vw, 640px\" \/>\t\t\t\t\t\t\t\t<\/a>\n\t\t\t\t\t\t\t\t\t\t\t\t\t\t\t<\/div>\n\t\t\t\t<\/div>\n\t\t\t\t<\/div>\n\t\t\t\t<\/div>\n\t\t\t\t\t<\/div>\n\t\t\t\t<\/div>\n\t\t\t\t\t<\/div>\n\t\t<\/div>\n\t\t\t\t\t<\/div>\n\t\t<\/section>\n\t\t\t\t<section class=\"elementor-section elementor-top-section elementor-element elementor-element-b9bad52 elementor-section-full_width patrocine elementor-section-height-default elementor-section-height-default\" data-id=\"b9bad52\" data-element_type=\"section\" data-e-type=\"section\" id=\"patrocine\">\n\t\t\t\t\t\t<div class=\"elementor-container elementor-column-gap-default\">\n\t\t\t\t\t<div class=\"elementor-column elementor-col-100 elementor-top-column elementor-element elementor-element-96226d4\" data-id=\"96226d4\" data-element_type=\"column\" data-e-type=\"column\">\n\t\t\t<div class=\"elementor-widget-wrap elementor-element-populated\">\n\t\t\t\t\t\t<div class=\"elementor-element elementor-element-6576a29 elementor-widget elementor-widget-heading\" data-id=\"6576a29\" data-element_type=\"widget\" data-e-type=\"widget\" data-widget_type=\"heading.default\">\n\t\t\t\t<div class=\"elementor-widget-container\">\n\t\t\t\t\t<h3 class=\"elementor-heading-title elementor-size-default\">Seja um Patrocinador!<\/h3>\t\t\t\t<\/div>\n\t\t\t\t<\/div>\n\t\t<div class=\"elementor-element elementor-element-ef25923 e-flex e-con-boxed e-con e-parent\" data-id=\"ef25923\" data-element_type=\"container\" data-e-type=\"container\">\n\t\t\t\t\t<div class=\"e-con-inner\">\n\t\t<div class=\"elementor-element elementor-element-384f416 e-con-full e-flex e-con e-child\" data-id=\"384f416\" data-element_type=\"container\" data-e-type=\"container\">\n\t\t<div class=\"elementor-element elementor-element-15bd702 e-con-full e-flex e-con e-child\" data-id=\"15bd702\" data-element_type=\"container\" data-e-type=\"container\">\n\t\t\t\t<div class=\"elementor-element elementor-element-5ca0480 elementor-align-left elementor-widget__width-auto elementor-mobile-align-justify elementor-widget elementor-widget-button\" data-id=\"5ca0480\" data-element_type=\"widget\" data-e-type=\"widget\" data-widget_type=\"button.default\">\n\t\t\t\t<div class=\"elementor-widget-container\">\n\t\t\t\t\t\t\t\t\t<div class=\"elementor-button-wrapper\">\n\t\t\t\t\t<a class=\"elementor-button elementor-button-link elementor-size-sm\" href=\"https:\/\/drive.google.com\/file\/d\/1dKKcseAARjM6906ChtHU-1Rai7eaEGa3\/view?usp=sharing\">\n\t\t\t\t\t\t<span class=\"elementor-button-content-wrapper\">\n\t\t\t\t\t\t<span class=\"elementor-button-icon\">\n\t\t\t\t<svg aria-hidden=\"true\" class=\"e-font-icon-svg e-fas-ticket-alt\" viewBox=\"0 0 576 512\" xmlns=\"http:\/\/www.w3.org\/2000\/svg\"><path d=\"M128 160h320v192H128V160zm400 96c0 26.51 21.49 48 48 48v96c0 26.51-21.49 48-48 48H48c-26.51 0-48-21.49-48-48v-96c26.51 0 48-21.49 48-48s-21.49-48-48-48v-96c0-26.51 21.49-48 48-48h480c26.51 0 48 21.49 48 48v96c-26.51 0-48 21.49-48 48zm-48-104c0-13.255-10.745-24-24-24H120c-13.255 0-24 10.745-24 24v208c0 13.255 10.745 24 24 24h336c13.255 0 24-10.745 24-24V152z\"><\/path><\/svg>\t\t\t<\/span>\n\t\t\t\t\t\t\t\t\t<span class=\"elementor-button-text\">saiba mais<\/span>\n\t\t\t\t\t<\/span>\n\t\t\t\t\t<\/a>\n\t\t\t\t<\/div>\n\t\t\t\t\t\t\t\t<\/div>\n\t\t\t\t<\/div>\n\t\t\t\t<\/div>\n\t\t\t\t<\/div>\n\t\t\t\t\t<\/div>\n\t\t\t\t<\/div>\n\t\t\t\t\t<\/div>\n\t\t<\/div>\n\t\t\t\t\t<\/div>\n\t\t<\/section>\n\t\t\t\t<section class=\"elementor-section elementor-top-section elementor-element elementor-element-390f17b7 elementor-section-boxed elementor-section-height-default elementor-section-height-default\" data-id=\"390f17b7\" data-element_type=\"section\" data-e-type=\"section\" id=\"evento\" data-settings=\"{&quot;background_background&quot;:&quot;classic&quot;}\">\n\t\t\t\t\t\t<div class=\"elementor-container elementor-column-gap-default\">\n\t\t\t\t\t<div class=\"elementor-column elementor-col-50 elementor-top-column elementor-element elementor-element-66c3535f\" data-id=\"66c3535f\" data-element_type=\"column\" data-e-type=\"column\" id=\"localizacao\">\n\t\t\t<div class=\"elementor-widget-wrap elementor-element-populated\">\n\t\t\t\t\t\t<div class=\"elementor-element elementor-element-767ac728 elementor-widget__width-auto elementor-widget elementor-widget-image\" data-id=\"767ac728\" data-element_type=\"widget\" data-e-type=\"widget\" data-widget_type=\"image.default\">\n\t\t\t\t<div class=\"elementor-widget-container\">\n\t\t\t\t\t\t\t\t\t\t\t\t\t\t\t<img loading=\"lazy\" decoding=\"async\" width=\"451\" height=\"451\" src=\"https:\/\/tmabrasil.org\/evento\/wp-content\/uploads\/2025\/03\/image2.png\" class=\"attachment-large size-large wp-image-569\" alt=\"\" srcset=\"https:\/\/tmabrasil.org\/evento\/wp-content\/uploads\/2025\/03\/image2.png 451w, https:\/\/tmabrasil.org\/evento\/wp-content\/uploads\/2025\/03\/image2-300x300.png 300w, https:\/\/tmabrasil.org\/evento\/wp-content\/uploads\/2025\/03\/image2-150x150.png 150w\" sizes=\"(max-width: 451px) 100vw, 451px\" \/>\t\t\t\t\t\t\t\t\t\t\t\t\t\t\t<\/div>\n\t\t\t\t<\/div>\n\t\t\t\t<div class=\"elementor-element elementor-element-38f9abc elementor-widget__width-auto elementor-widget elementor-widget-image\" data-id=\"38f9abc\" data-element_type=\"widget\" data-e-type=\"widget\" data-widget_type=\"image.default\">\n\t\t\t\t<div class=\"elementor-widget-container\">\n\t\t\t\t\t\t\t\t\t\t\t\t\t\t\t<img loading=\"lazy\" decoding=\"async\" width=\"1080\" height=\"1080\" src=\"https:\/\/tmabrasil.org\/evento\/wp-content\/uploads\/2025\/11\/1x1-gramadoico.jpg\" class=\"attachment-full size-full wp-image-5439\" alt=\"\" srcset=\"https:\/\/tmabrasil.org\/evento\/wp-content\/uploads\/2025\/11\/1x1-gramadoico.jpg 1080w, https:\/\/tmabrasil.org\/evento\/wp-content\/uploads\/2025\/11\/1x1-gramadoico-300x300.jpg 300w, https:\/\/tmabrasil.org\/evento\/wp-content\/uploads\/2025\/11\/1x1-gramadoico-1024x1024.jpg 1024w, https:\/\/tmabrasil.org\/evento\/wp-content\/uploads\/2025\/11\/1x1-gramadoico-150x150.jpg 150w, https:\/\/tmabrasil.org\/evento\/wp-content\/uploads\/2025\/11\/1x1-gramadoico-768x768.jpg 768w\" sizes=\"(max-width: 1080px) 100vw, 1080px\" \/>\t\t\t\t\t\t\t\t\t\t\t\t\t\t\t<\/div>\n\t\t\t\t<\/div>\n\t\t\t\t<div class=\"elementor-element elementor-element-159bb974 elementor-widget__width-auto elementor-widget elementor-widget-image\" data-id=\"159bb974\" data-element_type=\"widget\" data-e-type=\"widget\" data-widget_type=\"image.default\">\n\t\t\t\t<div class=\"elementor-widget-container\">\n\t\t\t\t\t\t\t\t\t\t\t\t\t\t\t<img loading=\"lazy\" decoding=\"async\" width=\"266\" height=\"266\" src=\"https:\/\/tmabrasil.org\/evento\/wp-content\/uploads\/2025\/03\/img_speak_home-PTKQA58.jpg\" class=\"attachment-large size-large wp-image-21\" alt=\"\" srcset=\"https:\/\/tmabrasil.org\/evento\/wp-content\/uploads\/2025\/03\/img_speak_home-PTKQA58.jpg 266w, https:\/\/tmabrasil.org\/evento\/wp-content\/uploads\/2025\/03\/img_speak_home-PTKQA58-150x150.jpg 150w\" sizes=\"(max-width: 266px) 100vw, 266px\" \/>\t\t\t\t\t\t\t\t\t\t\t\t\t\t\t<\/div>\n\t\t\t\t<\/div>\n\t\t\t\t\t<\/div>\n\t\t<\/div>\n\t\t\t\t<div class=\"elementor-column elementor-col-50 elementor-top-column elementor-element elementor-element-89edfab\" data-id=\"89edfab\" data-element_type=\"column\" data-e-type=\"column\">\n\t\t\t<div class=\"elementor-widget-wrap elementor-element-populated\">\n\t\t\t\t\t\t<section class=\"elementor-section elementor-inner-section elementor-element elementor-element-69e49aac elementor-section-boxed elementor-section-height-default elementor-section-height-default elementor-invisible\" data-id=\"69e49aac\" data-element_type=\"section\" data-e-type=\"section\" data-settings=\"{&quot;animation&quot;:&quot;fadeInUp&quot;}\">\n\t\t\t\t\t\t<div class=\"elementor-container elementor-column-gap-default\">\n\t\t\t\t\t<div class=\"elementor-column elementor-col-100 elementor-inner-column elementor-element elementor-element-5707d804\" data-id=\"5707d804\" data-element_type=\"column\" data-e-type=\"column\">\n\t\t\t<div class=\"elementor-widget-wrap elementor-element-populated\">\n\t\t\t\t\t\t<div class=\"elementor-element elementor-element-704988fd elementor-widget__width-auto elementor-widget-mobile__width-auto elementor-widget elementor-widget-heading\" data-id=\"704988fd\" data-element_type=\"widget\" data-e-type=\"widget\" data-widget_type=\"heading.default\">\n\t\t\t\t<div class=\"elementor-widget-container\">\n\t\t\t\t\t<h6 class=\"elementor-heading-title elementor-size-default\">Evento TMA Brasil 2025<\/h6>\t\t\t\t<\/div>\n\t\t\t\t<\/div>\n\t\t\t\t<div class=\"elementor-element elementor-element-2a3725de elementor-widget elementor-widget-heading\" data-id=\"2a3725de\" data-element_type=\"widget\" data-e-type=\"widget\" data-widget_type=\"heading.default\">\n\t\t\t\t<div class=\"elementor-widget-container\">\n\t\t\t\t\t<h3 class=\"elementor-heading-title elementor-size-default\">Semin\u00e1rio Gramado \n<\/h3>\t\t\t\t<\/div>\n\t\t\t\t<\/div>\n\t\t\t\t\t<\/div>\n\t\t<\/div>\n\t\t\t\t\t<\/div>\n\t\t<\/section>\n\t\t\t\t<section class=\"elementor-section elementor-inner-section elementor-element elementor-element-1d0540a7 elementor-section-boxed elementor-section-height-default elementor-section-height-default elementor-invisible\" data-id=\"1d0540a7\" data-element_type=\"section\" data-e-type=\"section\" data-settings=\"{&quot;animation&quot;:&quot;fadeInUp&quot;}\">\n\t\t\t\t\t\t<div class=\"elementor-container elementor-column-gap-default\">\n\t\t\t\t\t<div class=\"elementor-column elementor-col-100 elementor-inner-column elementor-element elementor-element-6672183c\" data-id=\"6672183c\" data-element_type=\"column\" data-e-type=\"column\">\n\t\t\t<div class=\"elementor-widget-wrap elementor-element-populated\">\n\t\t\t\t\t\t<div class=\"elementor-element elementor-element-4465bc5d elementor-widget__width-initial elementor-widget elementor-widget-text-editor\" data-id=\"4465bc5d\" data-element_type=\"widget\" data-e-type=\"widget\" data-widget_type=\"text-editor.default\">\n\t\t\t\t<div class=\"elementor-widget-container\">\n\t\t\t\t\t\t\t\t\t<p>Uma oportunidade \u00fanica para trocar experi\u00eancias, aprender com cases de sucesso e ampliar sua rede de contatos com os principais nomes do setor.<\/p><ul><li><strong>Data: 01\/12 &#8211; 19h30 \u00e0s 21h30 e <\/strong><strong>02\/12 &#8211; 8h00 \u00e0s 13h30<\/strong><\/li><li><strong><strong>Local: Buona Vitta Gramado <\/strong><\/strong>Estr. Profa. Elvira Apolo Benetti, 150 &#8211; Carniel, Gramado &#8211; RS, 95670-000 &#8211; Sala Toscana 3<strong><strong><br \/><\/strong><\/strong><\/li><\/ul>\t\t\t\t\t\t\t\t<\/div>\n\t\t\t\t<\/div>\n\t\t\t\t<div class=\"elementor-element elementor-element-313a410 elementor-widget__width-initial elementor-widget elementor-widget-text-editor\" data-id=\"313a410\" data-element_type=\"widget\" data-e-type=\"widget\" data-widget_type=\"text-editor.default\">\n\t\t\t\t<div class=\"elementor-widget-container\">\n\t\t\t\t\t\t\t\t\t<p>N\u00e3o perca a chance de se conectar com quem transforma<br \/>desafios em oportunidades.<\/p>\t\t\t\t\t\t\t\t<\/div>\n\t\t\t\t<\/div>\n\t\t\t\t\t<\/div>\n\t\t<\/div>\n\t\t\t\t\t<\/div>\n\t\t<\/section>\n\t\t\t\t<section class=\"elementor-section elementor-inner-section elementor-element elementor-element-6eeb3f3 elementor-section-boxed elementor-section-height-default elementor-section-height-default elementor-invisible\" data-id=\"6eeb3f3\" data-element_type=\"section\" data-e-type=\"section\" data-settings=\"{&quot;animation&quot;:&quot;slideInUp&quot;}\">\n\t\t\t\t\t\t<div class=\"elementor-container elementor-column-gap-default\">\n\t\t\t\t\t<div class=\"elementor-column elementor-col-100 elementor-inner-column elementor-element elementor-element-6f8b059c\" data-id=\"6f8b059c\" data-element_type=\"column\" data-e-type=\"column\">\n\t\t\t<div class=\"elementor-widget-wrap elementor-element-populated\">\n\t\t\t\t\t\t<div class=\"elementor-element elementor-element-198c1052 elementor-align-left elementor-widget__width-auto elementor-widget elementor-widget-button\" data-id=\"198c1052\" data-element_type=\"widget\" data-e-type=\"widget\" data-widget_type=\"button.default\">\n\t\t\t\t<div class=\"elementor-widget-container\">\n\t\t\t\t\t\t\t\t\t<div class=\"elementor-button-wrapper\">\n\t\t\t\t\t<a class=\"elementor-button elementor-button-link elementor-size-sm\" href=\"https:\/\/maps.app.goo.gl\/knjFxEYtsAf79a4NA\">\n\t\t\t\t\t\t<span class=\"elementor-button-content-wrapper\">\n\t\t\t\t\t\t<span class=\"elementor-button-icon\">\n\t\t\t\t<svg aria-hidden=\"true\" class=\"e-font-icon-svg e-fas-angle-right\" viewBox=\"0 0 256 512\" xmlns=\"http:\/\/www.w3.org\/2000\/svg\"><path d=\"M224.3 273l-136 136c-9.4 9.4-24.6 9.4-33.9 0l-22.6-22.6c-9.4-9.4-9.4-24.6 0-33.9l96.4-96.4-96.4-96.4c-9.4-9.4-9.4-24.6 0-33.9L54.3 103c9.4-9.4 24.6-9.4 33.9 0l136 136c9.5 9.4 9.5 24.6.1 34z\"><\/path><\/svg>\t\t\t<\/span>\n\t\t\t\t\t\t\t\t\t<span class=\"elementor-button-text\">localiza\u00e7\u00e3o<\/span>\n\t\t\t\t\t<\/span>\n\t\t\t\t\t<\/a>\n\t\t\t\t<\/div>\n\t\t\t\t\t\t\t\t<\/div>\n\t\t\t\t<\/div>\n\t\t\t\t\t<\/div>\n\t\t<\/div>\n\t\t\t\t\t<\/div>\n\t\t<\/section>\n\t\t\t\t\t<\/div>\n\t\t<\/div>\n\t\t\t\t\t<\/div>\n\t\t<\/section>\n\t\t\t\t<section class=\"elementor-section elementor-top-section elementor-element elementor-element-fca4ba9 elementor-section-full_width elementor-section-height-default elementor-section-height-default\" data-id=\"fca4ba9\" data-element_type=\"section\" data-e-type=\"section\" data-settings=\"{&quot;background_background&quot;:&quot;classic&quot;}\">\n\t\t\t\t\t\t<div class=\"elementor-container elementor-column-gap-default\">\n\t\t\t\t\t<div class=\"elementor-column elementor-col-100 elementor-top-column elementor-element elementor-element-190aacb\" data-id=\"190aacb\" data-element_type=\"column\" data-e-type=\"column\">\n\t\t\t<div class=\"elementor-widget-wrap elementor-element-populated\">\n\t\t\t\t\t\t<div class=\"elementor-element elementor-element-c290602 elementor-widget elementor-widget-html\" data-id=\"c290602\" data-element_type=\"widget\" data-e-type=\"widget\" data-widget_type=\"html.default\">\n\t\t\t\t<div class=\"elementor-widget-container\">\n\t\t\t\t\t<!-- Se\u00e7\u00e3o de Hospedagem para Landing Page -->\n<section id=\"hospedagem\" class=\"hospedagem-section\">\n  <div class=\"hospedagem-container\">\n    <!-- Cabe\u00e7alho da Se\u00e7\u00e3o -->\n    <div class=\"hospedagem-header\">\n      <h2 class=\"hospedagem-title\">Hospedagem do Evento<\/h2>\n      <p class=\"hospedagem-subtitle\">\n        Aproveite nossa parceria exclusiva e garanta sua estadia com conforto e comodidade\n      <\/p>\n    <\/div>\n\n    <!-- Galeria de Imagens -->\n    <div class=\"hospedagem-gallery\">\n      <div class=\"gallery-item gallery-main\">\n        <img decoding=\"async\" src=\"https:\/\/lirp.cdn-website.com\/5e6934d5\/dms3rep\/multi\/opt\/DJI_0121-1920w.jpg\" alt=\"Vista a\u00e9rea do hotel\" loading=\"lazy\">\n      <\/div>\n      <div class=\"gallery-item\">\n        <img decoding=\"async\" src=\"https:\/\/lirp.cdn-website.com\/5e6934d5\/dms3rep\/multi\/opt\/BUONAVITTA_ESTRUT_0+31-1920w.jpg\" alt=\"Estrutura do hotel\" loading=\"lazy\">\n      <\/div>\n      <div class=\"gallery-item\">\n        <img decoding=\"async\" src=\"https:\/\/lirp.cdn-website.com\/5e6934d5\/dms3rep\/multi\/opt\/DSC01947-1920w.jpg\" alt=\"Instala\u00e7\u00f5es do hotel\" loading=\"lazy\">\n      <\/div>\n    <\/div>\n\n    <!-- Conte\u00fado e Cupom -->\n    <div class=\"hospedagem-content\">\n      <div class=\"hospedagem-info\">\n        <h3>Sobre a Hospedagem<\/h3>\n        <p>\n          Pensando em proporcionar a melhor experi\u00eancia para os participantes do curso, \n          firmamos parceria com um hotel de excel\u00eancia, oferecendo instala\u00e7\u00f5es modernas, \n          conforto e toda a infraestrutura necess\u00e1ria para sua estadia.\n        <\/p>\n        <ul class=\"hospedagem-features\">\n          <li><span class=\"check-icon\">\u2713<\/span> Localiza\u00e7\u00e3o privilegiada<\/li>\n          <li><span class=\"check-icon\">\u2713<\/span> Quartos confort\u00e1veis e modernos<\/li>\n          <li><span class=\"check-icon\">\u2713<\/span> Caf\u00e9 da manh\u00e3 incluso<\/li>\n          <li><span class=\"check-icon\">\u2713<\/span> Infraestrutura completa<\/li>\n        <\/ul>\n      <\/div>\n\n      <!-- Card do Cupom -->\n      <div class=\"cupom-card\">\n        <div class=\"cupom-badge\">DESCONTO EXCLUSIVO<\/div>\n        <h3>Use o cupom na sua reserva<\/h3>\n        <div class=\"cupom-code\">\n          <span class=\"cupom-text\">TMA<\/span>\n          <button class=\"cupom-copy\" onclick=\"copiarCupom()\" aria-label=\"Copiar cupom\">\n            <svg width=\"20\" height=\"20\" viewBox=\"0 0 24 24\" fill=\"none\" stroke=\"currentColor\" stroke-width=\"2\">\n              <rect x=\"9\" y=\"9\" width=\"13\" height=\"13\" rx=\"2\" ry=\"2\"><\/rect>\n              <path d=\"M5 15H4a2 2 0 0 1-2-2V4a2 2 0 0 1 2-2h9a2 2 0 0 1 2 2v1\"><\/path>\n            <\/svg>\n          <\/button>\n        <\/div>\n        <p class=\"cupom-info\">\n          Apresente este cupom ao fazer sua reserva e garanta condi\u00e7\u00f5es especiais\n        <\/p>\n        <a href=\"https:\/\/www.gramadoparkshoteis.com\/hoteis\/hotel-buona-vitta\" class=\"btn-reservar\">Fazer Reserva<\/a>\n      <\/div>\n    <\/div>\n  <\/div>\n<\/section>\n\n<style>\n\/* ========================================\n   Reset e Base\n   ======================================== *\/\n.hospedagem-section * {\n  margin: 0;\n  padding: 0;\n  box-sizing: border-box;\n}\n\n\/* ========================================\n   Se\u00e7\u00e3o Principal\n   ======================================== *\/\n.hospedagem-section {\n  padding: 80px 20px;\n  background: #FFFFFF;\n  position: relative;\n  overflow: hidden;\n  scroll-margin-top: 80px; \/* Para scroll suave com header fixo *\/\n}\n\n.hospedagem-container {\n  max-width: 1200px;\n  margin: 0 auto;\n  position: relative;\n  z-index: 1;\n}\n\n\/* ========================================\n   Cabe\u00e7alho\n   ======================================== *\/\n.hospedagem-header {\n  text-align: center;\n  margin-bottom: 50px;\n}\n\n.hospedagem-title {\n  font-size: clamp(2.00rem, 4vw, 2.25rem) !important;\n  font-weight: 700 !important;\n  color: #004764 !important;\n  margin-bottom: 15px !important;\n  line-height: 1.3 !important;\n  text-wrap: balance !important; \/* Evita vi\u00favas *\/\n}\n\n.hospedagem-subtitle {\n  font-size: clamp(0.95rem, 2vw, 1.1rem);\n  color: #004764;\n  max-width: 600px;\n  margin: 0 auto;\n  line-height: 1.6;\n  opacity: 0.85;\n  text-wrap: balance; \/* Evita vi\u00favas *\/\n}\n\n\/* ========================================\n   Galeria de Imagens\n   ======================================== *\/\n.hospedagem-gallery {\n  display: grid;\n  grid-template-columns: repeat(3, 1fr);\n  gap: 15px;\n  margin-bottom: 50px;\n}\n\n.gallery-item {\n  position: relative;\n  border-radius: 12px;\n  overflow: hidden;\n  box-shadow: 0 8px 20px rgba(0, 71, 100, 0.15);\n  transition: transform 0.3s ease, box-shadow 0.3s ease;\n  background: #f5f5f5;\n  aspect-ratio: 4\/3;\n}\n\n.gallery-item:hover {\n  transform: translateY(-3px);\n  box-shadow: 0 12px 30px rgba(0, 71, 100, 0.25);\n}\n\n.gallery-item img {\n  width: 100%;\n  height: 100%;\n  object-fit: cover;\n  display: block;\n  transition: transform 0.4s ease;\n}\n\n.gallery-item:hover img {\n  transform: scale(1.05);\n}\n\n\/* ========================================\n   Conte\u00fado\n   ======================================== *\/\n.hospedagem-content {\n  display: grid;\n  grid-template-columns: repeat(auto-fit, minmax(300px, 1fr));\n  gap: 40px;\n  align-items: start;\n}\n\n.hospedagem-info {\n  padding: 10px 0;\n}\n\n.hospedagem-info h3 {\n  font-size: clamp(1.35rem, 2.5vw, 1.65rem);\n  color: #004764;\n  margin-bottom: 20px;\n  font-weight: 700;\n  text-wrap: balance; \/* Evita vi\u00favas *\/\n}\n\n.hospedagem-info p {\n  font-size: clamp(0.95rem, 1.8vw, 1.05rem);\n  color: #004764;\n  line-height: 1.8;\n  margin-bottom: 25px;\n  opacity: 0.85;\n  text-wrap: pretty; \/* Melhor quebra de linha *\/\n  max-width: 65ch; \/* Limita largura para melhor leitura *\/\n}\n\n.hospedagem-features {\n  list-style: none;\n  padding: 0;\n  margin: 0;\n}\n\n.hospedagem-features li {\n  font-size: clamp(0.95rem, 1.8vw, 1.05rem);\n  color: #004764;\n  padding: 15px 0;\n  border-bottom: 1px solid rgba(0, 71, 100, 0.15);\n  display: flex;\n  align-items: center;\n  gap: 12px;\n}\n\n.hospedagem-features li:last-child {\n  border-bottom: none;\n}\n\n.check-icon {\n  color: #004764;\n  font-weight: bold;\n  font-size: 1.2em;\n  flex-shrink: 0;\n}\n\n\/* ========================================\n   Card do Cupom\n   ======================================== *\/\n.cupom-card {\n  background: linear-gradient(135deg, #004764 0%, #006491 100%);\n  padding: 35px 30px;\n  border-radius: 16px;\n  box-shadow: 0 15px 40px rgba(0, 71, 100, 0.3);\n  color: white;\n  text-align: center;\n  position: relative;\n  overflow: hidden;\n}\n\n.cupom-card::before {\n  content: '';\n  position: absolute;\n  top: -50%;\n  right: -50%;\n  width: 200%;\n  height: 200%;\n  background: radial-gradient(circle, rgba(255,255,255,0.08) 0%, transparent 70%);\n  animation: rotate 25s linear infinite;\n}\n\n@keyframes rotate {\n  from { transform: rotate(0deg); }\n  to { transform: rotate(360deg); }\n}\n\n.cupom-badge {\n  display: inline-block;\n  background: rgba(255, 255, 255, 0.25);\n  padding: 8px 18px;\n  border-radius: 20px;\n  font-size: clamp(0.75rem, 1.5vw, 0.85rem);\n  font-weight: 600;\n  letter-spacing: 1.5px;\n  margin-bottom: 18px;\n  backdrop-filter: blur(10px);\n  position: relative;\n}\n\n.cupom-card h3 {\n  font-size: clamp(1.1rem, 2.2vw, 1.35rem);\n  margin-bottom: 20px;\n  position: relative;\n  font-weight: 600;\n  text-wrap: balance; \/* Evita vi\u00favas *\/\n}\n\n.cupom-code {\n  display: flex;\n  align-items: center;\n  justify-content: center;\n  gap: 12px;\n  background: rgba(255, 255, 255, 0.98);\n  padding: 18px 25px;\n  border-radius: 12px;\n  margin: 20px 0;\n  position: relative;\n  flex-wrap: wrap;\n}\n\n.cupom-text {\n  font-size: clamp(1.8rem, 5vw, 2.5rem);\n  font-weight: 700;\n  color: #004764;\n  letter-spacing: clamp(4px, 1.5vw, 8px);\n  font-family: 'Courier New', monospace;\n  user-select: all;\n}\n\n.cupom-copy {\n  background: #004764;\n  border: none;\n  color: white;\n  min-width: 42px;\n  min-height: 42px;\n  border-radius: 8px;\n  display: flex;\n  align-items: center;\n  justify-content: center;\n  cursor: pointer;\n  transition: all 0.3s ease;\n  flex-shrink: 0;\n}\n\n.cupom-copy:hover {\n  background: #006491;\n  transform: scale(1.05);\n}\n\n.cupom-copy:active {\n  transform: scale(0.95);\n}\n\n.cupom-info {\n  font-size: clamp(0.875rem, 1.6vw, 0.9rem);\n  opacity: 0.95;\n  margin-bottom: 22px;\n  position: relative;\n  line-height: 1.5;\n  text-wrap: pretty; \/* Melhor quebra de linha *\/\n}\n\n.btn-reservar {\n  display: inline-block;\n  background: white;\n  color: #004764;\n  padding: 14px 35px;\n  border-radius: 30px;\n  font-weight: 600;\n  font-size: clamp(1rem, 2vw, 1.1rem);\n  text-decoration: none;\n  transition: all 0.3s ease;\n  box-shadow: 0 5px 15px rgba(0, 0, 0, 0.2);\n  position: relative;\n  cursor: pointer;\n}\n\n.btn-reservar:hover {\n  transform: translateY(-2px);\n  box-shadow: 0 8px 25px rgba(0, 0, 0, 0.25);\n  background: #FFFFFF;\n}\n\n.btn-reservar:active {\n  transform: translateY(0);\n}\n\n\/* ========================================\n   Responsivo - Tablet\n   ======================================== *\/\n@media (max-width: 968px) {\n  .hospedagem-section {\n    padding: 60px 20px;\n  }\n\n  .hospedagem-header {\n    margin-bottom: 40px;\n  }\n\n  .hospedagem-gallery {\n    grid-template-columns: repeat(2, 1fr);\n    gap: 12px;\n    margin-bottom: 40px;\n  }\n\n  \/* Terceira imagem ocupa as 2 colunas *\/\n  .gallery-item:nth-child(3) {\n    grid-column: 1 \/ 3;\n  }\n\n  .hospedagem-content {\n    gap: 35px;\n  }\n}\n\n\/* ========================================\n   Responsivo - Mobile\n   ======================================== *\/\n@media (max-width: 640px) {\n  .hospedagem-section {\n    padding: 50px 15px;\n  }\n\n  .hospedagem-header {\n    margin-bottom: 35px;\n  }\n\n  .hospedagem-gallery {\n    grid-template-columns: 1fr;\n    gap: 10px;\n    margin-bottom: 35px;\n  }\n\n  .gallery-item {\n    border-radius: 10px;\n  }\n\n  .gallery-item:nth-child(3) {\n    grid-column: 1;\n  }\n\n  .hospedagem-content {\n    grid-template-columns: 1fr;\n    gap: 30px;\n  }\n\n  .hospedagem-info {\n    padding: 0;\n  }\n\n  .hospedagem-features li {\n    padding: 12px 0;\n  }\n\n  .cupom-card {\n    padding: 28px 20px;\n    border-radius: 14px;\n  }\n\n  .cupom-code {\n    padding: 15px 20px;\n    gap: 10px;\n  }\n\n  .cupom-copy {\n    min-width: 38px;\n    min-height: 38px;\n  }\n\n  .btn-reservar {\n    padding: 13px 30px;\n    width: 100%;\n    max-width: 300px;\n  }\n}\n\n\/* ========================================\n   Mobile Extra Pequeno\n   ======================================== *\/\n@media (max-width: 380px) {\n  .hospedagem-section {\n    padding: 40px 12px;\n  }\n\n  .cupom-text {\n    font-size: 1.6rem;\n    letter-spacing: 3px;\n  }\n\n  .cupom-code {\n    flex-direction: column;\n    padding: 12px 15px;\n    gap: 8px;\n  }\n\n  .cupom-copy {\n    min-width: 100%;\n    padding: 10px;\n  }\n}\n\n\/* ========================================\n   Anima\u00e7\u00f5es e Melhorias de Performance\n   ======================================== *\/\n@media (prefers-reduced-motion: reduce) {\n  .hospedagem-section *,\n  .hospedagem-section *::before,\n  .hospedagem-section *::after {\n    animation-duration: 0.01ms !important;\n    animation-iteration-count: 1 !important;\n    transition-duration: 0.01ms !important;\n  }\n}\n\n\/* Touch devices - Aumentar \u00e1rea de toque *\/\n@media (hover: none) and (pointer: coarse) {\n  .cupom-copy {\n    min-width: 48px;\n    min-height: 48px;\n  }\n  \n  .btn-reservar {\n    min-height: 48px;\n    padding: 15px 35px;\n  }\n  \n  .gallery-item:hover {\n    transform: none;\n  }\n  \n  .gallery-item:hover img {\n    transform: none;\n  }\n}\n<\/style>\n\n<script>\n\/\/ Fun\u00e7\u00e3o para copiar o cupom\nfunction copiarCupom() {\n  const cupomTexto = 'TMA';\n  \n  \/\/ Cria um elemento tempor\u00e1rio para copiar o texto\n  const elementoTemp = document.createElement('textarea');\n  elementoTemp.value = cupomTexto;\n  elementoTemp.setAttribute('readonly', '');\n  elementoTemp.style.position = 'absolute';\n  elementoTemp.style.left = '-9999px';\n  document.body.appendChild(elementoTemp);\n  \n  \/\/ Seleciona e copia o texto\n  elementoTemp.select();\n  elementoTemp.setSelectionRange(0, 99999); \/\/ Para dispositivos m\u00f3veis\n  \n  try {\n    document.execCommand('copy');\n    \n    \/\/ Feedback visual\n    const botao = document.querySelector('.cupom-copy');\n    const textoOriginal = botao.innerHTML;\n    botao.innerHTML = '<span style=\"font-size: 12px;\">\u2713<\/span>';\n    \n    setTimeout(() => {\n      botao.innerHTML = textoOriginal;\n    }, 2000);\n    \n    \/\/ Alerta opcional\n    \/\/ alert('Cupom TMA copiado!');\n  } catch (err) {\n    console.error('Erro ao copiar:', err);\n  }\n  \n  \/\/ Remove o elemento tempor\u00e1rio\n  document.body.removeChild(elementoTemp);\n}\n\n\/\/ Scroll suave para a se\u00e7\u00e3o (caso necess\u00e1rio)\ndocument.addEventListener('DOMContentLoaded', function() {\n  const links = document.querySelectorAll('a[href=\"#hospedagem\"]');\n  \n  links.forEach(link => {\n    link.addEventListener('click', function(e) {\n      e.preventDefault();\n      const secao = document.getElementById('hospedagem');\n      if (secao) {\n        secao.scrollIntoView({ \n          behavior: 'smooth',\n          block: 'start'\n        });\n      }\n    });\n  });\n});\n<\/script>\t\t\t\t<\/div>\n\t\t\t\t<\/div>\n\t\t\t\t\t<\/div>\n\t\t<\/div>\n\t\t\t\t\t<\/div>\n\t\t<\/section>\n\t\t\t\t<section class=\"elementor-section elementor-top-section elementor-element elementor-element-70991344 elementor-section-boxed elementor-section-height-default elementor-section-height-default\" data-id=\"70991344\" data-element_type=\"section\" data-e-type=\"section\" data-settings=\"{&quot;background_background&quot;:&quot;classic&quot;}\">\n\t\t\t\t\t\t\t<div class=\"elementor-background-overlay\"><\/div>\n\t\t\t\t\t\t\t<div class=\"elementor-container elementor-column-gap-default\">\n\t\t\t\t\t<div class=\"elementor-column elementor-col-100 elementor-top-column elementor-element elementor-element-b44d54b\" data-id=\"b44d54b\" data-element_type=\"column\" data-e-type=\"column\">\n\t\t\t<div class=\"elementor-widget-wrap elementor-element-populated\">\n\t\t\t\t<div class=\"elementor-element elementor-element-122cdb6 e-flex e-con-boxed e-con e-parent\" data-id=\"122cdb6\" data-element_type=\"container\" data-e-type=\"container\">\n\t\t\t\t\t<div class=\"e-con-inner\">\n\t\t<div class=\"elementor-element elementor-element-7f008e9 e-con-full e-flex e-con e-child\" data-id=\"7f008e9\" data-element_type=\"container\" data-e-type=\"container\">\n\t\t\t\t<div class=\"elementor-element elementor-element-662ad3e elementor-widget__width-initial elementor-widget-mobile__width-auto elementor-widget elementor-widget-heading\" data-id=\"662ad3e\" data-element_type=\"widget\" data-e-type=\"widget\" data-widget_type=\"heading.default\">\n\t\t\t\t<div class=\"elementor-widget-container\">\n\t\t\t\t\t<h6 class=\"elementor-heading-title elementor-size-default\">quem somos<\/h6>\t\t\t\t<\/div>\n\t\t\t\t<\/div>\n\t\t\t\t<div class=\"elementor-element elementor-element-9398804 elementor-widget elementor-widget-heading\" data-id=\"9398804\" data-element_type=\"widget\" data-e-type=\"widget\" data-widget_type=\"heading.default\">\n\t\t\t\t<div class=\"elementor-widget-container\">\n\t\t\t\t\t<h3 class=\"elementor-heading-title elementor-size-default\">TMA BRASIL<\/h3>\t\t\t\t<\/div>\n\t\t\t\t<\/div>\n\t\t\t\t<div class=\"elementor-element elementor-element-e8bdbef elementor-absolute elementor-widget elementor-widget-heading\" data-id=\"e8bdbef\" data-element_type=\"widget\" data-e-type=\"widget\" data-settings=\"{&quot;_position&quot;:&quot;absolute&quot;}\" data-widget_type=\"heading.default\">\n\t\t\t\t<div class=\"elementor-widget-container\">\n\t\t\t\t\t<h3 class=\"elementor-heading-title elementor-size-default\">TMA<\/h3>\t\t\t\t<\/div>\n\t\t\t\t<\/div>\n\t\t\t\t<\/div>\n\t\t<div class=\"elementor-element elementor-element-4b2e368 e-con-full e-flex e-con e-child\" data-id=\"4b2e368\" data-element_type=\"container\" data-e-type=\"container\">\n\t\t\t\t<div class=\"elementor-element elementor-element-bc30019 elementor-widget elementor-widget-text-editor\" data-id=\"bc30019\" data-element_type=\"widget\" data-e-type=\"widget\" data-widget_type=\"text-editor.default\">\n\t\t\t\t<div class=\"elementor-widget-container\">\n\t\t\t\t\t\t\t\t\t<p>A TMA Brasil \u00e9 representante brasileira da Turnaround Management Association, a mais prestigiosa associa\u00e7\u00e3o mundial reunindo profissionais envolvidos com recupera\u00e7\u00e3o da performance e do valor em empresas e organiza\u00e7\u00f5es em geral.<\/p><p>Seus membros incluem administradores, gestores, investidores, financiadores, advogados, consultores, contabilistas, assessores, magistrados, administradores judiciais, professores, estudantes e todos os profissionais engajados na gera\u00e7\u00e3o de valor nos processos de reestrutura\u00e7\u00e3o, recupera\u00e7\u00e3o ou de liquida\u00e7\u00e3o de empresas.<\/p><p>Estes profissionais trabalham sob o c\u00f3digo de \u00e9tica da TMA e dedicam parte de seu tempo para desenvolver o tema da gest\u00e3o da reestrutura\u00e7\u00e3o e recupera\u00e7\u00e3o de empresas que passam por momentos de desafio operacional ou crise financeira. Promovem as melhores pr\u00e1ticas por meio de semin\u00e1rios e publica\u00e7\u00f5es, capacitando profissionais envolvidos com o turnaround management, e contribuindo para a evolu\u00e7\u00e3o da pr\u00e1tica nos aspectos de gest\u00e3o, financeiros e legislativos.<\/p><p>A credibilidade da TMA Brasil, reconhecida com o status de OSCIP no Brasil, se fundamenta em 25 anos de experi\u00eancia internacional, reunindo as melhores empresas e profissionais dedicados \u00e0 reestrutura\u00e7\u00e3o e recupera\u00e7\u00e3o de empresas.<\/p><p><a style=\"color: white; text-decoration: none;\" href=\"https:\/\/tmabrasil.org\" target=\"_blank\" rel=\"noopener\"><br \/>Para saber mais, acesse: www.tmabrasil.org<\/a><\/p>\t\t\t\t\t\t\t\t<\/div>\n\t\t\t\t<\/div>\n\t\t\t\t<\/div>\n\t\t\t\t\t<\/div>\n\t\t\t\t<\/div>\n\t\t\t\t\t<\/div>\n\t\t<\/div>\n\t\t\t\t\t<\/div>\n\t\t<\/section>\n\t\t\t\t<section class=\"elementor-section elementor-top-section elementor-element elementor-element-10076f8d elementor-section-boxed elementor-section-height-default elementor-section-height-default\" data-id=\"10076f8d\" data-element_type=\"section\" data-e-type=\"section\" data-settings=\"{&quot;background_background&quot;:&quot;classic&quot;}\">\n\t\t\t\t\t\t<div class=\"elementor-container elementor-column-gap-default\">\n\t\t\t\t\t<div class=\"elementor-column elementor-col-100 elementor-top-column elementor-element elementor-element-1ddd9f6e\" data-id=\"1ddd9f6e\" data-element_type=\"column\" data-e-type=\"column\">\n\t\t\t<div class=\"elementor-widget-wrap elementor-element-populated\">\n\t\t\t\t\t\t<section class=\"elementor-section elementor-inner-section elementor-element elementor-element-78313feb elementor-section-boxed elementor-section-height-default elementor-section-height-default elementor-invisible\" data-id=\"78313feb\" data-element_type=\"section\" data-e-type=\"section\" id=\"palestrantes\" data-settings=\"{&quot;animation&quot;:&quot;fadeInUp&quot;}\">\n\t\t\t\t\t\t<div class=\"elementor-container elementor-column-gap-default\">\n\t\t\t\t\t<div class=\"elementor-column elementor-col-100 elementor-inner-column elementor-element elementor-element-6701211\" data-id=\"6701211\" data-element_type=\"column\" data-e-type=\"column\">\n\t\t\t<div class=\"elementor-widget-wrap elementor-element-populated\">\n\t\t\t\t\t\t<div class=\"elementor-element elementor-element-954f62a elementor-widget__width-auto elementor-widget-mobile__width-auto elementor-widget elementor-widget-heading\" data-id=\"954f62a\" data-element_type=\"widget\" data-e-type=\"widget\" data-widget_type=\"heading.default\">\n\t\t\t\t<div class=\"elementor-widget-container\">\n\t\t\t\t\t<h6 class=\"elementor-heading-title elementor-size-default\">Speakers<\/h6>\t\t\t\t<\/div>\n\t\t\t\t<\/div>\n\t\t\t\t<div class=\"elementor-element elementor-element-122db4da elementor-widget elementor-widget-heading\" data-id=\"122db4da\" data-element_type=\"widget\" data-e-type=\"widget\" data-widget_type=\"heading.default\">\n\t\t\t\t<div class=\"elementor-widget-container\">\n\t\t\t\t\t<h3 class=\"elementor-heading-title elementor-size-default\">Palestrantes<\/h3>\t\t\t\t<\/div>\n\t\t\t\t<\/div>\n\t\t\t\t\t<\/div>\n\t\t<\/div>\n\t\t\t\t\t<\/div>\n\t\t<\/section>\n\t\t\t\t<section class=\"elementor-section elementor-inner-section elementor-element elementor-element-7d8845d elementor-section-boxed elementor-section-height-default elementor-section-height-default elementor-invisible\" data-id=\"7d8845d\" data-element_type=\"section\" data-e-type=\"section\" data-settings=\"{&quot;animation&quot;:&quot;fadeInUp&quot;}\">\n\t\t\t\t\t\t<div class=\"elementor-container elementor-column-gap-default\">\n\t\t\t\t\t<div class=\"elementor-column elementor-col-50 elementor-inner-column elementor-element elementor-element-6f807c4\" data-id=\"6f807c4\" data-element_type=\"column\" data-e-type=\"column\">\n\t\t\t<div class=\"elementor-widget-wrap elementor-element-populated\">\n\t\t\t\t\t\t<div class=\"elementor-element elementor-element-b24d194 elementor-widget elementor-widget-image\" data-id=\"b24d194\" data-element_type=\"widget\" data-e-type=\"widget\" data-widget_type=\"image.default\">\n\t\t\t\t<div class=\"elementor-widget-container\">\n\t\t\t\t\t\t\t\t\t\t\t\t\t\t\t<img loading=\"lazy\" decoding=\"async\" width=\"300\" height=\"448\" src=\"https:\/\/tmabrasil.org\/evento\/wp-content\/uploads\/2025\/11\/Adriana-Oliveira.png\" class=\"elementor-animation-float attachment-full size-full wp-image-5596\" alt=\"\" srcset=\"https:\/\/tmabrasil.org\/evento\/wp-content\/uploads\/2025\/11\/Adriana-Oliveira.png 300w, https:\/\/tmabrasil.org\/evento\/wp-content\/uploads\/2025\/11\/Adriana-Oliveira-201x300.png 201w\" sizes=\"(max-width: 300px) 100vw, 300px\" \/>\t\t\t\t\t\t\t\t\t\t\t\t\t\t\t<\/div>\n\t\t\t\t<\/div>\n\t\t\t\t\t<\/div>\n\t\t<\/div>\n\t\t\t\t<div class=\"elementor-column elementor-col-50 elementor-inner-column elementor-element elementor-element-5868ed0\" data-id=\"5868ed0\" data-element_type=\"column\" data-e-type=\"column\">\n\t\t\t<div class=\"elementor-widget-wrap elementor-element-populated\">\n\t\t\t\t\t\t<div class=\"elementor-element elementor-element-fa87002 elementor-widget elementor-widget-heading\" data-id=\"fa87002\" data-element_type=\"widget\" data-e-type=\"widget\" data-widget_type=\"heading.default\">\n\t\t\t\t<div class=\"elementor-widget-container\">\n\t\t\t\t\t<h4 class=\"elementor-heading-title elementor-size-default\">Adriana Dias de Oliveira<\/h4>\t\t\t\t<\/div>\n\t\t\t\t<\/div>\n\t\t\t\t<div class=\"elementor-element elementor-element-2c0c231 elementor-widget elementor-widget-heading\" data-id=\"2c0c231\" data-element_type=\"widget\" data-e-type=\"widget\" data-widget_type=\"heading.default\">\n\t\t\t\t<div class=\"elementor-widget-container\">\n\t\t\t\t\t<span class=\"elementor-heading-title elementor-size-default\">S\u00f3cia, TWK Advogados<\/span>\t\t\t\t<\/div>\n\t\t\t\t<\/div>\n\t\t\t\t<div class=\"elementor-element elementor-element-92900e8 elementor-widget elementor-widget-text-editor\" data-id=\"92900e8\" data-element_type=\"widget\" data-e-type=\"widget\" data-widget_type=\"text-editor.default\">\n\t\t\t\t<div class=\"elementor-widget-container\">\n\t\t\t\t\t\t\t\t\t<p><span style=\"font-weight: 400;\">Sua atua\u00e7\u00e3o tem foco em causas que envolvam situa\u00e7\u00f5es de insolv\u00eancia, incluindo recupera\u00e7\u00f5es judiciais, fal\u00eancias, recupera\u00e7\u00f5es extrajudiciais, reestrutura\u00e7\u00e3o de d\u00edvida, bem como aquisi\u00e7\u00e3o e venda de ativos relacionados a empresas em crise. Atuou nas mais relevantes recupera\u00e7\u00f5es judiciais no Brasil, representando clientes em diversas posi\u00e7\u00f5es jur\u00eddicas, como credores, devedores, administrador judicial, investidor e agente fiduci\u00e1rio. Adriana tem s\u00f3lida experi\u00eancia em lit\u00edgios judiciais e administrativos, com atua\u00e7\u00e3o em causas envolvendo contratos de financiamento, derivativos, c\u00e2mbio, leasing, corretagem e fundos de investimento.<\/span><span style=\"font-weight: 400;\"><br \/><\/span><span style=\"font-weight: 400;\"><br \/><\/span><span style=\"font-weight: 400;\">Graduou-se em Direito na Universidade de S\u00e3o Paulo (2004), mesma institui\u00e7\u00e3o na qual obteve seu t\u00edtulo de mestre em Direito Comercial (2018). P\u00f3s-graduada em Direito dos Contratos pela Escola de Direito da Funda\u00e7\u00e3o Get\u00falio Vargas de S\u00e3o Paulo (2008) e em Business Economics pela Escola de Economia da mesma institui\u00e7\u00e3o (2010). Possui LL.M. (2012) e p\u00f3s-gradua\u00e7\u00e3o (2016) pela University of New York School of Law.<\/span><span style=\"font-weight: 400;\"><br \/><\/span><span style=\"font-weight: 400;\"><br \/><\/span><span style=\"font-weight: 400;\">Advogada inscrita na Seccional de S\u00e3o Paulo da Ordem dos Advogados do Brasil e no New York Bar, Second Department. Conselheira membro do Conselho de Administra\u00e7\u00e3o do cap\u00edtulo brasileiro do TMA (Turnaround Management Association).<\/span><\/p>\t\t\t\t\t\t\t\t<\/div>\n\t\t\t\t<\/div>\n\t\t\t\t\t<\/div>\n\t\t<\/div>\n\t\t\t\t\t<\/div>\n\t\t<\/section>\n\t\t\t\t<section class=\"elementor-section elementor-inner-section elementor-element elementor-element-d4aaa44 elementor-section-boxed elementor-section-height-default elementor-section-height-default elementor-invisible\" data-id=\"d4aaa44\" data-element_type=\"section\" data-e-type=\"section\" data-settings=\"{&quot;animation&quot;:&quot;fadeInUp&quot;}\">\n\t\t\t\t\t\t<div class=\"elementor-container elementor-column-gap-default\">\n\t\t\t\t\t<div class=\"elementor-column elementor-col-50 elementor-inner-column elementor-element elementor-element-3395bab\" data-id=\"3395bab\" data-element_type=\"column\" data-e-type=\"column\">\n\t\t\t<div class=\"elementor-widget-wrap elementor-element-populated\">\n\t\t\t\t\t\t<div class=\"elementor-element elementor-element-3b1525b elementor-widget elementor-widget-image\" data-id=\"3b1525b\" data-element_type=\"widget\" data-e-type=\"widget\" data-widget_type=\"image.default\">\n\t\t\t\t<div class=\"elementor-widget-container\">\n\t\t\t\t\t\t\t\t\t\t\t\t\t\t\t<img loading=\"lazy\" decoding=\"async\" width=\"1707\" height=\"2560\" src=\"https:\/\/tmabrasil.org\/evento\/wp-content\/uploads\/2025\/11\/Angela-Bonotto-Paim-Socia-da-RMartins-Advogados-scaled.jpg\" class=\"elementor-animation-float attachment-full size-full wp-image-5597\" alt=\"\" srcset=\"https:\/\/tmabrasil.org\/evento\/wp-content\/uploads\/2025\/11\/Angela-Bonotto-Paim-Socia-da-RMartins-Advogados-scaled.jpg 1707w, https:\/\/tmabrasil.org\/evento\/wp-content\/uploads\/2025\/11\/Angela-Bonotto-Paim-Socia-da-RMartins-Advogados-200x300.jpg 200w, https:\/\/tmabrasil.org\/evento\/wp-content\/uploads\/2025\/11\/Angela-Bonotto-Paim-Socia-da-RMartins-Advogados-683x1024.jpg 683w, https:\/\/tmabrasil.org\/evento\/wp-content\/uploads\/2025\/11\/Angela-Bonotto-Paim-Socia-da-RMartins-Advogados-768x1152.jpg 768w, https:\/\/tmabrasil.org\/evento\/wp-content\/uploads\/2025\/11\/Angela-Bonotto-Paim-Socia-da-RMartins-Advogados-1024x1536.jpg 1024w, https:\/\/tmabrasil.org\/evento\/wp-content\/uploads\/2025\/11\/Angela-Bonotto-Paim-Socia-da-RMartins-Advogados-1365x2048.jpg 1365w\" sizes=\"(max-width: 1707px) 100vw, 1707px\" \/>\t\t\t\t\t\t\t\t\t\t\t\t\t\t\t<\/div>\n\t\t\t\t<\/div>\n\t\t\t\t\t<\/div>\n\t\t<\/div>\n\t\t\t\t<div class=\"elementor-column elementor-col-50 elementor-inner-column elementor-element elementor-element-93d1bb3\" data-id=\"93d1bb3\" data-element_type=\"column\" data-e-type=\"column\">\n\t\t\t<div class=\"elementor-widget-wrap elementor-element-populated\">\n\t\t\t\t\t\t<div class=\"elementor-element elementor-element-23de271 elementor-widget elementor-widget-heading\" data-id=\"23de271\" data-element_type=\"widget\" data-e-type=\"widget\" data-widget_type=\"heading.default\">\n\t\t\t\t<div class=\"elementor-widget-container\">\n\t\t\t\t\t<h4 class=\"elementor-heading-title elementor-size-default\">Angela Bonotto Paim<\/h4>\t\t\t\t<\/div>\n\t\t\t\t<\/div>\n\t\t\t\t<div class=\"elementor-element elementor-element-f552068 elementor-widget elementor-widget-heading\" data-id=\"f552068\" data-element_type=\"widget\" data-e-type=\"widget\" data-widget_type=\"heading.default\">\n\t\t\t\t<div class=\"elementor-widget-container\">\n\t\t\t\t\t<span class=\"elementor-heading-title elementor-size-default\">S\u00f3cia da Tarvos Partners<\/span>\t\t\t\t<\/div>\n\t\t\t\t<\/div>\n\t\t\t\t<div class=\"elementor-element elementor-element-8f985cb elementor-widget elementor-widget-text-editor\" data-id=\"8f985cb\" data-element_type=\"widget\" data-e-type=\"widget\" data-widget_type=\"text-editor.default\">\n\t\t\t\t<div class=\"elementor-widget-container\">\n\t\t\t\t\t\t\t\t\t<p>Advogada. Especialista em Direito Empresarial (PUCRS). P\u00f3s-MBA em Negocia\u00e7\u00e3o (UNISINOS). S\u00f3cia Tarvos\u00a0Partners.<\/p>\t\t\t\t\t\t\t\t<\/div>\n\t\t\t\t<\/div>\n\t\t\t\t\t<\/div>\n\t\t<\/div>\n\t\t\t\t\t<\/div>\n\t\t<\/section>\n\t\t\t\t<section class=\"elementor-section elementor-inner-section elementor-element elementor-element-f543aa9 elementor-section-boxed elementor-section-height-default elementor-section-height-default elementor-invisible\" data-id=\"f543aa9\" data-element_type=\"section\" data-e-type=\"section\" data-settings=\"{&quot;animation&quot;:&quot;fadeInUp&quot;}\">\n\t\t\t\t\t\t<div class=\"elementor-container elementor-column-gap-default\">\n\t\t\t\t\t<div class=\"elementor-column elementor-col-50 elementor-inner-column elementor-element elementor-element-684c71e\" data-id=\"684c71e\" data-element_type=\"column\" data-e-type=\"column\">\n\t\t\t<div class=\"elementor-widget-wrap elementor-element-populated\">\n\t\t\t\t\t\t<div class=\"elementor-element elementor-element-c5f362b elementor-widget elementor-widget-image\" data-id=\"c5f362b\" data-element_type=\"widget\" data-e-type=\"widget\" data-widget_type=\"image.default\">\n\t\t\t\t<div class=\"elementor-widget-container\">\n\t\t\t\t\t\t\t\t\t\t\t\t\t\t\t<img loading=\"lazy\" decoding=\"async\" width=\"500\" height=\"500\" src=\"https:\/\/tmabrasil.org\/evento\/wp-content\/uploads\/2025\/11\/Clara-Azzoni-Socia-Felsberg-Advogados.png\" class=\"elementor-animation-float attachment-full size-full wp-image-5598\" alt=\"\" srcset=\"https:\/\/tmabrasil.org\/evento\/wp-content\/uploads\/2025\/11\/Clara-Azzoni-Socia-Felsberg-Advogados.png 500w, https:\/\/tmabrasil.org\/evento\/wp-content\/uploads\/2025\/11\/Clara-Azzoni-Socia-Felsberg-Advogados-300x300.png 300w, https:\/\/tmabrasil.org\/evento\/wp-content\/uploads\/2025\/11\/Clara-Azzoni-Socia-Felsberg-Advogados-150x150.png 150w\" sizes=\"(max-width: 500px) 100vw, 500px\" \/>\t\t\t\t\t\t\t\t\t\t\t\t\t\t\t<\/div>\n\t\t\t\t<\/div>\n\t\t\t\t\t<\/div>\n\t\t<\/div>\n\t\t\t\t<div class=\"elementor-column elementor-col-50 elementor-inner-column elementor-element elementor-element-f01cf6b\" data-id=\"f01cf6b\" data-element_type=\"column\" data-e-type=\"column\">\n\t\t\t<div class=\"elementor-widget-wrap elementor-element-populated\">\n\t\t\t\t\t\t<div class=\"elementor-element elementor-element-3bfba41 elementor-widget elementor-widget-heading\" data-id=\"3bfba41\" data-element_type=\"widget\" data-e-type=\"widget\" data-widget_type=\"heading.default\">\n\t\t\t\t<div class=\"elementor-widget-container\">\n\t\t\t\t\t<h4 class=\"elementor-heading-title elementor-size-default\">Clara Azzoni<\/h4>\t\t\t\t<\/div>\n\t\t\t\t<\/div>\n\t\t\t\t<div class=\"elementor-element elementor-element-89e54c8 elementor-widget elementor-widget-heading\" data-id=\"89e54c8\" data-element_type=\"widget\" data-e-type=\"widget\" data-widget_type=\"heading.default\">\n\t\t\t\t<div class=\"elementor-widget-container\">\n\t\t\t\t\t<span class=\"elementor-heading-title elementor-size-default\">S\u00f3cia, Felsberg Advogados<\/span>\t\t\t\t<\/div>\n\t\t\t\t<\/div>\n\t\t\t\t<div class=\"elementor-element elementor-element-0668bf8 elementor-widget elementor-widget-text-editor\" data-id=\"0668bf8\" data-element_type=\"widget\" data-e-type=\"widget\" data-widget_type=\"text-editor.default\">\n\t\t\t\t<div class=\"elementor-widget-container\">\n\t\t\t\t\t\t\t\t\t<p><span style=\"font-weight: 400;\">S\u00f3cia do Departamento de Reestrutura\u00e7\u00e3o e Insolv\u00eancia,\u00a0Clara possui ampla experi\u00eancia na presta\u00e7\u00e3o de assessoria jur\u00eddica a credores, devedores e investidores em recupera\u00e7\u00f5es judiciais e extrajudiciais, liquida\u00e7\u00f5es por fal\u00eancia e assuntos relacionados \u00e0 insolv\u00eancia. Participou dos casos mais relevantes de insolv\u00eancia do pa\u00eds desde a entrada em vigor da lei 11.101\/05, alguns deles vencedores ou finalistas do pr\u00eamio\u00a0<\/span><i><span style=\"font-weight: 400;\">Deal of the Year<\/span><\/i><span style=\"font-weight: 400;\">\u00a0da publica\u00e7\u00e3o\u00a0<\/span><i><span style=\"font-weight: 400;\">Latin Lawyer<\/span><\/i><span style=\"font-weight: 400;\">. Clara \u00e9 reconhecida como\u00a0<\/span><i><span style=\"font-weight: 400;\">Up and Coming<\/span><\/i><span style=\"font-weight: 400;\">\u00a0pela\u00a0<\/span><i><span style=\"font-weight: 400;\">Chambers<\/span><\/i><span style=\"font-weight: 400;\">\u00a0e como\u00a0<\/span><i><span style=\"font-weight: 400;\">Next Generation Partner<\/span><\/i><span style=\"font-weight: 400;\">\u00a0pela\u00a0<\/span><i><span style=\"font-weight: 400;\">The Legal 500<\/span><\/i><span style=\"font-weight: 400;\">, e tamb\u00e9m \u00e9 reconhecida pela\u00a0<\/span><i><span style=\"font-weight: 400;\">Leaders League<\/span><\/i><span style=\"font-weight: 400;\">.<\/span><\/p>\t\t\t\t\t\t\t\t<\/div>\n\t\t\t\t<\/div>\n\t\t\t\t\t<\/div>\n\t\t<\/div>\n\t\t\t\t\t<\/div>\n\t\t<\/section>\n\t\t\t\t<section class=\"elementor-section elementor-inner-section elementor-element elementor-element-5076edc elementor-section-boxed elementor-section-height-default elementor-section-height-default elementor-invisible\" data-id=\"5076edc\" data-element_type=\"section\" data-e-type=\"section\" data-settings=\"{&quot;animation&quot;:&quot;fadeInUp&quot;}\">\n\t\t\t\t\t\t<div class=\"elementor-container elementor-column-gap-default\">\n\t\t\t\t\t<div class=\"elementor-column elementor-col-50 elementor-inner-column elementor-element elementor-element-a468561\" data-id=\"a468561\" data-element_type=\"column\" data-e-type=\"column\">\n\t\t\t<div class=\"elementor-widget-wrap elementor-element-populated\">\n\t\t\t\t\t\t<div class=\"elementor-element elementor-element-33f0c38 elementor-widget elementor-widget-image\" data-id=\"33f0c38\" data-element_type=\"widget\" data-e-type=\"widget\" data-widget_type=\"image.default\">\n\t\t\t\t<div class=\"elementor-widget-container\">\n\t\t\t\t\t\t\t\t\t\t\t\t\t\t\t<img loading=\"lazy\" decoding=\"async\" width=\"408\" height=\"553\" src=\"https:\/\/tmabrasil.org\/evento\/wp-content\/uploads\/2025\/11\/Cleverson-Colombo-Socio-Diretor-Valor-Consultores.png\" class=\"elementor-animation-float attachment-full size-full wp-image-5612\" alt=\"\" srcset=\"https:\/\/tmabrasil.org\/evento\/wp-content\/uploads\/2025\/11\/Cleverson-Colombo-Socio-Diretor-Valor-Consultores.png 408w, https:\/\/tmabrasil.org\/evento\/wp-content\/uploads\/2025\/11\/Cleverson-Colombo-Socio-Diretor-Valor-Consultores-221x300.png 221w\" sizes=\"(max-width: 408px) 100vw, 408px\" \/>\t\t\t\t\t\t\t\t\t\t\t\t\t\t\t<\/div>\n\t\t\t\t<\/div>\n\t\t\t\t\t<\/div>\n\t\t<\/div>\n\t\t\t\t<div class=\"elementor-column elementor-col-50 elementor-inner-column elementor-element elementor-element-f35b18c\" data-id=\"f35b18c\" data-element_type=\"column\" data-e-type=\"column\">\n\t\t\t<div class=\"elementor-widget-wrap elementor-element-populated\">\n\t\t\t\t\t\t<div class=\"elementor-element elementor-element-45ec970 elementor-widget elementor-widget-heading\" data-id=\"45ec970\" data-element_type=\"widget\" data-e-type=\"widget\" data-widget_type=\"heading.default\">\n\t\t\t\t<div class=\"elementor-widget-container\">\n\t\t\t\t\t<h4 class=\"elementor-heading-title elementor-size-default\">Cleverson Colombo<\/h4>\t\t\t\t<\/div>\n\t\t\t\t<\/div>\n\t\t\t\t<div class=\"elementor-element elementor-element-ead5ceb elementor-widget elementor-widget-heading\" data-id=\"ead5ceb\" data-element_type=\"widget\" data-e-type=\"widget\" data-widget_type=\"heading.default\">\n\t\t\t\t<div class=\"elementor-widget-container\">\n\t\t\t\t\t<span class=\"elementor-heading-title elementor-size-default\">S\u00f3cio-Diretor, Valor Consultores<\/span>\t\t\t\t<\/div>\n\t\t\t\t<\/div>\n\t\t\t\t<div class=\"elementor-element elementor-element-cbcac4c elementor-widget elementor-widget-text-editor\" data-id=\"cbcac4c\" data-element_type=\"widget\" data-e-type=\"widget\" data-widget_type=\"text-editor.default\">\n\t\t\t\t<div class=\"elementor-widget-container\">\n\t\t\t\t\t\t\t\t\t<p><span style=\"font-weight: 400;\">Advogado (OAB\/PR n. 27.401)\u00a0<\/span><span style=\"font-weight: 400;\"><br \/><\/span><span style=\"font-weight: 400;\">Profissional respons\u00e1vel pela condu\u00e7\u00e3o dos processos no Estado do Paran\u00e1\u00a0<\/span><span style=\"font-weight: 400;\"><br \/><\/span><span style=\"font-weight: 400;\">Atua\u00e7\u00e3o na \u00e1rea empresarial, comercial e tribut\u00e1ria\u00a0<\/span><span style=\"font-weight: 400;\"><br \/><\/span><span style=\"font-weight: 400;\">Bacharel em Direito pela UEM &#8211; 1994\/1998\u00a0<\/span><span style=\"font-weight: 400;\"><br \/><\/span><span style=\"font-weight: 400;\">Especializa\u00e7\u00e3o em Direito Tribut\u00e1rio pelo IDAP\/CESUMAR\/OAB &#8211; 2005\u00a0<\/span><span style=\"font-weight: 400;\"><br \/><\/span><span style=\"font-weight: 400;\">Curso de Administrac\u0327a\u0303o Judicial &#8211; TMA Brasil &#8211; Turnaround Management Association &#8211; 2016\u00a0<\/span><span style=\"font-weight: 400;\"><br \/><\/span><span style=\"font-weight: 400;\">Curso de Capacita\u00e7\u00e3o para Administrador Judicial &#8211; EMAP\/IBAJUD &#8211; 2017<\/span><span style=\"font-weight: 400;\"><br \/><\/span><span style=\"font-weight: 400;\">Curso de Administra\u00e7\u00e3o Judicial &#8211; TMA Brasil &#8211; Turnaround Management Association \u2013 2019<\/span><span style=\"font-weight: 400;\"><br \/><\/span><span style=\"font-weight: 400;\">Vice-presidente da Comiss\u00e3o de Recupera\u00e7\u00e3o de Empresas e Fal\u00eancia da OAB\/Maring\u00e1<\/span><\/p>\t\t\t\t\t\t\t\t<\/div>\n\t\t\t\t<\/div>\n\t\t\t\t\t<\/div>\n\t\t<\/div>\n\t\t\t\t\t<\/div>\n\t\t<\/section>\n\t\t\t\t<section class=\"elementor-section elementor-inner-section elementor-element elementor-element-33e6358 elementor-section-boxed elementor-section-height-default elementor-section-height-default elementor-invisible\" data-id=\"33e6358\" data-element_type=\"section\" data-e-type=\"section\" data-settings=\"{&quot;animation&quot;:&quot;fadeInUp&quot;}\">\n\t\t\t\t\t\t<div class=\"elementor-container elementor-column-gap-default\">\n\t\t\t\t\t<div class=\"elementor-column elementor-col-50 elementor-inner-column elementor-element elementor-element-af4e29c\" data-id=\"af4e29c\" data-element_type=\"column\" data-e-type=\"column\">\n\t\t\t<div class=\"elementor-widget-wrap elementor-element-populated\">\n\t\t\t\t\t\t<div class=\"elementor-element elementor-element-87f9c63 elementor-widget elementor-widget-image\" data-id=\"87f9c63\" data-element_type=\"widget\" data-e-type=\"widget\" data-widget_type=\"image.default\">\n\t\t\t\t<div class=\"elementor-widget-container\">\n\t\t\t\t\t\t\t\t\t\t\t\t\t\t\t<img loading=\"lazy\" decoding=\"async\" width=\"854\" height=\"1280\" src=\"https:\/\/tmabrasil.org\/evento\/wp-content\/uploads\/2025\/11\/Daniela-Fabro-Socia-Scalzilli-Administracao-Judicial.jpeg\" class=\"elementor-animation-float attachment-full size-full wp-image-5599\" alt=\"\" srcset=\"https:\/\/tmabrasil.org\/evento\/wp-content\/uploads\/2025\/11\/Daniela-Fabro-Socia-Scalzilli-Administracao-Judicial.jpeg 854w, https:\/\/tmabrasil.org\/evento\/wp-content\/uploads\/2025\/11\/Daniela-Fabro-Socia-Scalzilli-Administracao-Judicial-200x300.jpeg 200w, https:\/\/tmabrasil.org\/evento\/wp-content\/uploads\/2025\/11\/Daniela-Fabro-Socia-Scalzilli-Administracao-Judicial-683x1024.jpeg 683w, https:\/\/tmabrasil.org\/evento\/wp-content\/uploads\/2025\/11\/Daniela-Fabro-Socia-Scalzilli-Administracao-Judicial-768x1151.jpeg 768w\" sizes=\"(max-width: 854px) 100vw, 854px\" \/>\t\t\t\t\t\t\t\t\t\t\t\t\t\t\t<\/div>\n\t\t\t\t<\/div>\n\t\t\t\t\t<\/div>\n\t\t<\/div>\n\t\t\t\t<div class=\"elementor-column elementor-col-50 elementor-inner-column elementor-element elementor-element-f23e33b\" data-id=\"f23e33b\" data-element_type=\"column\" data-e-type=\"column\">\n\t\t\t<div class=\"elementor-widget-wrap elementor-element-populated\">\n\t\t\t\t\t\t<div class=\"elementor-element elementor-element-62ec422 elementor-widget elementor-widget-heading\" data-id=\"62ec422\" data-element_type=\"widget\" data-e-type=\"widget\" data-widget_type=\"heading.default\">\n\t\t\t\t<div class=\"elementor-widget-container\">\n\t\t\t\t\t<h4 class=\"elementor-heading-title elementor-size-default\">Daniela Fabro<\/h4>\t\t\t\t<\/div>\n\t\t\t\t<\/div>\n\t\t\t\t<div class=\"elementor-element elementor-element-bdb14e5 elementor-widget elementor-widget-heading\" data-id=\"bdb14e5\" data-element_type=\"widget\" data-e-type=\"widget\" data-widget_type=\"heading.default\">\n\t\t\t\t<div class=\"elementor-widget-container\">\n\t\t\t\t\t<span class=\"elementor-heading-title elementor-size-default\">S\u00f3cia Scalzilli Administra\u00e7\u00e3o Judicial<\/span>\t\t\t\t<\/div>\n\t\t\t\t<\/div>\n\t\t\t\t<div class=\"elementor-element elementor-element-08898da elementor-widget elementor-widget-text-editor\" data-id=\"08898da\" data-element_type=\"widget\" data-e-type=\"widget\" data-widget_type=\"text-editor.default\">\n\t\t\t\t<div class=\"elementor-widget-container\">\n\t\t\t\t\t\t\t\t\t<p><span style=\"font-weight: 400;\">Mestre em Processo Civil pela UFGRS, Especialista em Direito Empresarial pela PUCRS, advogada e administradora judicial.\u00a0<\/span><\/p>\t\t\t\t\t\t\t\t<\/div>\n\t\t\t\t<\/div>\n\t\t\t\t\t<\/div>\n\t\t<\/div>\n\t\t\t\t\t<\/div>\n\t\t<\/section>\n\t\t\t\t<section class=\"elementor-section elementor-inner-section elementor-element elementor-element-751f101 elementor-section-boxed elementor-section-height-default elementor-section-height-default elementor-invisible\" data-id=\"751f101\" data-element_type=\"section\" data-e-type=\"section\" data-settings=\"{&quot;animation&quot;:&quot;fadeInUp&quot;}\">\n\t\t\t\t\t\t<div class=\"elementor-container elementor-column-gap-default\">\n\t\t\t\t\t<div class=\"elementor-column elementor-col-50 elementor-inner-column elementor-element elementor-element-44baaf2\" data-id=\"44baaf2\" data-element_type=\"column\" data-e-type=\"column\">\n\t\t\t<div class=\"elementor-widget-wrap elementor-element-populated\">\n\t\t\t\t\t\t<div class=\"elementor-element elementor-element-c8f23ff elementor-widget elementor-widget-image\" data-id=\"c8f23ff\" data-element_type=\"widget\" data-e-type=\"widget\" data-widget_type=\"image.default\">\n\t\t\t\t<div class=\"elementor-widget-container\">\n\t\t\t\t\t\t\t\t\t\t\t\t\t\t\t<img loading=\"lazy\" decoding=\"async\" width=\"400\" height=\"400\" src=\"https:\/\/tmabrasil.org\/evento\/wp-content\/uploads\/2025\/11\/Dr.-Andre-Dal-Soglio-Coelho-Juiz-de-Direito-da-Vara-Regional-Empresarial-de-Caxias-do-Sul.jpg\" class=\"elementor-animation-float attachment-full size-full wp-image-5671\" alt=\"\" srcset=\"https:\/\/tmabrasil.org\/evento\/wp-content\/uploads\/2025\/11\/Dr.-Andre-Dal-Soglio-Coelho-Juiz-de-Direito-da-Vara-Regional-Empresarial-de-Caxias-do-Sul.jpg 400w, https:\/\/tmabrasil.org\/evento\/wp-content\/uploads\/2025\/11\/Dr.-Andre-Dal-Soglio-Coelho-Juiz-de-Direito-da-Vara-Regional-Empresarial-de-Caxias-do-Sul-300x300.jpg 300w, https:\/\/tmabrasil.org\/evento\/wp-content\/uploads\/2025\/11\/Dr.-Andre-Dal-Soglio-Coelho-Juiz-de-Direito-da-Vara-Regional-Empresarial-de-Caxias-do-Sul-150x150.jpg 150w\" sizes=\"(max-width: 400px) 100vw, 400px\" \/>\t\t\t\t\t\t\t\t\t\t\t\t\t\t\t<\/div>\n\t\t\t\t<\/div>\n\t\t\t\t\t<\/div>\n\t\t<\/div>\n\t\t\t\t<div class=\"elementor-column elementor-col-50 elementor-inner-column elementor-element elementor-element-7a83e9e\" data-id=\"7a83e9e\" data-element_type=\"column\" data-e-type=\"column\">\n\t\t\t<div class=\"elementor-widget-wrap elementor-element-populated\">\n\t\t\t\t\t\t<div class=\"elementor-element elementor-element-0d615b7 elementor-widget elementor-widget-heading\" data-id=\"0d615b7\" data-element_type=\"widget\" data-e-type=\"widget\" data-widget_type=\"heading.default\">\n\t\t\t\t<div class=\"elementor-widget-container\">\n\t\t\t\t\t<h4 class=\"elementor-heading-title elementor-size-default\">Dr. Andr\u00e9 Dal Soglio Coelho<\/h4>\t\t\t\t<\/div>\n\t\t\t\t<\/div>\n\t\t\t\t<div class=\"elementor-element elementor-element-f3a3910 elementor-widget elementor-widget-heading\" data-id=\"f3a3910\" data-element_type=\"widget\" data-e-type=\"widget\" data-widget_type=\"heading.default\">\n\t\t\t\t<div class=\"elementor-widget-container\">\n\t\t\t\t\t<span class=\"elementor-heading-title elementor-size-default\">Juiz de Direito da Vara Regional Empresarial de Caxias do Sul<\/span>\t\t\t\t<\/div>\n\t\t\t\t<\/div>\n\t\t\t\t\t<\/div>\n\t\t<\/div>\n\t\t\t\t\t<\/div>\n\t\t<\/section>\n\t\t\t\t<section class=\"elementor-section elementor-inner-section elementor-element elementor-element-10e4603 elementor-section-boxed elementor-section-height-default elementor-section-height-default elementor-invisible\" data-id=\"10e4603\" data-element_type=\"section\" data-e-type=\"section\" data-settings=\"{&quot;animation&quot;:&quot;fadeInUp&quot;}\">\n\t\t\t\t\t\t<div class=\"elementor-container elementor-column-gap-default\">\n\t\t\t\t\t<div class=\"elementor-column elementor-col-50 elementor-inner-column elementor-element elementor-element-73b55b3\" data-id=\"73b55b3\" data-element_type=\"column\" data-e-type=\"column\">\n\t\t\t<div class=\"elementor-widget-wrap elementor-element-populated\">\n\t\t\t\t\t\t<div class=\"elementor-element elementor-element-82d021c elementor-widget elementor-widget-image\" data-id=\"82d021c\" data-element_type=\"widget\" data-e-type=\"widget\" data-widget_type=\"image.default\">\n\t\t\t\t<div class=\"elementor-widget-container\">\n\t\t\t\t\t\t\t\t\t\t\t\t\t\t\t<img loading=\"lazy\" decoding=\"async\" width=\"1209\" height=\"1612\" src=\"https:\/\/tmabrasil.org\/evento\/wp-content\/uploads\/2025\/11\/Eduardo-Savio-Busanello-Juiz-da-Vara-Regional-Empresarial-de-Santa-Rosa-RS-e-Coordenador-do-CEJUSC-de-Santa-Rosa-Copia.png\" class=\"elementor-animation-float attachment-full size-full wp-image-5600\" alt=\"\" srcset=\"https:\/\/tmabrasil.org\/evento\/wp-content\/uploads\/2025\/11\/Eduardo-Savio-Busanello-Juiz-da-Vara-Regional-Empresarial-de-Santa-Rosa-RS-e-Coordenador-do-CEJUSC-de-Santa-Rosa-Copia.png 1209w, https:\/\/tmabrasil.org\/evento\/wp-content\/uploads\/2025\/11\/Eduardo-Savio-Busanello-Juiz-da-Vara-Regional-Empresarial-de-Santa-Rosa-RS-e-Coordenador-do-CEJUSC-de-Santa-Rosa-Copia-225x300.png 225w, https:\/\/tmabrasil.org\/evento\/wp-content\/uploads\/2025\/11\/Eduardo-Savio-Busanello-Juiz-da-Vara-Regional-Empresarial-de-Santa-Rosa-RS-e-Coordenador-do-CEJUSC-de-Santa-Rosa-Copia-768x1024.png 768w, https:\/\/tmabrasil.org\/evento\/wp-content\/uploads\/2025\/11\/Eduardo-Savio-Busanello-Juiz-da-Vara-Regional-Empresarial-de-Santa-Rosa-RS-e-Coordenador-do-CEJUSC-de-Santa-Rosa-Copia-1152x1536.png 1152w\" sizes=\"(max-width: 1209px) 100vw, 1209px\" \/>\t\t\t\t\t\t\t\t\t\t\t\t\t\t\t<\/div>\n\t\t\t\t<\/div>\n\t\t\t\t\t<\/div>\n\t\t<\/div>\n\t\t\t\t<div class=\"elementor-column elementor-col-50 elementor-inner-column elementor-element elementor-element-be699c9\" data-id=\"be699c9\" data-element_type=\"column\" data-e-type=\"column\">\n\t\t\t<div class=\"elementor-widget-wrap elementor-element-populated\">\n\t\t\t\t\t\t<div class=\"elementor-element elementor-element-6b286ea elementor-widget elementor-widget-heading\" data-id=\"6b286ea\" data-element_type=\"widget\" data-e-type=\"widget\" data-widget_type=\"heading.default\">\n\t\t\t\t<div class=\"elementor-widget-container\">\n\t\t\t\t\t<h4 class=\"elementor-heading-title elementor-size-default\">Eduardo S\u00e1vio Busanello<\/h4>\t\t\t\t<\/div>\n\t\t\t\t<\/div>\n\t\t\t\t<div class=\"elementor-element elementor-element-a05064e elementor-widget elementor-widget-heading\" data-id=\"a05064e\" data-element_type=\"widget\" data-e-type=\"widget\" data-widget_type=\"heading.default\">\n\t\t\t\t<div class=\"elementor-widget-container\">\n\t\t\t\t\t<span class=\"elementor-heading-title elementor-size-default\">Juiz da Vara Regional Empresarial de Santa Rosa-RS<\/span>\t\t\t\t<\/div>\n\t\t\t\t<\/div>\n\t\t\t\t<div class=\"elementor-element elementor-element-b90fe6e elementor-widget elementor-widget-text-editor\" data-id=\"b90fe6e\" data-element_type=\"widget\" data-e-type=\"widget\" data-widget_type=\"text-editor.default\">\n\t\t\t\t<div class=\"elementor-widget-container\">\n\t\t\t\t\t\t\t\t\t<p><span style=\"font-weight: 400;\">Coordenador do CEJUSC de Santa Rosa e Doutorando em direito empresarial<\/span><\/p>\t\t\t\t\t\t\t\t<\/div>\n\t\t\t\t<\/div>\n\t\t\t\t\t<\/div>\n\t\t<\/div>\n\t\t\t\t\t<\/div>\n\t\t<\/section>\n\t\t\t\t<section class=\"elementor-section elementor-inner-section elementor-element elementor-element-b2011ce elementor-section-boxed elementor-section-height-default elementor-section-height-default elementor-invisible\" data-id=\"b2011ce\" data-element_type=\"section\" data-e-type=\"section\" data-settings=\"{&quot;animation&quot;:&quot;fadeInUp&quot;}\">\n\t\t\t\t\t\t<div class=\"elementor-container elementor-column-gap-default\">\n\t\t\t\t\t<div class=\"elementor-column elementor-col-50 elementor-inner-column elementor-element elementor-element-98b5872\" data-id=\"98b5872\" data-element_type=\"column\" data-e-type=\"column\">\n\t\t\t<div class=\"elementor-widget-wrap elementor-element-populated\">\n\t\t\t\t\t\t<div class=\"elementor-element elementor-element-cc8473c elementor-widget elementor-widget-image\" data-id=\"cc8473c\" data-element_type=\"widget\" data-e-type=\"widget\" data-widget_type=\"image.default\">\n\t\t\t\t<div class=\"elementor-widget-container\">\n\t\t\t\t\t\t\t\t\t\t\t\t\t\t\t<img loading=\"lazy\" decoding=\"async\" width=\"416\" height=\"470\" src=\"https:\/\/tmabrasil.org\/evento\/wp-content\/uploads\/2025\/11\/Felipe-Lollato-Socio-Lollato-Lopes-Rangel-Ribeiro-Advogados.png\" class=\"elementor-animation-float attachment-full size-full wp-image-5601\" alt=\"\" srcset=\"https:\/\/tmabrasil.org\/evento\/wp-content\/uploads\/2025\/11\/Felipe-Lollato-Socio-Lollato-Lopes-Rangel-Ribeiro-Advogados.png 416w, https:\/\/tmabrasil.org\/evento\/wp-content\/uploads\/2025\/11\/Felipe-Lollato-Socio-Lollato-Lopes-Rangel-Ribeiro-Advogados-266x300.png 266w\" sizes=\"(max-width: 416px) 100vw, 416px\" \/>\t\t\t\t\t\t\t\t\t\t\t\t\t\t\t<\/div>\n\t\t\t\t<\/div>\n\t\t\t\t\t<\/div>\n\t\t<\/div>\n\t\t\t\t<div class=\"elementor-column elementor-col-50 elementor-inner-column elementor-element elementor-element-ad57eff\" data-id=\"ad57eff\" data-element_type=\"column\" data-e-type=\"column\">\n\t\t\t<div class=\"elementor-widget-wrap elementor-element-populated\">\n\t\t\t\t\t\t<div class=\"elementor-element elementor-element-4744e24 elementor-widget elementor-widget-heading\" data-id=\"4744e24\" data-element_type=\"widget\" data-e-type=\"widget\" data-widget_type=\"heading.default\">\n\t\t\t\t<div class=\"elementor-widget-container\">\n\t\t\t\t\t<h4 class=\"elementor-heading-title elementor-size-default\">Felipe Lollato<\/h4>\t\t\t\t<\/div>\n\t\t\t\t<\/div>\n\t\t\t\t<div class=\"elementor-element elementor-element-aab4b28 elementor-widget elementor-widget-heading\" data-id=\"aab4b28\" data-element_type=\"widget\" data-e-type=\"widget\" data-widget_type=\"heading.default\">\n\t\t\t\t<div class=\"elementor-widget-container\">\n\t\t\t\t\t<span class=\"elementor-heading-title elementor-size-default\">S\u00f3cio, Lollato Lopes Rangel Ribeiro Advogados<\/span>\t\t\t\t<\/div>\n\t\t\t\t<\/div>\n\t\t\t\t<div class=\"elementor-element elementor-element-5a8e736 elementor-widget elementor-widget-text-editor\" data-id=\"5a8e736\" data-element_type=\"widget\" data-e-type=\"widget\" data-widget_type=\"text-editor.default\">\n\t\t\t\t<div class=\"elementor-widget-container\">\n\t\t\t\t\t\t\t\t\t<p><span style=\"font-weight: 400;\">Possui experi\u00eancia em Direito societ\u00e1rio, trabalhando desde o in\u00edcio da carreira em constitui\u00e7\u00f5es, fus\u00f5es, aquisi\u00e7\u00f5es e cis\u00f5es de empresas. Especialista com vasta atua\u00e7\u00e3o em processos de recupera\u00e7\u00e3o judicial de empresas e reestrutura\u00e7\u00e3o de passivo. Membro do conselho de administra\u00e7\u00e3o de v\u00e1rias empresas nos mais diversos segmentos.<\/span><\/p>\t\t\t\t\t\t\t\t<\/div>\n\t\t\t\t<\/div>\n\t\t\t\t\t<\/div>\n\t\t<\/div>\n\t\t\t\t\t<\/div>\n\t\t<\/section>\n\t\t\t\t<section class=\"elementor-section elementor-inner-section elementor-element elementor-element-9d1a661 elementor-section-boxed elementor-section-height-default elementor-section-height-default elementor-invisible\" data-id=\"9d1a661\" data-element_type=\"section\" data-e-type=\"section\" data-settings=\"{&quot;animation&quot;:&quot;fadeInUp&quot;}\">\n\t\t\t\t\t\t<div class=\"elementor-container elementor-column-gap-default\">\n\t\t\t\t\t<div class=\"elementor-column elementor-col-50 elementor-inner-column elementor-element elementor-element-0a2722d\" data-id=\"0a2722d\" data-element_type=\"column\" data-e-type=\"column\">\n\t\t\t<div class=\"elementor-widget-wrap elementor-element-populated\">\n\t\t\t\t\t\t<div class=\"elementor-element elementor-element-de474a9 elementor-widget elementor-widget-image\" data-id=\"de474a9\" data-element_type=\"widget\" data-e-type=\"widget\" data-widget_type=\"image.default\">\n\t\t\t\t<div class=\"elementor-widget-container\">\n\t\t\t\t\t\t\t\t\t\t\t\t\t\t\t<img loading=\"lazy\" decoding=\"async\" width=\"854\" height=\"1280\" src=\"https:\/\/tmabrasil.org\/evento\/wp-content\/uploads\/2025\/11\/Joao-Medeiros.jpeg\" class=\"elementor-animation-float attachment-full size-full wp-image-5602\" alt=\"\" srcset=\"https:\/\/tmabrasil.org\/evento\/wp-content\/uploads\/2025\/11\/Joao-Medeiros.jpeg 854w, https:\/\/tmabrasil.org\/evento\/wp-content\/uploads\/2025\/11\/Joao-Medeiros-200x300.jpeg 200w, https:\/\/tmabrasil.org\/evento\/wp-content\/uploads\/2025\/11\/Joao-Medeiros-683x1024.jpeg 683w, https:\/\/tmabrasil.org\/evento\/wp-content\/uploads\/2025\/11\/Joao-Medeiros-768x1151.jpeg 768w\" sizes=\"(max-width: 854px) 100vw, 854px\" \/>\t\t\t\t\t\t\t\t\t\t\t\t\t\t\t<\/div>\n\t\t\t\t<\/div>\n\t\t\t\t\t<\/div>\n\t\t<\/div>\n\t\t\t\t<div class=\"elementor-column elementor-col-50 elementor-inner-column elementor-element elementor-element-95a7c68\" data-id=\"95a7c68\" data-element_type=\"column\" data-e-type=\"column\">\n\t\t\t<div class=\"elementor-widget-wrap elementor-element-populated\">\n\t\t\t\t\t\t<div class=\"elementor-element elementor-element-c9e6210 elementor-widget elementor-widget-heading\" data-id=\"c9e6210\" data-element_type=\"widget\" data-e-type=\"widget\" data-widget_type=\"heading.default\">\n\t\t\t\t<div class=\"elementor-widget-container\">\n\t\t\t\t\t<h4 class=\"elementor-heading-title elementor-size-default\">Jo\u00e3o Medeiros Jr<\/h4>\t\t\t\t<\/div>\n\t\t\t\t<\/div>\n\t\t\t\t<div class=\"elementor-element elementor-element-277824f elementor-widget elementor-widget-heading\" data-id=\"277824f\" data-element_type=\"widget\" data-e-type=\"widget\" data-widget_type=\"heading.default\">\n\t\t\t\t<div class=\"elementor-widget-container\">\n\t\t\t\t\t<span class=\"elementor-heading-title elementor-size-default\">S\u00f3cio MSC Advogados<\/span>\t\t\t\t<\/div>\n\t\t\t\t<\/div>\n\t\t\t\t<div class=\"elementor-element elementor-element-b9153ea elementor-widget elementor-widget-text-editor\" data-id=\"b9153ea\" data-element_type=\"widget\" data-e-type=\"widget\" data-widget_type=\"text-editor.default\">\n\t\t\t\t<div class=\"elementor-widget-container\">\n\t\t\t\t\t\t\t\t\t<p><span style=\"font-weight: 400;\">Advogado, com mais de 28\u00a0anos de experi\u00eancia na \u00e1rea de insolv\u00eancia empresarial. Atua em processos de recupera\u00e7\u00e3o judicial e fal\u00eancia de m\u00e9dio e grande porte, de forma especial naqueles com estrutura\u00e7\u00f5es societ\u00e1rias complexas e expressivo n\u00famero de credores.<\/span><\/p><p><span style=\"font-weight: 400;\">Ao longo da carreira, principalmente ap\u00f3s a Lei 11.101\/05, tem participado dos mais relevantes casos de restrutura\u00e7\u00e3o do Pa\u00eds, nos mais diversos seguimentos (ind\u00fastria, com\u00e9rcio, e servi\u00e7os).<\/span><\/p><p><span style=\"font-weight: 400;\">Graduado em Direito, com especializa\u00e7\u00e3o em Recupera\u00e7\u00e3o Judicial pelo Instituto INSPER\/SP, foi Presidente da Comiss\u00e3o de Fal\u00eancias e Recupera\u00e7\u00e3o Judicial da OAB\/RS, s\u00f3cio fundador e Vice-Presidente do IDRE &#8211; Instituto de Recupera\u00e7\u00e3o de Empresas, membro do TMABrasil &#8211; Turnaround Management Association, Integrante da Comiss\u00e3o de Recupera\u00e7\u00e3o Judicial da FEDERASUL e do IBAJUD &#8211; Instituto Brasileiro de Insolv\u00eancia. Atualmente integra a Comiss\u00e3o Especial de Fal\u00eancias e Recupera\u00e7\u00f5es Judiciais do Conselho Federal da OAB.<\/span><\/p><p><span style=\"font-weight: 400;\">Al\u00e9m de Professor da Escola Superior da Advocacia, \u00e9 palestrante convidado nos principais Congressos e Semin\u00e1rios que abordam, com profundidade, as melhores pr\u00e1ticas em processos de insolv\u00eancia no Brasil e no Exterior.<\/span><\/p>\t\t\t\t\t\t\t\t<\/div>\n\t\t\t\t<\/div>\n\t\t\t\t\t<\/div>\n\t\t<\/div>\n\t\t\t\t\t<\/div>\n\t\t<\/section>\n\t\t\t\t<section class=\"elementor-section elementor-inner-section elementor-element elementor-element-0e7cf60 elementor-section-boxed elementor-section-height-default elementor-section-height-default elementor-invisible\" data-id=\"0e7cf60\" data-element_type=\"section\" data-e-type=\"section\" data-settings=\"{&quot;animation&quot;:&quot;fadeInUp&quot;}\">\n\t\t\t\t\t\t<div class=\"elementor-container elementor-column-gap-default\">\n\t\t\t\t\t<div class=\"elementor-column elementor-col-50 elementor-inner-column elementor-element elementor-element-d29a115\" data-id=\"d29a115\" data-element_type=\"column\" data-e-type=\"column\">\n\t\t\t<div class=\"elementor-widget-wrap elementor-element-populated\">\n\t\t\t\t\t\t<div class=\"elementor-element elementor-element-9ab40c8 elementor-widget elementor-widget-image\" data-id=\"9ab40c8\" data-element_type=\"widget\" data-e-type=\"widget\" data-widget_type=\"image.default\">\n\t\t\t\t<div class=\"elementor-widget-container\">\n\t\t\t\t\t\t\t\t\t\t\t\t\t\t\t<img loading=\"lazy\" decoding=\"async\" width=\"1080\" height=\"1600\" src=\"https:\/\/tmabrasil.org\/evento\/wp-content\/uploads\/2025\/11\/Biolchi.jpg\" class=\"elementor-animation-float attachment-full size-full wp-image-5692\" alt=\"\" srcset=\"https:\/\/tmabrasil.org\/evento\/wp-content\/uploads\/2025\/11\/Biolchi.jpg 1080w, https:\/\/tmabrasil.org\/evento\/wp-content\/uploads\/2025\/11\/Biolchi-203x300.jpg 203w, https:\/\/tmabrasil.org\/evento\/wp-content\/uploads\/2025\/11\/Biolchi-691x1024.jpg 691w, https:\/\/tmabrasil.org\/evento\/wp-content\/uploads\/2025\/11\/Biolchi-768x1138.jpg 768w, https:\/\/tmabrasil.org\/evento\/wp-content\/uploads\/2025\/11\/Biolchi-1037x1536.jpg 1037w\" sizes=\"(max-width: 1080px) 100vw, 1080px\" \/>\t\t\t\t\t\t\t\t\t\t\t\t\t\t\t<\/div>\n\t\t\t\t<\/div>\n\t\t\t\t\t<\/div>\n\t\t<\/div>\n\t\t\t\t<div class=\"elementor-column elementor-col-50 elementor-inner-column elementor-element elementor-element-5b83722\" data-id=\"5b83722\" data-element_type=\"column\" data-e-type=\"column\">\n\t\t\t<div class=\"elementor-widget-wrap elementor-element-populated\">\n\t\t\t\t\t\t<div class=\"elementor-element elementor-element-0dc3f79 elementor-widget elementor-widget-heading\" data-id=\"0dc3f79\" data-element_type=\"widget\" data-e-type=\"widget\" data-widget_type=\"heading.default\">\n\t\t\t\t<div class=\"elementor-widget-container\">\n\t\t\t\t\t<h4 class=\"elementor-heading-title elementor-size-default\">Juliana Biolchi<\/h4>\t\t\t\t<\/div>\n\t\t\t\t<\/div>\n\t\t\t\t<div class=\"elementor-element elementor-element-e802157 elementor-widget elementor-widget-heading\" data-id=\"e802157\" data-element_type=\"widget\" data-e-type=\"widget\" data-widget_type=\"heading.default\">\n\t\t\t\t<div class=\"elementor-widget-container\">\n\t\t\t\t\t<span class=\"elementor-heading-title elementor-size-default\">Diretora Geral da Biolchi<\/span>\t\t\t\t<\/div>\n\t\t\t\t<\/div>\n\t\t\t\t<div class=\"elementor-element elementor-element-76680f2 elementor-widget elementor-widget-text-editor\" data-id=\"76680f2\" data-element_type=\"widget\" data-e-type=\"widget\" data-widget_type=\"text-editor.default\">\n\t\t\t\t<div class=\"elementor-widget-container\">\n\t\t\t\t\t\t\t\t\t<p>Coordenadora do Observat\u00f3rio Brasileiro de Recupera\u00e7\u00e3o Extrajudicial (OBRE)<\/p><p>Advogada com experi\u00eancia em reestrutura\u00e7\u00e3o de empresas, especializada em recupera\u00e7\u00f5es extrajudiciais e judiciais. Colaborou em processos legislativos, com destaque para a Lei 11.101\/2005 (Lei de Recupera\u00e7\u00e3o de Empresas) e na Lei 12.873\/2013 (que possibilitada a recupera\u00e7\u00e3o judicial de produtor rural).<\/p><p>Professora universit\u00e1ria e de p\u00f3s-gradua\u00e7\u00e3o (ULBRA, FISUL, IMED e SETREM). Mestre em Direito (UFPR). Mestre em Desenvolvimento e Direitos Humanos (UPO). Especialista em Direito P\u00fablico (ULBRA). Especialista em Direito Tribut\u00e1rio (UFGRS).<\/p><p>Membro da Comiss\u00e3o de Recupera\u00e7\u00e3o de Empresas da OAB\/RS, da Turnaround Management Association (TMA), do Instituto Brasileiro de Direito de Empresa (IBDE) e do Instituto Brasileiro de Governan\u00e7a Corporativa (IBGC).<\/p>\t\t\t\t\t\t\t\t<\/div>\n\t\t\t\t<\/div>\n\t\t\t\t\t<\/div>\n\t\t<\/div>\n\t\t\t\t\t<\/div>\n\t\t<\/section>\n\t\t\t\t<section class=\"elementor-section elementor-inner-section elementor-element elementor-element-2c456e4 elementor-section-boxed elementor-section-height-default elementor-section-height-default elementor-invisible\" data-id=\"2c456e4\" data-element_type=\"section\" data-e-type=\"section\" data-settings=\"{&quot;animation&quot;:&quot;fadeInUp&quot;}\">\n\t\t\t\t\t\t<div class=\"elementor-container elementor-column-gap-default\">\n\t\t\t\t\t<div class=\"elementor-column elementor-col-50 elementor-inner-column elementor-element elementor-element-4ad6236\" data-id=\"4ad6236\" data-element_type=\"column\" data-e-type=\"column\">\n\t\t\t<div class=\"elementor-widget-wrap elementor-element-populated\">\n\t\t\t\t\t\t<div class=\"elementor-element elementor-element-c95b695 elementor-widget elementor-widget-image\" data-id=\"c95b695\" data-element_type=\"widget\" data-e-type=\"widget\" data-widget_type=\"image.default\">\n\t\t\t\t<div class=\"elementor-widget-container\">\n\t\t\t\t\t\t\t\t\t\t\t\t\t\t\t<img loading=\"lazy\" decoding=\"async\" width=\"150\" height=\"200\" src=\"https:\/\/tmabrasil.org\/evento\/wp-content\/uploads\/2025\/11\/Liliane-Midori-Yshiba-Michels-Juiza-de-Direito-do-Tribunal-de-Justica-de-Santa-Catarina.jpeg\" class=\"elementor-animation-float attachment-full size-full wp-image-5604\" alt=\"\" \/>\t\t\t\t\t\t\t\t\t\t\t\t\t\t\t<\/div>\n\t\t\t\t<\/div>\n\t\t\t\t\t<\/div>\n\t\t<\/div>\n\t\t\t\t<div class=\"elementor-column elementor-col-50 elementor-inner-column elementor-element elementor-element-c7ffde8\" data-id=\"c7ffde8\" data-element_type=\"column\" data-e-type=\"column\">\n\t\t\t<div class=\"elementor-widget-wrap elementor-element-populated\">\n\t\t\t\t\t\t<div class=\"elementor-element elementor-element-169a643 elementor-widget elementor-widget-heading\" data-id=\"169a643\" data-element_type=\"widget\" data-e-type=\"widget\" data-widget_type=\"heading.default\">\n\t\t\t\t<div class=\"elementor-widget-container\">\n\t\t\t\t\t<h4 class=\"elementor-heading-title elementor-size-default\">Liliane Midori Yshiba Michels<\/h4>\t\t\t\t<\/div>\n\t\t\t\t<\/div>\n\t\t\t\t<div class=\"elementor-element elementor-element-8d17dcb elementor-widget elementor-widget-heading\" data-id=\"8d17dcb\" data-element_type=\"widget\" data-e-type=\"widget\" data-widget_type=\"heading.default\">\n\t\t\t\t<div class=\"elementor-widget-container\">\n\t\t\t\t\t<span class=\"elementor-heading-title elementor-size-default\">Ju\u00edza de Direito do Tribunal de Justi\u00e7a de Santa Catarina. \n<\/span>\t\t\t\t<\/div>\n\t\t\t\t<\/div>\n\t\t\t\t<div class=\"elementor-element elementor-element-5b804f8 elementor-widget elementor-widget-text-editor\" data-id=\"5b804f8\" data-element_type=\"widget\" data-e-type=\"widget\" data-widget_type=\"text-editor.default\">\n\t\t\t\t<div class=\"elementor-widget-container\">\n\t\t\t\t\t\t\t\t\t<p><span style=\"font-weight: 400;\">Mestre em Direito Econ\u00f4mico e Desenvolvimento pela PUCPR. Especialista em Fal\u00eancia e Recupera\u00e7\u00e3o de Empresas pela PUCPR. Especialista em Direito e Gest\u00e3o Judici\u00e1ria pela Academia Judicial do Tribunal de Justi\u00e7a de Santa Catarina.<\/span><\/p>\t\t\t\t\t\t\t\t<\/div>\n\t\t\t\t<\/div>\n\t\t\t\t\t<\/div>\n\t\t<\/div>\n\t\t\t\t\t<\/div>\n\t\t<\/section>\n\t\t\t\t<section class=\"elementor-section elementor-inner-section elementor-element elementor-element-cff7eba elementor-section-boxed elementor-section-height-default elementor-section-height-default elementor-invisible\" data-id=\"cff7eba\" data-element_type=\"section\" data-e-type=\"section\" data-settings=\"{&quot;animation&quot;:&quot;fadeInUp&quot;}\">\n\t\t\t\t\t\t<div class=\"elementor-container elementor-column-gap-default\">\n\t\t\t\t\t<div class=\"elementor-column elementor-col-50 elementor-inner-column elementor-element elementor-element-494773c\" data-id=\"494773c\" data-element_type=\"column\" data-e-type=\"column\">\n\t\t\t<div class=\"elementor-widget-wrap elementor-element-populated\">\n\t\t\t\t\t\t<div class=\"elementor-element elementor-element-4c13f39 elementor-widget elementor-widget-image\" data-id=\"4c13f39\" data-element_type=\"widget\" data-e-type=\"widget\" data-widget_type=\"image.default\">\n\t\t\t\t<div class=\"elementor-widget-container\">\n\t\t\t\t\t\t\t\t\t\t\t\t\t\t\t<img loading=\"lazy\" decoding=\"async\" width=\"682\" height=\"1024\" src=\"https:\/\/tmabrasil.org\/evento\/wp-content\/uploads\/2025\/11\/Luis-Fabiano-Saragiotto-Socio-Journey-Capital.jpg\" class=\"elementor-animation-float attachment-full size-full wp-image-5628\" alt=\"\" srcset=\"https:\/\/tmabrasil.org\/evento\/wp-content\/uploads\/2025\/11\/Luis-Fabiano-Saragiotto-Socio-Journey-Capital.jpg 682w, https:\/\/tmabrasil.org\/evento\/wp-content\/uploads\/2025\/11\/Luis-Fabiano-Saragiotto-Socio-Journey-Capital-200x300.jpg 200w\" sizes=\"(max-width: 682px) 100vw, 682px\" \/>\t\t\t\t\t\t\t\t\t\t\t\t\t\t\t<\/div>\n\t\t\t\t<\/div>\n\t\t\t\t\t<\/div>\n\t\t<\/div>\n\t\t\t\t<div class=\"elementor-column elementor-col-50 elementor-inner-column elementor-element elementor-element-8201170\" data-id=\"8201170\" data-element_type=\"column\" data-e-type=\"column\">\n\t\t\t<div class=\"elementor-widget-wrap elementor-element-populated\">\n\t\t\t\t\t\t<div class=\"elementor-element elementor-element-88aef08 elementor-widget elementor-widget-heading\" data-id=\"88aef08\" data-element_type=\"widget\" data-e-type=\"widget\" data-widget_type=\"heading.default\">\n\t\t\t\t<div class=\"elementor-widget-container\">\n\t\t\t\t\t<h4 class=\"elementor-heading-title elementor-size-default\">Luiz Fabiano Saragiotto<\/h4>\t\t\t\t<\/div>\n\t\t\t\t<\/div>\n\t\t\t\t<div class=\"elementor-element elementor-element-d3c867b elementor-widget elementor-widget-heading\" data-id=\"d3c867b\" data-element_type=\"widget\" data-e-type=\"widget\" data-widget_type=\"heading.default\">\n\t\t\t\t<div class=\"elementor-widget-container\">\n\t\t\t\t\t<span class=\"elementor-heading-title elementor-size-default\">Presidente do Conselho da TMA Brasil\n<\/span>\t\t\t\t<\/div>\n\t\t\t\t<\/div>\n\t\t\t\t<div class=\"elementor-element elementor-element-429a2e3 elementor-widget elementor-widget-text-editor\" data-id=\"429a2e3\" data-element_type=\"widget\" data-e-type=\"widget\" data-widget_type=\"text-editor.default\">\n\t\t\t\t<div class=\"elementor-widget-container\">\n\t\t\t\t\t\t\t\t\t<p><span style=\"font-weight: 400;\">\u00c9 s\u00f3cio da Journey Capital \u2013 gestora de investimentos especializada em cr\u00e9dito e special situations \u2013 e Presidente do Conselho de Administra\u00e7\u00e3o da TMA Brasil (Turnaround Management Association). Entre 2021 e 2024 foi Chief Restructuring Officer (CRO) da Samarco Minera\u00e7\u00e3o. Com 30 anos de experi\u00eancia no mercado brasileiro de Cr\u00e9dito e Estrutura\u00e7\u00e3o, Fabiano foi chefe da \u00e1rea de Cr\u00e9dito Estruturado no Brasil e chefe de NPLs para America Latina no Deutsche Bank at\u00e9 Jan\/2017, trabalhando na origina\u00e7\u00e3o, estrutura\u00e7\u00e3o e distribui\u00e7\u00e3o de d\u00edvidas, assim como na negocia\u00e7\u00e3o no mercado secund\u00e1rio de ativos distressed, empr\u00e9stimos e bonds.\u00a0 Antes de entrar no Deutsche Bank, Fabiano passou 20 anos no Bank of America Merrill Lynch, sendo 10 anos na equipe de Special Situations para Am. Latina e 10 anos nas \u00e1reas de Corporate e Investment Banking, incluindo M&amp;A advisory, Corporate Finance e Cr\u00e9dito, baseado nas cidades de S\u00e3o Paulo e Miami. Fabiano \u00e9 formado em Administra\u00e7\u00e3o de Empresas na Universidade Presbiteriana Mackenzie, S\u00e3o Paulo-Brasil.\u00a0\u00a0<\/span><\/p><p><br \/><br \/><\/p>\t\t\t\t\t\t\t\t<\/div>\n\t\t\t\t<\/div>\n\t\t\t\t\t<\/div>\n\t\t<\/div>\n\t\t\t\t\t<\/div>\n\t\t<\/section>\n\t\t\t\t<section class=\"elementor-section elementor-inner-section elementor-element elementor-element-165f834 elementor-section-boxed elementor-section-height-default elementor-section-height-default elementor-invisible\" data-id=\"165f834\" data-element_type=\"section\" data-e-type=\"section\" data-settings=\"{&quot;animation&quot;:&quot;fadeInUp&quot;}\">\n\t\t\t\t\t\t<div class=\"elementor-container elementor-column-gap-default\">\n\t\t\t\t\t<div class=\"elementor-column elementor-col-50 elementor-inner-column elementor-element elementor-element-ac6ae89\" data-id=\"ac6ae89\" data-element_type=\"column\" data-e-type=\"column\">\n\t\t\t<div class=\"elementor-widget-wrap elementor-element-populated\">\n\t\t\t\t\t\t<div class=\"elementor-element elementor-element-8816068 elementor-widget elementor-widget-image\" data-id=\"8816068\" data-element_type=\"widget\" data-e-type=\"widget\" data-widget_type=\"image.default\">\n\t\t\t\t<div class=\"elementor-widget-container\">\n\t\t\t\t\t\t\t\t\t\t\t\t\t\t\t<img loading=\"lazy\" decoding=\"async\" width=\"1280\" height=\"852\" src=\"https:\/\/tmabrasil.org\/evento\/wp-content\/uploads\/2025\/11\/Luiz-Henrique-Guarda-Socio-Estevez-Guarda-Administracao-Judicial-e-Guarda-Advogados.jpeg\" class=\"elementor-animation-float attachment-full size-full wp-image-5629\" alt=\"\" srcset=\"https:\/\/tmabrasil.org\/evento\/wp-content\/uploads\/2025\/11\/Luiz-Henrique-Guarda-Socio-Estevez-Guarda-Administracao-Judicial-e-Guarda-Advogados.jpeg 1280w, https:\/\/tmabrasil.org\/evento\/wp-content\/uploads\/2025\/11\/Luiz-Henrique-Guarda-Socio-Estevez-Guarda-Administracao-Judicial-e-Guarda-Advogados-300x200.jpeg 300w, https:\/\/tmabrasil.org\/evento\/wp-content\/uploads\/2025\/11\/Luiz-Henrique-Guarda-Socio-Estevez-Guarda-Administracao-Judicial-e-Guarda-Advogados-1024x682.jpeg 1024w, https:\/\/tmabrasil.org\/evento\/wp-content\/uploads\/2025\/11\/Luiz-Henrique-Guarda-Socio-Estevez-Guarda-Administracao-Judicial-e-Guarda-Advogados-768x511.jpeg 768w\" sizes=\"(max-width: 1280px) 100vw, 1280px\" \/>\t\t\t\t\t\t\t\t\t\t\t\t\t\t\t<\/div>\n\t\t\t\t<\/div>\n\t\t\t\t\t<\/div>\n\t\t<\/div>\n\t\t\t\t<div class=\"elementor-column elementor-col-50 elementor-inner-column elementor-element elementor-element-355bf82\" data-id=\"355bf82\" data-element_type=\"column\" data-e-type=\"column\">\n\t\t\t<div class=\"elementor-widget-wrap elementor-element-populated\">\n\t\t\t\t\t\t<div class=\"elementor-element elementor-element-03c13d7 elementor-widget elementor-widget-heading\" data-id=\"03c13d7\" data-element_type=\"widget\" data-e-type=\"widget\" data-widget_type=\"heading.default\">\n\t\t\t\t<div class=\"elementor-widget-container\">\n\t\t\t\t\t<h4 class=\"elementor-heading-title elementor-size-default\">Luis Henrique Guarda<\/h4>\t\t\t\t<\/div>\n\t\t\t\t<\/div>\n\t\t\t\t<div class=\"elementor-element elementor-element-1da0a45 elementor-widget elementor-widget-heading\" data-id=\"1da0a45\" data-element_type=\"widget\" data-e-type=\"widget\" data-widget_type=\"heading.default\">\n\t\t\t\t<div class=\"elementor-widget-container\">\n\t\t\t\t\t<span class=\"elementor-heading-title elementor-size-default\">S\u00f3cio, Estevez Guarda Administra\u00e7\u00e3o Judicial e Guarda Advogados\n<\/span>\t\t\t\t<\/div>\n\t\t\t\t<\/div>\n\t\t\t\t<div class=\"elementor-element elementor-element-52cf229 elementor-widget elementor-widget-text-editor\" data-id=\"52cf229\" data-element_type=\"widget\" data-e-type=\"widget\" data-widget_type=\"text-editor.default\">\n\t\t\t\t<div class=\"elementor-widget-container\">\n\t\t\t\t\t\t\t\t\t<p><span style=\"font-weight: 400;\">Advogado e administrador de empresas. Administrador Judicial desde 200<\/span><\/p>\t\t\t\t\t\t\t\t<\/div>\n\t\t\t\t<\/div>\n\t\t\t\t\t<\/div>\n\t\t<\/div>\n\t\t\t\t\t<\/div>\n\t\t<\/section>\n\t\t\t\t<section class=\"elementor-section elementor-inner-section elementor-element elementor-element-150f16d elementor-section-boxed elementor-section-height-default elementor-section-height-default elementor-invisible\" data-id=\"150f16d\" data-element_type=\"section\" data-e-type=\"section\" data-settings=\"{&quot;animation&quot;:&quot;fadeInUp&quot;}\">\n\t\t\t\t\t\t<div class=\"elementor-container elementor-column-gap-default\">\n\t\t\t\t\t<div class=\"elementor-column elementor-col-50 elementor-inner-column elementor-element elementor-element-f6f6ca7\" data-id=\"f6f6ca7\" data-element_type=\"column\" data-e-type=\"column\">\n\t\t\t<div class=\"elementor-widget-wrap elementor-element-populated\">\n\t\t\t\t\t\t<div class=\"elementor-element elementor-element-2442ef8 elementor-widget elementor-widget-image\" data-id=\"2442ef8\" data-element_type=\"widget\" data-e-type=\"widget\" data-widget_type=\"image.default\">\n\t\t\t\t<div class=\"elementor-widget-container\">\n\t\t\t\t\t\t\t\t\t\t\t\t\t\t\t<img loading=\"lazy\" decoding=\"async\" width=\"1365\" height=\"2048\" src=\"https:\/\/tmabrasil.org\/evento\/wp-content\/uploads\/2025\/07\/Marcio-Roberto-Marques-CEO-e-Administrador-Judicial-na-Marques-Administracoes-Judiciais-Copia.jpg\" class=\"elementor-animation-float attachment-full size-full wp-image-3266\" alt=\"\" srcset=\"https:\/\/tmabrasil.org\/evento\/wp-content\/uploads\/2025\/07\/Marcio-Roberto-Marques-CEO-e-Administrador-Judicial-na-Marques-Administracoes-Judiciais-Copia.jpg 1365w, https:\/\/tmabrasil.org\/evento\/wp-content\/uploads\/2025\/07\/Marcio-Roberto-Marques-CEO-e-Administrador-Judicial-na-Marques-Administracoes-Judiciais-Copia-200x300.jpg 200w, https:\/\/tmabrasil.org\/evento\/wp-content\/uploads\/2025\/07\/Marcio-Roberto-Marques-CEO-e-Administrador-Judicial-na-Marques-Administracoes-Judiciais-Copia-683x1024.jpg 683w, https:\/\/tmabrasil.org\/evento\/wp-content\/uploads\/2025\/07\/Marcio-Roberto-Marques-CEO-e-Administrador-Judicial-na-Marques-Administracoes-Judiciais-Copia-768x1152.jpg 768w, https:\/\/tmabrasil.org\/evento\/wp-content\/uploads\/2025\/07\/Marcio-Roberto-Marques-CEO-e-Administrador-Judicial-na-Marques-Administracoes-Judiciais-Copia-1024x1536.jpg 1024w\" sizes=\"(max-width: 1365px) 100vw, 1365px\" \/>\t\t\t\t\t\t\t\t\t\t\t\t\t\t\t<\/div>\n\t\t\t\t<\/div>\n\t\t\t\t\t<\/div>\n\t\t<\/div>\n\t\t\t\t<div class=\"elementor-column elementor-col-50 elementor-inner-column elementor-element elementor-element-3e3e55d\" data-id=\"3e3e55d\" data-element_type=\"column\" data-e-type=\"column\">\n\t\t\t<div class=\"elementor-widget-wrap elementor-element-populated\">\n\t\t\t\t\t\t<div class=\"elementor-element elementor-element-cba9ffa elementor-widget elementor-widget-heading\" data-id=\"cba9ffa\" data-element_type=\"widget\" data-e-type=\"widget\" data-widget_type=\"heading.default\">\n\t\t\t\t<div class=\"elementor-widget-container\">\n\t\t\t\t\t<h4 class=\"elementor-heading-title elementor-size-default\">Marcio R. Marques<\/h4>\t\t\t\t<\/div>\n\t\t\t\t<\/div>\n\t\t\t\t<div class=\"elementor-element elementor-element-e44e5e2 elementor-widget elementor-widget-heading\" data-id=\"e44e5e2\" data-element_type=\"widget\" data-e-type=\"widget\" data-widget_type=\"heading.default\">\n\t\t\t\t<div class=\"elementor-widget-container\">\n\t\t\t\t\t<span class=\"elementor-heading-title elementor-size-default\">CEO e Administrador Judicial na Marques Administra\u00e7\u00f5es Judiciais\n<\/span>\t\t\t\t<\/div>\n\t\t\t\t<\/div>\n\t\t\t\t<div class=\"elementor-element elementor-element-809a295 elementor-widget elementor-widget-text-editor\" data-id=\"809a295\" data-element_type=\"widget\" data-e-type=\"widget\" data-widget_type=\"text-editor.default\">\n\t\t\t\t<div class=\"elementor-widget-container\">\n\t\t\t\t\t\t\t\t\t<p><span style=\"font-weight: 400;\">P\u00f3s-Graduado em Fal\u00eancia e Recupera\u00e7\u00e3o de Empresas pela PUC-PR. P\u00f3s-Graduado em Direito Tribut\u00e1rio pelo IBET \u2013 Instituto Brasileiro de Estudos Tribut\u00e1rios. P\u00f3s-Graduado em Auditoria e Per\u00edcia Cont\u00e1bil pela Universidade Estadual de Maring\u00e1 &#8211; UEM. Graduado em Direito pelo Centro de Ensino Superior de Maring\u00e1 &#8211; CESUMAR. Graduado em Ci\u00eancias Cont\u00e1beis pela Universidade Estadual de Maring\u00e1 &#8211; UEM. Vice-presidente da APAJUD &#8211; Associa\u00e7\u00e3o Paranaense de Administradores Judiciais. Vice-presidente da Comiss\u00e3o de Recupera\u00e7\u00e3o de Empresas e Fal\u00eancia [Portaria n. 51\/2022] da OAB &#8211; Subse\u00e7\u00e3o de Maring\u00e1 (2022-2024). Associado da Turnaround Management Association do Brasil &#8211; TMA Brasil e do IBAJUD \u2013 Instituto Brasileiro de Insolv\u00eancia Empresarial. Coautor\/ colaborador da obra: Fal\u00eancias e Recupera\u00e7\u00e3o de Empresas &#8211; An\u00e1lises do Sistema Brasileiro de Insolv\u00eancia Empresarial, pela Editora Juru\u00e1 (2022). Com mais de 27 anos de s\u00f3lida experi\u00eancia na esfera empresarial e atua\u00e7\u00e3o destacada em Administra\u00e7\u00e3o Judicial desde 2012, em processos nos Estados do Paran\u00e1 e S\u00e3o Paulo.<\/span><\/p>\t\t\t\t\t\t\t\t<\/div>\n\t\t\t\t<\/div>\n\t\t\t\t\t<\/div>\n\t\t<\/div>\n\t\t\t\t\t<\/div>\n\t\t<\/section>\n\t\t\t\t<section class=\"elementor-section elementor-inner-section elementor-element elementor-element-0d6a20a elementor-section-boxed elementor-section-height-default elementor-section-height-default elementor-invisible\" data-id=\"0d6a20a\" data-element_type=\"section\" data-e-type=\"section\" data-settings=\"{&quot;animation&quot;:&quot;fadeInUp&quot;}\">\n\t\t\t\t\t\t<div class=\"elementor-container elementor-column-gap-default\">\n\t\t\t\t\t<div class=\"elementor-column elementor-col-50 elementor-inner-column elementor-element elementor-element-56e3633\" data-id=\"56e3633\" data-element_type=\"column\" data-e-type=\"column\">\n\t\t\t<div class=\"elementor-widget-wrap elementor-element-populated\">\n\t\t\t\t\t\t<div class=\"elementor-element elementor-element-fab1f94 elementor-widget elementor-widget-image\" data-id=\"fab1f94\" data-element_type=\"widget\" data-e-type=\"widget\" data-widget_type=\"image.default\">\n\t\t\t\t<div class=\"elementor-widget-container\">\n\t\t\t\t\t\t\t\t\t\t\t\t\t\t\t<img loading=\"lazy\" decoding=\"async\" width=\"696\" height=\"727\" src=\"https:\/\/tmabrasil.org\/evento\/wp-content\/uploads\/2025\/11\/Maria-Cristina-Zucchi-doutora-em-direito-e-desembargadora-aposentada-do-TJSP.jpg\" class=\"elementor-animation-float attachment-full size-full wp-image-5630\" alt=\"\" srcset=\"https:\/\/tmabrasil.org\/evento\/wp-content\/uploads\/2025\/11\/Maria-Cristina-Zucchi-doutora-em-direito-e-desembargadora-aposentada-do-TJSP.jpg 696w, https:\/\/tmabrasil.org\/evento\/wp-content\/uploads\/2025\/11\/Maria-Cristina-Zucchi-doutora-em-direito-e-desembargadora-aposentada-do-TJSP-287x300.jpg 287w\" sizes=\"(max-width: 696px) 100vw, 696px\" \/>\t\t\t\t\t\t\t\t\t\t\t\t\t\t\t<\/div>\n\t\t\t\t<\/div>\n\t\t\t\t\t<\/div>\n\t\t<\/div>\n\t\t\t\t<div class=\"elementor-column elementor-col-50 elementor-inner-column elementor-element elementor-element-d54264f\" data-id=\"d54264f\" data-element_type=\"column\" data-e-type=\"column\">\n\t\t\t<div class=\"elementor-widget-wrap elementor-element-populated\">\n\t\t\t\t\t\t<div class=\"elementor-element elementor-element-0efe264 elementor-widget elementor-widget-heading\" data-id=\"0efe264\" data-element_type=\"widget\" data-e-type=\"widget\" data-widget_type=\"heading.default\">\n\t\t\t\t<div class=\"elementor-widget-container\">\n\t\t\t\t\t<h4 class=\"elementor-heading-title elementor-size-default\">Maria Cristina Zucchi<\/h4>\t\t\t\t<\/div>\n\t\t\t\t<\/div>\n\t\t\t\t<div class=\"elementor-element elementor-element-eab8746 elementor-widget elementor-widget-heading\" data-id=\"eab8746\" data-element_type=\"widget\" data-e-type=\"widget\" data-widget_type=\"heading.default\">\n\t\t\t\t<div class=\"elementor-widget-container\">\n\t\t\t\t\t<span class=\"elementor-heading-title elementor-size-default\">Doutora em direito e desembargadora aposentada do TJSP<\/span>\t\t\t\t<\/div>\n\t\t\t\t<\/div>\n\t\t\t\t\t<\/div>\n\t\t<\/div>\n\t\t\t\t\t<\/div>\n\t\t<\/section>\n\t\t\t\t<section class=\"elementor-section elementor-inner-section elementor-element elementor-element-dc7592f elementor-section-boxed elementor-section-height-default elementor-section-height-default elementor-invisible\" data-id=\"dc7592f\" data-element_type=\"section\" data-e-type=\"section\" data-settings=\"{&quot;animation&quot;:&quot;fadeInUp&quot;}\">\n\t\t\t\t\t\t<div class=\"elementor-container elementor-column-gap-default\">\n\t\t\t\t\t<div class=\"elementor-column elementor-col-50 elementor-inner-column elementor-element elementor-element-7a474f5\" data-id=\"7a474f5\" data-element_type=\"column\" data-e-type=\"column\">\n\t\t\t<div class=\"elementor-widget-wrap elementor-element-populated\">\n\t\t\t\t\t\t<div class=\"elementor-element elementor-element-bb664e3 elementor-widget elementor-widget-image\" data-id=\"bb664e3\" data-element_type=\"widget\" data-e-type=\"widget\" data-widget_type=\"image.default\">\n\t\t\t\t<div class=\"elementor-widget-container\">\n\t\t\t\t\t\t\t\t\t\t\t\t\t\t\t<img loading=\"lazy\" decoding=\"async\" width=\"1696\" height=\"2560\" src=\"https:\/\/tmabrasil.org\/evento\/wp-content\/uploads\/2025\/11\/Mariana-Miranda-Socia-Mirar-Gestao-Empresarial-scaled.jpg\" class=\"elementor-animation-float attachment-full size-full wp-image-5631\" alt=\"\" srcset=\"https:\/\/tmabrasil.org\/evento\/wp-content\/uploads\/2025\/11\/Mariana-Miranda-Socia-Mirar-Gestao-Empresarial-scaled.jpg 1696w, https:\/\/tmabrasil.org\/evento\/wp-content\/uploads\/2025\/11\/Mariana-Miranda-Socia-Mirar-Gestao-Empresarial-199x300.jpg 199w, https:\/\/tmabrasil.org\/evento\/wp-content\/uploads\/2025\/11\/Mariana-Miranda-Socia-Mirar-Gestao-Empresarial-678x1024.jpg 678w, https:\/\/tmabrasil.org\/evento\/wp-content\/uploads\/2025\/11\/Mariana-Miranda-Socia-Mirar-Gestao-Empresarial-768x1160.jpg 768w, https:\/\/tmabrasil.org\/evento\/wp-content\/uploads\/2025\/11\/Mariana-Miranda-Socia-Mirar-Gestao-Empresarial-1017x1536.jpg 1017w, https:\/\/tmabrasil.org\/evento\/wp-content\/uploads\/2025\/11\/Mariana-Miranda-Socia-Mirar-Gestao-Empresarial-1356x2048.jpg 1356w\" sizes=\"(max-width: 1696px) 100vw, 1696px\" \/>\t\t\t\t\t\t\t\t\t\t\t\t\t\t\t<\/div>\n\t\t\t\t<\/div>\n\t\t\t\t\t<\/div>\n\t\t<\/div>\n\t\t\t\t<div class=\"elementor-column elementor-col-50 elementor-inner-column elementor-element elementor-element-c86f881\" data-id=\"c86f881\" data-element_type=\"column\" data-e-type=\"column\">\n\t\t\t<div class=\"elementor-widget-wrap elementor-element-populated\">\n\t\t\t\t\t\t<div class=\"elementor-element elementor-element-491b407 elementor-widget elementor-widget-heading\" data-id=\"491b407\" data-element_type=\"widget\" data-e-type=\"widget\" data-widget_type=\"heading.default\">\n\t\t\t\t<div class=\"elementor-widget-container\">\n\t\t\t\t\t<h4 class=\"elementor-heading-title elementor-size-default\">Mariana Miranda<\/h4>\t\t\t\t<\/div>\n\t\t\t\t<\/div>\n\t\t\t\t<div class=\"elementor-element elementor-element-2506454 elementor-widget elementor-widget-heading\" data-id=\"2506454\" data-element_type=\"widget\" data-e-type=\"widget\" data-widget_type=\"heading.default\">\n\t\t\t\t<div class=\"elementor-widget-container\">\n\t\t\t\t\t<span class=\"elementor-heading-title elementor-size-default\">S\u00f3cia, Mirar Gest\u00e3o Empresarial<\/span>\t\t\t\t<\/div>\n\t\t\t\t<\/div>\n\t\t\t\t<div class=\"elementor-element elementor-element-f057473 elementor-widget elementor-widget-text-editor\" data-id=\"f057473\" data-element_type=\"widget\" data-e-type=\"widget\" data-widget_type=\"text-editor.default\">\n\t\t\t\t<div class=\"elementor-widget-container\">\n\t\t\t\t\t\t\t\t\t<p><span style=\"font-weight: 400;\">Administradora de empresas e contadora graduada pela PUCRS, especialista em Controladoria e Finan\u00e7as pela USP. Atua h\u00e1 mais de 12 anos em processos de reestrutura\u00e7\u00e3o, reorganiza\u00e7\u00e3o financeira e reestrutura\u00e7\u00e3o operacional. Possui experi\u00eancia na elabora\u00e7\u00e3o de diagn\u00f3sticos econ\u00f4mico-financeiros, planos de recupera\u00e7\u00e3o e suporte estrat\u00e9gico a empresas de diversos setores.<\/span><\/p>\t\t\t\t\t\t\t\t<\/div>\n\t\t\t\t<\/div>\n\t\t\t\t\t<\/div>\n\t\t<\/div>\n\t\t\t\t\t<\/div>\n\t\t<\/section>\n\t\t\t\t<section class=\"elementor-section elementor-inner-section elementor-element elementor-element-e843248 elementor-section-boxed elementor-section-height-default elementor-section-height-default elementor-invisible\" data-id=\"e843248\" data-element_type=\"section\" data-e-type=\"section\" data-settings=\"{&quot;animation&quot;:&quot;fadeInUp&quot;}\">\n\t\t\t\t\t\t<div class=\"elementor-container elementor-column-gap-default\">\n\t\t\t\t\t<div class=\"elementor-column elementor-col-50 elementor-inner-column elementor-element elementor-element-63c6e1a\" data-id=\"63c6e1a\" data-element_type=\"column\" data-e-type=\"column\">\n\t\t\t<div class=\"elementor-widget-wrap elementor-element-populated\">\n\t\t\t\t\t\t<div class=\"elementor-element elementor-element-b690ca7 elementor-widget elementor-widget-image\" data-id=\"b690ca7\" data-element_type=\"widget\" data-e-type=\"widget\" data-widget_type=\"image.default\">\n\t\t\t\t<div class=\"elementor-widget-container\">\n\t\t\t\t\t\t\t\t\t\t\t\t\t\t\t<img loading=\"lazy\" decoding=\"async\" width=\"1000\" height=\"1333\" src=\"https:\/\/tmabrasil.org\/evento\/wp-content\/uploads\/2025\/11\/Ney-Wiedemann-Neto-Desembargador-TJRS.jpg\" class=\"elementor-animation-float attachment-full size-full wp-image-5632\" alt=\"\" srcset=\"https:\/\/tmabrasil.org\/evento\/wp-content\/uploads\/2025\/11\/Ney-Wiedemann-Neto-Desembargador-TJRS.jpg 1000w, https:\/\/tmabrasil.org\/evento\/wp-content\/uploads\/2025\/11\/Ney-Wiedemann-Neto-Desembargador-TJRS-225x300.jpg 225w, https:\/\/tmabrasil.org\/evento\/wp-content\/uploads\/2025\/11\/Ney-Wiedemann-Neto-Desembargador-TJRS-768x1024.jpg 768w\" sizes=\"(max-width: 1000px) 100vw, 1000px\" \/>\t\t\t\t\t\t\t\t\t\t\t\t\t\t\t<\/div>\n\t\t\t\t<\/div>\n\t\t\t\t\t<\/div>\n\t\t<\/div>\n\t\t\t\t<div class=\"elementor-column elementor-col-50 elementor-inner-column elementor-element elementor-element-f689c84\" data-id=\"f689c84\" data-element_type=\"column\" data-e-type=\"column\">\n\t\t\t<div class=\"elementor-widget-wrap elementor-element-populated\">\n\t\t\t\t\t\t<div class=\"elementor-element elementor-element-9f3c5bb elementor-widget elementor-widget-heading\" data-id=\"9f3c5bb\" data-element_type=\"widget\" data-e-type=\"widget\" data-widget_type=\"heading.default\">\n\t\t\t\t<div class=\"elementor-widget-container\">\n\t\t\t\t\t<h4 class=\"elementor-heading-title elementor-size-default\">Ney Wiedemann Neto<\/h4>\t\t\t\t<\/div>\n\t\t\t\t<\/div>\n\t\t\t\t<div class=\"elementor-element elementor-element-98f3dde elementor-widget elementor-widget-heading\" data-id=\"98f3dde\" data-element_type=\"widget\" data-e-type=\"widget\" data-widget_type=\"heading.default\">\n\t\t\t\t<div class=\"elementor-widget-container\">\n\t\t\t\t\t<span class=\"elementor-heading-title elementor-size-default\">Desembargador TJRS<\/span>\t\t\t\t<\/div>\n\t\t\t\t<\/div>\n\t\t\t\t<div class=\"elementor-element elementor-element-1a385a3 elementor-widget elementor-widget-text-editor\" data-id=\"1a385a3\" data-element_type=\"widget\" data-e-type=\"widget\" data-widget_type=\"text-editor.default\">\n\t\t\t\t<div class=\"elementor-widget-container\">\n\t\t\t\t\t\t\t\t\t<p><span style=\"font-weight: 400;\">Bacharel em Direito pela UFRGS em 1987.<\/span><span style=\"font-weight: 400;\"><br \/><\/span><span style=\"font-weight: 400;\">Mestrado em Poder Judici\u00e1rio pela Funda\u00e7\u00e3o Get\u00falio Vargas Direito Rio em 2007.<\/span><span style=\"font-weight: 400;\"><br \/><\/span><span style=\"font-weight: 400;\">\u00c9 coautor de obras sobre Direito Empresarial.<\/span><span style=\"font-weight: 400;\"><br \/><\/span><span style=\"font-weight: 400;\">Professor de direito empresarial em cursos de p\u00f3s-gradua\u00e7\u00e3o da PUC e na UNISINOS.<\/span><span style=\"font-weight: 400;\"><br \/><\/span><span style=\"font-weight: 400;\">Nomeado Juiz de Direito em dezembro de 1989. Foi promovido a Desembargador em 2008.<\/span><span style=\"font-weight: 400;\"><br \/><\/span><span style=\"font-weight: 400;\">Coordenador-Geral do Centro de Estudos para os bi\u00eanios 2014-2015 e 2016-2017.<\/span><span style=\"font-weight: 400;\"><br \/><\/span><span style=\"font-weight: 400;\">3\u00ba Vice-Presidente do TJRS para o bi\u00eanio 2020-2021.<\/span><span style=\"font-weight: 400;\"><br \/><\/span><span style=\"font-weight: 400;\">Diretor do CJUD (Escola Judicial do TJRS) desde fevereiro de 2022.<\/span><\/p>\t\t\t\t\t\t\t\t<\/div>\n\t\t\t\t<\/div>\n\t\t\t\t\t<\/div>\n\t\t<\/div>\n\t\t\t\t\t<\/div>\n\t\t<\/section>\n\t\t\t\t<section class=\"elementor-section elementor-inner-section elementor-element elementor-element-8676473 elementor-section-boxed elementor-section-height-default elementor-section-height-default elementor-invisible\" data-id=\"8676473\" data-element_type=\"section\" data-e-type=\"section\" data-settings=\"{&quot;animation&quot;:&quot;fadeInUp&quot;}\">\n\t\t\t\t\t\t<div class=\"elementor-container elementor-column-gap-default\">\n\t\t\t\t\t<div class=\"elementor-column elementor-col-50 elementor-inner-column elementor-element elementor-element-f07d6c0\" data-id=\"f07d6c0\" data-element_type=\"column\" data-e-type=\"column\">\n\t\t\t<div class=\"elementor-widget-wrap elementor-element-populated\">\n\t\t\t\t\t\t<div class=\"elementor-element elementor-element-c4e9e16 elementor-widget elementor-widget-image\" data-id=\"c4e9e16\" data-element_type=\"widget\" data-e-type=\"widget\" data-widget_type=\"image.default\">\n\t\t\t\t<div class=\"elementor-widget-container\">\n\t\t\t\t\t\t\t\t\t\t\t\t\t\t\t<img loading=\"lazy\" decoding=\"async\" width=\"500\" height=\"500\" src=\"https:\/\/tmabrasil.org\/evento\/wp-content\/uploads\/2025\/11\/paulo-furtado-quadrado.png\" class=\"elementor-animation-float attachment-full size-full wp-image-5633\" alt=\"\" srcset=\"https:\/\/tmabrasil.org\/evento\/wp-content\/uploads\/2025\/11\/paulo-furtado-quadrado.png 500w, https:\/\/tmabrasil.org\/evento\/wp-content\/uploads\/2025\/11\/paulo-furtado-quadrado-300x300.png 300w, https:\/\/tmabrasil.org\/evento\/wp-content\/uploads\/2025\/11\/paulo-furtado-quadrado-150x150.png 150w\" sizes=\"(max-width: 500px) 100vw, 500px\" \/>\t\t\t\t\t\t\t\t\t\t\t\t\t\t\t<\/div>\n\t\t\t\t<\/div>\n\t\t\t\t\t<\/div>\n\t\t<\/div>\n\t\t\t\t<div class=\"elementor-column elementor-col-50 elementor-inner-column elementor-element elementor-element-553a04c\" data-id=\"553a04c\" data-element_type=\"column\" data-e-type=\"column\">\n\t\t\t<div class=\"elementor-widget-wrap elementor-element-populated\">\n\t\t\t\t\t\t<div class=\"elementor-element elementor-element-6b5d59f elementor-widget elementor-widget-heading\" data-id=\"6b5d59f\" data-element_type=\"widget\" data-e-type=\"widget\" data-widget_type=\"heading.default\">\n\t\t\t\t<div class=\"elementor-widget-container\">\n\t\t\t\t\t<h4 class=\"elementor-heading-title elementor-size-default\">Dr. Paulo Furtado de Oliveira Filho<\/h4>\t\t\t\t<\/div>\n\t\t\t\t<\/div>\n\t\t\t\t<div class=\"elementor-element elementor-element-f01c899 elementor-widget elementor-widget-heading\" data-id=\"f01c899\" data-element_type=\"widget\" data-e-type=\"widget\" data-widget_type=\"heading.default\">\n\t\t\t\t<div class=\"elementor-widget-container\">\n\t\t\t\t\t<span class=\"elementor-heading-title elementor-size-default\">Juiz Titular da 2a. Vara de Fal\u00eancias e Recupera\u00e7\u00f5es Judiciais da Capital\/SP\n<\/span>\t\t\t\t<\/div>\n\t\t\t\t<\/div>\n\t\t\t\t<div class=\"elementor-element elementor-element-ca05cea elementor-widget elementor-widget-text-editor\" data-id=\"ca05cea\" data-element_type=\"widget\" data-e-type=\"widget\" data-widget_type=\"text-editor.default\">\n\t\t\t\t<div class=\"elementor-widget-container\">\n\t\t\t\t\t\t\t\t\t<p><span style=\"font-weight: 400;\">Bacharel em Direito pela Usp (1994). Mestre em Direito Comercial pela Usp (2024). Juiz Titular da 2a. Vara de Fal\u00eancias e Recupera\u00e7\u00f5es Judiciais da Capital\/SP<\/span><\/p>\t\t\t\t\t\t\t\t<\/div>\n\t\t\t\t<\/div>\n\t\t\t\t\t<\/div>\n\t\t<\/div>\n\t\t\t\t\t<\/div>\n\t\t<\/section>\n\t\t\t\t<section class=\"elementor-section elementor-inner-section elementor-element elementor-element-c58e968 elementor-section-boxed elementor-section-height-default elementor-section-height-default elementor-invisible\" data-id=\"c58e968\" data-element_type=\"section\" data-e-type=\"section\" data-settings=\"{&quot;animation&quot;:&quot;fadeInUp&quot;}\">\n\t\t\t\t\t\t<div class=\"elementor-container elementor-column-gap-default\">\n\t\t\t\t\t<div class=\"elementor-column elementor-col-50 elementor-inner-column elementor-element elementor-element-1337c64\" data-id=\"1337c64\" data-element_type=\"column\" data-e-type=\"column\">\n\t\t\t<div class=\"elementor-widget-wrap elementor-element-populated\">\n\t\t\t\t\t\t<div class=\"elementor-element elementor-element-82020ea elementor-widget elementor-widget-image\" data-id=\"82020ea\" data-element_type=\"widget\" data-e-type=\"widget\" data-widget_type=\"image.default\">\n\t\t\t\t<div class=\"elementor-widget-container\">\n\t\t\t\t\t\t\t\t\t\t\t\t\t\t\t<img loading=\"lazy\" decoding=\"async\" width=\"1707\" height=\"2560\" src=\"https:\/\/tmabrasil.org\/evento\/wp-content\/uploads\/2025\/11\/Rodrigo-Shirai-Socio-Brazilio-Bacellar-Shirai-Advogados-3.png-scaled.jpg\" class=\"elementor-animation-float attachment-full size-full wp-image-5664\" alt=\"\" srcset=\"https:\/\/tmabrasil.org\/evento\/wp-content\/uploads\/2025\/11\/Rodrigo-Shirai-Socio-Brazilio-Bacellar-Shirai-Advogados-3.png-scaled.jpg 1707w, https:\/\/tmabrasil.org\/evento\/wp-content\/uploads\/2025\/11\/Rodrigo-Shirai-Socio-Brazilio-Bacellar-Shirai-Advogados-3.png-200x300.jpg 200w, https:\/\/tmabrasil.org\/evento\/wp-content\/uploads\/2025\/11\/Rodrigo-Shirai-Socio-Brazilio-Bacellar-Shirai-Advogados-3.png-683x1024.jpg 683w, https:\/\/tmabrasil.org\/evento\/wp-content\/uploads\/2025\/11\/Rodrigo-Shirai-Socio-Brazilio-Bacellar-Shirai-Advogados-3.png-768x1152.jpg 768w, https:\/\/tmabrasil.org\/evento\/wp-content\/uploads\/2025\/11\/Rodrigo-Shirai-Socio-Brazilio-Bacellar-Shirai-Advogados-3.png-1024x1536.jpg 1024w, https:\/\/tmabrasil.org\/evento\/wp-content\/uploads\/2025\/11\/Rodrigo-Shirai-Socio-Brazilio-Bacellar-Shirai-Advogados-3.png-1365x2048.jpg 1365w\" sizes=\"(max-width: 1707px) 100vw, 1707px\" \/>\t\t\t\t\t\t\t\t\t\t\t\t\t\t\t<\/div>\n\t\t\t\t<\/div>\n\t\t\t\t\t<\/div>\n\t\t<\/div>\n\t\t\t\t<div class=\"elementor-column elementor-col-50 elementor-inner-column elementor-element elementor-element-7b2cdbd\" data-id=\"7b2cdbd\" data-element_type=\"column\" data-e-type=\"column\">\n\t\t\t<div class=\"elementor-widget-wrap elementor-element-populated\">\n\t\t\t\t\t\t<div class=\"elementor-element elementor-element-7c29210 elementor-widget elementor-widget-heading\" data-id=\"7c29210\" data-element_type=\"widget\" data-e-type=\"widget\" data-widget_type=\"heading.default\">\n\t\t\t\t<div class=\"elementor-widget-container\">\n\t\t\t\t\t<h4 class=\"elementor-heading-title elementor-size-default\">Rodrigo Shirai<\/h4>\t\t\t\t<\/div>\n\t\t\t\t<\/div>\n\t\t\t\t<div class=\"elementor-element elementor-element-73f45ee elementor-widget elementor-widget-heading\" data-id=\"73f45ee\" data-element_type=\"widget\" data-e-type=\"widget\" data-widget_type=\"heading.default\">\n\t\t\t\t<div class=\"elementor-widget-container\">\n\t\t\t\t\t<span class=\"elementor-heading-title elementor-size-default\">S\u00f3cio, Brazilio Bacellar, Shirai Advogados<\/span>\t\t\t\t<\/div>\n\t\t\t\t<\/div>\n\t\t\t\t<div class=\"elementor-element elementor-element-7643d8f elementor-widget elementor-widget-text-editor\" data-id=\"7643d8f\" data-element_type=\"widget\" data-e-type=\"widget\" data-widget_type=\"text-editor.default\">\n\t\t\t\t<div class=\"elementor-widget-container\">\n\t\t\t\t\t\t\t\t\t<p><span style=\"font-weight: 400;\">Advogado com mais de 25 anos de experi\u00eancia no assessoramento a empresas e\u00a0atua\u00e7\u00e3o em lit\u00edgios de alta complexidade.<\/span><span style=\"font-weight: 400;\"><br \/><\/span><span style=\"font-weight: 400;\">Possui vasta experi\u00eancia na \u00e1rea de insolv\u00eancia e reestrutura\u00e7\u00f5es (recupera\u00e7\u00e3o judicial e fal\u00eancias) assessorando devedores e credores. Tem ampla atua\u00e7\u00e3o tamb\u00e9m como administrador judicial. \u00c9 p\u00f3s-graduado em Direito Processual Civil, membro relator da Comiss\u00e3o de Estudos de Recupera\u00e7\u00e3o Judicial e Fal\u00eancias da OAB\/PR, membro da Comiss\u00e3o Permanente de Estudos de Direito Falimentar e\u00a0 Recuperacional do IASP \u2013 Instituto dos<\/span><span style=\"font-weight: 400;\"><br \/><\/span><span style=\"font-weight: 400;\">Advogados de S\u00e3o Paulo, membro da TMA \u2013 Turnaround Management Association, membro da INSOL International \u2013 International Association of Restructuring, Insolvency &amp; Bankruptcy Professionals<\/span><\/p>\t\t\t\t\t\t\t\t<\/div>\n\t\t\t\t<\/div>\n\t\t\t\t\t<\/div>\n\t\t<\/div>\n\t\t\t\t\t<\/div>\n\t\t<\/section>\n\t\t\t\t<section class=\"elementor-section elementor-inner-section elementor-element elementor-element-09d6fba elementor-section-boxed elementor-section-height-default elementor-section-height-default elementor-invisible\" data-id=\"09d6fba\" data-element_type=\"section\" data-e-type=\"section\" data-settings=\"{&quot;animation&quot;:&quot;fadeInUp&quot;}\">\n\t\t\t\t\t\t<div class=\"elementor-container elementor-column-gap-default\">\n\t\t\t\t\t<div class=\"elementor-column elementor-col-50 elementor-inner-column elementor-element elementor-element-d4d1890\" data-id=\"d4d1890\" data-element_type=\"column\" data-e-type=\"column\">\n\t\t\t<div class=\"elementor-widget-wrap elementor-element-populated\">\n\t\t\t\t\t\t<div class=\"elementor-element elementor-element-1146119 elementor-widget elementor-widget-image\" data-id=\"1146119\" data-element_type=\"widget\" data-e-type=\"widget\" data-widget_type=\"image.default\">\n\t\t\t\t<div class=\"elementor-widget-container\">\n\t\t\t\t\t\t\t\t\t\t\t\t\t\t\t<img loading=\"lazy\" decoding=\"async\" width=\"150\" height=\"200\" src=\"https:\/\/tmabrasil.org\/evento\/wp-content\/uploads\/2025\/11\/thomas_dulac_muller_socio_cesar_peres_dulac_muller_advogados-Copia.jpg\" class=\"elementor-animation-float attachment-full size-full wp-image-5634\" alt=\"\" \/>\t\t\t\t\t\t\t\t\t\t\t\t\t\t\t<\/div>\n\t\t\t\t<\/div>\n\t\t\t\t\t<\/div>\n\t\t<\/div>\n\t\t\t\t<div class=\"elementor-column elementor-col-50 elementor-inner-column elementor-element elementor-element-4bde971\" data-id=\"4bde971\" data-element_type=\"column\" data-e-type=\"column\">\n\t\t\t<div class=\"elementor-widget-wrap elementor-element-populated\">\n\t\t\t\t\t\t<div class=\"elementor-element elementor-element-f399ef5 elementor-widget elementor-widget-heading\" data-id=\"f399ef5\" data-element_type=\"widget\" data-e-type=\"widget\" data-widget_type=\"heading.default\">\n\t\t\t\t<div class=\"elementor-widget-container\">\n\t\t\t\t\t<h4 class=\"elementor-heading-title elementor-size-default\">Thomas Dulac M\u00fcller<\/h4>\t\t\t\t<\/div>\n\t\t\t\t<\/div>\n\t\t\t\t<div class=\"elementor-element elementor-element-b9b0a40 elementor-widget elementor-widget-heading\" data-id=\"b9b0a40\" data-element_type=\"widget\" data-e-type=\"widget\" data-widget_type=\"heading.default\">\n\t\t\t\t<div class=\"elementor-widget-container\">\n\t\t\t\t\t<span class=\"elementor-heading-title elementor-size-default\">S\u00f3cio, Cesar Peres Dulac M\u00fcller Advogados\n<\/span>\t\t\t\t<\/div>\n\t\t\t\t<\/div>\n\t\t\t\t<div class=\"elementor-element elementor-element-3403e4f elementor-widget elementor-widget-text-editor\" data-id=\"3403e4f\" data-element_type=\"widget\" data-e-type=\"widget\" data-widget_type=\"text-editor.default\">\n\t\t\t\t<div class=\"elementor-widget-container\">\n\t\t\t\t\t\t\t\t\t<p><span style=\"font-weight: 400;\">S\u00f3cio do Cesar Peres Advocacia Empresarial, com atua\u00e7\u00e3o nas \u00e1reas de direito societ\u00e1rio, fal\u00eancia e recupera\u00e7\u00e3o de empresas. Mestrando em Direito pela Pontif\u00edcia Universidade Cat\u00f3lica (PUC) do Rio Grande do Sul. Especialista em Direito Tribut\u00e1rio pela Universidade Federal do Rio Grande do Sul (UFRGS). Professor da Escola Superior do Minist\u00e9rio P\u00fablico e da P\u00f3s-Gradua\u00e7\u00e3o em Direito da Pontif\u00edcia Universidade Cat\u00f3lica (PUC) do Rio Grande do Sul. Membro da Ordem dos Advogados do Brasil (OAB), Se\u00e7\u00f5es de S\u00e3o Paulo e do Rio Grande do Sul.<\/span><\/p>\t\t\t\t\t\t\t\t<\/div>\n\t\t\t\t<\/div>\n\t\t\t\t\t<\/div>\n\t\t<\/div>\n\t\t\t\t\t<\/div>\n\t\t<\/section>\n\t\t\t\t\t<\/div>\n\t\t<\/div>\n\t\t\t\t\t<\/div>\n\t\t<\/section>\n\t\t\t\t<section class=\"elementor-section elementor-top-section elementor-element elementor-element-287f298a elementor-section-full_width programa elementor-section-height-default elementor-section-height-default\" data-id=\"287f298a\" data-element_type=\"section\" data-e-type=\"section\" id=\"programa\" data-settings=\"{&quot;background_background&quot;:&quot;classic&quot;}\">\n\t\t\t\t\t\t\t<div class=\"elementor-background-overlay\"><\/div>\n\t\t\t\t\t\t\t<div class=\"elementor-container elementor-column-gap-default\">\n\t\t\t\t\t<div class=\"elementor-column elementor-col-100 elementor-top-column elementor-element elementor-element-7ea66020\" data-id=\"7ea66020\" data-element_type=\"column\" data-e-type=\"column\">\n\t\t\t<div class=\"elementor-widget-wrap elementor-element-populated\">\n\t\t\t\t\t\t<div class=\"elementor-element elementor-element-4306d50f elementor-widget__width-auto elementor-absolute elementor-hidden-mobile elementor-widget elementor-widget-image\" data-id=\"4306d50f\" data-element_type=\"widget\" data-e-type=\"widget\" data-settings=\"{&quot;_position&quot;:&quot;absolute&quot;}\" data-widget_type=\"image.default\">\n\t\t\t\t<div class=\"elementor-widget-container\">\n\t\t\t\t\t\t\t\t\t\t\t\t\t\t\t<img loading=\"lazy\" decoding=\"async\" width=\"503\" height=\"778\" src=\"https:\/\/tmabrasil.org\/evento\/wp-content\/uploads\/2025\/03\/fundosemdetalhes.png\" class=\"attachment-full size-full wp-image-777\" alt=\"\" srcset=\"https:\/\/tmabrasil.org\/evento\/wp-content\/uploads\/2025\/03\/fundosemdetalhes.png 503w, https:\/\/tmabrasil.org\/evento\/wp-content\/uploads\/2025\/03\/fundosemdetalhes-194x300.png 194w\" sizes=\"(max-width: 503px) 100vw, 503px\" \/>\t\t\t\t\t\t\t\t\t\t\t\t\t\t\t<\/div>\n\t\t\t\t<\/div>\n\t\t\t\t<div class=\"elementor-element elementor-element-5701254 elementor-widget__width-auto elementor-absolute elementor-hidden-mobile elementor-widget elementor-widget-image\" data-id=\"5701254\" data-element_type=\"widget\" data-e-type=\"widget\" data-settings=\"{&quot;_position&quot;:&quot;absolute&quot;}\" data-widget_type=\"image.default\">\n\t\t\t\t<div class=\"elementor-widget-container\">\n\t\t\t\t\t\t\t\t\t\t\t\t\t\t\t<img loading=\"lazy\" decoding=\"async\" width=\"503\" height=\"778\" src=\"https:\/\/tmabrasil.org\/evento\/wp-content\/uploads\/2025\/03\/fundosemdetalhes.png\" class=\"attachment-full size-full wp-image-777\" alt=\"\" srcset=\"https:\/\/tmabrasil.org\/evento\/wp-content\/uploads\/2025\/03\/fundosemdetalhes.png 503w, https:\/\/tmabrasil.org\/evento\/wp-content\/uploads\/2025\/03\/fundosemdetalhes-194x300.png 194w\" sizes=\"(max-width: 503px) 100vw, 503px\" \/>\t\t\t\t\t\t\t\t\t\t\t\t\t\t\t<\/div>\n\t\t\t\t<\/div>\n\t\t\t\t<section class=\"elementor-section elementor-inner-section elementor-element elementor-element-5ab44791 elementor-section-boxed elementor-section-height-default elementor-section-height-default elementor-invisible\" data-id=\"5ab44791\" data-element_type=\"section\" data-e-type=\"section\" data-settings=\"{&quot;animation&quot;:&quot;fadeIn&quot;}\">\n\t\t\t\t\t\t<div class=\"elementor-container elementor-column-gap-default\">\n\t\t\t\t\t<div class=\"elementor-column elementor-col-25 elementor-inner-column elementor-element elementor-element-28688907\" data-id=\"28688907\" data-element_type=\"column\" data-e-type=\"column\">\n\t\t\t<div class=\"elementor-widget-wrap\">\n\t\t\t\t\t\t\t<\/div>\n\t\t<\/div>\n\t\t\t\t<div class=\"elementor-column elementor-col-25 elementor-inner-column elementor-element elementor-element-2889bcf9\" data-id=\"2889bcf9\" data-element_type=\"column\" data-e-type=\"column\">\n\t\t\t<div class=\"elementor-widget-wrap\">\n\t\t\t\t\t\t\t<\/div>\n\t\t<\/div>\n\t\t\t\t<div class=\"elementor-column elementor-col-25 elementor-inner-column elementor-element elementor-element-b243fc5\" data-id=\"b243fc5\" data-element_type=\"column\" data-e-type=\"column\">\n\t\t\t<div class=\"elementor-widget-wrap\">\n\t\t\t\t\t\t\t<\/div>\n\t\t<\/div>\n\t\t\t\t<div class=\"elementor-column elementor-col-25 elementor-inner-column elementor-element elementor-element-537b6b8c\" data-id=\"537b6b8c\" data-element_type=\"column\" data-e-type=\"column\">\n\t\t\t<div class=\"elementor-widget-wrap\">\n\t\t\t\t\t\t\t<\/div>\n\t\t<\/div>\n\t\t\t\t\t<\/div>\n\t\t<\/section>\n\t\t\t\t\t<\/div>\n\t\t<\/div>\n\t\t\t\t\t<\/div>\n\t\t<\/section>\n\t\t\t\t<section class=\"elementor-section elementor-top-section elementor-element elementor-element-3ee9095d elementor-section-boxed elementor-section-height-default elementor-section-height-default\" data-id=\"3ee9095d\" data-element_type=\"section\" data-e-type=\"section\">\n\t\t\t\t\t\t<div class=\"elementor-container elementor-column-gap-default\">\n\t\t\t\t\t<div class=\"elementor-column elementor-col-100 elementor-top-column elementor-element elementor-element-77e2c9ee\" data-id=\"77e2c9ee\" data-element_type=\"column\" data-e-type=\"column\" data-settings=\"{&quot;background_background&quot;:&quot;classic&quot;}\">\n\t\t\t<div class=\"elementor-widget-wrap elementor-element-populated\">\n\t\t\t\t\t\t<section class=\"elementor-section elementor-inner-section elementor-element elementor-element-56754351 elementor-section-boxed elementor-section-height-default elementor-section-height-default\" data-id=\"56754351\" data-element_type=\"section\" data-e-type=\"section\">\n\t\t\t\t\t\t<div class=\"elementor-container elementor-column-gap-default\">\n\t\t\t\t\t<div class=\"elementor-column elementor-col-100 elementor-inner-column elementor-element elementor-element-3a600e79\" data-id=\"3a600e79\" data-element_type=\"column\" data-e-type=\"column\">\n\t\t\t<div class=\"elementor-widget-wrap elementor-element-populated\">\n\t\t\t\t\t\t<div class=\"elementor-element elementor-element-133c0fb elementor-widget elementor-widget-menu-anchor\" data-id=\"133c0fb\" data-element_type=\"widget\" data-e-type=\"widget\" data-widget_type=\"menu-anchor.default\">\n\t\t\t\t<div class=\"elementor-widget-container\">\n\t\t\t\t\t\t\t<div class=\"elementor-menu-anchor\" id=\"programacao\"><\/div>\n\t\t\t\t\t\t<\/div>\n\t\t\t\t<\/div>\n\t\t\t\t\t<\/div>\n\t\t<\/div>\n\t\t\t\t\t<\/div>\n\t\t<\/section>\n\t\t\t\t<div class=\"elementor-element elementor-element-9e305d0 elementor-widget elementor-widget-tftabs\" data-id=\"9e305d0\" data-element_type=\"widget\" data-e-type=\"widget\" data-widget_type=\"tftabs.default\">\n\t\t\t\t<div class=\"elementor-widget-container\">\n\t\t\t\t\t\t\t<div id=\"tf-tabs-9e305d0\" class=\"tf-tabs horizontal tabs-horizontal icon-position-left show-triger-yes nav-justify\" data-tabid=\"9e305d0\">\r\n\t\t\t<div class=\"tf-tabnav\">\r\n\t\t\t\t<ul>\r\n\t\t\t\t\t\t\t\t\t\t<li class=\"tablinks inactive elementor-animation-\" data-tab=\"tab-1\">\t\r\n\t\t\t\t\t\t<span class=\"wrap-icon\"><i class=\"\" aria-hidden=\"true\"><\/i><\/span>\t\t\t\t\t\t\r\n\t\t\t\t\t\t\t\t\t\t\t\t\t<span class=\"tab-title-text\">PROGRAMA\u00c7\u00c3O<\/span>\r\n\t\t\t\t\t\t\t\t\t\t\t<\/li>\r\n\t\t\t\t\t\t\t\t\t\t<li class=\"tablinks  elementor-animation-\" data-tab=\"tab-2\">\t\r\n\t\t\t\t\t\t<span class=\"wrap-icon\"><i class=\"\" aria-hidden=\"true\"><\/i><\/span>\t\t\t\t\t\t\r\n\t\t\t\t\t\t\t\t\t\t\t\t\t<span class=\"tab-title-text\">Investimento<\/span>\r\n\t\t\t\t\t\t\t\t\t\t\t<\/li>\r\n\t\t\t\t\t\t\t\t\t<\/ul>\r\n\t\t\t<\/div>\r\n\t\t\t<div class=\"tf-tabcontent\">\r\n\t\t\t\t\t\t\t\t<div id=\"tab-1\" class=\"tf-tabcontent-inner inactive animated fadeInUp\">\r\n\t\t\t\t\t<table><thead><tr><th>Hor\u00e1rio<\/th><th>Tema<\/th><\/tr><\/thead><tbody><!-- DIA 1 - 01\/12 --><tr><td class=\"day\" colspan=\"2\"><strong>01\/12 \u2013 Segunda-Feira<\/strong><\/td><\/tr><tr><td class=\"time\">19h30 \u00e0s 20h30<\/td><td class=\"title\"><p><strong>20 anos da Lei 11.101\/05<\/strong><br \/><em><strong>Moderador: <\/strong><\/em>Rodrigo Shirai, S\u00f3cio, Brazilio Bacellar, Shirai Advogados<em><strong><br \/><\/strong><\/em><\/p><p><em><strong>Debatedores:<br \/><\/strong><\/em>Dr. Andr\u00e9 Dal Soglio Coelho, Juiz de Direito da Vara Regional Empresarial de Caxias do Sul<br \/>Felipe Lollato, S\u00f3cio Lollato Lopes Rangel Ribeiro Advogados<br \/>Maria Cristina Zucchi, doutora em direito e desembargadora aposentada do TJSP<\/p><\/td><\/tr><tr><td class=\"time\">20h30 \u00e0s 21h30<\/td><td class=\"title\"><strong>Coquetel Patrocinado<\/strong><\/td><\/tr><!-- DIA 2 - 02\/12 --><tr><td class=\"day\" colspan=\"2\"><strong>02\/12 \u2013 Ter\u00e7a-Feira<\/strong><\/td><\/tr><tr><td class=\"time\">08h30 \u00e0s 09h00<\/td><td class=\"title\"><strong>Credenciamento<\/strong><\/td><\/tr><!-- FAL\u00caNCIA \u2014 09h00 \u00e0s 10h00 --><tr><td class=\"time\">09h00 \u00e0s 10h00<\/td><td class=\"title\"><strong>Fal\u00eancia<\/strong><br \/><em><strong>Moderador:<\/strong><\/em> Clara Azzoni, S\u00f3cia, Felsberg Advogados<br \/><em><strong>Debatedores:<\/strong><\/em><br \/>Dra. Liliane Midori Yshiba Michels, Ju\u00edza de Direito do TJSC<br \/>Marcio Roberto Marques, CEO e Administrador Judicial na Marques Administra\u00e7\u00f5es Judiciais<br \/>Jo\u00e3o Medeiros Fernandes Jr., S\u00f3cio, MSC Advogados<\/td><\/tr><!-- DIP \u2014 10h00 \u00e0s 11h00 --><tr><td class=\"time\">10h00 \u00e0s 11h00<\/td><td class=\"title\"><strong>DIP Financing<\/strong><br \/><em><strong>Moderador:<\/strong><\/em> Luiz Fabiano Saragiotto, Presidente do Conselho da TMA Brasil e s\u00f3cio da Journey Capital<br \/><em><strong>Debatedores:<\/strong><\/em><br \/>Thomas Dulac M\u00fcller, S\u00f3cio Cesar Peres Dulac M\u00fcller Advocacia Empresarial<br \/>Mariana Miranda, S\u00f3cia, Mirar Gest\u00e3o Empresarial<br \/>Angela Bonotto Paim, S\u00f3cia, RMartins Advogados<\/td><\/tr><tr><td class=\"time\">11h00 \u00e0s 11h15<\/td><td class=\"title\"><strong>Coffee Break Patrocinado<\/strong><\/td><\/tr><!-- RJ PRODUTOR \u2014 11h15 \u00e0s 12h15 --><tr><td class=\"time\">11h15 \u00e0s 12h15<\/td><td class=\"title\"><strong>RJ do Produtor Rural<\/strong><br \/><em><strong>Moderador:<\/strong><\/em> Adriana Dias de Oliveira, S\u00f3cia, TWK Advogados<br \/><em><strong>Debatedores:<\/strong><\/em><br \/>Cleverson Colombo, S\u00f3cio-Diretor, Valor Consultores<br \/>Dr. Ney Wiedemann Neto, Desembargador TJRS<br \/>Dr. Eduardo S\u00e1vio Busanello, Juiz da Vara Regional Empresarial de Santa Rosa-RS<\/td><\/tr><!-- RECUPERA\u00c7\u00c3O \u2014 12h15 \u00e0s 13h15 --><tr><td class=\"time\">12h15 \u00e0s 13h15<\/td><td class=\"title\"><strong>Recupera\u00e7\u00e3o Extrajudicial<\/strong><br \/><em><strong>Moderador:<\/strong><\/em> Daniela Fabro, S\u00f3cia, Scalzilli Administra\u00e7\u00e3o Judicial<br \/><em><strong>Debatedores:<\/strong><\/em><br \/>Dr. Paulo Furtado, Juiz Titular da 2\u00aa Vara de Fal\u00eancias e Recupera\u00e7\u00f5es Judiciais da Capital\/SP<br \/>Luis Henrique Guarda, S\u00f3cio, Estevez Guarda Administra\u00e7\u00e3o Judicial e Guarda Advogados<br \/>Juliana Biolchi, Diretora Geral, Biolchi Empresarial<\/td><\/tr><\/tbody><\/table>\r\n\t\t\t\t<\/div>\r\n\t\t\t\t\t\t\t\t<div id=\"tab-2\" class=\"tf-tabcontent-inner  animated fadeInUp\">\r\n\t\t\t\t\t<div class=\"investment-section\"><p><strong>INVESTIMENTO<\/strong><\/p><table><thead><tr><th>Categoria<\/th><th>Valor<\/th><th>Cupom<\/th><\/tr><\/thead><tbody><tr><td><strong>N\u00e3o Associado (p\u00fablico Geral)<\/strong><\/td><td>R$ 420,00<\/td><td>\u00a0<\/td><\/tr><tr><td><strong>Associado TMA Brasil<\/strong><\/td><td>R$ 300,00<\/td><td><b>DTZJOP44<\/b><\/td><\/tr><\/tbody><\/table><p><em>Para inscri\u00e7\u00f5es de n\u00e3o associados, com grupos com mais de 3 pessoas, entre em contato para desconto: <a href=\"mailto:eventos@tmabrasil.org\">eventos@tmabrasil.org<\/a><\/em><\/p><p><strong>Pol\u00edtica de cancelamento e devolu\u00e7\u00e3o<\/strong><\/p><ul><li><strong>At\u00e9 10 dias \u00fateis antes do in\u00edcio do evento:<\/strong> devolu\u00e7\u00e3o de 70% do valor do investimento.<\/li><li><strong>Entre 10 e 5 dias \u00fateis antes do in\u00edcio do evento:<\/strong> devolu\u00e7\u00e3o de 50% do valor do investimento.<\/li><li><strong>Ap\u00f3s o 5\u00ba dia \u00fatil:<\/strong> n\u00e3o haver\u00e1 devolu\u00e7\u00e3o.<\/li><\/ul><div class=\"lgpd\"><strong>LGPD:<\/strong> Ao se inscrever em um evento\/curso TMA o e-mail fornecido \u00e9 automaticamente inserido na base TMA Brasil. Caso n\u00e3o concorde, envie um e-mail para <a href=\"mailto:tma.atende@tmabrasil.org\">tma.atende@tmabrasil.org<\/a> para ser invalidado.<\/div><\/div>\r\n\t\t\t\t<\/div>\r\n\t\t\t\t\t\t\t<\/div>\r\n\t\t<\/div>\r\n\t\t\r\n\t\t\t\t\t\t<\/div>\n\t\t\t\t<\/div>\n\t\t\t\t\t<\/div>\n\t\t<\/div>\n\t\t\t\t\t<\/div>\n\t\t<\/section>\n\t\t\t\t<\/div>\n\t\t","protected":false},"excerpt":{"rendered":"<p>100% presencial 02\u00ba Semin\u00e1rioGramado Local: Buona Vitta Gramado inscri\u00e7\u00f5es encerradas Sobre o evento Patroc\u00ednio Institucional Patroc\u00ednio Platinum Patroc\u00ednio Master Patroc\u00ednio Ouro Patroc\u00ednio Prata Apoio Seja um Patrocinador! saiba mais Evento TMA Brasil 2025 Semin\u00e1rio Gramado Uma oportunidade \u00fanica para trocar experi\u00eancias, aprender com cases de sucesso e ampliar sua rede de contatos com os principais [&hellip;]<\/p>\n","protected":false},"author":1,"featured_media":0,"parent":0,"menu_order":0,"comment_status":"closed","ping_status":"closed","template":"","meta":{"footnotes":""},"class_list":["post-5436","page","type-page","status-publish","hentry"],"_links":{"self":[{"href":"https:\/\/tmabrasil.org\/evento\/wp-json\/wp\/v2\/pages\/5436","targetHints":{"allow":["GET"]}}],"collection":[{"href":"https:\/\/tmabrasil.org\/evento\/wp-json\/wp\/v2\/pages"}],"about":[{"href":"https:\/\/tmabrasil.org\/evento\/wp-json\/wp\/v2\/types\/page"}],"author":[{"embeddable":true,"href":"https:\/\/tmabrasil.org\/evento\/wp-json\/wp\/v2\/users\/1"}],"replies":[{"embeddable":true,"href":"https:\/\/tmabrasil.org\/evento\/wp-json\/wp\/v2\/comments?post=5436"}],"version-history":[{"count":161,"href":"https:\/\/tmabrasil.org\/evento\/wp-json\/wp\/v2\/pages\/5436\/revisions"}],"predecessor-version":[{"id":5716,"href":"https:\/\/tmabrasil.org\/evento\/wp-json\/wp\/v2\/pages\/5436\/revisions\/5716"}],"wp:attachment":[{"href":"https:\/\/tmabrasil.org\/evento\/wp-json\/wp\/v2\/media?parent=5436"}],"curies":[{"name":"wp","href":"https:\/\/api.w.org\/{rel}","templated":true}]}}